{"id":11,"date":"2022-04-20T09:38:28","date_gmt":"2022-04-20T07:38:28","guid":{"rendered":"https:\/\/federkielstickerei.it\/?page_id=11"},"modified":"2022-08-26T10:39:10","modified_gmt":"2022-08-26T08:39:10","slug":"trachtenguertel","status":"publish","type":"page","link":"https:\/\/federkielstickerei.it\/it\/trachtenguertel\/","title":{"rendered":"Cintura del costume tradizionale"},"content":{"rendered":"<div class=\"wp-block-cover alignfull has-parallax has-custom-content-position is-position-bottom-center\" style=\"background-image:url(https:\/\/federkielstickerei.it\/wp-content\/uploads\/2022\/04\/forurth-1.jpg);min-height:50vh;aspect-ratio:unset;\"><span aria-hidden=\"true\" class=\"wp-block-cover__background has-background-dim-70 has-background-dim\"><\/span><div class=\"wp-block-cover__inner-container is-layout-flow wp-block-cover-is-layout-flow\">\n<div style=\"height:87px\" aria-hidden=\"true\" class=\"wp-block-spacer\"><\/div>\n\n\n\n<h2 class=\"has-text-align-center has-ast-global-color-6-color has-text-color wp-block-heading\" id=\"hosengurtel\" style=\"font-size:45px\">Trachteng\u00fcrtel und Schuhe<\/h2>\n<\/div><\/div>\n\n\n\n<div style=\"height:30px\" aria-hidden=\"true\" class=\"wp-block-spacer\"><\/div>\n\n\n\n<div class=\"wp-block-columns is-layout-flex wp-container-core-columns-is-layout-28f84493 wp-block-columns-is-layout-flex\">\n<div class=\"wp-block-column is-layout-constrained wp-container-core-column-is-layout-f3c930de wp-block-column-is-layout-constrained\">\n<p class=\"has-text-align-center\">Unsere Trachteng\u00fcrtel, Ranzen oder Gurten werden auf <strong>traditionelle<\/strong> Wei\u00dfe sorgf\u00e4ltig mit der Hand bestickt.<\/p>\n\n\n\n<p class=\"has-text-align-center\">Sie sind Teil der <strong>S\u00fcdtiroler Tracht <\/strong>und anderer <strong>alpenl\u00e4ndischer Gebiete<\/strong>. Neben geraden Trachtengurten sind auch Ranzen oder sogenannte Blattgurten erh\u00e4ltlich.<\/p>\n\n\n\n<p class=\"has-text-align-center\">Auf Anfrage wird eine Zeichnung mit deinen <strong>pers\u00f6nlichen Wunschmotiven<\/strong>, Schriftz\u00fcgen oder Verzierungen angefertigt.<\/p>\n<\/div>\n<\/div>\n\n\n\n<figure class=\"wp-block-gallery alignwide has-nested-images columns-default is-cropped wp-block-gallery-1 is-layout-flex wp-block-gallery-is-layout-flex\">\n<figure class=\"wp-block-image size-large\"><a href=\"https:\/\/federkielstickerei.it\/it\/trachtenguertel\/ts_25\/\"><img data-recalc-dims=\"1\" decoding=\"async\" width=\"1422\" height=\"800\" data-attachment-id=\"399\" data-permalink=\"https:\/\/federkielstickerei.it\/it\/trachtenguertel\/ts_25\/\" data-orig-file=\"https:\/\/i0.wp.com\/federkielstickerei.it\/wp-content\/uploads\/2022\/04\/TS_25.png?fit=1422%2C800&amp;ssl=1\" data-orig-size=\"1422,800\" data-comments-opened=\"1\" data-image-meta=\"{&quot;aperture&quot;:&quot;0&quot;,&quot;credit&quot;:&quot;&quot;,&quot;camera&quot;:&quot;&quot;,&quot;caption&quot;:&quot;&quot;,&quot;created_timestamp&quot;:&quot;0&quot;,&quot;copyright&quot;:&quot;&quot;,&quot;focal_length&quot;:&quot;0&quot;,&quot;iso&quot;:&quot;0&quot;,&quot;shutter_speed&quot;:&quot;0&quot;,&quot;title&quot;:&quot;&quot;,&quot;orientation&quot;:&quot;0&quot;}\" data-image-title=\"TS_25\" data-image-description=\"\" data-image-caption=\"\" data-large-file=\"https:\/\/i0.wp.com\/federkielstickerei.it\/wp-content\/uploads\/2022\/04\/TS_25.png?fit=1024%2C576&amp;ssl=1\" data-id=\"399\" src=\"https:\/\/i0.wp.com\/federkielstickerei.it\/wp-content\/uploads\/2022\/04\/TS_25.png?resize=1422%2C800&#038;ssl=1\" alt=\"Trachteng\u00fcrtel der Federkielstickerei\" class=\"wp-image-399\" srcset=\"https:\/\/i0.wp.com\/federkielstickerei.it\/wp-content\/uploads\/2022\/04\/TS_25.png?w=1422&amp;ssl=1 1422w, https:\/\/i0.wp.com\/federkielstickerei.it\/wp-content\/uploads\/2022\/04\/TS_25.png?resize=300%2C169&amp;ssl=1 300w, https:\/\/i0.wp.com\/federkielstickerei.it\/wp-content\/uploads\/2022\/04\/TS_25.png?resize=1024%2C576&amp;ssl=1 1024w, https:\/\/i0.wp.com\/federkielstickerei.it\/wp-content\/uploads\/2022\/04\/TS_25.png?resize=768%2C432&amp;ssl=1 768w, https:\/\/i0.wp.com\/federkielstickerei.it\/wp-content\/uploads\/2022\/04\/TS_25.png?resize=18%2C10&amp;ssl=1 18w\" sizes=\"(max-width: 1000px) 100vw, 1000px\" \/><\/a><\/figure>\n\n\n\n<figure class=\"wp-block-image size-large\"><a href=\"https:\/\/federkielstickerei.it\/it\/trachtenguertel\/ts_26\/\"><img data-recalc-dims=\"1\" decoding=\"async\" width=\"1152\" height=\"800\" data-attachment-id=\"400\" data-permalink=\"https:\/\/federkielstickerei.it\/it\/trachtenguertel\/ts_26\/\" data-orig-file=\"https:\/\/i0.wp.com\/federkielstickerei.it\/wp-content\/uploads\/2022\/04\/TS_26.png?fit=1152%2C800&amp;ssl=1\" data-orig-size=\"1152,800\" data-comments-opened=\"1\" data-image-meta=\"{&quot;aperture&quot;:&quot;0&quot;,&quot;credit&quot;:&quot;&quot;,&quot;camera&quot;:&quot;&quot;,&quot;caption&quot;:&quot;&quot;,&quot;created_timestamp&quot;:&quot;0&quot;,&quot;copyright&quot;:&quot;&quot;,&quot;focal_length&quot;:&quot;0&quot;,&quot;iso&quot;:&quot;0&quot;,&quot;shutter_speed&quot;:&quot;0&quot;,&quot;title&quot;:&quot;&quot;,&quot;orientation&quot;:&quot;0&quot;}\" data-image-title=\"TS_26\" data-image-description=\"\" data-image-caption=\"\" data-large-file=\"https:\/\/i0.wp.com\/federkielstickerei.it\/wp-content\/uploads\/2022\/04\/TS_26.png?fit=1024%2C711&amp;ssl=1\" data-id=\"400\" src=\"https:\/\/i0.wp.com\/federkielstickerei.it\/wp-content\/uploads\/2022\/04\/TS_26.png?resize=1152%2C800&#038;ssl=1\" alt=\"Traditioneller Trachteng\u00fcrtel der Federkielstickerei Patzleiner Georg Prags\" class=\"wp-image-400\" srcset=\"https:\/\/i0.wp.com\/federkielstickerei.it\/wp-content\/uploads\/2022\/04\/TS_26.png?w=1152&amp;ssl=1 1152w, https:\/\/i0.wp.com\/federkielstickerei.it\/wp-content\/uploads\/2022\/04\/TS_26.png?resize=300%2C208&amp;ssl=1 300w, https:\/\/i0.wp.com\/federkielstickerei.it\/wp-content\/uploads\/2022\/04\/TS_26.png?resize=1024%2C711&amp;ssl=1 1024w, https:\/\/i0.wp.com\/federkielstickerei.it\/wp-content\/uploads\/2022\/04\/TS_26.png?resize=768%2C533&amp;ssl=1 768w, https:\/\/i0.wp.com\/federkielstickerei.it\/wp-content\/uploads\/2022\/04\/TS_26.png?resize=18%2C12&amp;ssl=1 18w\" sizes=\"(max-width: 1000px) 100vw, 1000px\" \/><\/a><\/figure>\n\n\n\n<figure class=\"wp-block-image size-large\"><a href=\"https:\/\/federkielstickerei.it\/it\/trachtenguertel\/ts_27\/\"><img data-recalc-dims=\"1\" decoding=\"async\" width=\"1160\" height=\"800\" data-attachment-id=\"401\" data-permalink=\"https:\/\/federkielstickerei.it\/it\/trachtenguertel\/ts_27\/\" data-orig-file=\"https:\/\/i0.wp.com\/federkielstickerei.it\/wp-content\/uploads\/2022\/04\/TS_27.png?fit=1160%2C800&amp;ssl=1\" data-orig-size=\"1160,800\" data-comments-opened=\"1\" data-image-meta=\"{&quot;aperture&quot;:&quot;0&quot;,&quot;credit&quot;:&quot;&quot;,&quot;camera&quot;:&quot;&quot;,&quot;caption&quot;:&quot;&quot;,&quot;created_timestamp&quot;:&quot;0&quot;,&quot;copyright&quot;:&quot;&quot;,&quot;focal_length&quot;:&quot;0&quot;,&quot;iso&quot;:&quot;0&quot;,&quot;shutter_speed&quot;:&quot;0&quot;,&quot;title&quot;:&quot;&quot;,&quot;orientation&quot;:&quot;0&quot;}\" data-image-title=\"TS_27\" data-image-description=\"\" data-image-caption=\"\" data-large-file=\"https:\/\/i0.wp.com\/federkielstickerei.it\/wp-content\/uploads\/2022\/04\/TS_27.png?fit=1024%2C706&amp;ssl=1\" data-id=\"401\" src=\"https:\/\/i0.wp.com\/federkielstickerei.it\/wp-content\/uploads\/2022\/04\/TS_27.png?resize=1160%2C800&#038;ssl=1\" alt=\"Traditioneller Trachteng\u00fcrtel Trachtengurte der Federkielstickerei Patzleiner Georg Prags\" class=\"wp-image-401\" srcset=\"https:\/\/i0.wp.com\/federkielstickerei.it\/wp-content\/uploads\/2022\/04\/TS_27.png?w=1160&amp;ssl=1 1160w, https:\/\/i0.wp.com\/federkielstickerei.it\/wp-content\/uploads\/2022\/04\/TS_27.png?resize=300%2C207&amp;ssl=1 300w, https:\/\/i0.wp.com\/federkielstickerei.it\/wp-content\/uploads\/2022\/04\/TS_27.png?resize=1024%2C706&amp;ssl=1 1024w, https:\/\/i0.wp.com\/federkielstickerei.it\/wp-content\/uploads\/2022\/04\/TS_27.png?resize=768%2C530&amp;ssl=1 768w, https:\/\/i0.wp.com\/federkielstickerei.it\/wp-content\/uploads\/2022\/04\/TS_27.png?resize=18%2C12&amp;ssl=1 18w\" sizes=\"(max-width: 1000px) 100vw, 1000px\" \/><\/a><\/figure>\n\n\n\n<figure class=\"wp-block-image size-large\"><a href=\"https:\/\/federkielstickerei.it\/it\/trachtenguertel\/ts_28\/\"><img data-recalc-dims=\"1\" decoding=\"async\" width=\"1422\" height=\"800\" data-attachment-id=\"402\" data-permalink=\"https:\/\/federkielstickerei.it\/it\/trachtenguertel\/ts_28\/\" data-orig-file=\"https:\/\/i0.wp.com\/federkielstickerei.it\/wp-content\/uploads\/2022\/04\/TS_28.png?fit=1422%2C800&amp;ssl=1\" data-orig-size=\"1422,800\" data-comments-opened=\"1\" data-image-meta=\"{&quot;aperture&quot;:&quot;0&quot;,&quot;credit&quot;:&quot;&quot;,&quot;camera&quot;:&quot;&quot;,&quot;caption&quot;:&quot;&quot;,&quot;created_timestamp&quot;:&quot;0&quot;,&quot;copyright&quot;:&quot;&quot;,&quot;focal_length&quot;:&quot;0&quot;,&quot;iso&quot;:&quot;0&quot;,&quot;shutter_speed&quot;:&quot;0&quot;,&quot;title&quot;:&quot;&quot;,&quot;orientation&quot;:&quot;0&quot;}\" data-image-title=\"TS_28\" data-image-description=\"\" data-image-caption=\"\" data-large-file=\"https:\/\/i0.wp.com\/federkielstickerei.it\/wp-content\/uploads\/2022\/04\/TS_28.png?fit=1024%2C576&amp;ssl=1\" data-id=\"402\" src=\"https:\/\/i0.wp.com\/federkielstickerei.it\/wp-content\/uploads\/2022\/04\/TS_28.png?resize=1422%2C800&#038;ssl=1\" alt=\"Traditioneller G\u00fcrtel - Trachteng\u00fcrtel der Federkielstickerei Patzleiner Georg Prags\" class=\"wp-image-402\" srcset=\"https:\/\/i0.wp.com\/federkielstickerei.it\/wp-content\/uploads\/2022\/04\/TS_28.png?w=1422&amp;ssl=1 1422w, https:\/\/i0.wp.com\/federkielstickerei.it\/wp-content\/uploads\/2022\/04\/TS_28.png?resize=300%2C169&amp;ssl=1 300w, https:\/\/i0.wp.com\/federkielstickerei.it\/wp-content\/uploads\/2022\/04\/TS_28.png?resize=1024%2C576&amp;ssl=1 1024w, https:\/\/i0.wp.com\/federkielstickerei.it\/wp-content\/uploads\/2022\/04\/TS_28.png?resize=768%2C432&amp;ssl=1 768w, https:\/\/i0.wp.com\/federkielstickerei.it\/wp-content\/uploads\/2022\/04\/TS_28.png?resize=18%2C10&amp;ssl=1 18w\" sizes=\"(max-width: 1000px) 100vw, 1000px\" \/><\/a><\/figure>\n\n\n\n<figure class=\"wp-block-image size-large\"><a href=\"https:\/\/federkielstickerei.it\/it\/trachtenguertel\/ts_29\/\"><img data-recalc-dims=\"1\" decoding=\"async\" width=\"1422\" height=\"800\" data-attachment-id=\"403\" data-permalink=\"https:\/\/federkielstickerei.it\/it\/trachtenguertel\/ts_29\/\" data-orig-file=\"https:\/\/i0.wp.com\/federkielstickerei.it\/wp-content\/uploads\/2022\/04\/TS_29.png?fit=1422%2C800&amp;ssl=1\" data-orig-size=\"1422,800\" data-comments-opened=\"1\" data-image-meta=\"{&quot;aperture&quot;:&quot;0&quot;,&quot;credit&quot;:&quot;&quot;,&quot;camera&quot;:&quot;&quot;,&quot;caption&quot;:&quot;&quot;,&quot;created_timestamp&quot;:&quot;0&quot;,&quot;copyright&quot;:&quot;&quot;,&quot;focal_length&quot;:&quot;0&quot;,&quot;iso&quot;:&quot;0&quot;,&quot;shutter_speed&quot;:&quot;0&quot;,&quot;title&quot;:&quot;&quot;,&quot;orientation&quot;:&quot;0&quot;}\" data-image-title=\"TS_29\" data-image-description=\"\" data-image-caption=\"\" data-large-file=\"https:\/\/i0.wp.com\/federkielstickerei.it\/wp-content\/uploads\/2022\/04\/TS_29.png?fit=1024%2C576&amp;ssl=1\" data-id=\"403\" src=\"https:\/\/i0.wp.com\/federkielstickerei.it\/wp-content\/uploads\/2022\/04\/TS_29.png?resize=1422%2C800&#038;ssl=1\" alt=\"Trachteng\u00fcrtel mit Federkielen bestickt Federkielstickerei Patzleiner Georg Prags\" class=\"wp-image-403\" srcset=\"https:\/\/i0.wp.com\/federkielstickerei.it\/wp-content\/uploads\/2022\/04\/TS_29.png?w=1422&amp;ssl=1 1422w, https:\/\/i0.wp.com\/federkielstickerei.it\/wp-content\/uploads\/2022\/04\/TS_29.png?resize=300%2C169&amp;ssl=1 300w, https:\/\/i0.wp.com\/federkielstickerei.it\/wp-content\/uploads\/2022\/04\/TS_29.png?resize=1024%2C576&amp;ssl=1 1024w, https:\/\/i0.wp.com\/federkielstickerei.it\/wp-content\/uploads\/2022\/04\/TS_29.png?resize=768%2C432&amp;ssl=1 768w, https:\/\/i0.wp.com\/federkielstickerei.it\/wp-content\/uploads\/2022\/04\/TS_29.png?resize=18%2C10&amp;ssl=1 18w\" sizes=\"(max-width: 1000px) 100vw, 1000px\" \/><\/a><\/figure>\n\n\n\n<figure class=\"wp-block-image size-large\"><a href=\"https:\/\/federkielstickerei.it\/it\/trachtenguertel\/ranzen_2\/\"><img data-recalc-dims=\"1\" decoding=\"async\" width=\"1175\" height=\"800\" data-attachment-id=\"409\" data-permalink=\"https:\/\/federkielstickerei.it\/it\/trachtenguertel\/ranzen_2\/\" data-orig-file=\"https:\/\/i0.wp.com\/federkielstickerei.it\/wp-content\/uploads\/2022\/04\/Ranzen_2.png?fit=1175%2C800&amp;ssl=1\" data-orig-size=\"1175,800\" data-comments-opened=\"1\" data-image-meta=\"{&quot;aperture&quot;:&quot;0&quot;,&quot;credit&quot;:&quot;&quot;,&quot;camera&quot;:&quot;&quot;,&quot;caption&quot;:&quot;&quot;,&quot;created_timestamp&quot;:&quot;0&quot;,&quot;copyright&quot;:&quot;&quot;,&quot;focal_length&quot;:&quot;0&quot;,&quot;iso&quot;:&quot;0&quot;,&quot;shutter_speed&quot;:&quot;0&quot;,&quot;title&quot;:&quot;&quot;,&quot;orientation&quot;:&quot;0&quot;}\" data-image-title=\"Ranzen_2\" data-image-description=\"\" data-image-caption=\"\" data-large-file=\"https:\/\/i0.wp.com\/federkielstickerei.it\/wp-content\/uploads\/2022\/04\/Ranzen_2.png?fit=1024%2C697&amp;ssl=1\" data-id=\"409\" src=\"https:\/\/i0.wp.com\/federkielstickerei.it\/wp-content\/uploads\/2022\/04\/Ranzen_2.png?resize=1175%2C800&#038;ssl=1\" alt=\"Ranzen der Federkielstickerei Patzleiner Georg\" class=\"wp-image-409\" srcset=\"https:\/\/i0.wp.com\/federkielstickerei.it\/wp-content\/uploads\/2022\/04\/Ranzen_2.png?w=1175&amp;ssl=1 1175w, https:\/\/i0.wp.com\/federkielstickerei.it\/wp-content\/uploads\/2022\/04\/Ranzen_2.png?resize=300%2C204&amp;ssl=1 300w, https:\/\/i0.wp.com\/federkielstickerei.it\/wp-content\/uploads\/2022\/04\/Ranzen_2.png?resize=1024%2C697&amp;ssl=1 1024w, https:\/\/i0.wp.com\/federkielstickerei.it\/wp-content\/uploads\/2022\/04\/Ranzen_2.png?resize=768%2C523&amp;ssl=1 768w, https:\/\/i0.wp.com\/federkielstickerei.it\/wp-content\/uploads\/2022\/04\/Ranzen_2.png?resize=18%2C12&amp;ssl=1 18w\" sizes=\"(max-width: 1000px) 100vw, 1000px\" \/><\/a><\/figure>\n\n\n\n<figure class=\"wp-block-image size-large\"><a href=\"https:\/\/federkielstickerei.it\/it\/trachtenguertel\/ranzen_3\/\"><img data-recalc-dims=\"1\" decoding=\"async\" width=\"1422\" height=\"800\" data-attachment-id=\"410\" data-permalink=\"https:\/\/federkielstickerei.it\/it\/trachtenguertel\/ranzen_3\/\" data-orig-file=\"https:\/\/i0.wp.com\/federkielstickerei.it\/wp-content\/uploads\/2022\/04\/Ranzen_3.png?fit=1422%2C800&amp;ssl=1\" data-orig-size=\"1422,800\" data-comments-opened=\"1\" data-image-meta=\"{&quot;aperture&quot;:&quot;0&quot;,&quot;credit&quot;:&quot;&quot;,&quot;camera&quot;:&quot;&quot;,&quot;caption&quot;:&quot;&quot;,&quot;created_timestamp&quot;:&quot;0&quot;,&quot;copyright&quot;:&quot;&quot;,&quot;focal_length&quot;:&quot;0&quot;,&quot;iso&quot;:&quot;0&quot;,&quot;shutter_speed&quot;:&quot;0&quot;,&quot;title&quot;:&quot;&quot;,&quot;orientation&quot;:&quot;0&quot;}\" data-image-title=\"Ranzen_3\" data-image-description=\"\" data-image-caption=\"\" data-large-file=\"https:\/\/i0.wp.com\/federkielstickerei.it\/wp-content\/uploads\/2022\/04\/Ranzen_3.png?fit=1024%2C576&amp;ssl=1\" data-id=\"410\" src=\"https:\/\/i0.wp.com\/federkielstickerei.it\/wp-content\/uploads\/2022\/04\/Ranzen_3.png?resize=1422%2C800&#038;ssl=1\" alt=\"Traditioneller Ranzen mit Federkielen von Hand bestickt - Federkielstickerei Patzleiner Georg Prags\" class=\"wp-image-410\" srcset=\"https:\/\/i0.wp.com\/federkielstickerei.it\/wp-content\/uploads\/2022\/04\/Ranzen_3.png?w=1422&amp;ssl=1 1422w, https:\/\/i0.wp.com\/federkielstickerei.it\/wp-content\/uploads\/2022\/04\/Ranzen_3.png?resize=300%2C169&amp;ssl=1 300w, https:\/\/i0.wp.com\/federkielstickerei.it\/wp-content\/uploads\/2022\/04\/Ranzen_3.png?resize=1024%2C576&amp;ssl=1 1024w, https:\/\/i0.wp.com\/federkielstickerei.it\/wp-content\/uploads\/2022\/04\/Ranzen_3.png?resize=768%2C432&amp;ssl=1 768w, https:\/\/i0.wp.com\/federkielstickerei.it\/wp-content\/uploads\/2022\/04\/Ranzen_3.png?resize=18%2C10&amp;ssl=1 18w\" sizes=\"(max-width: 1000px) 100vw, 1000px\" \/><\/a><\/figure>\n\n\n\n<figure class=\"wp-block-image size-large\"><a href=\"https:\/\/federkielstickerei.it\/it\/trachtenguertel\/ranzen_1\/\"><img data-recalc-dims=\"1\" decoding=\"async\" width=\"1422\" height=\"800\" data-attachment-id=\"411\" data-permalink=\"https:\/\/federkielstickerei.it\/it\/trachtenguertel\/ranzen_1\/\" data-orig-file=\"https:\/\/i0.wp.com\/federkielstickerei.it\/wp-content\/uploads\/2022\/04\/Ranzen_1.png?fit=1422%2C800&amp;ssl=1\" data-orig-size=\"1422,800\" data-comments-opened=\"1\" data-image-meta=\"{&quot;aperture&quot;:&quot;0&quot;,&quot;credit&quot;:&quot;&quot;,&quot;camera&quot;:&quot;&quot;,&quot;caption&quot;:&quot;&quot;,&quot;created_timestamp&quot;:&quot;0&quot;,&quot;copyright&quot;:&quot;&quot;,&quot;focal_length&quot;:&quot;0&quot;,&quot;iso&quot;:&quot;0&quot;,&quot;shutter_speed&quot;:&quot;0&quot;,&quot;title&quot;:&quot;&quot;,&quot;orientation&quot;:&quot;0&quot;}\" data-image-title=\"Ranzen_1\" data-image-description=\"\" data-image-caption=\"\" data-large-file=\"https:\/\/i0.wp.com\/federkielstickerei.it\/wp-content\/uploads\/2022\/04\/Ranzen_1.png?fit=1024%2C576&amp;ssl=1\" data-id=\"411\" src=\"https:\/\/i0.wp.com\/federkielstickerei.it\/wp-content\/uploads\/2022\/04\/Ranzen_1.png?resize=1422%2C800&#038;ssl=1\" alt=\"Traditioneller Ranzen mit Federkielen von Hand bestickt - Federkielstickerei Patzleiner Georg Prags\" class=\"wp-image-411\" srcset=\"https:\/\/i0.wp.com\/federkielstickerei.it\/wp-content\/uploads\/2022\/04\/Ranzen_1.png?w=1422&amp;ssl=1 1422w, https:\/\/i0.wp.com\/federkielstickerei.it\/wp-content\/uploads\/2022\/04\/Ranzen_1.png?resize=300%2C169&amp;ssl=1 300w, https:\/\/i0.wp.com\/federkielstickerei.it\/wp-content\/uploads\/2022\/04\/Ranzen_1.png?resize=1024%2C576&amp;ssl=1 1024w, https:\/\/i0.wp.com\/federkielstickerei.it\/wp-content\/uploads\/2022\/04\/Ranzen_1.png?resize=768%2C432&amp;ssl=1 768w, https:\/\/i0.wp.com\/federkielstickerei.it\/wp-content\/uploads\/2022\/04\/Ranzen_1.png?resize=18%2C10&amp;ssl=1 18w\" sizes=\"(max-width: 1000px) 100vw, 1000px\" \/><\/a><\/figure>\n\n\n\n<figure class=\"wp-block-image size-large\"><a href=\"https:\/\/federkielstickerei.it\/it\/trachtenguertel\/ts_24\/\"><img data-recalc-dims=\"1\" decoding=\"async\" width=\"1511\" height=\"800\" data-attachment-id=\"412\" data-permalink=\"https:\/\/federkielstickerei.it\/it\/trachtenguertel\/ts_24\/\" data-orig-file=\"https:\/\/i0.wp.com\/federkielstickerei.it\/wp-content\/uploads\/2022\/04\/TS_24.png?fit=1511%2C800&amp;ssl=1\" data-orig-size=\"1511,800\" data-comments-opened=\"1\" data-image-meta=\"{&quot;aperture&quot;:&quot;0&quot;,&quot;credit&quot;:&quot;&quot;,&quot;camera&quot;:&quot;&quot;,&quot;caption&quot;:&quot;&quot;,&quot;created_timestamp&quot;:&quot;0&quot;,&quot;copyright&quot;:&quot;&quot;,&quot;focal_length&quot;:&quot;0&quot;,&quot;iso&quot;:&quot;0&quot;,&quot;shutter_speed&quot;:&quot;0&quot;,&quot;title&quot;:&quot;&quot;,&quot;orientation&quot;:&quot;0&quot;}\" data-image-title=\"TS_24\" data-image-description=\"\" data-image-caption=\"\" data-large-file=\"https:\/\/i0.wp.com\/federkielstickerei.it\/wp-content\/uploads\/2022\/04\/TS_24.png?fit=1024%2C542&amp;ssl=1\" data-id=\"412\" src=\"https:\/\/i0.wp.com\/federkielstickerei.it\/wp-content\/uploads\/2022\/04\/TS_24.png?resize=1511%2C800&#038;ssl=1\" alt=\"Traditioneller Ranzen mit Federkielen von Hand bestickt - Federkielstickerei Patzleiner Georg Prags\" class=\"wp-image-412\" srcset=\"https:\/\/i0.wp.com\/federkielstickerei.it\/wp-content\/uploads\/2022\/04\/TS_24.png?w=1511&amp;ssl=1 1511w, https:\/\/i0.wp.com\/federkielstickerei.it\/wp-content\/uploads\/2022\/04\/TS_24.png?resize=300%2C159&amp;ssl=1 300w, https:\/\/i0.wp.com\/federkielstickerei.it\/wp-content\/uploads\/2022\/04\/TS_24.png?resize=1024%2C542&amp;ssl=1 1024w, https:\/\/i0.wp.com\/federkielstickerei.it\/wp-content\/uploads\/2022\/04\/TS_24.png?resize=768%2C407&amp;ssl=1 768w, https:\/\/i0.wp.com\/federkielstickerei.it\/wp-content\/uploads\/2022\/04\/TS_24.png?resize=18%2C10&amp;ssl=1 18w\" sizes=\"(max-width: 1000px) 100vw, 1000px\" \/><\/a><\/figure>\n<\/figure>\n\n\n\n<div style=\"height:50px\" aria-hidden=\"true\" class=\"wp-block-spacer\"><\/div>\n\n\n\n<div class=\"wp-block-columns is-layout-flex wp-container-core-columns-is-layout-28f84493 wp-block-columns-is-layout-flex\">\n<div class=\"wp-block-column is-layout-constrained wp-container-core-column-is-layout-f3c930de wp-block-column-is-layout-constrained\">\n<p class=\"has-text-align-center\">F\u00fcr weitere und konkretere Informationen:<\/p>\n<\/div>\n<\/div>\n\n\n\n<div class=\"wp-block-buttons alignwide is-content-justification-center is-layout-flex wp-container-core-buttons-is-layout-a89b3969 wp-block-buttons-is-layout-flex\">\n<div class=\"wp-block-button has-custom-width wp-block-button__width-75 is-style-outline is-style-outline--2\"><a class=\"wp-block-button__link\" href=\"https:\/\/federkielstickerei.it\/it\/kontakt\/\" style=\"border-radius:15px\">Contatto<\/a><\/div>\n<\/div>\n\n\n\n<div style=\"height:50px\" aria-hidden=\"true\" class=\"wp-block-spacer\"><\/div>\n\n\n\n<div class=\"wp-block-cover alignfull is-light has-parallax\" style=\"background-image:url(https:\/\/federkielstickerei.it\/wp-content\/uploads\/2022\/04\/Schuhe_3.png);min-height:50vh;aspect-ratio:unset;\"><span aria-hidden=\"true\" class=\"wp-block-cover__background has-background-dim\"><\/span><div class=\"wp-block-cover__inner-container is-layout-flow wp-block-cover-is-layout-flow\">\n<h2 class=\"has-text-align-center has-ast-global-color-6-color has-text-color wp-block-heading\" style=\"font-size:45px\">Scarpe tradizionali<\/h2>\n<\/div><\/div>\n\n\n\n<div style=\"height:30px\" aria-hidden=\"true\" class=\"wp-block-spacer\"><\/div>\n\n\n\n<div class=\"wp-block-columns is-layout-flex wp-container-core-columns-is-layout-28f84493 wp-block-columns-is-layout-flex\">\n<div class=\"wp-block-column is-layout-flow wp-block-column-is-layout-flow\">\n<p class=\"has-text-align-center\">Trachtenschuhe k\u00f6nnen auf Wunsch bestickt werden! <br>Sie bestehen ebenfalls aus Echtleder und sind ein weiterer Bestandteil der S\u00fcdtiroler Tracht. Erh\u00e4ltlich sind <strong>Damen- sowie Herrentrachtenschuhe.<\/strong><\/p>\n<\/div>\n<\/div>\n\n\n\n<div style=\"height:20px\" aria-hidden=\"true\" class=\"wp-block-spacer\"><\/div>\n\n\n\n<figure class=\"wp-block-gallery alignwide has-nested-images columns-default is-cropped wp-block-gallery-3 is-layout-flex wp-block-gallery-is-layout-flex\">\n<figure class=\"wp-block-image size-large\"><a href=\"https:\/\/federkielstickerei.it\/it\/trachtenguertel\/schuhe_4\/\"><img data-recalc-dims=\"1\" decoding=\"async\" width=\"1100\" height=\"619\" data-attachment-id=\"606\" data-permalink=\"https:\/\/federkielstickerei.it\/it\/trachtenguertel\/schuhe_4\/\" data-orig-file=\"https:\/\/i0.wp.com\/federkielstickerei.it\/wp-content\/uploads\/2022\/04\/Schuhe_4.png?fit=1100%2C619&amp;ssl=1\" data-orig-size=\"1100,619\" data-comments-opened=\"1\" data-image-meta=\"{&quot;aperture&quot;:&quot;0&quot;,&quot;credit&quot;:&quot;&quot;,&quot;camera&quot;:&quot;&quot;,&quot;caption&quot;:&quot;&quot;,&quot;created_timestamp&quot;:&quot;0&quot;,&quot;copyright&quot;:&quot;&quot;,&quot;focal_length&quot;:&quot;0&quot;,&quot;iso&quot;:&quot;0&quot;,&quot;shutter_speed&quot;:&quot;0&quot;,&quot;title&quot;:&quot;&quot;,&quot;orientation&quot;:&quot;0&quot;}\" data-image-title=\"Schuhe_4\" data-image-description=\"\" data-image-caption=\"\" data-large-file=\"https:\/\/i0.wp.com\/federkielstickerei.it\/wp-content\/uploads\/2022\/04\/Schuhe_4.png?fit=1024%2C576&amp;ssl=1\" data-id=\"606\" src=\"https:\/\/i0.wp.com\/federkielstickerei.it\/wp-content\/uploads\/2022\/04\/Schuhe_4.png?resize=1100%2C619&#038;ssl=1\" alt=\"Trachtenschuhe mit Stickerei und Initialen Federkielstickerei Patzleiner Georg Prags\" class=\"wp-image-606\" srcset=\"https:\/\/i0.wp.com\/federkielstickerei.it\/wp-content\/uploads\/2022\/04\/Schuhe_4.png?w=1100&amp;ssl=1 1100w, https:\/\/i0.wp.com\/federkielstickerei.it\/wp-content\/uploads\/2022\/04\/Schuhe_4.png?resize=300%2C169&amp;ssl=1 300w, https:\/\/i0.wp.com\/federkielstickerei.it\/wp-content\/uploads\/2022\/04\/Schuhe_4.png?resize=1024%2C576&amp;ssl=1 1024w, https:\/\/i0.wp.com\/federkielstickerei.it\/wp-content\/uploads\/2022\/04\/Schuhe_4.png?resize=768%2C432&amp;ssl=1 768w, https:\/\/i0.wp.com\/federkielstickerei.it\/wp-content\/uploads\/2022\/04\/Schuhe_4.png?resize=18%2C10&amp;ssl=1 18w\" sizes=\"(max-width: 1000px) 100vw, 1000px\" \/><\/a><\/figure>\n\n\n\n<figure class=\"wp-block-image size-large\"><a href=\"https:\/\/federkielstickerei.it\/it\/trachtenguertel\/schuhe_5\/\"><img data-recalc-dims=\"1\" decoding=\"async\" width=\"1100\" height=\"720\" data-attachment-id=\"607\" data-permalink=\"https:\/\/federkielstickerei.it\/it\/trachtenguertel\/schuhe_5\/\" data-orig-file=\"https:\/\/i0.wp.com\/federkielstickerei.it\/wp-content\/uploads\/2022\/04\/Schuhe_5.png?fit=1100%2C720&amp;ssl=1\" data-orig-size=\"1100,720\" data-comments-opened=\"1\" data-image-meta=\"{&quot;aperture&quot;:&quot;0&quot;,&quot;credit&quot;:&quot;&quot;,&quot;camera&quot;:&quot;&quot;,&quot;caption&quot;:&quot;&quot;,&quot;created_timestamp&quot;:&quot;0&quot;,&quot;copyright&quot;:&quot;&quot;,&quot;focal_length&quot;:&quot;0&quot;,&quot;iso&quot;:&quot;0&quot;,&quot;shutter_speed&quot;:&quot;0&quot;,&quot;title&quot;:&quot;&quot;,&quot;orientation&quot;:&quot;0&quot;}\" data-image-title=\"Schuhe_5\" data-image-description=\"\" data-image-caption=\"\" data-large-file=\"https:\/\/i0.wp.com\/federkielstickerei.it\/wp-content\/uploads\/2022\/04\/Schuhe_5.png?fit=1024%2C670&amp;ssl=1\" data-id=\"607\" src=\"https:\/\/i0.wp.com\/federkielstickerei.it\/wp-content\/uploads\/2022\/04\/Schuhe_5.png?resize=1100%2C720&#038;ssl=1\" alt=\"Trachtenschuhe mit Stickerei Federkielstickerei Patzleiner Georg Prags\" class=\"wp-image-607\" srcset=\"https:\/\/i0.wp.com\/federkielstickerei.it\/wp-content\/uploads\/2022\/04\/Schuhe_5.png?w=1100&amp;ssl=1 1100w, https:\/\/i0.wp.com\/federkielstickerei.it\/wp-content\/uploads\/2022\/04\/Schuhe_5.png?resize=300%2C196&amp;ssl=1 300w, https:\/\/i0.wp.com\/federkielstickerei.it\/wp-content\/uploads\/2022\/04\/Schuhe_5.png?resize=1024%2C670&amp;ssl=1 1024w, https:\/\/i0.wp.com\/federkielstickerei.it\/wp-content\/uploads\/2022\/04\/Schuhe_5.png?resize=768%2C503&amp;ssl=1 768w, https:\/\/i0.wp.com\/federkielstickerei.it\/wp-content\/uploads\/2022\/04\/Schuhe_5.png?resize=18%2C12&amp;ssl=1 18w\" sizes=\"(max-width: 1000px) 100vw, 1000px\" \/><\/a><\/figure>\n\n\n\n<figure class=\"wp-block-image size-large\"><a href=\"https:\/\/federkielstickerei.it\/it\/trachtenguertel\/schuhe_6\/\"><img data-recalc-dims=\"1\" decoding=\"async\" width=\"1100\" height=\"619\" data-attachment-id=\"608\" data-permalink=\"https:\/\/federkielstickerei.it\/it\/trachtenguertel\/schuhe_6\/\" data-orig-file=\"https:\/\/i0.wp.com\/federkielstickerei.it\/wp-content\/uploads\/2022\/04\/Schuhe_6.png?fit=1100%2C619&amp;ssl=1\" data-orig-size=\"1100,619\" data-comments-opened=\"1\" data-image-meta=\"{&quot;aperture&quot;:&quot;0&quot;,&quot;credit&quot;:&quot;&quot;,&quot;camera&quot;:&quot;&quot;,&quot;caption&quot;:&quot;&quot;,&quot;created_timestamp&quot;:&quot;0&quot;,&quot;copyright&quot;:&quot;&quot;,&quot;focal_length&quot;:&quot;0&quot;,&quot;iso&quot;:&quot;0&quot;,&quot;shutter_speed&quot;:&quot;0&quot;,&quot;title&quot;:&quot;&quot;,&quot;orientation&quot;:&quot;0&quot;}\" data-image-title=\"Schuhe_6\" data-image-description=\"\" data-image-caption=\"\" data-large-file=\"https:\/\/i0.wp.com\/federkielstickerei.it\/wp-content\/uploads\/2022\/04\/Schuhe_6.png?fit=1024%2C576&amp;ssl=1\" data-id=\"608\" src=\"https:\/\/i0.wp.com\/federkielstickerei.it\/wp-content\/uploads\/2022\/04\/Schuhe_6.png?resize=1100%2C619&#038;ssl=1\" alt=\"Trachtenschuhe Federkielstickerei Patzleiner Georg Prags mit Stickerei\" class=\"wp-image-608\" srcset=\"https:\/\/i0.wp.com\/federkielstickerei.it\/wp-content\/uploads\/2022\/04\/Schuhe_6.png?w=1100&amp;ssl=1 1100w, https:\/\/i0.wp.com\/federkielstickerei.it\/wp-content\/uploads\/2022\/04\/Schuhe_6.png?resize=300%2C169&amp;ssl=1 300w, https:\/\/i0.wp.com\/federkielstickerei.it\/wp-content\/uploads\/2022\/04\/Schuhe_6.png?resize=1024%2C576&amp;ssl=1 1024w, https:\/\/i0.wp.com\/federkielstickerei.it\/wp-content\/uploads\/2022\/04\/Schuhe_6.png?resize=768%2C432&amp;ssl=1 768w, https:\/\/i0.wp.com\/federkielstickerei.it\/wp-content\/uploads\/2022\/04\/Schuhe_6.png?resize=18%2C10&amp;ssl=1 18w\" sizes=\"(max-width: 1000px) 100vw, 1000px\" \/><\/a><\/figure>\n\n\n\n<figure class=\"wp-block-image size-large\"><a href=\"https:\/\/federkielstickerei.it\/it\/trachtenguertel\/schuhe_1\/\"><img data-recalc-dims=\"1\" decoding=\"async\" width=\"1100\" height=\"1013\" data-attachment-id=\"609\" data-permalink=\"https:\/\/federkielstickerei.it\/it\/trachtenguertel\/schuhe_1\/\" data-orig-file=\"https:\/\/i0.wp.com\/federkielstickerei.it\/wp-content\/uploads\/2022\/04\/Schuhe_1.png?fit=1100%2C1013&amp;ssl=1\" data-orig-size=\"1100,1013\" data-comments-opened=\"1\" data-image-meta=\"{&quot;aperture&quot;:&quot;0&quot;,&quot;credit&quot;:&quot;&quot;,&quot;camera&quot;:&quot;&quot;,&quot;caption&quot;:&quot;&quot;,&quot;created_timestamp&quot;:&quot;0&quot;,&quot;copyright&quot;:&quot;&quot;,&quot;focal_length&quot;:&quot;0&quot;,&quot;iso&quot;:&quot;0&quot;,&quot;shutter_speed&quot;:&quot;0&quot;,&quot;title&quot;:&quot;&quot;,&quot;orientation&quot;:&quot;0&quot;}\" data-image-title=\"Schuhe_1\" data-image-description=\"\" data-image-caption=\"\" data-large-file=\"https:\/\/i0.wp.com\/federkielstickerei.it\/wp-content\/uploads\/2022\/04\/Schuhe_1.png?fit=1024%2C943&amp;ssl=1\" data-id=\"609\" src=\"https:\/\/i0.wp.com\/federkielstickerei.it\/wp-content\/uploads\/2022\/04\/Schuhe_1.png?resize=1100%2C1013&#038;ssl=1\" alt=\"Trachtenschuhe Federkielstickerei Patzleiner Georg Prags mit Adler handbestickt\" class=\"wp-image-609\" srcset=\"https:\/\/i0.wp.com\/federkielstickerei.it\/wp-content\/uploads\/2022\/04\/Schuhe_1.png?w=1100&amp;ssl=1 1100w, https:\/\/i0.wp.com\/federkielstickerei.it\/wp-content\/uploads\/2022\/04\/Schuhe_1.png?resize=300%2C276&amp;ssl=1 300w, https:\/\/i0.wp.com\/federkielstickerei.it\/wp-content\/uploads\/2022\/04\/Schuhe_1.png?resize=1024%2C943&amp;ssl=1 1024w, https:\/\/i0.wp.com\/federkielstickerei.it\/wp-content\/uploads\/2022\/04\/Schuhe_1.png?resize=768%2C707&amp;ssl=1 768w, https:\/\/i0.wp.com\/federkielstickerei.it\/wp-content\/uploads\/2022\/04\/Schuhe_1.png?resize=13%2C12&amp;ssl=1 13w\" sizes=\"(max-width: 1000px) 100vw, 1000px\" \/><\/a><\/figure>\n\n\n\n<figure class=\"wp-block-image size-large\"><a href=\"https:\/\/federkielstickerei.it\/it\/trachtenguertel\/schuhe_2\/\"><img data-recalc-dims=\"1\" decoding=\"async\" width=\"1100\" height=\"591\" data-attachment-id=\"610\" data-permalink=\"https:\/\/federkielstickerei.it\/it\/trachtenguertel\/schuhe_2\/\" data-orig-file=\"https:\/\/i0.wp.com\/federkielstickerei.it\/wp-content\/uploads\/2022\/04\/Schuhe_2.png?fit=1100%2C591&amp;ssl=1\" data-orig-size=\"1100,591\" data-comments-opened=\"1\" data-image-meta=\"{&quot;aperture&quot;:&quot;0&quot;,&quot;credit&quot;:&quot;&quot;,&quot;camera&quot;:&quot;&quot;,&quot;caption&quot;:&quot;&quot;,&quot;created_timestamp&quot;:&quot;0&quot;,&quot;copyright&quot;:&quot;&quot;,&quot;focal_length&quot;:&quot;0&quot;,&quot;iso&quot;:&quot;0&quot;,&quot;shutter_speed&quot;:&quot;0&quot;,&quot;title&quot;:&quot;&quot;,&quot;orientation&quot;:&quot;0&quot;}\" data-image-title=\"Schuhe_2\" data-image-description=\"\" data-image-caption=\"\" data-large-file=\"https:\/\/i0.wp.com\/federkielstickerei.it\/wp-content\/uploads\/2022\/04\/Schuhe_2.png?fit=1024%2C550&amp;ssl=1\" data-id=\"610\" src=\"https:\/\/i0.wp.com\/federkielstickerei.it\/wp-content\/uploads\/2022\/04\/Schuhe_2.png?resize=1100%2C591&#038;ssl=1\" alt=\"Trachtenschuhe Federkielstickerei Patzleiner Georg Prags Tirol\" class=\"wp-image-610\" srcset=\"https:\/\/i0.wp.com\/federkielstickerei.it\/wp-content\/uploads\/2022\/04\/Schuhe_2.png?w=1100&amp;ssl=1 1100w, https:\/\/i0.wp.com\/federkielstickerei.it\/wp-content\/uploads\/2022\/04\/Schuhe_2.png?resize=300%2C161&amp;ssl=1 300w, https:\/\/i0.wp.com\/federkielstickerei.it\/wp-content\/uploads\/2022\/04\/Schuhe_2.png?resize=1024%2C550&amp;ssl=1 1024w, https:\/\/i0.wp.com\/federkielstickerei.it\/wp-content\/uploads\/2022\/04\/Schuhe_2.png?resize=768%2C413&amp;ssl=1 768w, https:\/\/i0.wp.com\/federkielstickerei.it\/wp-content\/uploads\/2022\/04\/Schuhe_2.png?resize=18%2C10&amp;ssl=1 18w\" sizes=\"(max-width: 1000px) 100vw, 1000px\" \/><\/a><\/figure>\n\n\n\n<figure class=\"wp-block-image size-large\"><a href=\"https:\/\/federkielstickerei.it\/it\/trachtenguertel\/ts_27-1\/\"><img data-recalc-dims=\"1\" decoding=\"async\" width=\"1000\" height=\"750\" data-attachment-id=\"793\" data-permalink=\"https:\/\/federkielstickerei.it\/it\/trachtenguertel\/ts_27-1\/\" data-orig-file=\"https:\/\/i0.wp.com\/federkielstickerei.it\/wp-content\/uploads\/2022\/06\/TS_27-1.jpg?fit=1000%2C750&amp;ssl=1\" data-orig-size=\"1000,750\" data-comments-opened=\"1\" data-image-meta=\"{&quot;aperture&quot;:&quot;0&quot;,&quot;credit&quot;:&quot;&quot;,&quot;camera&quot;:&quot;&quot;,&quot;caption&quot;:&quot;&quot;,&quot;created_timestamp&quot;:&quot;0&quot;,&quot;copyright&quot;:&quot;&quot;,&quot;focal_length&quot;:&quot;0&quot;,&quot;iso&quot;:&quot;0&quot;,&quot;shutter_speed&quot;:&quot;0&quot;,&quot;title&quot;:&quot;&quot;,&quot;orientation&quot;:&quot;0&quot;}\" data-image-title=\"TS_27-1\" data-image-description=\"\" data-image-caption=\"\" data-large-file=\"https:\/\/i0.wp.com\/federkielstickerei.it\/wp-content\/uploads\/2022\/06\/TS_27-1.jpg?fit=1000%2C750&amp;ssl=1\" data-id=\"793\" src=\"https:\/\/i0.wp.com\/federkielstickerei.it\/wp-content\/uploads\/2022\/06\/TS_27-1.jpg?resize=1000%2C750&#038;ssl=1\" alt=\"Trachtenschuhe traditionell shoes Echtleder\" class=\"wp-image-793\" srcset=\"https:\/\/i0.wp.com\/federkielstickerei.it\/wp-content\/uploads\/2022\/06\/TS_27-1.jpg?w=1000&amp;ssl=1 1000w, https:\/\/i0.wp.com\/federkielstickerei.it\/wp-content\/uploads\/2022\/06\/TS_27-1.jpg?resize=300%2C225&amp;ssl=1 300w, https:\/\/i0.wp.com\/federkielstickerei.it\/wp-content\/uploads\/2022\/06\/TS_27-1.jpg?resize=768%2C576&amp;ssl=1 768w, https:\/\/i0.wp.com\/federkielstickerei.it\/wp-content\/uploads\/2022\/06\/TS_27-1.jpg?resize=16%2C12&amp;ssl=1 16w\" sizes=\"(max-width: 1000px) 100vw, 1000px\" \/><\/a><\/figure>\n<\/figure>\n\n\n\n<div style=\"height:20px\" aria-hidden=\"true\" class=\"wp-block-spacer\"><\/div>\n\n\n\n<div style=\"height:40px\" aria-hidden=\"true\" class=\"wp-block-spacer\"><\/div>\n\n\n\n<p class=\"has-text-align-center\">Per maggiori informazioni o un'offerta contattaci:<\/p>\n\n\n\n<div class=\"wp-block-buttons alignwide is-content-justification-center is-layout-flex wp-container-core-buttons-is-layout-a89b3969 wp-block-buttons-is-layout-flex\">\n<div class=\"wp-block-button has-custom-width wp-block-button__width-75 is-style-outline is-style-outline--4\"><a class=\"wp-block-button__link\" href=\"https:\/\/federkielstickerei.it\/it\/kontakt\/\" style=\"border-radius:15px\">Contatto<\/a><\/div>\n<\/div>\n\n\n\n<div style=\"height:100px\" aria-hidden=\"true\" class=\"wp-block-spacer\"><\/div>","protected":false},"excerpt":{"rendered":"<p>Unsere Trachteng\u00fcrtel, Ranzen oder Gurten werden auf traditionelle Wei\u00dfe sorgf\u00e4ltig mit der Hand bestickt. Sie sind Teil der S\u00fcdtiroler Tracht und anderer alpenl\u00e4ndischer Gebiete. Neben geraden Trachtengurten sind auch Ranzen oder sogenannte Blattgurten erh\u00e4ltlich. Auf Anfrage wird eine Zeichnung mit deinen pers\u00f6nlichen Wunschmotiven, Schriftz\u00fcgen oder Verzierungen angefertigt. F\u00fcr weitere und konkretere Informationen: Trachtenschuhe k\u00f6nnen auf &hellip;<\/p>\n<p class=\"read-more\"> <a class=\"\" href=\"https:\/\/federkielstickerei.it\/it\/trachtenguertel\/\"> <span class=\"screen-reader-text\">Cintura del costume tradizionale<\/span> Leggi altro &raquo;<\/a><\/p>","protected":false},"author":1,"featured_media":0,"parent":0,"menu_order":0,"comment_status":"closed","ping_status":"closed","template":"","meta":{"inline_featured_image":false,"site-sidebar-layout":"default","site-content-layout":"","ast-site-content-layout":"","site-content-style":"default","site-sidebar-style":"default","ast-global-header-display":"","ast-banner-title-visibility":"","ast-main-header-display":"","ast-hfb-above-header-display":"","ast-hfb-below-header-display":"","ast-hfb-mobile-header-display":"","site-post-title":"disabled","ast-breadcrumbs-content":"","ast-featured-img":"","footer-sml-layout":"","theme-transparent-header-meta":"","adv-header-id-meta":"","stick-header-meta":"","header-above-stick-meta":"","header-main-stick-meta":"","header-below-stick-meta":"","astra-migrate-meta-layouts":"","footnotes":""},"class_list":["post-11","page","type-page","status-publish","hentry"],"yoast_head":"<!-- This site is optimized with the Yoast SEO plugin v27.5 - https:\/\/yoast.com\/product\/yoast-seo-wordpress\/ -->\n<title>Trachteng\u00fcrtel - Federkielstickerei<\/title>\n<meta name=\"description\" content=\"Hochwertig und sorgf\u00e4ltig in Handarbeit bestickt - Die Trachteng\u00fcrtel der Federkielstickerei Patzleiner Georg sind echt was besonderes!\" \/>\n<meta name=\"robots\" content=\"index, follow, max-snippet:-1, max-image-preview:large, max-video-preview:-1\" \/>\n<link rel=\"canonical\" href=\"https:\/\/federkielstickerei.it\/it\/trachtenguertel\/\" \/>\n<meta property=\"og:locale\" content=\"it_IT\" \/>\n<meta property=\"og:type\" content=\"article\" \/>\n<meta property=\"og:title\" content=\"Trachteng\u00fcrtel - Federkielstickerei\" \/>\n<meta property=\"og:description\" content=\"Hochwertig und sorgf\u00e4ltig in Handarbeit bestickt - Die Trachteng\u00fcrtel der Federkielstickerei Patzleiner Georg sind echt was besonderes!\" \/>\n<meta property=\"og:url\" content=\"https:\/\/federkielstickerei.it\/it\/trachtenguertel\/\" \/>\n<meta property=\"og:site_name\" content=\"Federkielstickerei\" \/>\n<meta property=\"article:publisher\" content=\"https:\/\/www.facebook.com\/Federkielstickerei-Georg-Patzleiner-1465988923519411\/\" \/>\n<meta property=\"article:modified_time\" content=\"2022-08-26T08:39:10+00:00\" \/>\n<meta property=\"og:image\" content=\"https:\/\/federkielstickerei.it\/wp-content\/uploads\/2022\/04\/TS_25.png\" \/>\n<meta name=\"twitter:card\" content=\"summary_large_image\" \/>\n<meta name=\"twitter:label1\" content=\"Tempo di lettura stimato\" \/>\n\t<meta name=\"twitter:data1\" content=\"4 minuti\" \/>\n<script type=\"application\/ld+json\" class=\"yoast-schema-graph\">{\"@context\":\"https:\\\/\\\/schema.org\",\"@graph\":[{\"@type\":\"WebPage\",\"@id\":\"https:\\\/\\\/federkielstickerei.it\\\/trachtenguertel\\\/\",\"url\":\"https:\\\/\\\/federkielstickerei.it\\\/trachtenguertel\\\/\",\"name\":\"Trachteng\u00fcrtel - Federkielstickerei\",\"isPartOf\":{\"@id\":\"https:\\\/\\\/federkielstickerei.it\\\/#website\"},\"primaryImageOfPage\":{\"@id\":\"https:\\\/\\\/federkielstickerei.it\\\/trachtenguertel\\\/#primaryimage\"},\"image\":{\"@id\":\"https:\\\/\\\/federkielstickerei.it\\\/trachtenguertel\\\/#primaryimage\"},\"thumbnailUrl\":\"https:\\\/\\\/federkielstickerei.it\\\/wp-content\\\/uploads\\\/2022\\\/04\\\/TS_25.png\",\"datePublished\":\"2022-04-20T07:38:28+00:00\",\"dateModified\":\"2022-08-26T08:39:10+00:00\",\"description\":\"Hochwertig und sorgf\u00e4ltig in Handarbeit bestickt - Die Trachteng\u00fcrtel der Federkielstickerei Patzleiner Georg sind echt was besonderes!\",\"breadcrumb\":{\"@id\":\"https:\\\/\\\/federkielstickerei.it\\\/trachtenguertel\\\/#breadcrumb\"},\"inLanguage\":\"it-IT\",\"potentialAction\":[{\"@type\":\"ReadAction\",\"target\":[\"https:\\\/\\\/federkielstickerei.it\\\/trachtenguertel\\\/\"]}]},{\"@type\":\"ImageObject\",\"inLanguage\":\"it-IT\",\"@id\":\"https:\\\/\\\/federkielstickerei.it\\\/trachtenguertel\\\/#primaryimage\",\"url\":\"https:\\\/\\\/federkielstickerei.it\\\/wp-content\\\/uploads\\\/2022\\\/04\\\/TS_25.png\",\"contentUrl\":\"https:\\\/\\\/federkielstickerei.it\\\/wp-content\\\/uploads\\\/2022\\\/04\\\/TS_25.png\"},{\"@type\":\"BreadcrumbList\",\"@id\":\"https:\\\/\\\/federkielstickerei.it\\\/trachtenguertel\\\/#breadcrumb\",\"itemListElement\":[{\"@type\":\"ListItem\",\"position\":1,\"name\":\"Home\",\"item\":\"https:\\\/\\\/federkielstickerei.it\\\/\"},{\"@type\":\"ListItem\",\"position\":2,\"name\":\"Trachteng\u00fcrtel\"}]},{\"@type\":\"WebSite\",\"@id\":\"https:\\\/\\\/federkielstickerei.it\\\/#website\",\"url\":\"https:\\\/\\\/federkielstickerei.it\\\/\",\"name\":\"Federkielstickerei\",\"description\":\"Patzleiner Georg - Prags\",\"publisher\":{\"@id\":\"https:\\\/\\\/federkielstickerei.it\\\/#organization\"},\"potentialAction\":[{\"@type\":\"SearchAction\",\"target\":{\"@type\":\"EntryPoint\",\"urlTemplate\":\"https:\\\/\\\/federkielstickerei.it\\\/?s={search_term_string}\"},\"query-input\":{\"@type\":\"PropertyValueSpecification\",\"valueRequired\":true,\"valueName\":\"search_term_string\"}}],\"inLanguage\":\"it-IT\"},{\"@type\":\"Organization\",\"@id\":\"https:\\\/\\\/federkielstickerei.it\\\/#organization\",\"name\":\"Federkielstickerei\",\"url\":\"https:\\\/\\\/federkielstickerei.it\\\/\",\"logo\":{\"@type\":\"ImageObject\",\"inLanguage\":\"it-IT\",\"@id\":\"https:\\\/\\\/federkielstickerei.it\\\/#\\\/schema\\\/logo\\\/image\\\/\",\"url\":\"https:\\\/\\\/federkielstickerei.it\\\/wp-content\\\/uploads\\\/2022\\\/04\\\/logo-1.svg\",\"contentUrl\":\"https:\\\/\\\/federkielstickerei.it\\\/wp-content\\\/uploads\\\/2022\\\/04\\\/logo-1.svg\",\"width\":210,\"height\":104,\"caption\":\"Federkielstickerei\"},\"image\":{\"@id\":\"https:\\\/\\\/federkielstickerei.it\\\/#\\\/schema\\\/logo\\\/image\\\/\"},\"sameAs\":[\"https:\\\/\\\/www.facebook.com\\\/Federkielstickerei-Georg-Patzleiner-1465988923519411\\\/\",\"https:\\\/\\\/www.instagram.com\\\/federkielstickerei_prags\\\/\"]}]}<\/script>\n<!-- \/ Yoast SEO plugin. -->","yoast_head_json":{"title":"Trachteng\u00fcrtel - Federkielstickerei","description":"Hochwertig und sorgf\u00e4ltig in Handarbeit bestickt - Die Trachteng\u00fcrtel der Federkielstickerei Patzleiner Georg sind echt was besonderes!","robots":{"index":"index","follow":"follow","max-snippet":"max-snippet:-1","max-image-preview":"max-image-preview:large","max-video-preview":"max-video-preview:-1"},"canonical":"https:\/\/federkielstickerei.it\/it\/trachtenguertel\/","og_locale":"it_IT","og_type":"article","og_title":"Trachteng\u00fcrtel - Federkielstickerei","og_description":"Hochwertig und sorgf\u00e4ltig in Handarbeit bestickt - Die Trachteng\u00fcrtel der Federkielstickerei Patzleiner Georg sind echt was besonderes!","og_url":"https:\/\/federkielstickerei.it\/it\/trachtenguertel\/","og_site_name":"Federkielstickerei","article_publisher":"https:\/\/www.facebook.com\/Federkielstickerei-Georg-Patzleiner-1465988923519411\/","article_modified_time":"2022-08-26T08:39:10+00:00","og_image":[{"url":"https:\/\/federkielstickerei.it\/wp-content\/uploads\/2022\/04\/TS_25.png","type":"","width":"","height":""}],"twitter_card":"summary_large_image","twitter_misc":{"Tempo di lettura stimato":"4 minuti"},"schema":{"@context":"https:\/\/schema.org","@graph":[{"@type":"WebPage","@id":"https:\/\/federkielstickerei.it\/trachtenguertel\/","url":"https:\/\/federkielstickerei.it\/trachtenguertel\/","name":"Trachteng\u00fcrtel - Federkielstickerei","isPartOf":{"@id":"https:\/\/federkielstickerei.it\/#website"},"primaryImageOfPage":{"@id":"https:\/\/federkielstickerei.it\/trachtenguertel\/#primaryimage"},"image":{"@id":"https:\/\/federkielstickerei.it\/trachtenguertel\/#primaryimage"},"thumbnailUrl":"https:\/\/federkielstickerei.it\/wp-content\/uploads\/2022\/04\/TS_25.png","datePublished":"2022-04-20T07:38:28+00:00","dateModified":"2022-08-26T08:39:10+00:00","description":"Hochwertig und sorgf\u00e4ltig in Handarbeit bestickt - Die Trachteng\u00fcrtel der Federkielstickerei Patzleiner Georg sind echt was besonderes!","breadcrumb":{"@id":"https:\/\/federkielstickerei.it\/trachtenguertel\/#breadcrumb"},"inLanguage":"it-IT","potentialAction":[{"@type":"ReadAction","target":["https:\/\/federkielstickerei.it\/trachtenguertel\/"]}]},{"@type":"ImageObject","inLanguage":"it-IT","@id":"https:\/\/federkielstickerei.it\/trachtenguertel\/#primaryimage","url":"https:\/\/federkielstickerei.it\/wp-content\/uploads\/2022\/04\/TS_25.png","contentUrl":"https:\/\/federkielstickerei.it\/wp-content\/uploads\/2022\/04\/TS_25.png"},{"@type":"BreadcrumbList","@id":"https:\/\/federkielstickerei.it\/trachtenguertel\/#breadcrumb","itemListElement":[{"@type":"ListItem","position":1,"name":"Home","item":"https:\/\/federkielstickerei.it\/"},{"@type":"ListItem","position":2,"name":"Trachteng\u00fcrtel"}]},{"@type":"WebSite","@id":"https:\/\/federkielstickerei.it\/#website","url":"https:\/\/federkielstickerei.it\/","name":"Federkielstickerei","description":"Patzleiner Georg - Prags","publisher":{"@id":"https:\/\/federkielstickerei.it\/#organization"},"potentialAction":[{"@type":"SearchAction","target":{"@type":"EntryPoint","urlTemplate":"https:\/\/federkielstickerei.it\/?s={search_term_string}"},"query-input":{"@type":"PropertyValueSpecification","valueRequired":true,"valueName":"search_term_string"}}],"inLanguage":"it-IT"},{"@type":"Organization","@id":"https:\/\/federkielstickerei.it\/#organization","name":"Federkielstickerei","url":"https:\/\/federkielstickerei.it\/","logo":{"@type":"ImageObject","inLanguage":"it-IT","@id":"https:\/\/federkielstickerei.it\/#\/schema\/logo\/image\/","url":"https:\/\/federkielstickerei.it\/wp-content\/uploads\/2022\/04\/logo-1.svg","contentUrl":"https:\/\/federkielstickerei.it\/wp-content\/uploads\/2022\/04\/logo-1.svg","width":210,"height":104,"caption":"Federkielstickerei"},"image":{"@id":"https:\/\/federkielstickerei.it\/#\/schema\/logo\/image\/"},"sameAs":["https:\/\/www.facebook.com\/Federkielstickerei-Georg-Patzleiner-1465988923519411\/","https:\/\/www.instagram.com\/federkielstickerei_prags\/"]}]}},"jetpack_sharing_enabled":true,"_links":{"self":[{"href":"https:\/\/federkielstickerei.it\/it\/wp-json\/wp\/v2\/pages\/11","targetHints":{"allow":["GET"]}}],"collection":[{"href":"https:\/\/federkielstickerei.it\/it\/wp-json\/wp\/v2\/pages"}],"about":[{"href":"https:\/\/federkielstickerei.it\/it\/wp-json\/wp\/v2\/types\/page"}],"author":[{"embeddable":true,"href":"https:\/\/federkielstickerei.it\/it\/wp-json\/wp\/v2\/users\/1"}],"replies":[{"embeddable":true,"href":"https:\/\/federkielstickerei.it\/it\/wp-json\/wp\/v2\/comments?post=11"}],"version-history":[{"count":5,"href":"https:\/\/federkielstickerei.it\/it\/wp-json\/wp\/v2\/pages\/11\/revisions"}],"predecessor-version":[{"id":878,"href":"https:\/\/federkielstickerei.it\/it\/wp-json\/wp\/v2\/pages\/11\/revisions\/878"}],"wp:attachment":[{"href":"https:\/\/federkielstickerei.it\/it\/wp-json\/wp\/v2\/media?parent=11"}],"curies":[{"name":"wp","href":"https:\/\/api.w.org\/{rel}","templated":true}]}}