{"id":230,"date":"2022-04-20T15:13:06","date_gmt":"2022-04-20T13:13:06","guid":{"rendered":"https:\/\/federkielstickerei.it\/?page_id=230"},"modified":"2022-05-25T11:50:46","modified_gmt":"2022-05-25T09:50:46","slug":"hosenguertel","status":"publish","type":"page","link":"https:\/\/federkielstickerei.it\/it\/hosenguertel\/","title":{"rendered":"Cintura dei pantaloni"},"content":{"rendered":"<div class=\"wp-block-cover alignfull has-parallax has-custom-content-position is-position-bottom-center\" style=\"background-image:url(https:\/\/federkielstickerei.it\/wp-content\/uploads\/2022\/04\/Hosenguertel-1.png);min-height:50vh;aspect-ratio:unset;\"><span aria-hidden=\"true\" class=\"wp-block-cover__background has-background-dim-70 has-background-dim\"><\/span><div class=\"wp-block-cover__inner-container is-layout-flow wp-block-cover-is-layout-flow\">\n<div style=\"height:87px\" aria-hidden=\"true\" class=\"wp-block-spacer\"><\/div>\n\n\n\n<h2 class=\"has-text-align-center has-ast-global-color-6-color has-text-color wp-block-heading\" id=\"hosengurtel\" style=\"font-size:45px\">Cintura dei pantaloni<\/h2>\n<\/div><\/div>\n\n\n\n<div style=\"height:30px\" aria-hidden=\"true\" class=\"wp-block-spacer\"><\/div>\n\n\n\n<p class=\"has-text-align-center\">Queste cinture in vera pelle possono essere ricamate con qualsiasi cosa desideri.<\/p>\n\n\n\n<p class=\"has-text-align-center\">Che sia semplice, tradizionale, eccezionale, elegante o semplicemente speciale. La cintura dei pantaloni \u00e8 realizzata secondo le tue idee.<\/p>\n\n\n\n<div style=\"height:30px\" aria-hidden=\"true\" class=\"wp-block-spacer\"><\/div>\n\n\n\n<figure class=\"wp-block-gallery alignwide has-nested-images columns-default is-cropped wp-block-gallery-1 is-layout-flex wp-block-gallery-is-layout-flex\">\n<figure class=\"wp-block-image size-large\"><a href=\"https:\/\/i0.wp.com\/federkielstickerei.it\/wp-content\/uploads\/2022\/04\/ossi.png?ssl=1\"><img data-recalc-dims=\"1\" decoding=\"async\" width=\"1200\" height=\"750\" data-attachment-id=\"244\" data-permalink=\"https:\/\/federkielstickerei.it\/it\/hosenguertel\/ossi\/\" data-orig-file=\"https:\/\/i0.wp.com\/federkielstickerei.it\/wp-content\/uploads\/2022\/04\/ossi.png?fit=1200%2C750&amp;ssl=1\" data-orig-size=\"1200,750\" data-comments-opened=\"1\" data-image-meta=\"{&quot;aperture&quot;:&quot;0&quot;,&quot;credit&quot;:&quot;&quot;,&quot;camera&quot;:&quot;&quot;,&quot;caption&quot;:&quot;&quot;,&quot;created_timestamp&quot;:&quot;0&quot;,&quot;copyright&quot;:&quot;&quot;,&quot;focal_length&quot;:&quot;0&quot;,&quot;iso&quot;:&quot;0&quot;,&quot;shutter_speed&quot;:&quot;0&quot;,&quot;title&quot;:&quot;&quot;,&quot;orientation&quot;:&quot;0&quot;}\" data-image-title=\"ossi\" data-image-description=\"\" data-image-caption=\"\" data-large-file=\"https:\/\/i0.wp.com\/federkielstickerei.it\/wp-content\/uploads\/2022\/04\/ossi.png?fit=1024%2C640&amp;ssl=1\" data-id=\"244\" src=\"https:\/\/i0.wp.com\/federkielstickerei.it\/wp-content\/uploads\/2022\/04\/ossi.png?resize=1200%2C750&#038;ssl=1\" alt=\"\" class=\"wp-image-244\" srcset=\"https:\/\/i0.wp.com\/federkielstickerei.it\/wp-content\/uploads\/2022\/04\/ossi.png?w=1200&amp;ssl=1 1200w, https:\/\/i0.wp.com\/federkielstickerei.it\/wp-content\/uploads\/2022\/04\/ossi.png?resize=300%2C188&amp;ssl=1 300w, https:\/\/i0.wp.com\/federkielstickerei.it\/wp-content\/uploads\/2022\/04\/ossi.png?resize=1024%2C640&amp;ssl=1 1024w, https:\/\/i0.wp.com\/federkielstickerei.it\/wp-content\/uploads\/2022\/04\/ossi.png?resize=768%2C480&amp;ssl=1 768w, https:\/\/i0.wp.com\/federkielstickerei.it\/wp-content\/uploads\/2022\/04\/ossi.png?resize=18%2C12&amp;ssl=1 18w\" sizes=\"(max-width: 1000px) 100vw, 1000px\" \/><\/a><\/figure>\n\n\n\n<figure class=\"wp-block-image size-large\"><a href=\"https:\/\/i0.wp.com\/federkielstickerei.it\/wp-content\/uploads\/2022\/04\/H_123a-scaled-1.jpg?ssl=1\"><img data-recalc-dims=\"1\" decoding=\"async\" width=\"1024\" height=\"640\" data-attachment-id=\"622\" data-permalink=\"https:\/\/federkielstickerei.it\/it\/hosenguertel\/h_123a-scaled\/\" data-orig-file=\"https:\/\/i0.wp.com\/federkielstickerei.it\/wp-content\/uploads\/2022\/04\/H_123a-scaled-1.jpg?fit=1024%2C640&amp;ssl=1\" data-orig-size=\"1024,640\" data-comments-opened=\"1\" data-image-meta=\"{&quot;aperture&quot;:&quot;0&quot;,&quot;credit&quot;:&quot;&quot;,&quot;camera&quot;:&quot;&quot;,&quot;caption&quot;:&quot;&quot;,&quot;created_timestamp&quot;:&quot;0&quot;,&quot;copyright&quot;:&quot;&quot;,&quot;focal_length&quot;:&quot;0&quot;,&quot;iso&quot;:&quot;0&quot;,&quot;shutter_speed&quot;:&quot;0&quot;,&quot;title&quot;:&quot;&quot;,&quot;orientation&quot;:&quot;0&quot;}\" data-image-title=\"H_123a-scaled\" data-image-description=\"\" data-image-caption=\"\" data-large-file=\"https:\/\/i0.wp.com\/federkielstickerei.it\/wp-content\/uploads\/2022\/04\/H_123a-scaled-1.jpg?fit=1024%2C640&amp;ssl=1\" data-id=\"622\" src=\"https:\/\/i0.wp.com\/federkielstickerei.it\/wp-content\/uploads\/2022\/04\/H_123a-scaled-1.jpg?resize=1024%2C640&#038;ssl=1\" alt=\"Hoseng\u00fcrtel schlicht schwarz Federkielstickerei Patzleiner Georg\" class=\"wp-image-622\" srcset=\"https:\/\/i0.wp.com\/federkielstickerei.it\/wp-content\/uploads\/2022\/04\/H_123a-scaled-1.jpg?w=1024&amp;ssl=1 1024w, https:\/\/i0.wp.com\/federkielstickerei.it\/wp-content\/uploads\/2022\/04\/H_123a-scaled-1.jpg?resize=300%2C188&amp;ssl=1 300w, https:\/\/i0.wp.com\/federkielstickerei.it\/wp-content\/uploads\/2022\/04\/H_123a-scaled-1.jpg?resize=768%2C480&amp;ssl=1 768w, https:\/\/i0.wp.com\/federkielstickerei.it\/wp-content\/uploads\/2022\/04\/H_123a-scaled-1.jpg?resize=18%2C12&amp;ssl=1 18w\" sizes=\"(max-width: 1000px) 100vw, 1000px\" \/><\/a><\/figure>\n\n\n\n<figure class=\"wp-block-image size-large\"><a href=\"https:\/\/i0.wp.com\/federkielstickerei.it\/wp-content\/uploads\/2022\/04\/H_126c-1.png?ssl=1\"><img data-recalc-dims=\"1\" decoding=\"async\" width=\"1014\" height=\"640\" data-attachment-id=\"620\" data-permalink=\"https:\/\/federkielstickerei.it\/it\/hosenguertel\/h_126c-1\/\" data-orig-file=\"https:\/\/i0.wp.com\/federkielstickerei.it\/wp-content\/uploads\/2022\/04\/H_126c-1.png?fit=1014%2C640&amp;ssl=1\" data-orig-size=\"1014,640\" data-comments-opened=\"1\" data-image-meta=\"{&quot;aperture&quot;:&quot;0&quot;,&quot;credit&quot;:&quot;&quot;,&quot;camera&quot;:&quot;&quot;,&quot;caption&quot;:&quot;&quot;,&quot;created_timestamp&quot;:&quot;0&quot;,&quot;copyright&quot;:&quot;&quot;,&quot;focal_length&quot;:&quot;0&quot;,&quot;iso&quot;:&quot;0&quot;,&quot;shutter_speed&quot;:&quot;0&quot;,&quot;title&quot;:&quot;&quot;,&quot;orientation&quot;:&quot;0&quot;}\" data-image-title=\"H_126c (1)\" data-image-description=\"\" data-image-caption=\"\" data-large-file=\"https:\/\/i0.wp.com\/federkielstickerei.it\/wp-content\/uploads\/2022\/04\/H_126c-1.png?fit=1014%2C640&amp;ssl=1\" data-id=\"620\" src=\"https:\/\/i0.wp.com\/federkielstickerei.it\/wp-content\/uploads\/2022\/04\/H_126c-1.png?resize=1014%2C640&#038;ssl=1\" alt=\"Hoseng\u00fcrtel der Federkielstickerei Patzleiner Georg drei Standardfarben\" class=\"wp-image-620\" srcset=\"https:\/\/i0.wp.com\/federkielstickerei.it\/wp-content\/uploads\/2022\/04\/H_126c-1.png?w=1014&amp;ssl=1 1014w, https:\/\/i0.wp.com\/federkielstickerei.it\/wp-content\/uploads\/2022\/04\/H_126c-1.png?resize=300%2C189&amp;ssl=1 300w, https:\/\/i0.wp.com\/federkielstickerei.it\/wp-content\/uploads\/2022\/04\/H_126c-1.png?resize=768%2C485&amp;ssl=1 768w, https:\/\/i0.wp.com\/federkielstickerei.it\/wp-content\/uploads\/2022\/04\/H_126c-1.png?resize=18%2C12&amp;ssl=1 18w\" sizes=\"(max-width: 1000px) 100vw, 1000px\" \/><\/a><\/figure>\n\n\n\n<figure class=\"wp-block-image size-large\"><a href=\"https:\/\/i0.wp.com\/federkielstickerei.it\/wp-content\/uploads\/2022\/04\/H_97a_leer-scaled-1.jpg?ssl=1\"><img data-recalc-dims=\"1\" decoding=\"async\" width=\"960\" height=\"640\" data-attachment-id=\"621\" data-permalink=\"https:\/\/federkielstickerei.it\/it\/hosenguertel\/h_97a_leer-scaled\/\" data-orig-file=\"https:\/\/i0.wp.com\/federkielstickerei.it\/wp-content\/uploads\/2022\/04\/H_97a_leer-scaled-1.jpg?fit=960%2C640&amp;ssl=1\" data-orig-size=\"960,640\" data-comments-opened=\"1\" data-image-meta=\"{&quot;aperture&quot;:&quot;0&quot;,&quot;credit&quot;:&quot;&quot;,&quot;camera&quot;:&quot;&quot;,&quot;caption&quot;:&quot;&quot;,&quot;created_timestamp&quot;:&quot;0&quot;,&quot;copyright&quot;:&quot;&quot;,&quot;focal_length&quot;:&quot;0&quot;,&quot;iso&quot;:&quot;0&quot;,&quot;shutter_speed&quot;:&quot;0&quot;,&quot;title&quot;:&quot;&quot;,&quot;orientation&quot;:&quot;0&quot;}\" data-image-title=\"H_97a_leer-scaled\" data-image-description=\"\" data-image-caption=\"\" data-large-file=\"https:\/\/i0.wp.com\/federkielstickerei.it\/wp-content\/uploads\/2022\/04\/H_97a_leer-scaled-1.jpg?fit=960%2C640&amp;ssl=1\" data-id=\"621\" src=\"https:\/\/i0.wp.com\/federkielstickerei.it\/wp-content\/uploads\/2022\/04\/H_97a_leer-scaled-1.jpg?resize=960%2C640&#038;ssl=1\" alt=\"Hoseng\u00fcrtel mit Holz-G\u00fcrtelschnalle Federkielstickerei Patzleiner Georg\" class=\"wp-image-621\" srcset=\"https:\/\/i0.wp.com\/federkielstickerei.it\/wp-content\/uploads\/2022\/04\/H_97a_leer-scaled-1.jpg?w=960&amp;ssl=1 960w, https:\/\/i0.wp.com\/federkielstickerei.it\/wp-content\/uploads\/2022\/04\/H_97a_leer-scaled-1.jpg?resize=300%2C200&amp;ssl=1 300w, https:\/\/i0.wp.com\/federkielstickerei.it\/wp-content\/uploads\/2022\/04\/H_97a_leer-scaled-1.jpg?resize=768%2C512&amp;ssl=1 768w, https:\/\/i0.wp.com\/federkielstickerei.it\/wp-content\/uploads\/2022\/04\/H_97a_leer-scaled-1.jpg?resize=18%2C12&amp;ssl=1 18w\" sizes=\"(max-width: 960px) 100vw, 960px\" \/><\/a><\/figure>\n\n\n\n<figure class=\"wp-block-image size-large\"><a href=\"https:\/\/i0.wp.com\/federkielstickerei.it\/wp-content\/uploads\/2022\/04\/H_68_Herz_Muster-1.png?ssl=1\"><img data-recalc-dims=\"1\" decoding=\"async\" width=\"1024\" height=\"774\" data-attachment-id=\"245\" data-permalink=\"https:\/\/federkielstickerei.it\/it\/hosenguertel\/h_68_herz_muster-1\/\" data-orig-file=\"https:\/\/i0.wp.com\/federkielstickerei.it\/wp-content\/uploads\/2022\/04\/H_68_Herz_Muster-1.png?fit=1024%2C774&amp;ssl=1\" data-orig-size=\"1024,774\" data-comments-opened=\"1\" data-image-meta=\"{&quot;aperture&quot;:&quot;0&quot;,&quot;credit&quot;:&quot;&quot;,&quot;camera&quot;:&quot;&quot;,&quot;caption&quot;:&quot;&quot;,&quot;created_timestamp&quot;:&quot;0&quot;,&quot;copyright&quot;:&quot;&quot;,&quot;focal_length&quot;:&quot;0&quot;,&quot;iso&quot;:&quot;0&quot;,&quot;shutter_speed&quot;:&quot;0&quot;,&quot;title&quot;:&quot;&quot;,&quot;orientation&quot;:&quot;0&quot;}\" data-image-title=\"H_68_Herz_Muster-1\" data-image-description=\"\" data-image-caption=\"\" data-large-file=\"https:\/\/i0.wp.com\/federkielstickerei.it\/wp-content\/uploads\/2022\/04\/H_68_Herz_Muster-1.png?fit=1024%2C774&amp;ssl=1\" data-id=\"245\" src=\"https:\/\/i0.wp.com\/federkielstickerei.it\/wp-content\/uploads\/2022\/04\/H_68_Herz_Muster-1.png?resize=1024%2C774&#038;ssl=1\" alt=\"\" class=\"wp-image-245\" srcset=\"https:\/\/i0.wp.com\/federkielstickerei.it\/wp-content\/uploads\/2022\/04\/H_68_Herz_Muster-1.png?w=1024&amp;ssl=1 1024w, https:\/\/i0.wp.com\/federkielstickerei.it\/wp-content\/uploads\/2022\/04\/H_68_Herz_Muster-1.png?resize=300%2C227&amp;ssl=1 300w, https:\/\/i0.wp.com\/federkielstickerei.it\/wp-content\/uploads\/2022\/04\/H_68_Herz_Muster-1.png?resize=768%2C581&amp;ssl=1 768w, https:\/\/i0.wp.com\/federkielstickerei.it\/wp-content\/uploads\/2022\/04\/H_68_Herz_Muster-1.png?resize=16%2C12&amp;ssl=1 16w\" sizes=\"(max-width: 1000px) 100vw, 1000px\" \/><\/a><\/figure>\n\n\n\n<figure class=\"wp-block-image size-large\"><a href=\"https:\/\/i0.wp.com\/federkielstickerei.it\/wp-content\/uploads\/2022\/04\/hz.png?ssl=1\"><img data-recalc-dims=\"1\" decoding=\"async\" width=\"1024\" height=\"774\" data-attachment-id=\"246\" data-permalink=\"https:\/\/federkielstickerei.it\/it\/hosenguertel\/hz\/\" data-orig-file=\"https:\/\/i0.wp.com\/federkielstickerei.it\/wp-content\/uploads\/2022\/04\/hz.png?fit=1024%2C774&amp;ssl=1\" data-orig-size=\"1024,774\" data-comments-opened=\"1\" data-image-meta=\"{&quot;aperture&quot;:&quot;0&quot;,&quot;credit&quot;:&quot;&quot;,&quot;camera&quot;:&quot;&quot;,&quot;caption&quot;:&quot;&quot;,&quot;created_timestamp&quot;:&quot;0&quot;,&quot;copyright&quot;:&quot;&quot;,&quot;focal_length&quot;:&quot;0&quot;,&quot;iso&quot;:&quot;0&quot;,&quot;shutter_speed&quot;:&quot;0&quot;,&quot;title&quot;:&quot;&quot;,&quot;orientation&quot;:&quot;0&quot;}\" data-image-title=\"hz\" data-image-description=\"\" data-image-caption=\"\" data-large-file=\"https:\/\/i0.wp.com\/federkielstickerei.it\/wp-content\/uploads\/2022\/04\/hz.png?fit=1024%2C774&amp;ssl=1\" data-id=\"246\" src=\"https:\/\/i0.wp.com\/federkielstickerei.it\/wp-content\/uploads\/2022\/04\/hz.png?resize=1024%2C774&#038;ssl=1\" alt=\"\" class=\"wp-image-246\" srcset=\"https:\/\/i0.wp.com\/federkielstickerei.it\/wp-content\/uploads\/2022\/04\/hz.png?w=1024&amp;ssl=1 1024w, https:\/\/i0.wp.com\/federkielstickerei.it\/wp-content\/uploads\/2022\/04\/hz.png?resize=300%2C227&amp;ssl=1 300w, https:\/\/i0.wp.com\/federkielstickerei.it\/wp-content\/uploads\/2022\/04\/hz.png?resize=768%2C581&amp;ssl=1 768w, https:\/\/i0.wp.com\/federkielstickerei.it\/wp-content\/uploads\/2022\/04\/hz.png?resize=16%2C12&amp;ssl=1 16w\" sizes=\"(max-width: 1000px) 100vw, 1000px\" \/><\/a><\/figure>\n\n\n\n<figure class=\"wp-block-image size-large\"><a href=\"https:\/\/i0.wp.com\/federkielstickerei.it\/wp-content\/uploads\/2022\/04\/damen_herz.png?ssl=1\"><img data-recalc-dims=\"1\" decoding=\"async\" width=\"1100\" height=\"831\" data-attachment-id=\"241\" data-permalink=\"https:\/\/federkielstickerei.it\/it\/hosenguertel\/damen_herz\/\" data-orig-file=\"https:\/\/i0.wp.com\/federkielstickerei.it\/wp-content\/uploads\/2022\/04\/damen_herz.png?fit=1100%2C831&amp;ssl=1\" data-orig-size=\"1100,831\" data-comments-opened=\"1\" data-image-meta=\"{&quot;aperture&quot;:&quot;0&quot;,&quot;credit&quot;:&quot;&quot;,&quot;camera&quot;:&quot;&quot;,&quot;caption&quot;:&quot;&quot;,&quot;created_timestamp&quot;:&quot;0&quot;,&quot;copyright&quot;:&quot;&quot;,&quot;focal_length&quot;:&quot;0&quot;,&quot;iso&quot;:&quot;0&quot;,&quot;shutter_speed&quot;:&quot;0&quot;,&quot;title&quot;:&quot;&quot;,&quot;orientation&quot;:&quot;0&quot;}\" data-image-title=\"damen_herz\" data-image-description=\"\" data-image-caption=\"\" data-large-file=\"https:\/\/i0.wp.com\/federkielstickerei.it\/wp-content\/uploads\/2022\/04\/damen_herz.png?fit=1024%2C774&amp;ssl=1\" data-id=\"241\" src=\"https:\/\/i0.wp.com\/federkielstickerei.it\/wp-content\/uploads\/2022\/04\/damen_herz.png?resize=1100%2C831&#038;ssl=1\" alt=\"\" class=\"wp-image-241\" srcset=\"https:\/\/i0.wp.com\/federkielstickerei.it\/wp-content\/uploads\/2022\/04\/damen_herz.png?w=1100&amp;ssl=1 1100w, https:\/\/i0.wp.com\/federkielstickerei.it\/wp-content\/uploads\/2022\/04\/damen_herz.png?resize=300%2C227&amp;ssl=1 300w, https:\/\/i0.wp.com\/federkielstickerei.it\/wp-content\/uploads\/2022\/04\/damen_herz.png?resize=1024%2C774&amp;ssl=1 1024w, https:\/\/i0.wp.com\/federkielstickerei.it\/wp-content\/uploads\/2022\/04\/damen_herz.png?resize=768%2C580&amp;ssl=1 768w, https:\/\/i0.wp.com\/federkielstickerei.it\/wp-content\/uploads\/2022\/04\/damen_herz.png?resize=16%2C12&amp;ssl=1 16w\" sizes=\"(max-width: 1000px) 100vw, 1000px\" \/><\/a><\/figure>\n\n\n\n<figure class=\"wp-block-image size-large\"><a href=\"https:\/\/i0.wp.com\/federkielstickerei.it\/wp-content\/uploads\/2022\/04\/lange_schnalllen.png?ssl=1\"><img data-recalc-dims=\"1\" decoding=\"async\" width=\"1100\" height=\"831\" data-attachment-id=\"242\" data-permalink=\"https:\/\/federkielstickerei.it\/it\/hosenguertel\/lange_schnalllen\/\" data-orig-file=\"https:\/\/i0.wp.com\/federkielstickerei.it\/wp-content\/uploads\/2022\/04\/lange_schnalllen.png?fit=1100%2C831&amp;ssl=1\" data-orig-size=\"1100,831\" data-comments-opened=\"1\" data-image-meta=\"{&quot;aperture&quot;:&quot;0&quot;,&quot;credit&quot;:&quot;&quot;,&quot;camera&quot;:&quot;&quot;,&quot;caption&quot;:&quot;&quot;,&quot;created_timestamp&quot;:&quot;0&quot;,&quot;copyright&quot;:&quot;&quot;,&quot;focal_length&quot;:&quot;0&quot;,&quot;iso&quot;:&quot;0&quot;,&quot;shutter_speed&quot;:&quot;0&quot;,&quot;title&quot;:&quot;&quot;,&quot;orientation&quot;:&quot;0&quot;}\" data-image-title=\"lange_schnalllen\" data-image-description=\"\" data-image-caption=\"\" data-large-file=\"https:\/\/i0.wp.com\/federkielstickerei.it\/wp-content\/uploads\/2022\/04\/lange_schnalllen.png?fit=1024%2C774&amp;ssl=1\" data-id=\"242\" src=\"https:\/\/i0.wp.com\/federkielstickerei.it\/wp-content\/uploads\/2022\/04\/lange_schnalllen.png?resize=1100%2C831&#038;ssl=1\" alt=\"\" class=\"wp-image-242\" srcset=\"https:\/\/i0.wp.com\/federkielstickerei.it\/wp-content\/uploads\/2022\/04\/lange_schnalllen.png?w=1100&amp;ssl=1 1100w, https:\/\/i0.wp.com\/federkielstickerei.it\/wp-content\/uploads\/2022\/04\/lange_schnalllen.png?resize=300%2C227&amp;ssl=1 300w, https:\/\/i0.wp.com\/federkielstickerei.it\/wp-content\/uploads\/2022\/04\/lange_schnalllen.png?resize=1024%2C774&amp;ssl=1 1024w, https:\/\/i0.wp.com\/federkielstickerei.it\/wp-content\/uploads\/2022\/04\/lange_schnalllen.png?resize=768%2C580&amp;ssl=1 768w, https:\/\/i0.wp.com\/federkielstickerei.it\/wp-content\/uploads\/2022\/04\/lange_schnalllen.png?resize=16%2C12&amp;ssl=1 16w\" sizes=\"(max-width: 1000px) 100vw, 1000px\" \/><\/a><\/figure>\n\n\n\n<figure class=\"wp-block-image size-large\"><a href=\"https:\/\/i0.wp.com\/federkielstickerei.it\/wp-content\/uploads\/2022\/04\/hf.png?ssl=1\"><img data-recalc-dims=\"1\" decoding=\"async\" width=\"1024\" height=\"774\" data-attachment-id=\"247\" data-permalink=\"https:\/\/federkielstickerei.it\/it\/hosenguertel\/hf\/\" data-orig-file=\"https:\/\/i0.wp.com\/federkielstickerei.it\/wp-content\/uploads\/2022\/04\/hf.png?fit=1024%2C774&amp;ssl=1\" data-orig-size=\"1024,774\" data-comments-opened=\"1\" data-image-meta=\"{&quot;aperture&quot;:&quot;0&quot;,&quot;credit&quot;:&quot;&quot;,&quot;camera&quot;:&quot;&quot;,&quot;caption&quot;:&quot;&quot;,&quot;created_timestamp&quot;:&quot;0&quot;,&quot;copyright&quot;:&quot;&quot;,&quot;focal_length&quot;:&quot;0&quot;,&quot;iso&quot;:&quot;0&quot;,&quot;shutter_speed&quot;:&quot;0&quot;,&quot;title&quot;:&quot;&quot;,&quot;orientation&quot;:&quot;0&quot;}\" data-image-title=\"hf\" data-image-description=\"\" data-image-caption=\"\" data-large-file=\"https:\/\/i0.wp.com\/federkielstickerei.it\/wp-content\/uploads\/2022\/04\/hf.png?fit=1024%2C774&amp;ssl=1\" data-id=\"247\" src=\"https:\/\/i0.wp.com\/federkielstickerei.it\/wp-content\/uploads\/2022\/04\/hf.png?resize=1024%2C774&#038;ssl=1\" alt=\"\" class=\"wp-image-247\" srcset=\"https:\/\/i0.wp.com\/federkielstickerei.it\/wp-content\/uploads\/2022\/04\/hf.png?w=1024&amp;ssl=1 1024w, https:\/\/i0.wp.com\/federkielstickerei.it\/wp-content\/uploads\/2022\/04\/hf.png?resize=300%2C227&amp;ssl=1 300w, https:\/\/i0.wp.com\/federkielstickerei.it\/wp-content\/uploads\/2022\/04\/hf.png?resize=768%2C581&amp;ssl=1 768w, https:\/\/i0.wp.com\/federkielstickerei.it\/wp-content\/uploads\/2022\/04\/hf.png?resize=16%2C12&amp;ssl=1 16w\" sizes=\"(max-width: 1000px) 100vw, 1000px\" \/><\/a><\/figure>\n<\/figure>\n\n\n\n<div style=\"height:50px\" aria-hidden=\"true\" class=\"wp-block-spacer\"><\/div>\n\n\n\n<h2 class=\"has-text-align-center wp-block-heading\">Le nostre fibbie per cinture<\/h2>\n\n\n\n<p class=\"has-text-align-center\">Una piccola selezione delle diverse fibbie per cinture. C'\u00e8 una selezione pi\u00f9 ampia nel negozio!<\/p>\n\n\n\n<figure class=\"wp-block-gallery alignwide has-nested-images columns-4 is-cropped wp-block-gallery-2 is-layout-flex wp-block-gallery-is-layout-flex\">\n<figure class=\"wp-block-image size-large\"><img data-recalc-dims=\"1\" decoding=\"async\" width=\"500\" height=\"500\" data-attachment-id=\"534\" data-permalink=\"https:\/\/federkielstickerei.it\/it\/hosenguertel\/14-2\/\" data-orig-file=\"https:\/\/i0.wp.com\/federkielstickerei.it\/wp-content\/uploads\/2022\/04\/14.jpg?fit=500%2C500&amp;ssl=1\" data-orig-size=\"500,500\" data-comments-opened=\"1\" data-image-meta=\"{&quot;aperture&quot;:&quot;0&quot;,&quot;credit&quot;:&quot;&quot;,&quot;camera&quot;:&quot;&quot;,&quot;caption&quot;:&quot;&quot;,&quot;created_timestamp&quot;:&quot;0&quot;,&quot;copyright&quot;:&quot;&quot;,&quot;focal_length&quot;:&quot;0&quot;,&quot;iso&quot;:&quot;0&quot;,&quot;shutter_speed&quot;:&quot;0&quot;,&quot;title&quot;:&quot;&quot;,&quot;orientation&quot;:&quot;0&quot;}\" data-image-title=\"14\" data-image-description=\"\" data-image-caption=\"\" data-large-file=\"https:\/\/i0.wp.com\/federkielstickerei.it\/wp-content\/uploads\/2022\/04\/14.jpg?fit=500%2C500&amp;ssl=1\" data-id=\"534\" src=\"https:\/\/i0.wp.com\/federkielstickerei.it\/wp-content\/uploads\/2022\/04\/14.jpg?resize=500%2C500&#038;ssl=1\" alt=\"Hoseng\u00fcrtel G\u00fcrtelschnalle Federkielstickerei Patzleiner Georg\" class=\"wp-image-534\" srcset=\"https:\/\/i0.wp.com\/federkielstickerei.it\/wp-content\/uploads\/2022\/04\/14.jpg?w=500&amp;ssl=1 500w, https:\/\/i0.wp.com\/federkielstickerei.it\/wp-content\/uploads\/2022\/04\/14.jpg?resize=300%2C300&amp;ssl=1 300w, https:\/\/i0.wp.com\/federkielstickerei.it\/wp-content\/uploads\/2022\/04\/14.jpg?resize=150%2C150&amp;ssl=1 150w, https:\/\/i0.wp.com\/federkielstickerei.it\/wp-content\/uploads\/2022\/04\/14.jpg?resize=12%2C12&amp;ssl=1 12w\" sizes=\"(max-width: 500px) 100vw, 500px\" \/><figcaption>1<\/figcaption><\/figure>\n\n\n\n<figure class=\"wp-block-image size-large\"><img data-recalc-dims=\"1\" decoding=\"async\" width=\"500\" height=\"500\" data-attachment-id=\"535\" data-permalink=\"https:\/\/federkielstickerei.it\/it\/hosenguertel\/15-2\/\" data-orig-file=\"https:\/\/i0.wp.com\/federkielstickerei.it\/wp-content\/uploads\/2022\/04\/15.jpg?fit=500%2C500&amp;ssl=1\" data-orig-size=\"500,500\" data-comments-opened=\"1\" data-image-meta=\"{&quot;aperture&quot;:&quot;0&quot;,&quot;credit&quot;:&quot;&quot;,&quot;camera&quot;:&quot;&quot;,&quot;caption&quot;:&quot;&quot;,&quot;created_timestamp&quot;:&quot;0&quot;,&quot;copyright&quot;:&quot;&quot;,&quot;focal_length&quot;:&quot;0&quot;,&quot;iso&quot;:&quot;0&quot;,&quot;shutter_speed&quot;:&quot;0&quot;,&quot;title&quot;:&quot;&quot;,&quot;orientation&quot;:&quot;0&quot;}\" data-image-title=\"15\" data-image-description=\"\" data-image-caption=\"\" data-large-file=\"https:\/\/i0.wp.com\/federkielstickerei.it\/wp-content\/uploads\/2022\/04\/15.jpg?fit=500%2C500&amp;ssl=1\" data-id=\"535\" src=\"https:\/\/i0.wp.com\/federkielstickerei.it\/wp-content\/uploads\/2022\/04\/15.jpg?resize=500%2C500&#038;ssl=1\" alt=\"Hoseng\u00fcrtel G\u00fcrtelschnalle Federkielstickerei Patzleiner Georg\" class=\"wp-image-535\" srcset=\"https:\/\/i0.wp.com\/federkielstickerei.it\/wp-content\/uploads\/2022\/04\/15.jpg?w=500&amp;ssl=1 500w, https:\/\/i0.wp.com\/federkielstickerei.it\/wp-content\/uploads\/2022\/04\/15.jpg?resize=300%2C300&amp;ssl=1 300w, https:\/\/i0.wp.com\/federkielstickerei.it\/wp-content\/uploads\/2022\/04\/15.jpg?resize=150%2C150&amp;ssl=1 150w, https:\/\/i0.wp.com\/federkielstickerei.it\/wp-content\/uploads\/2022\/04\/15.jpg?resize=12%2C12&amp;ssl=1 12w\" sizes=\"(max-width: 500px) 100vw, 500px\" \/><figcaption>2<\/figcaption><\/figure>\n\n\n\n<figure class=\"wp-block-image size-large\"><img data-recalc-dims=\"1\" decoding=\"async\" width=\"500\" height=\"500\" data-attachment-id=\"536\" data-permalink=\"https:\/\/federkielstickerei.it\/it\/hosenguertel\/1-2\/\" data-orig-file=\"https:\/\/i0.wp.com\/federkielstickerei.it\/wp-content\/uploads\/2022\/04\/1.jpg?fit=500%2C500&amp;ssl=1\" data-orig-size=\"500,500\" data-comments-opened=\"1\" data-image-meta=\"{&quot;aperture&quot;:&quot;0&quot;,&quot;credit&quot;:&quot;&quot;,&quot;camera&quot;:&quot;&quot;,&quot;caption&quot;:&quot;&quot;,&quot;created_timestamp&quot;:&quot;0&quot;,&quot;copyright&quot;:&quot;&quot;,&quot;focal_length&quot;:&quot;0&quot;,&quot;iso&quot;:&quot;0&quot;,&quot;shutter_speed&quot;:&quot;0&quot;,&quot;title&quot;:&quot;&quot;,&quot;orientation&quot;:&quot;0&quot;}\" data-image-title=\"1\" data-image-description=\"\" data-image-caption=\"\" data-large-file=\"https:\/\/i0.wp.com\/federkielstickerei.it\/wp-content\/uploads\/2022\/04\/1.jpg?fit=500%2C500&amp;ssl=1\" data-id=\"536\" src=\"https:\/\/i0.wp.com\/federkielstickerei.it\/wp-content\/uploads\/2022\/04\/1.jpg?resize=500%2C500&#038;ssl=1\" alt=\"Hoseng\u00fcrtel G\u00fcrtelschnalle Federkielstickerei Patzleiner Georg\" class=\"wp-image-536\" srcset=\"https:\/\/i0.wp.com\/federkielstickerei.it\/wp-content\/uploads\/2022\/04\/1.jpg?w=500&amp;ssl=1 500w, https:\/\/i0.wp.com\/federkielstickerei.it\/wp-content\/uploads\/2022\/04\/1.jpg?resize=300%2C300&amp;ssl=1 300w, https:\/\/i0.wp.com\/federkielstickerei.it\/wp-content\/uploads\/2022\/04\/1.jpg?resize=150%2C150&amp;ssl=1 150w, https:\/\/i0.wp.com\/federkielstickerei.it\/wp-content\/uploads\/2022\/04\/1.jpg?resize=12%2C12&amp;ssl=1 12w\" sizes=\"(max-width: 500px) 100vw, 500px\" \/><figcaption>3<\/figcaption><\/figure>\n\n\n\n<figure class=\"wp-block-image size-large\"><img data-recalc-dims=\"1\" decoding=\"async\" width=\"500\" height=\"500\" data-attachment-id=\"537\" data-permalink=\"https:\/\/federkielstickerei.it\/it\/hosenguertel\/attachment\/3\/\" data-orig-file=\"https:\/\/i0.wp.com\/federkielstickerei.it\/wp-content\/uploads\/2022\/04\/3.jpg?fit=500%2C500&amp;ssl=1\" data-orig-size=\"500,500\" data-comments-opened=\"1\" data-image-meta=\"{&quot;aperture&quot;:&quot;0&quot;,&quot;credit&quot;:&quot;&quot;,&quot;camera&quot;:&quot;&quot;,&quot;caption&quot;:&quot;&quot;,&quot;created_timestamp&quot;:&quot;0&quot;,&quot;copyright&quot;:&quot;&quot;,&quot;focal_length&quot;:&quot;0&quot;,&quot;iso&quot;:&quot;0&quot;,&quot;shutter_speed&quot;:&quot;0&quot;,&quot;title&quot;:&quot;&quot;,&quot;orientation&quot;:&quot;0&quot;}\" data-image-title=\"3\" data-image-description=\"\" data-image-caption=\"\" data-large-file=\"https:\/\/i0.wp.com\/federkielstickerei.it\/wp-content\/uploads\/2022\/04\/3.jpg?fit=500%2C500&amp;ssl=1\" data-id=\"537\" src=\"https:\/\/i0.wp.com\/federkielstickerei.it\/wp-content\/uploads\/2022\/04\/3.jpg?resize=500%2C500&#038;ssl=1\" alt=\"Hoseng\u00fcrtel G\u00fcrtelschnalle Federkielstickerei Patzleiner Georg\" class=\"wp-image-537\" srcset=\"https:\/\/i0.wp.com\/federkielstickerei.it\/wp-content\/uploads\/2022\/04\/3.jpg?w=500&amp;ssl=1 500w, https:\/\/i0.wp.com\/federkielstickerei.it\/wp-content\/uploads\/2022\/04\/3.jpg?resize=300%2C300&amp;ssl=1 300w, https:\/\/i0.wp.com\/federkielstickerei.it\/wp-content\/uploads\/2022\/04\/3.jpg?resize=150%2C150&amp;ssl=1 150w, https:\/\/i0.wp.com\/federkielstickerei.it\/wp-content\/uploads\/2022\/04\/3.jpg?resize=12%2C12&amp;ssl=1 12w\" sizes=\"(max-width: 500px) 100vw, 500px\" \/><figcaption>4<\/figcaption><\/figure>\n\n\n\n<figure class=\"wp-block-image size-large\"><img data-recalc-dims=\"1\" decoding=\"async\" width=\"500\" height=\"500\" data-attachment-id=\"538\" data-permalink=\"https:\/\/federkielstickerei.it\/it\/hosenguertel\/4-2\/\" data-orig-file=\"https:\/\/i0.wp.com\/federkielstickerei.it\/wp-content\/uploads\/2022\/04\/4.jpg?fit=500%2C500&amp;ssl=1\" data-orig-size=\"500,500\" data-comments-opened=\"1\" data-image-meta=\"{&quot;aperture&quot;:&quot;0&quot;,&quot;credit&quot;:&quot;&quot;,&quot;camera&quot;:&quot;&quot;,&quot;caption&quot;:&quot;&quot;,&quot;created_timestamp&quot;:&quot;0&quot;,&quot;copyright&quot;:&quot;&quot;,&quot;focal_length&quot;:&quot;0&quot;,&quot;iso&quot;:&quot;0&quot;,&quot;shutter_speed&quot;:&quot;0&quot;,&quot;title&quot;:&quot;&quot;,&quot;orientation&quot;:&quot;0&quot;}\" data-image-title=\"4\" data-image-description=\"\" data-image-caption=\"\" data-large-file=\"https:\/\/i0.wp.com\/federkielstickerei.it\/wp-content\/uploads\/2022\/04\/4.jpg?fit=500%2C500&amp;ssl=1\" data-id=\"538\" src=\"https:\/\/i0.wp.com\/federkielstickerei.it\/wp-content\/uploads\/2022\/04\/4.jpg?resize=500%2C500&#038;ssl=1\" alt=\"Hoseng\u00fcrtel G\u00fcrtelschnalle Federkielstickerei Patzleiner Georg\" class=\"wp-image-538\" srcset=\"https:\/\/i0.wp.com\/federkielstickerei.it\/wp-content\/uploads\/2022\/04\/4.jpg?w=500&amp;ssl=1 500w, https:\/\/i0.wp.com\/federkielstickerei.it\/wp-content\/uploads\/2022\/04\/4.jpg?resize=300%2C300&amp;ssl=1 300w, https:\/\/i0.wp.com\/federkielstickerei.it\/wp-content\/uploads\/2022\/04\/4.jpg?resize=150%2C150&amp;ssl=1 150w, https:\/\/i0.wp.com\/federkielstickerei.it\/wp-content\/uploads\/2022\/04\/4.jpg?resize=12%2C12&amp;ssl=1 12w\" sizes=\"(max-width: 500px) 100vw, 500px\" \/><figcaption>5<\/figcaption><\/figure>\n\n\n\n<figure class=\"wp-block-image size-large\"><img data-recalc-dims=\"1\" decoding=\"async\" width=\"500\" height=\"500\" data-attachment-id=\"539\" data-permalink=\"https:\/\/federkielstickerei.it\/it\/hosenguertel\/5-2\/\" data-orig-file=\"https:\/\/i0.wp.com\/federkielstickerei.it\/wp-content\/uploads\/2022\/04\/5.jpg?fit=500%2C500&amp;ssl=1\" data-orig-size=\"500,500\" data-comments-opened=\"1\" data-image-meta=\"{&quot;aperture&quot;:&quot;0&quot;,&quot;credit&quot;:&quot;&quot;,&quot;camera&quot;:&quot;&quot;,&quot;caption&quot;:&quot;&quot;,&quot;created_timestamp&quot;:&quot;0&quot;,&quot;copyright&quot;:&quot;&quot;,&quot;focal_length&quot;:&quot;0&quot;,&quot;iso&quot;:&quot;0&quot;,&quot;shutter_speed&quot;:&quot;0&quot;,&quot;title&quot;:&quot;&quot;,&quot;orientation&quot;:&quot;0&quot;}\" data-image-title=\"5\" data-image-description=\"\" data-image-caption=\"\" data-large-file=\"https:\/\/i0.wp.com\/federkielstickerei.it\/wp-content\/uploads\/2022\/04\/5.jpg?fit=500%2C500&amp;ssl=1\" data-id=\"539\" src=\"https:\/\/i0.wp.com\/federkielstickerei.it\/wp-content\/uploads\/2022\/04\/5.jpg?resize=500%2C500&#038;ssl=1\" alt=\"Hoseng\u00fcrtel G\u00fcrtelschnalle Federkielstickerei Patzleiner Georg\" class=\"wp-image-539\" srcset=\"https:\/\/i0.wp.com\/federkielstickerei.it\/wp-content\/uploads\/2022\/04\/5.jpg?w=500&amp;ssl=1 500w, https:\/\/i0.wp.com\/federkielstickerei.it\/wp-content\/uploads\/2022\/04\/5.jpg?resize=300%2C300&amp;ssl=1 300w, https:\/\/i0.wp.com\/federkielstickerei.it\/wp-content\/uploads\/2022\/04\/5.jpg?resize=150%2C150&amp;ssl=1 150w, https:\/\/i0.wp.com\/federkielstickerei.it\/wp-content\/uploads\/2022\/04\/5.jpg?resize=12%2C12&amp;ssl=1 12w\" sizes=\"(max-width: 500px) 100vw, 500px\" \/><figcaption>6<\/figcaption><\/figure>\n\n\n\n<figure class=\"wp-block-image size-large\"><img data-recalc-dims=\"1\" decoding=\"async\" width=\"500\" height=\"500\" data-attachment-id=\"540\" data-permalink=\"https:\/\/federkielstickerei.it\/it\/hosenguertel\/6-2\/\" data-orig-file=\"https:\/\/i0.wp.com\/federkielstickerei.it\/wp-content\/uploads\/2022\/04\/6.jpg?fit=500%2C500&amp;ssl=1\" data-orig-size=\"500,500\" data-comments-opened=\"1\" data-image-meta=\"{&quot;aperture&quot;:&quot;0&quot;,&quot;credit&quot;:&quot;&quot;,&quot;camera&quot;:&quot;&quot;,&quot;caption&quot;:&quot;&quot;,&quot;created_timestamp&quot;:&quot;0&quot;,&quot;copyright&quot;:&quot;&quot;,&quot;focal_length&quot;:&quot;0&quot;,&quot;iso&quot;:&quot;0&quot;,&quot;shutter_speed&quot;:&quot;0&quot;,&quot;title&quot;:&quot;&quot;,&quot;orientation&quot;:&quot;0&quot;}\" data-image-title=\"6\" data-image-description=\"\" data-image-caption=\"\" data-large-file=\"https:\/\/i0.wp.com\/federkielstickerei.it\/wp-content\/uploads\/2022\/04\/6.jpg?fit=500%2C500&amp;ssl=1\" data-id=\"540\" src=\"https:\/\/i0.wp.com\/federkielstickerei.it\/wp-content\/uploads\/2022\/04\/6.jpg?resize=500%2C500&#038;ssl=1\" alt=\"Hoseng\u00fcrtel G\u00fcrtelschnalle Federkielstickerei Patzleiner Georg\" class=\"wp-image-540\" srcset=\"https:\/\/i0.wp.com\/federkielstickerei.it\/wp-content\/uploads\/2022\/04\/6.jpg?w=500&amp;ssl=1 500w, https:\/\/i0.wp.com\/federkielstickerei.it\/wp-content\/uploads\/2022\/04\/6.jpg?resize=300%2C300&amp;ssl=1 300w, https:\/\/i0.wp.com\/federkielstickerei.it\/wp-content\/uploads\/2022\/04\/6.jpg?resize=150%2C150&amp;ssl=1 150w, https:\/\/i0.wp.com\/federkielstickerei.it\/wp-content\/uploads\/2022\/04\/6.jpg?resize=12%2C12&amp;ssl=1 12w\" sizes=\"(max-width: 500px) 100vw, 500px\" \/><figcaption>7<\/figcaption><\/figure>\n\n\n\n<figure class=\"wp-block-image size-large\"><img data-recalc-dims=\"1\" decoding=\"async\" width=\"500\" height=\"500\" data-attachment-id=\"541\" data-permalink=\"https:\/\/federkielstickerei.it\/it\/hosenguertel\/7-2\/\" data-orig-file=\"https:\/\/i0.wp.com\/federkielstickerei.it\/wp-content\/uploads\/2022\/04\/7.jpg?fit=500%2C500&amp;ssl=1\" data-orig-size=\"500,500\" data-comments-opened=\"1\" data-image-meta=\"{&quot;aperture&quot;:&quot;0&quot;,&quot;credit&quot;:&quot;&quot;,&quot;camera&quot;:&quot;&quot;,&quot;caption&quot;:&quot;&quot;,&quot;created_timestamp&quot;:&quot;0&quot;,&quot;copyright&quot;:&quot;&quot;,&quot;focal_length&quot;:&quot;0&quot;,&quot;iso&quot;:&quot;0&quot;,&quot;shutter_speed&quot;:&quot;0&quot;,&quot;title&quot;:&quot;&quot;,&quot;orientation&quot;:&quot;0&quot;}\" data-image-title=\"7\" data-image-description=\"\" data-image-caption=\"\" data-large-file=\"https:\/\/i0.wp.com\/federkielstickerei.it\/wp-content\/uploads\/2022\/04\/7.jpg?fit=500%2C500&amp;ssl=1\" data-id=\"541\" src=\"https:\/\/i0.wp.com\/federkielstickerei.it\/wp-content\/uploads\/2022\/04\/7.jpg?resize=500%2C500&#038;ssl=1\" alt=\"Hoseng\u00fcrtel G\u00fcrtelschnalle Federkielstickerei Patzleiner Georg\" class=\"wp-image-541\" srcset=\"https:\/\/i0.wp.com\/federkielstickerei.it\/wp-content\/uploads\/2022\/04\/7.jpg?w=500&amp;ssl=1 500w, https:\/\/i0.wp.com\/federkielstickerei.it\/wp-content\/uploads\/2022\/04\/7.jpg?resize=300%2C300&amp;ssl=1 300w, https:\/\/i0.wp.com\/federkielstickerei.it\/wp-content\/uploads\/2022\/04\/7.jpg?resize=150%2C150&amp;ssl=1 150w, https:\/\/i0.wp.com\/federkielstickerei.it\/wp-content\/uploads\/2022\/04\/7.jpg?resize=12%2C12&amp;ssl=1 12w\" sizes=\"(max-width: 500px) 100vw, 500px\" \/><figcaption>8<\/figcaption><\/figure>\n\n\n\n<figure class=\"wp-block-image size-large\"><img data-recalc-dims=\"1\" decoding=\"async\" width=\"500\" height=\"500\" data-attachment-id=\"542\" data-permalink=\"https:\/\/federkielstickerei.it\/it\/hosenguertel\/8-2\/\" data-orig-file=\"https:\/\/i0.wp.com\/federkielstickerei.it\/wp-content\/uploads\/2022\/04\/8.jpg?fit=500%2C500&amp;ssl=1\" data-orig-size=\"500,500\" data-comments-opened=\"1\" data-image-meta=\"{&quot;aperture&quot;:&quot;0&quot;,&quot;credit&quot;:&quot;&quot;,&quot;camera&quot;:&quot;&quot;,&quot;caption&quot;:&quot;&quot;,&quot;created_timestamp&quot;:&quot;0&quot;,&quot;copyright&quot;:&quot;&quot;,&quot;focal_length&quot;:&quot;0&quot;,&quot;iso&quot;:&quot;0&quot;,&quot;shutter_speed&quot;:&quot;0&quot;,&quot;title&quot;:&quot;&quot;,&quot;orientation&quot;:&quot;0&quot;}\" data-image-title=\"8\" data-image-description=\"\" data-image-caption=\"\" data-large-file=\"https:\/\/i0.wp.com\/federkielstickerei.it\/wp-content\/uploads\/2022\/04\/8.jpg?fit=500%2C500&amp;ssl=1\" data-id=\"542\" src=\"https:\/\/i0.wp.com\/federkielstickerei.it\/wp-content\/uploads\/2022\/04\/8.jpg?resize=500%2C500&#038;ssl=1\" alt=\"Hoseng\u00fcrtel G\u00fcrtelschnalle Federkielstickerei Patzleiner Georg\" class=\"wp-image-542\" srcset=\"https:\/\/i0.wp.com\/federkielstickerei.it\/wp-content\/uploads\/2022\/04\/8.jpg?w=500&amp;ssl=1 500w, https:\/\/i0.wp.com\/federkielstickerei.it\/wp-content\/uploads\/2022\/04\/8.jpg?resize=300%2C300&amp;ssl=1 300w, https:\/\/i0.wp.com\/federkielstickerei.it\/wp-content\/uploads\/2022\/04\/8.jpg?resize=150%2C150&amp;ssl=1 150w, https:\/\/i0.wp.com\/federkielstickerei.it\/wp-content\/uploads\/2022\/04\/8.jpg?resize=12%2C12&amp;ssl=1 12w\" sizes=\"(max-width: 500px) 100vw, 500px\" \/><figcaption>9<\/figcaption><\/figure>\n\n\n\n<figure class=\"wp-block-image size-large\"><img data-recalc-dims=\"1\" decoding=\"async\" width=\"500\" height=\"500\" data-attachment-id=\"543\" data-permalink=\"https:\/\/federkielstickerei.it\/it\/hosenguertel\/9-2\/\" data-orig-file=\"https:\/\/i0.wp.com\/federkielstickerei.it\/wp-content\/uploads\/2022\/04\/9.jpg?fit=500%2C500&amp;ssl=1\" data-orig-size=\"500,500\" data-comments-opened=\"1\" data-image-meta=\"{&quot;aperture&quot;:&quot;0&quot;,&quot;credit&quot;:&quot;&quot;,&quot;camera&quot;:&quot;&quot;,&quot;caption&quot;:&quot;&quot;,&quot;created_timestamp&quot;:&quot;0&quot;,&quot;copyright&quot;:&quot;&quot;,&quot;focal_length&quot;:&quot;0&quot;,&quot;iso&quot;:&quot;0&quot;,&quot;shutter_speed&quot;:&quot;0&quot;,&quot;title&quot;:&quot;&quot;,&quot;orientation&quot;:&quot;0&quot;}\" data-image-title=\"9\" data-image-description=\"\" data-image-caption=\"\" data-large-file=\"https:\/\/i0.wp.com\/federkielstickerei.it\/wp-content\/uploads\/2022\/04\/9.jpg?fit=500%2C500&amp;ssl=1\" data-id=\"543\" src=\"https:\/\/i0.wp.com\/federkielstickerei.it\/wp-content\/uploads\/2022\/04\/9.jpg?resize=500%2C500&#038;ssl=1\" alt=\"Hoseng\u00fcrtel G\u00fcrtelschnalle Federkielstickerei Patzleiner Georg\" class=\"wp-image-543\" srcset=\"https:\/\/i0.wp.com\/federkielstickerei.it\/wp-content\/uploads\/2022\/04\/9.jpg?w=500&amp;ssl=1 500w, https:\/\/i0.wp.com\/federkielstickerei.it\/wp-content\/uploads\/2022\/04\/9.jpg?resize=300%2C300&amp;ssl=1 300w, https:\/\/i0.wp.com\/federkielstickerei.it\/wp-content\/uploads\/2022\/04\/9.jpg?resize=150%2C150&amp;ssl=1 150w, https:\/\/i0.wp.com\/federkielstickerei.it\/wp-content\/uploads\/2022\/04\/9.jpg?resize=12%2C12&amp;ssl=1 12w\" sizes=\"(max-width: 500px) 100vw, 500px\" \/><figcaption>10<\/figcaption><\/figure>\n\n\n\n<figure class=\"wp-block-image size-large\"><img data-recalc-dims=\"1\" decoding=\"async\" width=\"500\" height=\"500\" data-attachment-id=\"544\" data-permalink=\"https:\/\/federkielstickerei.it\/it\/hosenguertel\/10-2\/\" data-orig-file=\"https:\/\/i0.wp.com\/federkielstickerei.it\/wp-content\/uploads\/2022\/04\/10.jpg?fit=500%2C500&amp;ssl=1\" data-orig-size=\"500,500\" data-comments-opened=\"1\" data-image-meta=\"{&quot;aperture&quot;:&quot;0&quot;,&quot;credit&quot;:&quot;&quot;,&quot;camera&quot;:&quot;&quot;,&quot;caption&quot;:&quot;&quot;,&quot;created_timestamp&quot;:&quot;0&quot;,&quot;copyright&quot;:&quot;&quot;,&quot;focal_length&quot;:&quot;0&quot;,&quot;iso&quot;:&quot;0&quot;,&quot;shutter_speed&quot;:&quot;0&quot;,&quot;title&quot;:&quot;&quot;,&quot;orientation&quot;:&quot;0&quot;}\" data-image-title=\"10\" data-image-description=\"\" data-image-caption=\"\" data-large-file=\"https:\/\/i0.wp.com\/federkielstickerei.it\/wp-content\/uploads\/2022\/04\/10.jpg?fit=500%2C500&amp;ssl=1\" data-id=\"544\" src=\"https:\/\/i0.wp.com\/federkielstickerei.it\/wp-content\/uploads\/2022\/04\/10.jpg?resize=500%2C500&#038;ssl=1\" alt=\"Hoseng\u00fcrtel G\u00fcrtelschnalle Federkielstickerei Patzleiner Georg\" class=\"wp-image-544\" srcset=\"https:\/\/i0.wp.com\/federkielstickerei.it\/wp-content\/uploads\/2022\/04\/10.jpg?w=500&amp;ssl=1 500w, https:\/\/i0.wp.com\/federkielstickerei.it\/wp-content\/uploads\/2022\/04\/10.jpg?resize=300%2C300&amp;ssl=1 300w, https:\/\/i0.wp.com\/federkielstickerei.it\/wp-content\/uploads\/2022\/04\/10.jpg?resize=150%2C150&amp;ssl=1 150w, https:\/\/i0.wp.com\/federkielstickerei.it\/wp-content\/uploads\/2022\/04\/10.jpg?resize=12%2C12&amp;ssl=1 12w\" sizes=\"(max-width: 500px) 100vw, 500px\" \/><figcaption>11<\/figcaption><\/figure>\n\n\n\n<figure class=\"wp-block-image size-large\"><img data-recalc-dims=\"1\" decoding=\"async\" width=\"500\" height=\"500\" data-attachment-id=\"545\" data-permalink=\"https:\/\/federkielstickerei.it\/it\/hosenguertel\/11-2\/\" data-orig-file=\"https:\/\/i0.wp.com\/federkielstickerei.it\/wp-content\/uploads\/2022\/04\/11.jpg?fit=500%2C500&amp;ssl=1\" data-orig-size=\"500,500\" data-comments-opened=\"1\" data-image-meta=\"{&quot;aperture&quot;:&quot;0&quot;,&quot;credit&quot;:&quot;&quot;,&quot;camera&quot;:&quot;&quot;,&quot;caption&quot;:&quot;&quot;,&quot;created_timestamp&quot;:&quot;0&quot;,&quot;copyright&quot;:&quot;&quot;,&quot;focal_length&quot;:&quot;0&quot;,&quot;iso&quot;:&quot;0&quot;,&quot;shutter_speed&quot;:&quot;0&quot;,&quot;title&quot;:&quot;&quot;,&quot;orientation&quot;:&quot;0&quot;}\" data-image-title=\"11\" data-image-description=\"\" data-image-caption=\"\" data-large-file=\"https:\/\/i0.wp.com\/federkielstickerei.it\/wp-content\/uploads\/2022\/04\/11.jpg?fit=500%2C500&amp;ssl=1\" data-id=\"545\" src=\"https:\/\/i0.wp.com\/federkielstickerei.it\/wp-content\/uploads\/2022\/04\/11.jpg?resize=500%2C500&#038;ssl=1\" alt=\"Hoseng\u00fcrtel G\u00fcrtelschnalle Federkielstickerei Patzleiner Georg\" class=\"wp-image-545\" srcset=\"https:\/\/i0.wp.com\/federkielstickerei.it\/wp-content\/uploads\/2022\/04\/11.jpg?w=500&amp;ssl=1 500w, https:\/\/i0.wp.com\/federkielstickerei.it\/wp-content\/uploads\/2022\/04\/11.jpg?resize=300%2C300&amp;ssl=1 300w, https:\/\/i0.wp.com\/federkielstickerei.it\/wp-content\/uploads\/2022\/04\/11.jpg?resize=150%2C150&amp;ssl=1 150w, https:\/\/i0.wp.com\/federkielstickerei.it\/wp-content\/uploads\/2022\/04\/11.jpg?resize=12%2C12&amp;ssl=1 12w\" sizes=\"(max-width: 500px) 100vw, 500px\" \/><figcaption>12<\/figcaption><\/figure>\n\n\n\n<figure class=\"wp-block-image size-large\"><img data-recalc-dims=\"1\" decoding=\"async\" width=\"500\" height=\"500\" data-attachment-id=\"546\" data-permalink=\"https:\/\/federkielstickerei.it\/it\/hosenguertel\/12-2\/\" data-orig-file=\"https:\/\/i0.wp.com\/federkielstickerei.it\/wp-content\/uploads\/2022\/04\/12.jpg?fit=500%2C500&amp;ssl=1\" data-orig-size=\"500,500\" data-comments-opened=\"1\" data-image-meta=\"{&quot;aperture&quot;:&quot;0&quot;,&quot;credit&quot;:&quot;&quot;,&quot;camera&quot;:&quot;&quot;,&quot;caption&quot;:&quot;&quot;,&quot;created_timestamp&quot;:&quot;0&quot;,&quot;copyright&quot;:&quot;&quot;,&quot;focal_length&quot;:&quot;0&quot;,&quot;iso&quot;:&quot;0&quot;,&quot;shutter_speed&quot;:&quot;0&quot;,&quot;title&quot;:&quot;&quot;,&quot;orientation&quot;:&quot;0&quot;}\" data-image-title=\"12\" data-image-description=\"\" data-image-caption=\"\" data-large-file=\"https:\/\/i0.wp.com\/federkielstickerei.it\/wp-content\/uploads\/2022\/04\/12.jpg?fit=500%2C500&amp;ssl=1\" data-id=\"546\" src=\"https:\/\/i0.wp.com\/federkielstickerei.it\/wp-content\/uploads\/2022\/04\/12.jpg?resize=500%2C500&#038;ssl=1\" alt=\"Hoseng\u00fcrtel G\u00fcrtelschnalle Federkielstickerei Patzleiner Georg\" class=\"wp-image-546\" srcset=\"https:\/\/i0.wp.com\/federkielstickerei.it\/wp-content\/uploads\/2022\/04\/12.jpg?w=500&amp;ssl=1 500w, https:\/\/i0.wp.com\/federkielstickerei.it\/wp-content\/uploads\/2022\/04\/12.jpg?resize=300%2C300&amp;ssl=1 300w, https:\/\/i0.wp.com\/federkielstickerei.it\/wp-content\/uploads\/2022\/04\/12.jpg?resize=150%2C150&amp;ssl=1 150w, https:\/\/i0.wp.com\/federkielstickerei.it\/wp-content\/uploads\/2022\/04\/12.jpg?resize=12%2C12&amp;ssl=1 12w\" sizes=\"(max-width: 500px) 100vw, 500px\" \/><figcaption>13<\/figcaption><\/figure>\n\n\n\n<figure class=\"wp-block-image size-large\"><img data-recalc-dims=\"1\" decoding=\"async\" width=\"500\" height=\"500\" data-attachment-id=\"547\" data-permalink=\"https:\/\/federkielstickerei.it\/it\/hosenguertel\/13-2\/\" data-orig-file=\"https:\/\/i0.wp.com\/federkielstickerei.it\/wp-content\/uploads\/2022\/04\/13.jpg?fit=500%2C500&amp;ssl=1\" data-orig-size=\"500,500\" data-comments-opened=\"1\" data-image-meta=\"{&quot;aperture&quot;:&quot;0&quot;,&quot;credit&quot;:&quot;&quot;,&quot;camera&quot;:&quot;&quot;,&quot;caption&quot;:&quot;&quot;,&quot;created_timestamp&quot;:&quot;0&quot;,&quot;copyright&quot;:&quot;&quot;,&quot;focal_length&quot;:&quot;0&quot;,&quot;iso&quot;:&quot;0&quot;,&quot;shutter_speed&quot;:&quot;0&quot;,&quot;title&quot;:&quot;&quot;,&quot;orientation&quot;:&quot;0&quot;}\" data-image-title=\"13\" data-image-description=\"\" data-image-caption=\"\" data-large-file=\"https:\/\/i0.wp.com\/federkielstickerei.it\/wp-content\/uploads\/2022\/04\/13.jpg?fit=500%2C500&amp;ssl=1\" data-id=\"547\" src=\"https:\/\/i0.wp.com\/federkielstickerei.it\/wp-content\/uploads\/2022\/04\/13.jpg?resize=500%2C500&#038;ssl=1\" alt=\"Hoseng\u00fcrtel G\u00fcrtelschnalle Federkielstickerei Patzleiner Georg\" class=\"wp-image-547\" srcset=\"https:\/\/i0.wp.com\/federkielstickerei.it\/wp-content\/uploads\/2022\/04\/13.jpg?w=500&amp;ssl=1 500w, https:\/\/i0.wp.com\/federkielstickerei.it\/wp-content\/uploads\/2022\/04\/13.jpg?resize=300%2C300&amp;ssl=1 300w, https:\/\/i0.wp.com\/federkielstickerei.it\/wp-content\/uploads\/2022\/04\/13.jpg?resize=150%2C150&amp;ssl=1 150w, https:\/\/i0.wp.com\/federkielstickerei.it\/wp-content\/uploads\/2022\/04\/13.jpg?resize=12%2C12&amp;ssl=1 12w\" sizes=\"(max-width: 500px) 100vw, 500px\" \/><figcaption>14<\/figcaption><\/figure>\n<\/figure>\n\n\n\n<div style=\"height:20px\" aria-hidden=\"true\" class=\"wp-block-spacer\"><\/div>\n\n\n\n<p class=\"has-text-align-center\">Hai gi\u00e0 delle idee?<\/p>\n\n\n\n<p class=\"has-text-align-center\">Per maggiori informazioni o un'offerta contattaci! <\/p>\n\n\n\n<div class=\"wp-block-buttons alignwide is-content-justification-center is-layout-flex wp-container-core-buttons-is-layout-a89b3969 wp-block-buttons-is-layout-flex\">\n<div class=\"wp-block-button is-style-outline is-style-outline--3\"><a class=\"wp-block-button__link\" href=\"https:\/\/federkielstickerei.it\/it\/kontakt\/\" style=\"border-radius:15px\">Contatto<\/a><\/div>\n<\/div>\n\n\n\n<div style=\"height:100px\" aria-hidden=\"true\" class=\"wp-block-spacer\"><\/div>","protected":false},"excerpt":{"rendered":"<p>Diese Hoseng\u00fcrtel aus Echtleder k\u00f6nnen auf deinen Wunsch hin mit allem m\u00f6glichen bestickt werden. Egal ob schlicht, traditionell, herausstechend, elegant oder einfach nur besonders. Der Hoseng\u00fcrtel wird nach deinen Vorstellungen angefertigt. G\u00fcrtelschnallen Eine kleine Auswahl aus den verschiedenen G\u00fcrtelschnallen. Im Gesch\u00e4ft gibt es eine Gr\u00f6\u00dfere Auswahl! Hast du bereits Ideen? F\u00fcr mehr Informationen oder ein &hellip;<\/p>\n<p class=\"read-more\"> <a class=\"\" href=\"https:\/\/federkielstickerei.it\/it\/hosenguertel\/\"> <span class=\"screen-reader-text\">Cintura dei pantaloni<\/span> Leggi altro &raquo;<\/a><\/p>","protected":false},"author":1,"featured_media":0,"parent":0,"menu_order":0,"comment_status":"closed","ping_status":"closed","template":"","meta":{"inline_featured_image":false,"site-sidebar-layout":"default","site-content-layout":"","ast-site-content-layout":"","site-content-style":"default","site-sidebar-style":"default","ast-global-header-display":"","ast-banner-title-visibility":"","ast-main-header-display":"","ast-hfb-above-header-display":"","ast-hfb-below-header-display":"","ast-hfb-mobile-header-display":"","site-post-title":"disabled","ast-breadcrumbs-content":"","ast-featured-img":"","footer-sml-layout":"","theme-transparent-header-meta":"","adv-header-id-meta":"","stick-header-meta":"","header-above-stick-meta":"","header-main-stick-meta":"","header-below-stick-meta":"","astra-migrate-meta-layouts":"","footnotes":""},"class_list":["post-230","page","type-page","status-publish","hentry"],"yoast_head":"<!-- This site is optimized with the Yoast SEO plugin v27.5 - https:\/\/yoast.com\/product\/yoast-seo-wordpress\/ -->\n<title>Hoseng\u00fcrtel - Federkielstickerei<\/title>\n<meta name=\"description\" content=\"Ein Hoseng\u00fcrtel aus Echtleder der h\u00e4lt was er verspricht! Entdecke hier unser einzigartiges Sortiment und lasse dich inspirieren.\" \/>\n<meta name=\"robots\" content=\"index, follow, max-snippet:-1, max-image-preview:large, max-video-preview:-1\" \/>\n<link rel=\"canonical\" href=\"https:\/\/federkielstickerei.it\/it\/hosenguertel\/\" \/>\n<meta property=\"og:locale\" content=\"it_IT\" \/>\n<meta property=\"og:type\" content=\"article\" \/>\n<meta property=\"og:title\" content=\"Hoseng\u00fcrtel - Federkielstickerei\" \/>\n<meta property=\"og:description\" content=\"Ein Hoseng\u00fcrtel aus Echtleder der h\u00e4lt was er verspricht! Entdecke hier unser einzigartiges Sortiment und lasse dich inspirieren.\" \/>\n<meta property=\"og:url\" content=\"https:\/\/federkielstickerei.it\/it\/hosenguertel\/\" \/>\n<meta property=\"og:site_name\" content=\"Federkielstickerei\" \/>\n<meta property=\"article:publisher\" content=\"https:\/\/www.facebook.com\/Federkielstickerei-Georg-Patzleiner-1465988923519411\/\" \/>\n<meta property=\"article:modified_time\" content=\"2022-05-25T09:50:46+00:00\" \/>\n<meta property=\"og:image\" content=\"https:\/\/federkielstickerei.it\/wp-content\/uploads\/2022\/04\/ossi.png\" \/>\n<meta name=\"twitter:card\" content=\"summary_large_image\" \/>\n<meta name=\"twitter:label1\" content=\"Tempo di lettura stimato\" \/>\n\t<meta name=\"twitter:data1\" content=\"6 minuti\" \/>\n<script type=\"application\/ld+json\" class=\"yoast-schema-graph\">{\"@context\":\"https:\\\/\\\/schema.org\",\"@graph\":[{\"@type\":\"WebPage\",\"@id\":\"https:\\\/\\\/federkielstickerei.it\\\/hosenguertel\\\/\",\"url\":\"https:\\\/\\\/federkielstickerei.it\\\/hosenguertel\\\/\",\"name\":\"Hoseng\u00fcrtel - Federkielstickerei\",\"isPartOf\":{\"@id\":\"https:\\\/\\\/federkielstickerei.it\\\/#website\"},\"primaryImageOfPage\":{\"@id\":\"https:\\\/\\\/federkielstickerei.it\\\/hosenguertel\\\/#primaryimage\"},\"image\":{\"@id\":\"https:\\\/\\\/federkielstickerei.it\\\/hosenguertel\\\/#primaryimage\"},\"thumbnailUrl\":\"https:\\\/\\\/federkielstickerei.it\\\/wp-content\\\/uploads\\\/2022\\\/04\\\/ossi.png\",\"datePublished\":\"2022-04-20T13:13:06+00:00\",\"dateModified\":\"2022-05-25T09:50:46+00:00\",\"description\":\"Ein Hoseng\u00fcrtel aus Echtleder der h\u00e4lt was er verspricht! Entdecke hier unser einzigartiges Sortiment und lasse dich inspirieren.\",\"breadcrumb\":{\"@id\":\"https:\\\/\\\/federkielstickerei.it\\\/hosenguertel\\\/#breadcrumb\"},\"inLanguage\":\"it-IT\",\"potentialAction\":[{\"@type\":\"ReadAction\",\"target\":[\"https:\\\/\\\/federkielstickerei.it\\\/hosenguertel\\\/\"]}]},{\"@type\":\"ImageObject\",\"inLanguage\":\"it-IT\",\"@id\":\"https:\\\/\\\/federkielstickerei.it\\\/hosenguertel\\\/#primaryimage\",\"url\":\"https:\\\/\\\/federkielstickerei.it\\\/wp-content\\\/uploads\\\/2022\\\/04\\\/ossi.png\",\"contentUrl\":\"https:\\\/\\\/federkielstickerei.it\\\/wp-content\\\/uploads\\\/2022\\\/04\\\/ossi.png\"},{\"@type\":\"BreadcrumbList\",\"@id\":\"https:\\\/\\\/federkielstickerei.it\\\/hosenguertel\\\/#breadcrumb\",\"itemListElement\":[{\"@type\":\"ListItem\",\"position\":1,\"name\":\"Home\",\"item\":\"https:\\\/\\\/federkielstickerei.it\\\/\"},{\"@type\":\"ListItem\",\"position\":2,\"name\":\"Hoseng\u00fcrtel\"}]},{\"@type\":\"WebSite\",\"@id\":\"https:\\\/\\\/federkielstickerei.it\\\/#website\",\"url\":\"https:\\\/\\\/federkielstickerei.it\\\/\",\"name\":\"Federkielstickerei\",\"description\":\"Patzleiner Georg - Prags\",\"publisher\":{\"@id\":\"https:\\\/\\\/federkielstickerei.it\\\/#organization\"},\"potentialAction\":[{\"@type\":\"SearchAction\",\"target\":{\"@type\":\"EntryPoint\",\"urlTemplate\":\"https:\\\/\\\/federkielstickerei.it\\\/?s={search_term_string}\"},\"query-input\":{\"@type\":\"PropertyValueSpecification\",\"valueRequired\":true,\"valueName\":\"search_term_string\"}}],\"inLanguage\":\"it-IT\"},{\"@type\":\"Organization\",\"@id\":\"https:\\\/\\\/federkielstickerei.it\\\/#organization\",\"name\":\"Federkielstickerei\",\"url\":\"https:\\\/\\\/federkielstickerei.it\\\/\",\"logo\":{\"@type\":\"ImageObject\",\"inLanguage\":\"it-IT\",\"@id\":\"https:\\\/\\\/federkielstickerei.it\\\/#\\\/schema\\\/logo\\\/image\\\/\",\"url\":\"https:\\\/\\\/federkielstickerei.it\\\/wp-content\\\/uploads\\\/2022\\\/04\\\/logo-1.svg\",\"contentUrl\":\"https:\\\/\\\/federkielstickerei.it\\\/wp-content\\\/uploads\\\/2022\\\/04\\\/logo-1.svg\",\"width\":210,\"height\":104,\"caption\":\"Federkielstickerei\"},\"image\":{\"@id\":\"https:\\\/\\\/federkielstickerei.it\\\/#\\\/schema\\\/logo\\\/image\\\/\"},\"sameAs\":[\"https:\\\/\\\/www.facebook.com\\\/Federkielstickerei-Georg-Patzleiner-1465988923519411\\\/\",\"https:\\\/\\\/www.instagram.com\\\/federkielstickerei_prags\\\/\"]}]}<\/script>\n<!-- \/ Yoast SEO plugin. -->","yoast_head_json":{"title":"Hoseng\u00fcrtel - Federkielstickerei","description":"Ein Hoseng\u00fcrtel aus Echtleder der h\u00e4lt was er verspricht! Entdecke hier unser einzigartiges Sortiment und lasse dich inspirieren.","robots":{"index":"index","follow":"follow","max-snippet":"max-snippet:-1","max-image-preview":"max-image-preview:large","max-video-preview":"max-video-preview:-1"},"canonical":"https:\/\/federkielstickerei.it\/it\/hosenguertel\/","og_locale":"it_IT","og_type":"article","og_title":"Hoseng\u00fcrtel - Federkielstickerei","og_description":"Ein Hoseng\u00fcrtel aus Echtleder der h\u00e4lt was er verspricht! Entdecke hier unser einzigartiges Sortiment und lasse dich inspirieren.","og_url":"https:\/\/federkielstickerei.it\/it\/hosenguertel\/","og_site_name":"Federkielstickerei","article_publisher":"https:\/\/www.facebook.com\/Federkielstickerei-Georg-Patzleiner-1465988923519411\/","article_modified_time":"2022-05-25T09:50:46+00:00","og_image":[{"url":"https:\/\/federkielstickerei.it\/wp-content\/uploads\/2022\/04\/ossi.png","type":"","width":"","height":""}],"twitter_card":"summary_large_image","twitter_misc":{"Tempo di lettura stimato":"6 minuti"},"schema":{"@context":"https:\/\/schema.org","@graph":[{"@type":"WebPage","@id":"https:\/\/federkielstickerei.it\/hosenguertel\/","url":"https:\/\/federkielstickerei.it\/hosenguertel\/","name":"Hoseng\u00fcrtel - Federkielstickerei","isPartOf":{"@id":"https:\/\/federkielstickerei.it\/#website"},"primaryImageOfPage":{"@id":"https:\/\/federkielstickerei.it\/hosenguertel\/#primaryimage"},"image":{"@id":"https:\/\/federkielstickerei.it\/hosenguertel\/#primaryimage"},"thumbnailUrl":"https:\/\/federkielstickerei.it\/wp-content\/uploads\/2022\/04\/ossi.png","datePublished":"2022-04-20T13:13:06+00:00","dateModified":"2022-05-25T09:50:46+00:00","description":"Ein Hoseng\u00fcrtel aus Echtleder der h\u00e4lt was er verspricht! Entdecke hier unser einzigartiges Sortiment und lasse dich inspirieren.","breadcrumb":{"@id":"https:\/\/federkielstickerei.it\/hosenguertel\/#breadcrumb"},"inLanguage":"it-IT","potentialAction":[{"@type":"ReadAction","target":["https:\/\/federkielstickerei.it\/hosenguertel\/"]}]},{"@type":"ImageObject","inLanguage":"it-IT","@id":"https:\/\/federkielstickerei.it\/hosenguertel\/#primaryimage","url":"https:\/\/federkielstickerei.it\/wp-content\/uploads\/2022\/04\/ossi.png","contentUrl":"https:\/\/federkielstickerei.it\/wp-content\/uploads\/2022\/04\/ossi.png"},{"@type":"BreadcrumbList","@id":"https:\/\/federkielstickerei.it\/hosenguertel\/#breadcrumb","itemListElement":[{"@type":"ListItem","position":1,"name":"Home","item":"https:\/\/federkielstickerei.it\/"},{"@type":"ListItem","position":2,"name":"Hoseng\u00fcrtel"}]},{"@type":"WebSite","@id":"https:\/\/federkielstickerei.it\/#website","url":"https:\/\/federkielstickerei.it\/","name":"Federkielstickerei","description":"Patzleiner Georg - Prags","publisher":{"@id":"https:\/\/federkielstickerei.it\/#organization"},"potentialAction":[{"@type":"SearchAction","target":{"@type":"EntryPoint","urlTemplate":"https:\/\/federkielstickerei.it\/?s={search_term_string}"},"query-input":{"@type":"PropertyValueSpecification","valueRequired":true,"valueName":"search_term_string"}}],"inLanguage":"it-IT"},{"@type":"Organization","@id":"https:\/\/federkielstickerei.it\/#organization","name":"Federkielstickerei","url":"https:\/\/federkielstickerei.it\/","logo":{"@type":"ImageObject","inLanguage":"it-IT","@id":"https:\/\/federkielstickerei.it\/#\/schema\/logo\/image\/","url":"https:\/\/federkielstickerei.it\/wp-content\/uploads\/2022\/04\/logo-1.svg","contentUrl":"https:\/\/federkielstickerei.it\/wp-content\/uploads\/2022\/04\/logo-1.svg","width":210,"height":104,"caption":"Federkielstickerei"},"image":{"@id":"https:\/\/federkielstickerei.it\/#\/schema\/logo\/image\/"},"sameAs":["https:\/\/www.facebook.com\/Federkielstickerei-Georg-Patzleiner-1465988923519411\/","https:\/\/www.instagram.com\/federkielstickerei_prags\/"]}]}},"jetpack_sharing_enabled":true,"_links":{"self":[{"href":"https:\/\/federkielstickerei.it\/it\/wp-json\/wp\/v2\/pages\/230","targetHints":{"allow":["GET"]}}],"collection":[{"href":"https:\/\/federkielstickerei.it\/it\/wp-json\/wp\/v2\/pages"}],"about":[{"href":"https:\/\/federkielstickerei.it\/it\/wp-json\/wp\/v2\/types\/page"}],"author":[{"embeddable":true,"href":"https:\/\/federkielstickerei.it\/it\/wp-json\/wp\/v2\/users\/1"}],"replies":[{"embeddable":true,"href":"https:\/\/federkielstickerei.it\/it\/wp-json\/wp\/v2\/comments?post=230"}],"version-history":[{"count":5,"href":"https:\/\/federkielstickerei.it\/it\/wp-json\/wp\/v2\/pages\/230\/revisions"}],"predecessor-version":[{"id":725,"href":"https:\/\/federkielstickerei.it\/it\/wp-json\/wp\/v2\/pages\/230\/revisions\/725"}],"wp:attachment":[{"href":"https:\/\/federkielstickerei.it\/it\/wp-json\/wp\/v2\/media?parent=230"}],"curies":[{"name":"wp","href":"https:\/\/api.w.org\/{rel}","templated":true}]}}