{"id":350,"date":"2022-04-21T12:22:44","date_gmt":"2022-04-21T10:22:44","guid":{"rendered":"https:\/\/federkielstickerei.it\/?page_id=350"},"modified":"2022-04-21T13:40:04","modified_gmt":"2022-04-21T11:40:04","slug":"allgemeine-geschaeftsbedingungen","status":"publish","type":"page","link":"https:\/\/federkielstickerei.it\/it\/allgemeine-geschaeftsbedingungen\/","title":{"rendered":"Allgemeine Gesch\u00e4ftsbedingungen"},"content":{"rendered":"<div class=\"wp-block-cover alignfull has-custom-content-position is-position-bottom-center\" style=\"min-height:50vh;aspect-ratio:unset;\"><span aria-hidden=\"true\" class=\"has-ast-global-color-8-background-color has-background-dim-70 wp-block-cover__gradient-background has-background-dim\"><\/span><img data-recalc-dims=\"1\" decoding=\"async\" width=\"1000\" height=\"563\" data-attachment-id=\"25\" data-permalink=\"https:\/\/federkielstickerei.it\/it\/die-federkielstickerei\/secondary\/\" data-orig-file=\"https:\/\/i0.wp.com\/federkielstickerei.it\/wp-content\/uploads\/2022\/04\/secondary.jpg?fit=1000%2C563&amp;ssl=1\" data-orig-size=\"1000,563\" data-comments-opened=\"1\" data-image-meta=\"{&quot;aperture&quot;:&quot;0&quot;,&quot;credit&quot;:&quot;&quot;,&quot;camera&quot;:&quot;&quot;,&quot;caption&quot;:&quot;&quot;,&quot;created_timestamp&quot;:&quot;0&quot;,&quot;copyright&quot;:&quot;&quot;,&quot;focal_length&quot;:&quot;0&quot;,&quot;iso&quot;:&quot;0&quot;,&quot;shutter_speed&quot;:&quot;0&quot;,&quot;title&quot;:&quot;&quot;,&quot;orientation&quot;:&quot;0&quot;}\" data-image-title=\"secondary\" data-image-description=\"\" data-image-caption=\"\" data-large-file=\"https:\/\/i0.wp.com\/federkielstickerei.it\/wp-content\/uploads\/2022\/04\/secondary.jpg?fit=1000%2C563&amp;ssl=1\" class=\"wp-block-cover__image-background wp-image-25\" alt=\"\" src=\"https:\/\/i0.wp.com\/federkielstickerei.it\/wp-content\/uploads\/2022\/04\/secondary.jpg?resize=1000%2C563&#038;ssl=1\" data-object-fit=\"cover\" srcset=\"https:\/\/i0.wp.com\/federkielstickerei.it\/wp-content\/uploads\/2022\/04\/secondary.jpg?w=1000&amp;ssl=1 1000w, https:\/\/i0.wp.com\/federkielstickerei.it\/wp-content\/uploads\/2022\/04\/secondary.jpg?resize=300%2C169&amp;ssl=1 300w, https:\/\/i0.wp.com\/federkielstickerei.it\/wp-content\/uploads\/2022\/04\/secondary.jpg?resize=768%2C432&amp;ssl=1 768w\" sizes=\"(max-width: 1000px) 100vw, 1000px\" \/><div class=\"wp-block-cover__inner-container is-layout-flow wp-block-cover-is-layout-flow\">\n<div style=\"height:87px\" aria-hidden=\"true\" class=\"wp-block-spacer\"><\/div>\n\n\n\n<h1 class=\"wp-block-heading\">Allgemeine Gesch\u00e4ftsbedingungen<\/h1>\n<\/div><\/div>\n\n\n\n<div style=\"height:30px\" aria-hidden=\"true\" class=\"wp-block-spacer\"><\/div>\n\n\n\n<p class=\"has-text-align-center\"><strong>Allgemeine Gesch\u00e4ftsbedingungen<\/strong><\/p>\n\n\n\n<p>Diese Website wird von Georg Patzleiner betrieben. \u00dcberall auf der Webseite beziehen sich die Begriffe &#8222;wir&#8220;, &#8222;uns&#8220; und &#8222;unsere\/e&#8220; auf Georg Patzleiner. Georg Patzleiner bietet diese Website, einschlie\u00dflich aller Informationen, Tools und Dienste, die auf dieser Website verf\u00fcgbar sind, Ihnen, dem Benutzer, unter der Bedingung an, dass Sie alle hier angegebenen Bedingungen, Konditionen, Richtlinien und Hinweise akzeptieren.<\/p>\n\n\n\n<p>Bitte lies dir die folgenden allgemeinen Gesch\u00e4ftsbedingungen sorgf\u00e4ltig durch. Sie regeln die Nutzung unserer Website und den Kauf von Produkten \u00fcber unsere Webseite. Beachte bitte, dass du diesen Bedingungen durch die Nutzung unserer Webseite oder die Aufgabe einer Bestellung \u00fcber unsere Webseite zustimmst.<\/p>\n\n\n\n<p><strong>1. W\u00e4hrung und Preise<\/strong><br>Alle Angebote und Preise ohne Angabe verstehen sich inkl. 22% MwSt. \u00dcberweisungen an uns m\u00fcssen spesenfrei erfolgen.<\/p>\n\n\n\n<p><strong>2. Versand und Lieferung<br><\/strong>Wir liefern nach Absprache in alle europ\u00e4ischen L\u00e4nder. Die Versandtkosten k\u00f6nnen zwischen 10\u20ac und 20\u20ac variieren. Die Produktionsdauer h\u00e4ngt vom Produkt ab und ist auf der jeweiligen Produktseite angegeben. Nach Absprache sind auch schnellere Liefertermine m\u00f6glich.<br>Wir r\u00e4umen uns ebenfalls das Recht ein vom Liefertermin abzuweichen falls es zum Ausfall von bestimmten Maschinen kommt und diese nicht rechtzeitig repariert werden k\u00f6nnen. In diesen F\u00e4llen kann es zu einer Verz\u00f6gerung kommen.<\/p>\n\n\n\n<p><strong>3. Kundenservice<br><\/strong>Bei Fragen oder M\u00e4ngel kontaktieren Sie uns \u00fcber einen dieser Wege: <a href=\"https:\/\/federkielstickerei.it\/it\/kontakt\/\">Contatto<\/a>.<\/p>\n\n\n\n<p><strong>4. Vertragsabschluss<br><\/strong>Durch eine m\u00fcndliche oder schriftliche Bestellung gibst du ein verbindliches Angebot zum Abschluss eines Kaufvertrages ab. Die Lieferzeit gilt ab diesem Datum.<\/p>\n\n\n\n<p><strong>5. R\u00fccknahmebedingungen<br><\/strong>Bei personalisierten Produkten besteht kein R\u00fccktrittsrecht. Wenn direkt nach dem Erhalt gravierende M\u00e4ngel feststellbar sind werden wir den Betrag r\u00fcckerstatten. Bei leichten Abweichungen gibt es keine R\u00fcckerstattung, da jedes Motiv und jedes Element eigens von Hand gezeichnet und angefertigt wird. <\/p>\n\n\n\n<p>F\u00fcr unpersonalisierte Produkte welche wir lagernd haben besteht ein R\u00fccktrittsrecht f\u00fcr den Zeitraum von 14 Tagen nach Abschlu\u00df des Kaufvertrages. Das Produkt muss daf\u00fcr jedoch unbenutzt sein und unbeschadet zu uns zur\u00fcckgesandt werden.<\/p>\n\n\n\n<p><strong>6. Allgemeiner Hinweis<br><\/strong>Leder ist ein Naturprodukt und kann Ungleichheiten aufweisen, dies bedeutet keinesfalls einen Qualit\u00e4tsmangel.<\/p>\n\n\n\n<p><strong>7. Gew\u00e4hrleistung<br><\/strong>Bei M\u00e4ngeln der gelieferten Ware bestehen die gesetzlichen Gew\u00e4hrleistungsrechte.<\/p>\n\n\n\n<p><strong>8. Copyright<br><\/strong>Die Inhalte unserer Webseite und die Webseite als Ganzes dienen den jeweiligen Benutzern ausschlie\u00dflich zur pers\u00f6nlichen, nicht kommerziellen Nutzung (au\u00dfer f\u00fcr den Kauf der Ware, f\u00fcr die unsere Webseite vorgesehen ist).<\/p>\n\n\n\n<p>Das Herunterladen oder Kopieren der auf\u00a0<a href=\"https:\/\/federkielstickerei.it\/it\/\">federkielstickerei.it<\/a>\u00a0angezeigten Inhalte und von anderem downloadbaren Material ist ausschlie\u00dflich f\u00fcr deinen pers\u00f6nlichen Gebrauch gestattet. Durch das Herunterladen oder Kopieren werden keine Rechte, Anspr\u00fcche oder Anteile an die betreffende Person \u00fcbertragen.<\/p>\n\n\n\n<p>Keiner der auf der Webseite vorhandene Inhalte darf reproduziert, ver\u00f6ffentlicht, \u00fcbertragen, verteilt, angezeigt, ge\u00e4ndert, zur Erstellung davon abgeleiteter anderer Werke genutzt, verkauft bzw. zum Verkauf bereitgestellt oder in irgendeiner Art teilweise bzw. insgesamt genutzt werden.<em><\/em><\/p>\n\n\n\n<div style=\"height:40px\" aria-hidden=\"true\" class=\"wp-block-spacer\"><\/div>","protected":false},"excerpt":{"rendered":"<p>Allgemeine Gesch\u00e4ftsbedingungen Diese Website wird von Georg Patzleiner betrieben. \u00dcberall auf der Webseite beziehen sich die Begriffe &#8222;wir&#8220;, &#8222;uns&#8220; und &#8222;unsere\/e&#8220; auf Georg Patzleiner. Georg Patzleiner bietet diese Website, einschlie\u00dflich aller Informationen, Tools und Dienste, die auf dieser Website verf\u00fcgbar sind, Ihnen, dem Benutzer, unter der Bedingung an, dass Sie alle hier angegebenen Bedingungen, Konditionen, &hellip;<\/p>\n<p class=\"read-more\"> <a class=\"\" href=\"https:\/\/federkielstickerei.it\/it\/allgemeine-geschaeftsbedingungen\/\"> <span class=\"screen-reader-text\">Allgemeine Gesch\u00e4ftsbedingungen<\/span> Leggi altro &raquo;<\/a><\/p>","protected":false},"author":1,"featured_media":0,"parent":0,"menu_order":0,"comment_status":"closed","ping_status":"closed","template":"","meta":{"inline_featured_image":false,"site-sidebar-layout":"default","site-content-layout":"plain-container","ast-site-content-layout":"","site-content-style":"default","site-sidebar-style":"default","ast-global-header-display":"","ast-banner-title-visibility":"","ast-main-header-display":"","ast-hfb-above-header-display":"","ast-hfb-below-header-display":"","ast-hfb-mobile-header-display":"","site-post-title":"disabled","ast-breadcrumbs-content":"","ast-featured-img":"","footer-sml-layout":"","theme-transparent-header-meta":"default","adv-header-id-meta":"","stick-header-meta":"","header-above-stick-meta":"","header-main-stick-meta":"","header-below-stick-meta":"","astra-migrate-meta-layouts":"","footnotes":""},"class_list":["post-350","page","type-page","status-publish","hentry"],"yoast_head":"<!-- This site is optimized with the Yoast SEO plugin v27.5 - https:\/\/yoast.com\/product\/yoast-seo-wordpress\/ -->\n<title>Allgemeine Gesch\u00e4ftsbedingungen - Federkielstickerei<\/title>\n<meta name=\"robots\" content=\"index, follow, max-snippet:-1, max-image-preview:large, max-video-preview:-1\" \/>\n<link rel=\"canonical\" href=\"http:\/\/federkielstickerei.it\/it\/allgemeine-geschaeftsbedingungen\/\" \/>\n<meta property=\"og:locale\" content=\"it_IT\" \/>\n<meta property=\"og:type\" content=\"article\" \/>\n<meta property=\"og:title\" content=\"Allgemeine Gesch\u00e4ftsbedingungen - Federkielstickerei\" \/>\n<meta property=\"og:description\" content=\"Allgemeine Gesch\u00e4ftsbedingungen Diese Website wird von Georg Patzleiner betrieben. \u00dcberall auf der Webseite beziehen sich die Begriffe &#8222;wir&#8220;, &#8222;uns&#8220; und &#8222;unsere\/e&#8220; auf Georg Patzleiner. Georg Patzleiner bietet diese Website, einschlie\u00dflich aller Informationen, Tools und Dienste, die auf dieser Website verf\u00fcgbar sind, Ihnen, dem Benutzer, unter der Bedingung an, dass Sie alle hier angegebenen Bedingungen, Konditionen, &hellip; Allgemeine Gesch\u00e4ftsbedingungen Leggi altro &raquo;\" \/>\n<meta property=\"og:url\" content=\"http:\/\/federkielstickerei.it\/it\/allgemeine-geschaeftsbedingungen\/\" \/>\n<meta property=\"og:site_name\" content=\"Federkielstickerei\" \/>\n<meta property=\"article:publisher\" content=\"https:\/\/www.facebook.com\/Federkielstickerei-Georg-Patzleiner-1465988923519411\/\" \/>\n<meta property=\"article:modified_time\" content=\"2022-04-21T11:40:04+00:00\" \/>\n<meta property=\"og:image\" content=\"http:\/\/federkielstickerei.it\/wp-content\/uploads\/2022\/04\/secondary.jpg\" \/>\n<meta name=\"twitter:card\" content=\"summary_large_image\" \/>\n<meta name=\"twitter:label1\" content=\"Tempo di lettura stimato\" \/>\n\t<meta name=\"twitter:data1\" content=\"3 minuti\" \/>\n<script type=\"application\/ld+json\" class=\"yoast-schema-graph\">{\"@context\":\"https:\\\/\\\/schema.org\",\"@graph\":[{\"@type\":\"WebPage\",\"@id\":\"http:\\\/\\\/federkielstickerei.it\\\/allgemeine-geschaeftsbedingungen\\\/\",\"url\":\"http:\\\/\\\/federkielstickerei.it\\\/allgemeine-geschaeftsbedingungen\\\/\",\"name\":\"Allgemeine Gesch\u00e4ftsbedingungen - Federkielstickerei\",\"isPartOf\":{\"@id\":\"https:\\\/\\\/federkielstickerei.it\\\/#website\"},\"primaryImageOfPage\":{\"@id\":\"http:\\\/\\\/federkielstickerei.it\\\/allgemeine-geschaeftsbedingungen\\\/#primaryimage\"},\"image\":{\"@id\":\"http:\\\/\\\/federkielstickerei.it\\\/allgemeine-geschaeftsbedingungen\\\/#primaryimage\"},\"thumbnailUrl\":\"https:\\\/\\\/federkielstickerei.it\\\/wp-content\\\/uploads\\\/2022\\\/04\\\/secondary.jpg\",\"datePublished\":\"2022-04-21T10:22:44+00:00\",\"dateModified\":\"2022-04-21T11:40:04+00:00\",\"breadcrumb\":{\"@id\":\"http:\\\/\\\/federkielstickerei.it\\\/allgemeine-geschaeftsbedingungen\\\/#breadcrumb\"},\"inLanguage\":\"it-IT\",\"potentialAction\":[{\"@type\":\"ReadAction\",\"target\":[\"http:\\\/\\\/federkielstickerei.it\\\/allgemeine-geschaeftsbedingungen\\\/\"]}]},{\"@type\":\"ImageObject\",\"inLanguage\":\"it-IT\",\"@id\":\"http:\\\/\\\/federkielstickerei.it\\\/allgemeine-geschaeftsbedingungen\\\/#primaryimage\",\"url\":\"https:\\\/\\\/federkielstickerei.it\\\/wp-content\\\/uploads\\\/2022\\\/04\\\/secondary.jpg\",\"contentUrl\":\"https:\\\/\\\/federkielstickerei.it\\\/wp-content\\\/uploads\\\/2022\\\/04\\\/secondary.jpg\"},{\"@type\":\"BreadcrumbList\",\"@id\":\"http:\\\/\\\/federkielstickerei.it\\\/allgemeine-geschaeftsbedingungen\\\/#breadcrumb\",\"itemListElement\":[{\"@type\":\"ListItem\",\"position\":1,\"name\":\"Home\",\"item\":\"https:\\\/\\\/federkielstickerei.it\\\/\"},{\"@type\":\"ListItem\",\"position\":2,\"name\":\"Allgemeine Gesch\u00e4ftsbedingungen\"}]},{\"@type\":\"WebSite\",\"@id\":\"https:\\\/\\\/federkielstickerei.it\\\/#website\",\"url\":\"https:\\\/\\\/federkielstickerei.it\\\/\",\"name\":\"Federkielstickerei\",\"description\":\"Patzleiner Georg - Prags\",\"publisher\":{\"@id\":\"https:\\\/\\\/federkielstickerei.it\\\/#organization\"},\"potentialAction\":[{\"@type\":\"SearchAction\",\"target\":{\"@type\":\"EntryPoint\",\"urlTemplate\":\"https:\\\/\\\/federkielstickerei.it\\\/?s={search_term_string}\"},\"query-input\":{\"@type\":\"PropertyValueSpecification\",\"valueRequired\":true,\"valueName\":\"search_term_string\"}}],\"inLanguage\":\"it-IT\"},{\"@type\":\"Organization\",\"@id\":\"https:\\\/\\\/federkielstickerei.it\\\/#organization\",\"name\":\"Federkielstickerei\",\"url\":\"https:\\\/\\\/federkielstickerei.it\\\/\",\"logo\":{\"@type\":\"ImageObject\",\"inLanguage\":\"it-IT\",\"@id\":\"https:\\\/\\\/federkielstickerei.it\\\/#\\\/schema\\\/logo\\\/image\\\/\",\"url\":\"https:\\\/\\\/federkielstickerei.it\\\/wp-content\\\/uploads\\\/2022\\\/04\\\/logo-1.svg\",\"contentUrl\":\"https:\\\/\\\/federkielstickerei.it\\\/wp-content\\\/uploads\\\/2022\\\/04\\\/logo-1.svg\",\"width\":210,\"height\":104,\"caption\":\"Federkielstickerei\"},\"image\":{\"@id\":\"https:\\\/\\\/federkielstickerei.it\\\/#\\\/schema\\\/logo\\\/image\\\/\"},\"sameAs\":[\"https:\\\/\\\/www.facebook.com\\\/Federkielstickerei-Georg-Patzleiner-1465988923519411\\\/\",\"https:\\\/\\\/www.instagram.com\\\/federkielstickerei_prags\\\/\"]}]}<\/script>\n<!-- \/ Yoast SEO plugin. -->","yoast_head_json":{"title":"Allgemeine Gesch\u00e4ftsbedingungen - Federkielstickerei","robots":{"index":"index","follow":"follow","max-snippet":"max-snippet:-1","max-image-preview":"max-image-preview:large","max-video-preview":"max-video-preview:-1"},"canonical":"http:\/\/federkielstickerei.it\/it\/allgemeine-geschaeftsbedingungen\/","og_locale":"it_IT","og_type":"article","og_title":"Allgemeine Gesch\u00e4ftsbedingungen - Federkielstickerei","og_description":"Allgemeine Gesch\u00e4ftsbedingungen Diese Website wird von Georg Patzleiner betrieben. \u00dcberall auf der Webseite beziehen sich die Begriffe &#8222;wir&#8220;, &#8222;uns&#8220; und &#8222;unsere\/e&#8220; auf Georg Patzleiner. Georg Patzleiner bietet diese Website, einschlie\u00dflich aller Informationen, Tools und Dienste, die auf dieser Website verf\u00fcgbar sind, Ihnen, dem Benutzer, unter der Bedingung an, dass Sie alle hier angegebenen Bedingungen, Konditionen, &hellip; Allgemeine Gesch\u00e4ftsbedingungen Leggi altro &raquo;","og_url":"http:\/\/federkielstickerei.it\/it\/allgemeine-geschaeftsbedingungen\/","og_site_name":"Federkielstickerei","article_publisher":"https:\/\/www.facebook.com\/Federkielstickerei-Georg-Patzleiner-1465988923519411\/","article_modified_time":"2022-04-21T11:40:04+00:00","og_image":[{"url":"http:\/\/federkielstickerei.it\/wp-content\/uploads\/2022\/04\/secondary.jpg","type":"","width":"","height":""}],"twitter_card":"summary_large_image","twitter_misc":{"Tempo di lettura stimato":"3 minuti"},"schema":{"@context":"https:\/\/schema.org","@graph":[{"@type":"WebPage","@id":"http:\/\/federkielstickerei.it\/allgemeine-geschaeftsbedingungen\/","url":"http:\/\/federkielstickerei.it\/allgemeine-geschaeftsbedingungen\/","name":"Allgemeine Gesch\u00e4ftsbedingungen - Federkielstickerei","isPartOf":{"@id":"https:\/\/federkielstickerei.it\/#website"},"primaryImageOfPage":{"@id":"http:\/\/federkielstickerei.it\/allgemeine-geschaeftsbedingungen\/#primaryimage"},"image":{"@id":"http:\/\/federkielstickerei.it\/allgemeine-geschaeftsbedingungen\/#primaryimage"},"thumbnailUrl":"https:\/\/federkielstickerei.it\/wp-content\/uploads\/2022\/04\/secondary.jpg","datePublished":"2022-04-21T10:22:44+00:00","dateModified":"2022-04-21T11:40:04+00:00","breadcrumb":{"@id":"http:\/\/federkielstickerei.it\/allgemeine-geschaeftsbedingungen\/#breadcrumb"},"inLanguage":"it-IT","potentialAction":[{"@type":"ReadAction","target":["http:\/\/federkielstickerei.it\/allgemeine-geschaeftsbedingungen\/"]}]},{"@type":"ImageObject","inLanguage":"it-IT","@id":"http:\/\/federkielstickerei.it\/allgemeine-geschaeftsbedingungen\/#primaryimage","url":"https:\/\/federkielstickerei.it\/wp-content\/uploads\/2022\/04\/secondary.jpg","contentUrl":"https:\/\/federkielstickerei.it\/wp-content\/uploads\/2022\/04\/secondary.jpg"},{"@type":"BreadcrumbList","@id":"http:\/\/federkielstickerei.it\/allgemeine-geschaeftsbedingungen\/#breadcrumb","itemListElement":[{"@type":"ListItem","position":1,"name":"Home","item":"https:\/\/federkielstickerei.it\/"},{"@type":"ListItem","position":2,"name":"Allgemeine Gesch\u00e4ftsbedingungen"}]},{"@type":"WebSite","@id":"https:\/\/federkielstickerei.it\/#website","url":"https:\/\/federkielstickerei.it\/","name":"Federkielstickerei","description":"Patzleiner Georg - Prags","publisher":{"@id":"https:\/\/federkielstickerei.it\/#organization"},"potentialAction":[{"@type":"SearchAction","target":{"@type":"EntryPoint","urlTemplate":"https:\/\/federkielstickerei.it\/?s={search_term_string}"},"query-input":{"@type":"PropertyValueSpecification","valueRequired":true,"valueName":"search_term_string"}}],"inLanguage":"it-IT"},{"@type":"Organization","@id":"https:\/\/federkielstickerei.it\/#organization","name":"Federkielstickerei","url":"https:\/\/federkielstickerei.it\/","logo":{"@type":"ImageObject","inLanguage":"it-IT","@id":"https:\/\/federkielstickerei.it\/#\/schema\/logo\/image\/","url":"https:\/\/federkielstickerei.it\/wp-content\/uploads\/2022\/04\/logo-1.svg","contentUrl":"https:\/\/federkielstickerei.it\/wp-content\/uploads\/2022\/04\/logo-1.svg","width":210,"height":104,"caption":"Federkielstickerei"},"image":{"@id":"https:\/\/federkielstickerei.it\/#\/schema\/logo\/image\/"},"sameAs":["https:\/\/www.facebook.com\/Federkielstickerei-Georg-Patzleiner-1465988923519411\/","https:\/\/www.instagram.com\/federkielstickerei_prags\/"]}]}},"jetpack_sharing_enabled":true,"_links":{"self":[{"href":"https:\/\/federkielstickerei.it\/it\/wp-json\/wp\/v2\/pages\/350","targetHints":{"allow":["GET"]}}],"collection":[{"href":"https:\/\/federkielstickerei.it\/it\/wp-json\/wp\/v2\/pages"}],"about":[{"href":"https:\/\/federkielstickerei.it\/it\/wp-json\/wp\/v2\/types\/page"}],"author":[{"embeddable":true,"href":"https:\/\/federkielstickerei.it\/it\/wp-json\/wp\/v2\/users\/1"}],"replies":[{"embeddable":true,"href":"https:\/\/federkielstickerei.it\/it\/wp-json\/wp\/v2\/comments?post=350"}],"version-history":[{"count":0,"href":"https:\/\/federkielstickerei.it\/it\/wp-json\/wp\/v2\/pages\/350\/revisions"}],"wp:attachment":[{"href":"https:\/\/federkielstickerei.it\/it\/wp-json\/wp\/v2\/media?parent=350"}],"curies":[{"name":"wp","href":"https:\/\/api.w.org\/{rel}","templated":true}]}}