{"id":5,"date":"2022-04-20T09:36:27","date_gmt":"2022-04-20T07:36:27","guid":{"rendered":"https:\/\/federkielstickerei.it\/?page_id=5"},"modified":"2023-05-30T11:16:02","modified_gmt":"2023-05-30T09:16:02","slug":"die-federkielstickerei","status":"publish","type":"page","link":"https:\/\/federkielstickerei.it\/it\/","title":{"rendered":"Federkeisltickerei Patzleiner Georg"},"content":{"rendered":"<div class=\"wp-block-cover alignfull has-parallax\" style=\"min-height:100vh;aspect-ratio:unset;\"><span aria-hidden=\"true\" class=\"wp-block-cover__background has-ast-global-color-6-background-color has-background-dim-90 has-background-dim\"><\/span><div role=\"img\" class=\"wp-block-cover__image-background wp-image-25 has-parallax\" style=\"background-position:50% 50%;background-image:url(https:\/\/federkielstickerei.it\/wp-content\/uploads\/2022\/04\/secondary.jpg)\"><\/div><div class=\"wp-block-cover__inner-container is-layout-flow wp-block-cover-is-layout-flow\">\n<div class=\"wp-block-columns is-layout-flex wp-container-core-columns-is-layout-28f84493 wp-block-columns-is-layout-flex\">\n<div class=\"wp-block-column is-layout-constrained wp-container-core-column-is-layout-f3c930de wp-block-column-is-layout-constrained\">\n<h2 class=\"wp-block-heading has-text-align-center has-ast-global-color-8-color has-text-color\" id=\"gestickt-wird-mit-federkielen-vom-pfau\">Ricamato con piume di pavone<\/h2>\n\n\n\n<p class=\"has-text-align-center has-ast-global-color-8-color has-text-color\"> Il ricamo a penna \u00e8 un'attivit\u00e0 <strong>tradizionale<\/strong> della regione alpina.<\/p>\n\n\n\n<p class=\"has-text-align-center has-ast-global-color-8-color has-text-color\">Nel cuore delle Dolomiti altoatesine, a<strong> Braies<\/strong> , si trova il laboratorio di <strong>Georg Patzleiner<\/strong>. Qui, un'ampia variet\u00e0 di prodotti \u00e8 realizzata in pelle di alta qualit\u00e0.<\/p>\n\n\n\n<p class=\"has-text-align-center has-ast-global-color-8-color has-text-color\">Il ricamo viene eseguito a piccoli passi: In alternazione, si fa un foro nella vera pelle con un punteruolo e si infila una<strong> chiglia di piuma di pavone<\/strong> . <br>Dopo molte ripetizioni, pezzo per pezzo emerge un prodotto tipico del ricamo con la piuma del pavone.<\/p>\n\n\n\n<p class=\"has-text-align-center has-ast-global-color-8-color has-text-color\">Oltre alle tradizionali cinture o cartelle, vengono realizzati anche altri prodotti come portafogli, borse, cinture per pantaloni, portachiavi, ecc...<\/p>\n\n\n\n<p class=\"has-text-align-center has-ast-global-color-8-color has-text-color\"><\/p>\n<\/div>\n<\/div>\n<\/div><\/div>\n\n\n\n\n\n<div class=\"wp-block-cover alignfull has-parallax\" style=\"min-height:100vh;aspect-ratio:unset;\"><span aria-hidden=\"true\" class=\"wp-block-cover__background has-background-dim-90 has-background-dim wp-block-cover__gradient-background has-background-gradient\" style=\"background:linear-gradient(180deg,rgba(0,0,0,0.44) 5%,rgb(0,0,0) 56%)\"><\/span><div role=\"img\" class=\"wp-block-cover__image-background wp-image-33 has-parallax\" style=\"background-position:50% 50%;background-image:url(https:\/\/federkielstickerei.it\/wp-content\/uploads\/2022\/04\/forurth-1.jpg)\"><\/div><div class=\"wp-block-cover__inner-container is-layout-flow wp-block-cover-is-layout-flow\">\n<div style=\"height:150px\" aria-hidden=\"true\" class=\"wp-block-spacer\"><\/div>\n\n\n\n<h2 class=\"wp-block-heading has-text-align-center has-ast-global-color-5-color has-text-color\" id=\"produkte\" style=\"font-size:49px\">Unsere Produkte:<\/h2>\n\n\n\n<div style=\"height:20px\" aria-hidden=\"true\" class=\"wp-block-spacer\"><\/div>\n\n\n\n<div class=\"wp-block-media-text alignwide has-background\" style=\"background-color:#ebebeb;grid-template-columns:30% auto\"><figure class=\"wp-block-media-text__media\"><img data-recalc-dims=\"1\" decoding=\"async\" width=\"623\" height=\"405\" data-attachment-id=\"187\" data-permalink=\"https:\/\/federkielstickerei.it\/it\/die-federkielstickerei\/gurte\/\" data-orig-file=\"https:\/\/i0.wp.com\/federkielstickerei.it\/wp-content\/uploads\/2022\/04\/Gurte.png?fit=623%2C405&amp;ssl=1\" data-orig-size=\"623,405\" data-comments-opened=\"1\" data-image-meta=\"{&quot;aperture&quot;:&quot;0&quot;,&quot;credit&quot;:&quot;&quot;,&quot;camera&quot;:&quot;&quot;,&quot;caption&quot;:&quot;&quot;,&quot;created_timestamp&quot;:&quot;0&quot;,&quot;copyright&quot;:&quot;&quot;,&quot;focal_length&quot;:&quot;0&quot;,&quot;iso&quot;:&quot;0&quot;,&quot;shutter_speed&quot;:&quot;0&quot;,&quot;title&quot;:&quot;&quot;,&quot;orientation&quot;:&quot;0&quot;}\" data-image-title=\"Gurte\" data-image-description=\"\" data-image-caption=\"\" data-large-file=\"https:\/\/i0.wp.com\/federkielstickerei.it\/wp-content\/uploads\/2022\/04\/Gurte.png?fit=623%2C405&amp;ssl=1\" src=\"https:\/\/i0.wp.com\/federkielstickerei.it\/wp-content\/uploads\/2022\/04\/Gurte.png?resize=623%2C405&#038;ssl=1\" alt=\"Traditioneller Trachteng\u00fcrtel der Federkielstickerei\" class=\"wp-image-187 size-full\" srcset=\"https:\/\/i0.wp.com\/federkielstickerei.it\/wp-content\/uploads\/2022\/04\/Gurte.png?w=623&amp;ssl=1 623w, https:\/\/i0.wp.com\/federkielstickerei.it\/wp-content\/uploads\/2022\/04\/Gurte.png?resize=300%2C195&amp;ssl=1 300w, https:\/\/i0.wp.com\/federkielstickerei.it\/wp-content\/uploads\/2022\/04\/Gurte.png?resize=18%2C12&amp;ssl=1 18w\" sizes=\"(max-width: 623px) 100vw, 623px\" \/><\/figure><div class=\"wp-block-media-text__content\">\n<p class=\"has-text-align-center has-ast-global-color-8-color has-text-color\">Una cintura o tradizionale, unica, secondo le tue idee.<\/p>\n\n\n\n<div class=\"wp-block-buttons is-content-justification-center is-layout-flex wp-container-core-buttons-is-layout-a89b3969 wp-block-buttons-is-layout-flex\">\n<div class=\"wp-block-button has-custom-width wp-block-button__width-75 is-style-outline is-style-outline--1\"><a class=\"wp-block-button__link has-ast-global-color-8-color has-ast-global-color-4-background-color has-text-color has-background wp-element-button\" href=\"https:\/\/federkielstickerei.it\/it\/trachtenguertel\/\" style=\"border-radius:8px\">Cintura del costume tradizionale<\/a><\/div>\n<\/div>\n<\/div><\/div>\n\n\n\n<div style=\"height:10px\" aria-hidden=\"true\" class=\"wp-block-spacer\"><\/div>\n\n\n\n<div class=\"wp-block-media-text alignwide has-media-on-the-right has-background\" style=\"background-color:#ebebeb;grid-template-columns:auto 30%\"><div class=\"wp-block-media-text__content\">\n<p class=\"has-text-align-center has-ast-global-color-8-color has-text-color\">Portafogli e borse da donna<\/p>\n\n\n\n<div class=\"wp-block-buttons is-content-justification-center is-layout-flex wp-container-core-buttons-is-layout-a89b3969 wp-block-buttons-is-layout-flex\">\n<div class=\"wp-block-button has-custom-width wp-block-button__width-75 is-style-outline is-style-outline--2\"><a class=\"wp-block-button__link has-ast-global-color-8-color has-ast-global-color-4-background-color has-text-color has-background wp-element-button\" href=\"https:\/\/federkielstickerei.it\/it\/damen\/\" style=\"border-radius:8px\">Donna<\/a><\/div>\n<\/div>\n<\/div><figure class=\"wp-block-media-text__media\"><img data-recalc-dims=\"1\" decoding=\"async\" width=\"623\" height=\"405\" data-attachment-id=\"188\" data-permalink=\"https:\/\/federkielstickerei.it\/it\/die-federkielstickerei\/damen\/\" data-orig-file=\"https:\/\/i0.wp.com\/federkielstickerei.it\/wp-content\/uploads\/2022\/04\/Damen.png?fit=623%2C405&amp;ssl=1\" data-orig-size=\"623,405\" data-comments-opened=\"1\" data-image-meta=\"{&quot;aperture&quot;:&quot;0&quot;,&quot;credit&quot;:&quot;&quot;,&quot;camera&quot;:&quot;&quot;,&quot;caption&quot;:&quot;&quot;,&quot;created_timestamp&quot;:&quot;0&quot;,&quot;copyright&quot;:&quot;&quot;,&quot;focal_length&quot;:&quot;0&quot;,&quot;iso&quot;:&quot;0&quot;,&quot;shutter_speed&quot;:&quot;0&quot;,&quot;title&quot;:&quot;&quot;,&quot;orientation&quot;:&quot;0&quot;}\" data-image-title=\"Damen\" data-image-description=\"\" data-image-caption=\"\" data-large-file=\"https:\/\/i0.wp.com\/federkielstickerei.it\/wp-content\/uploads\/2022\/04\/Damen.png?fit=623%2C405&amp;ssl=1\" src=\"https:\/\/i0.wp.com\/federkielstickerei.it\/wp-content\/uploads\/2022\/04\/Damen.png?resize=623%2C405&#038;ssl=1\" alt=\"Damengeldb\u00f6rse aus Echtleder mit federkiel-gesticktem Namen\" class=\"wp-image-188 size-full\" srcset=\"https:\/\/i0.wp.com\/federkielstickerei.it\/wp-content\/uploads\/2022\/04\/Damen.png?w=623&amp;ssl=1 623w, https:\/\/i0.wp.com\/federkielstickerei.it\/wp-content\/uploads\/2022\/04\/Damen.png?resize=300%2C195&amp;ssl=1 300w, https:\/\/i0.wp.com\/federkielstickerei.it\/wp-content\/uploads\/2022\/04\/Damen.png?resize=18%2C12&amp;ssl=1 18w\" sizes=\"(max-width: 623px) 100vw, 623px\" \/><\/figure><\/div>\n\n\n\n<div style=\"height:10px\" aria-hidden=\"true\" class=\"wp-block-spacer\"><\/div>\n\n\n\n<div class=\"wp-block-media-text alignwide has-background\" style=\"background-color:#ebebeb;grid-template-columns:30% auto\"><figure class=\"wp-block-media-text__media\"><a href=\"https:\/\/federkielstickerei.it\/it\/brieftasche\/\"><img data-recalc-dims=\"1\" decoding=\"async\" width=\"300\" height=\"225\" data-attachment-id=\"985\" data-permalink=\"https:\/\/federkielstickerei.it\/it\/die-federkielstickerei\/brieftasche-2\/\" data-orig-file=\"https:\/\/i0.wp.com\/federkielstickerei.it\/wp-content\/uploads\/2022\/08\/Brieftasche.png?fit=1000%2C750&amp;ssl=1\" data-orig-size=\"1000,750\" data-comments-opened=\"1\" data-image-meta=\"{&quot;aperture&quot;:&quot;0&quot;,&quot;credit&quot;:&quot;&quot;,&quot;camera&quot;:&quot;&quot;,&quot;caption&quot;:&quot;&quot;,&quot;created_timestamp&quot;:&quot;0&quot;,&quot;copyright&quot;:&quot;&quot;,&quot;focal_length&quot;:&quot;0&quot;,&quot;iso&quot;:&quot;0&quot;,&quot;shutter_speed&quot;:&quot;0&quot;,&quot;title&quot;:&quot;&quot;,&quot;orientation&quot;:&quot;0&quot;}\" data-image-title=\"Brieftasche\" data-image-description=\"\" data-image-caption=\"\" data-large-file=\"https:\/\/i0.wp.com\/federkielstickerei.it\/wp-content\/uploads\/2022\/08\/Brieftasche.png?fit=1000%2C750&amp;ssl=1\" src=\"https:\/\/i0.wp.com\/federkielstickerei.it\/wp-content\/uploads\/2022\/08\/Brieftasche.png?resize=300%2C225&#038;ssl=1\" alt=\"\" class=\"wp-image-985 size-medium\" srcset=\"https:\/\/i0.wp.com\/federkielstickerei.it\/wp-content\/uploads\/2022\/08\/Brieftasche.png?resize=300%2C225&amp;ssl=1 300w, https:\/\/i0.wp.com\/federkielstickerei.it\/wp-content\/uploads\/2022\/08\/Brieftasche.png?resize=768%2C576&amp;ssl=1 768w, https:\/\/i0.wp.com\/federkielstickerei.it\/wp-content\/uploads\/2022\/08\/Brieftasche.png?resize=16%2C12&amp;ssl=1 16w, https:\/\/i0.wp.com\/federkielstickerei.it\/wp-content\/uploads\/2022\/08\/Brieftasche.png?w=1000&amp;ssl=1 1000w\" sizes=\"(max-width: 300px) 100vw, 300px\" \/><\/a><\/figure><div class=\"wp-block-media-text__content\">\n<p class=\"has-text-align-center has-ast-global-color-8-color has-text-color\">Portafogli fatti a mano con <strong>motivi personalizzati<\/strong>.<\/p>\n\n\n\n<div class=\"wp-block-buttons is-content-justification-center is-layout-flex wp-container-core-buttons-is-layout-a89b3969 wp-block-buttons-is-layout-flex\">\n<div class=\"wp-block-button has-custom-width wp-block-button__width-75 is-style-outline is-style-outline--3\"><a class=\"wp-block-button__link has-ast-global-color-8-color has-ast-global-color-4-background-color has-text-color has-background wp-element-button\" href=\"https:\/\/federkielstickerei.it\/it\/brieftasche\/\" style=\"border-radius:8px\">Portafogli<\/a><\/div>\n<\/div>\n<\/div><\/div>\n\n\n\n<div style=\"height:10px\" aria-hidden=\"true\" class=\"wp-block-spacer\"><\/div>\n\n\n\n<div class=\"wp-block-media-text alignwide has-media-on-the-right has-background\" style=\"background-color:#ebebeb;grid-template-columns:auto 30%\"><div class=\"wp-block-media-text__content\">\n<p class=\"has-text-align-center has-ast-global-color-8-color has-text-color\">Una vasta gamma di cinture per pantaloni!<\/p>\n\n\n\n<div class=\"wp-block-buttons is-content-justification-center is-layout-flex wp-container-core-buttons-is-layout-a89b3969 wp-block-buttons-is-layout-flex\">\n<div class=\"wp-block-button has-custom-width wp-block-button__width-75 is-style-outline is-style-outline--4\"><a class=\"wp-block-button__link has-ast-global-color-8-color has-ast-global-color-4-background-color has-text-color has-background wp-element-button\" href=\"https:\/\/federkielstickerei.it\/it\/hosenguertel\/\" style=\"border-radius:8px\">Cintura dei pantaloni<\/a><\/div>\n<\/div>\n<\/div><figure class=\"wp-block-media-text__media\"><img data-recalc-dims=\"1\" decoding=\"async\" width=\"623\" height=\"395\" data-attachment-id=\"171\" data-permalink=\"https:\/\/federkielstickerei.it\/it\/die-federkielstickerei\/hosenguertel\/\" data-orig-file=\"https:\/\/i0.wp.com\/federkielstickerei.it\/wp-content\/uploads\/2022\/04\/Hosenguertel-e1650454049963.png?fit=623%2C395&amp;ssl=1\" data-orig-size=\"623,395\" data-comments-opened=\"1\" data-image-meta=\"{&quot;aperture&quot;:&quot;0&quot;,&quot;credit&quot;:&quot;&quot;,&quot;camera&quot;:&quot;&quot;,&quot;caption&quot;:&quot;&quot;,&quot;created_timestamp&quot;:&quot;0&quot;,&quot;copyright&quot;:&quot;&quot;,&quot;focal_length&quot;:&quot;0&quot;,&quot;iso&quot;:&quot;0&quot;,&quot;shutter_speed&quot;:&quot;0&quot;,&quot;title&quot;:&quot;&quot;,&quot;orientation&quot;:&quot;0&quot;}\" data-image-title=\"Hosenguertel\" data-image-description=\"\" data-image-caption=\"\" data-large-file=\"https:\/\/i0.wp.com\/federkielstickerei.it\/wp-content\/uploads\/2022\/04\/Hosenguertel-e1650454049963.png?fit=623%2C395&amp;ssl=1\" src=\"https:\/\/i0.wp.com\/federkielstickerei.it\/wp-content\/uploads\/2022\/04\/Hosenguertel-e1650454049963.png?resize=623%2C395&#038;ssl=1\" alt=\"Federkielgestickter Hoseng\u00fcrtel aus Leder\" class=\"wp-image-171 size-full\" srcset=\"https:\/\/i0.wp.com\/federkielstickerei.it\/wp-content\/uploads\/2022\/04\/Hosenguertel-e1650454049963.png?w=623&amp;ssl=1 623w, https:\/\/i0.wp.com\/federkielstickerei.it\/wp-content\/uploads\/2022\/04\/Hosenguertel-e1650454049963.png?resize=300%2C190&amp;ssl=1 300w, https:\/\/i0.wp.com\/federkielstickerei.it\/wp-content\/uploads\/2022\/04\/Hosenguertel-e1650454049963.png?resize=18%2C12&amp;ssl=1 18w\" sizes=\"(max-width: 623px) 100vw, 623px\" \/><\/figure><\/div>\n\n\n\n<div style=\"height:10px\" aria-hidden=\"true\" class=\"wp-block-spacer\"><\/div>\n\n\n\n<div class=\"wp-block-media-text alignwide has-background\" style=\"background-color:#ebebeb;grid-template-columns:30% auto\"><figure class=\"wp-block-media-text__media\"><img data-recalc-dims=\"1\" decoding=\"async\" width=\"500\" height=\"250\" data-attachment-id=\"191\" data-permalink=\"https:\/\/federkielstickerei.it\/it\/die-federkielstickerei\/extras-2\/\" data-orig-file=\"https:\/\/i0.wp.com\/federkielstickerei.it\/wp-content\/uploads\/2022\/04\/extras.png?fit=500%2C250&amp;ssl=1\" data-orig-size=\"500,250\" data-comments-opened=\"1\" data-image-meta=\"{&quot;aperture&quot;:&quot;0&quot;,&quot;credit&quot;:&quot;&quot;,&quot;camera&quot;:&quot;&quot;,&quot;caption&quot;:&quot;&quot;,&quot;created_timestamp&quot;:&quot;0&quot;,&quot;copyright&quot;:&quot;&quot;,&quot;focal_length&quot;:&quot;0&quot;,&quot;iso&quot;:&quot;0&quot;,&quot;shutter_speed&quot;:&quot;0&quot;,&quot;title&quot;:&quot;&quot;,&quot;orientation&quot;:&quot;0&quot;}\" data-image-title=\"extras\" data-image-description=\"\" data-image-caption=\"\" data-large-file=\"https:\/\/i0.wp.com\/federkielstickerei.it\/wp-content\/uploads\/2022\/04\/extras.png?fit=500%2C250&amp;ssl=1\" src=\"https:\/\/i0.wp.com\/federkielstickerei.it\/wp-content\/uploads\/2022\/04\/extras.png?resize=500%2C250&#038;ssl=1\" alt=\"Foto von kleinen M\u00fcnzbeuteln\" class=\"wp-image-191 size-full\" srcset=\"https:\/\/i0.wp.com\/federkielstickerei.it\/wp-content\/uploads\/2022\/04\/extras.png?w=500&amp;ssl=1 500w, https:\/\/i0.wp.com\/federkielstickerei.it\/wp-content\/uploads\/2022\/04\/extras.png?resize=300%2C150&amp;ssl=1 300w, https:\/\/i0.wp.com\/federkielstickerei.it\/wp-content\/uploads\/2022\/04\/extras.png?resize=18%2C9&amp;ssl=1 18w\" sizes=\"(max-width: 500px) 100vw, 500px\" \/><\/figure><div class=\"wp-block-media-text__content\">\n<p class=\"has-text-align-center has-ast-global-color-8-color has-text-color\">Portachiavi, portafogli da cameriere, album fotografici, piccole borse e molto altro!<\/p>\n\n\n\n<div class=\"wp-block-buttons is-content-justification-center is-layout-flex wp-container-core-buttons-is-layout-a89b3969 wp-block-buttons-is-layout-flex\">\n<div class=\"wp-block-button has-custom-width wp-block-button__width-75 is-style-outline is-style-outline--5\"><a class=\"wp-block-button__link has-ast-global-color-8-color has-ast-global-color-4-background-color has-text-color has-background wp-element-button\" href=\"https:\/\/federkielstickerei.it\/it\/extras\/\" style=\"border-radius:8px\">Altre cose<\/a><\/div>\n<\/div>\n<\/div><\/div>\n\n\n\n<div style=\"height:30px\" aria-hidden=\"true\" class=\"wp-block-spacer\"><\/div>\n\n\n\n<div style=\"height:50px\" aria-hidden=\"true\" class=\"wp-block-spacer\"><\/div>\n\n\n\n<div class=\"wp-block-columns is-layout-flex wp-container-core-columns-is-layout-28f84493 wp-block-columns-is-layout-flex\">\n<div class=\"wp-block-column is-layout-constrained wp-container-core-column-is-layout-f3c930de wp-block-column-is-layout-constrained\">\n<p class=\"has-text-align-center has-ast-global-color-5-color has-text-color\">Tutti gli articoli sono realizzati individualmente e accuratamente ricamati a mano!<\/p>\n\n\n\n<p class=\"has-text-align-center has-ast-global-color-5-color has-text-color\">Nella Federkielstickerei \u2013 Patzleiner Georg viene utilizzato solo cuoio di ottima qualit\u00e0. <br>Ci\u00f2 garantisce una lunga durata dei prodotti!<\/p>\n\n\n\n<p class=\"has-text-align-center has-ast-global-color-5-color has-text-color\">Non tutti i prodotti sono presentati su questo sito. Idee e colori possono essere combinati secondo i tuoi desideri!<\/p>\n<\/div>\n<\/div>\n<\/div><\/div>\n\n\n\n<div class=\"wp-block-media-text alignfull has-media-on-the-right is-stacked-on-mobile has-ast-global-color-6-background-color has-background\"><div class=\"wp-block-media-text__content\">\n<h2 class=\"wp-block-heading has-text-align-center\" id=\"georg-patzleiner\">Georg Patzleiner<\/h2>\n\n\n\n<p class=\"has-text-align-center\">Georg Patzleiner ha superato l'esame di maestro artigiano nel 1989 e da allora lavora come ricamatore  a Braies in Alto Adige.<\/p>\n\n\n\n<p class=\"has-text-align-center\">Dal 1994, anche la sorella Magdalena lavora nell' azienda.<\/p>\n<\/div><figure class=\"wp-block-media-text__media\"><img data-recalc-dims=\"1\" decoding=\"async\" width=\"800\" height=\"450\" data-attachment-id=\"164\" data-permalink=\"https:\/\/federkielstickerei.it\/it\/die-federkielstickerei\/portrait\/\" data-orig-file=\"https:\/\/i0.wp.com\/federkielstickerei.it\/wp-content\/uploads\/2022\/04\/portrait.jpg?fit=800%2C450&amp;ssl=1\" data-orig-size=\"800,450\" data-comments-opened=\"1\" data-image-meta=\"{&quot;aperture&quot;:&quot;0&quot;,&quot;credit&quot;:&quot;&quot;,&quot;camera&quot;:&quot;&quot;,&quot;caption&quot;:&quot;&quot;,&quot;created_timestamp&quot;:&quot;0&quot;,&quot;copyright&quot;:&quot;&quot;,&quot;focal_length&quot;:&quot;0&quot;,&quot;iso&quot;:&quot;0&quot;,&quot;shutter_speed&quot;:&quot;0&quot;,&quot;title&quot;:&quot;&quot;,&quot;orientation&quot;:&quot;0&quot;}\" data-image-title=\"portrait\" data-image-description=\"\" data-image-caption=\"\" data-large-file=\"https:\/\/i0.wp.com\/federkielstickerei.it\/wp-content\/uploads\/2022\/04\/portrait.jpg?fit=800%2C450&amp;ssl=1\" src=\"https:\/\/i0.wp.com\/federkielstickerei.it\/wp-content\/uploads\/2022\/04\/portrait.jpg?resize=800%2C450&#038;ssl=1\" alt=\"Portrait des Federkielstickers Patzleiner Georg\" class=\"wp-image-164 size-full\" srcset=\"https:\/\/i0.wp.com\/federkielstickerei.it\/wp-content\/uploads\/2022\/04\/portrait.jpg?w=800&amp;ssl=1 800w, https:\/\/i0.wp.com\/federkielstickerei.it\/wp-content\/uploads\/2022\/04\/portrait.jpg?resize=300%2C169&amp;ssl=1 300w, https:\/\/i0.wp.com\/federkielstickerei.it\/wp-content\/uploads\/2022\/04\/portrait.jpg?resize=768%2C432&amp;ssl=1 768w, https:\/\/i0.wp.com\/federkielstickerei.it\/wp-content\/uploads\/2022\/04\/portrait.jpg?resize=18%2C10&amp;ssl=1 18w\" sizes=\"(max-width: 800px) 100vw, 800px\" \/><\/figure><\/div>\n\n\n\n<div style=\"height:100px\" aria-hidden=\"true\" class=\"wp-block-spacer\"><\/div>\n\n\n\n<p class=\"has-text-align-center\"><strong>Hai gi\u00e0 idee, desideri o domande?<\/strong><\/p>\n\n\n\n<p class=\"has-text-align-center\">Per maggiori informazioni o un'offerta contattaci:<\/p>\n\n\n\n<div class=\"wp-block-buttons alignwide is-content-justification-center is-layout-flex wp-container-core-buttons-is-layout-a89b3969 wp-block-buttons-is-layout-flex\">\n<div class=\"wp-block-button has-custom-width wp-block-button__width-75 is-style-outline is-style-outline--6\"><a class=\"wp-block-button__link wp-element-button\" href=\"https:\/\/federkielstickerei.it\/it\/kontakt\/\" style=\"border-radius:15px\">Contatto<\/a><\/div>\n<\/div>\n\n\n\n<div style=\"height:100px\" aria-hidden=\"true\" class=\"wp-block-spacer\"><\/div>","protected":false},"excerpt":{"rendered":"<p>Georg Patzleiner Georg Patzleiner hat im Jahr 1989 die Meisterpr\u00fcfung abgelegt und arbeitet von da an als selbstst\u00e4ndiger Federkielsticker in Prags(S\u00fcdtirol). 1994 hat er seine Schwester Magdalena eingearbeitet, welche nun auch bei der Arbeit mitwirkt. Hast du bereits Ideen, W\u00fcnsche oder Fragen? F\u00fcr mehr Informationen oder ein Angebot kontaktiere uns:<\/p>","protected":false},"author":1,"featured_media":0,"parent":0,"menu_order":0,"comment_status":"closed","ping_status":"closed","template":"","meta":{"inline_featured_image":false,"site-sidebar-layout":"default","site-content-layout":"","ast-site-content-layout":"","site-content-style":"default","site-sidebar-style":"default","ast-global-header-display":"","ast-banner-title-visibility":"","ast-main-header-display":"","ast-hfb-above-header-display":"","ast-hfb-below-header-display":"","ast-hfb-mobile-header-display":"","site-post-title":"disabled","ast-breadcrumbs-content":"","ast-featured-img":"","footer-sml-layout":"","theme-transparent-header-meta":"","adv-header-id-meta":"","stick-header-meta":"","header-above-stick-meta":"","header-main-stick-meta":"","header-below-stick-meta":"","astra-migrate-meta-layouts":"","footnotes":""},"class_list":["post-5","page","type-page","status-publish","hentry"],"yoast_head":"<!-- This site is optimized with the Yoast SEO plugin v27.5 - https:\/\/yoast.com\/product\/yoast-seo-wordpress\/ -->\n<title>Federkielstickerei Georg Patzleiner - Prags in S\u00fcdtirol<\/title>\n<meta name=\"description\" content=\"Traditionelle Handarbeit aus S\u00fcdtirol. Entdecke die einzigartigen Produkte der Federkielstickerei Patzleiner Georg!\" \/>\n<meta name=\"robots\" content=\"index, follow, max-snippet:-1, max-image-preview:large, max-video-preview:-1\" \/>\n<link rel=\"canonical\" href=\"https:\/\/federkielstickerei.it\/it\/\" \/>\n<meta property=\"og:locale\" content=\"it_IT\" \/>\n<meta property=\"og:type\" content=\"article\" \/>\n<meta property=\"og:title\" content=\"Federkielstickerei Georg Patzleiner - Prags in S\u00fcdtirol\" \/>\n<meta property=\"og:description\" content=\"Traditionelle Handarbeit aus S\u00fcdtirol. Entdecke die einzigartigen Produkte der Federkielstickerei Patzleiner Georg!\" \/>\n<meta property=\"og:url\" content=\"https:\/\/federkielstickerei.it\/it\/\" \/>\n<meta property=\"og:site_name\" content=\"Federkielstickerei\" \/>\n<meta property=\"article:publisher\" content=\"https:\/\/www.facebook.com\/Federkielstickerei-Georg-Patzleiner-1465988923519411\/\" \/>\n<meta property=\"article:modified_time\" content=\"2023-05-30T09:16:02+00:00\" \/>\n<meta property=\"og:image\" content=\"https:\/\/federkielstickerei.it\/wp-content\/uploads\/2022\/04\/Gurte.png\" \/>\n<meta name=\"twitter:card\" content=\"summary_large_image\" \/>\n<meta name=\"twitter:label1\" content=\"Tempo di lettura stimato\" \/>\n\t<meta name=\"twitter:data1\" content=\"3 minuti\" \/>\n<script type=\"application\/ld+json\" class=\"yoast-schema-graph\">{\"@context\":\"https:\\\/\\\/schema.org\",\"@graph\":[{\"@type\":\"WebPage\",\"@id\":\"https:\\\/\\\/federkielstickerei.it\\\/\",\"url\":\"https:\\\/\\\/federkielstickerei.it\\\/\",\"name\":\"Federkielstickerei Georg Patzleiner - Prags in S\u00fcdtirol\",\"isPartOf\":{\"@id\":\"https:\\\/\\\/federkielstickerei.it\\\/#website\"},\"primaryImageOfPage\":{\"@id\":\"https:\\\/\\\/federkielstickerei.it\\\/#primaryimage\"},\"image\":{\"@id\":\"https:\\\/\\\/federkielstickerei.it\\\/#primaryimage\"},\"thumbnailUrl\":\"https:\\\/\\\/federkielstickerei.it\\\/wp-content\\\/uploads\\\/2022\\\/04\\\/Gurte.png\",\"datePublished\":\"2022-04-20T07:36:27+00:00\",\"dateModified\":\"2023-05-30T09:16:02+00:00\",\"description\":\"Traditionelle Handarbeit aus S\u00fcdtirol. Entdecke die einzigartigen Produkte der Federkielstickerei Patzleiner Georg!\",\"breadcrumb\":{\"@id\":\"https:\\\/\\\/federkielstickerei.it\\\/#breadcrumb\"},\"inLanguage\":\"it-IT\",\"potentialAction\":[{\"@type\":\"ReadAction\",\"target\":[\"https:\\\/\\\/federkielstickerei.it\\\/\"]}]},{\"@type\":\"ImageObject\",\"inLanguage\":\"it-IT\",\"@id\":\"https:\\\/\\\/federkielstickerei.it\\\/#primaryimage\",\"url\":\"https:\\\/\\\/federkielstickerei.it\\\/wp-content\\\/uploads\\\/2022\\\/04\\\/Gurte.png\",\"contentUrl\":\"https:\\\/\\\/federkielstickerei.it\\\/wp-content\\\/uploads\\\/2022\\\/04\\\/Gurte.png\"},{\"@type\":\"BreadcrumbList\",\"@id\":\"https:\\\/\\\/federkielstickerei.it\\\/#breadcrumb\",\"itemListElement\":[{\"@type\":\"ListItem\",\"position\":1,\"name\":\"Home\",\"item\":\"https:\\\/\\\/federkielstickerei.it\\\/\"},{\"@type\":\"ListItem\",\"position\":2,\"name\":\"Federkeisltickerei Patzleiner Georg\"}]},{\"@type\":\"WebSite\",\"@id\":\"https:\\\/\\\/federkielstickerei.it\\\/#website\",\"url\":\"https:\\\/\\\/federkielstickerei.it\\\/\",\"name\":\"Federkielstickerei\",\"description\":\"Patzleiner Georg - Prags\",\"publisher\":{\"@id\":\"https:\\\/\\\/federkielstickerei.it\\\/#organization\"},\"potentialAction\":[{\"@type\":\"SearchAction\",\"target\":{\"@type\":\"EntryPoint\",\"urlTemplate\":\"https:\\\/\\\/federkielstickerei.it\\\/?s={search_term_string}\"},\"query-input\":{\"@type\":\"PropertyValueSpecification\",\"valueRequired\":true,\"valueName\":\"search_term_string\"}}],\"inLanguage\":\"it-IT\"},{\"@type\":\"Organization\",\"@id\":\"https:\\\/\\\/federkielstickerei.it\\\/#organization\",\"name\":\"Federkielstickerei\",\"url\":\"https:\\\/\\\/federkielstickerei.it\\\/\",\"logo\":{\"@type\":\"ImageObject\",\"inLanguage\":\"it-IT\",\"@id\":\"https:\\\/\\\/federkielstickerei.it\\\/#\\\/schema\\\/logo\\\/image\\\/\",\"url\":\"https:\\\/\\\/federkielstickerei.it\\\/wp-content\\\/uploads\\\/2022\\\/04\\\/logo-1.svg\",\"contentUrl\":\"https:\\\/\\\/federkielstickerei.it\\\/wp-content\\\/uploads\\\/2022\\\/04\\\/logo-1.svg\",\"width\":210,\"height\":104,\"caption\":\"Federkielstickerei\"},\"image\":{\"@id\":\"https:\\\/\\\/federkielstickerei.it\\\/#\\\/schema\\\/logo\\\/image\\\/\"},\"sameAs\":[\"https:\\\/\\\/www.facebook.com\\\/Federkielstickerei-Georg-Patzleiner-1465988923519411\\\/\",\"https:\\\/\\\/www.instagram.com\\\/federkielstickerei_prags\\\/\"]}]}<\/script>\n<!-- \/ Yoast SEO plugin. -->","yoast_head_json":{"title":"Federkielstickerei Georg Patzleiner - Prags in S\u00fcdtirol","description":"Traditionelle Handarbeit aus S\u00fcdtirol. Entdecke die einzigartigen Produkte der Federkielstickerei Patzleiner Georg!","robots":{"index":"index","follow":"follow","max-snippet":"max-snippet:-1","max-image-preview":"max-image-preview:large","max-video-preview":"max-video-preview:-1"},"canonical":"https:\/\/federkielstickerei.it\/it\/","og_locale":"it_IT","og_type":"article","og_title":"Federkielstickerei Georg Patzleiner - Prags in S\u00fcdtirol","og_description":"Traditionelle Handarbeit aus S\u00fcdtirol. Entdecke die einzigartigen Produkte der Federkielstickerei Patzleiner Georg!","og_url":"https:\/\/federkielstickerei.it\/it\/","og_site_name":"Federkielstickerei","article_publisher":"https:\/\/www.facebook.com\/Federkielstickerei-Georg-Patzleiner-1465988923519411\/","article_modified_time":"2023-05-30T09:16:02+00:00","og_image":[{"url":"https:\/\/federkielstickerei.it\/wp-content\/uploads\/2022\/04\/Gurte.png","type":"","width":"","height":""}],"twitter_card":"summary_large_image","twitter_misc":{"Tempo di lettura stimato":"3 minuti"},"schema":{"@context":"https:\/\/schema.org","@graph":[{"@type":"WebPage","@id":"https:\/\/federkielstickerei.it\/","url":"https:\/\/federkielstickerei.it\/","name":"Federkielstickerei Georg Patzleiner - Prags in S\u00fcdtirol","isPartOf":{"@id":"https:\/\/federkielstickerei.it\/#website"},"primaryImageOfPage":{"@id":"https:\/\/federkielstickerei.it\/#primaryimage"},"image":{"@id":"https:\/\/federkielstickerei.it\/#primaryimage"},"thumbnailUrl":"https:\/\/federkielstickerei.it\/wp-content\/uploads\/2022\/04\/Gurte.png","datePublished":"2022-04-20T07:36:27+00:00","dateModified":"2023-05-30T09:16:02+00:00","description":"Traditionelle Handarbeit aus S\u00fcdtirol. Entdecke die einzigartigen Produkte der Federkielstickerei Patzleiner Georg!","breadcrumb":{"@id":"https:\/\/federkielstickerei.it\/#breadcrumb"},"inLanguage":"it-IT","potentialAction":[{"@type":"ReadAction","target":["https:\/\/federkielstickerei.it\/"]}]},{"@type":"ImageObject","inLanguage":"it-IT","@id":"https:\/\/federkielstickerei.it\/#primaryimage","url":"https:\/\/federkielstickerei.it\/wp-content\/uploads\/2022\/04\/Gurte.png","contentUrl":"https:\/\/federkielstickerei.it\/wp-content\/uploads\/2022\/04\/Gurte.png"},{"@type":"BreadcrumbList","@id":"https:\/\/federkielstickerei.it\/#breadcrumb","itemListElement":[{"@type":"ListItem","position":1,"name":"Home","item":"https:\/\/federkielstickerei.it\/"},{"@type":"ListItem","position":2,"name":"Federkeisltickerei Patzleiner Georg"}]},{"@type":"WebSite","@id":"https:\/\/federkielstickerei.it\/#website","url":"https:\/\/federkielstickerei.it\/","name":"Federkielstickerei","description":"Patzleiner Georg - Prags","publisher":{"@id":"https:\/\/federkielstickerei.it\/#organization"},"potentialAction":[{"@type":"SearchAction","target":{"@type":"EntryPoint","urlTemplate":"https:\/\/federkielstickerei.it\/?s={search_term_string}"},"query-input":{"@type":"PropertyValueSpecification","valueRequired":true,"valueName":"search_term_string"}}],"inLanguage":"it-IT"},{"@type":"Organization","@id":"https:\/\/federkielstickerei.it\/#organization","name":"Federkielstickerei","url":"https:\/\/federkielstickerei.it\/","logo":{"@type":"ImageObject","inLanguage":"it-IT","@id":"https:\/\/federkielstickerei.it\/#\/schema\/logo\/image\/","url":"https:\/\/federkielstickerei.it\/wp-content\/uploads\/2022\/04\/logo-1.svg","contentUrl":"https:\/\/federkielstickerei.it\/wp-content\/uploads\/2022\/04\/logo-1.svg","width":210,"height":104,"caption":"Federkielstickerei"},"image":{"@id":"https:\/\/federkielstickerei.it\/#\/schema\/logo\/image\/"},"sameAs":["https:\/\/www.facebook.com\/Federkielstickerei-Georg-Patzleiner-1465988923519411\/","https:\/\/www.instagram.com\/federkielstickerei_prags\/"]}]}},"jetpack_sharing_enabled":true,"_links":{"self":[{"href":"https:\/\/federkielstickerei.it\/it\/wp-json\/wp\/v2\/pages\/5","targetHints":{"allow":["GET"]}}],"collection":[{"href":"https:\/\/federkielstickerei.it\/it\/wp-json\/wp\/v2\/pages"}],"about":[{"href":"https:\/\/federkielstickerei.it\/it\/wp-json\/wp\/v2\/types\/page"}],"author":[{"embeddable":true,"href":"https:\/\/federkielstickerei.it\/it\/wp-json\/wp\/v2\/users\/1"}],"replies":[{"embeddable":true,"href":"https:\/\/federkielstickerei.it\/it\/wp-json\/wp\/v2\/comments?post=5"}],"version-history":[{"count":4,"href":"https:\/\/federkielstickerei.it\/it\/wp-json\/wp\/v2\/pages\/5\/revisions"}],"predecessor-version":[{"id":1110,"href":"https:\/\/federkielstickerei.it\/it\/wp-json\/wp\/v2\/pages\/5\/revisions\/1110"}],"wp:attachment":[{"href":"https:\/\/federkielstickerei.it\/it\/wp-json\/wp\/v2\/media?parent=5"}],"curies":[{"name":"wp","href":"https:\/\/api.w.org\/{rel}","templated":true}]}}