{"id":9,"date":"2022-04-20T09:37:41","date_gmt":"2022-04-20T07:37:41","guid":{"rendered":"https:\/\/federkielstickerei.it\/?page_id=9"},"modified":"2026-02-04T08:57:57","modified_gmt":"2026-02-04T07:57:57","slug":"brieftasche","status":"publish","type":"page","link":"https:\/\/federkielstickerei.it\/it\/brieftasche\/","title":{"rendered":"Portafogli"},"content":{"rendered":"<div class=\"wp-block-cover alignfull has-parallax has-custom-content-position is-position-bottom-center\" style=\"min-height:50vh;aspect-ratio:unset;\"><div class=\"wp-block-cover__image-background wp-image-294 has-parallax\" style=\"background-position:50% 50%;background-image:url(https:\/\/federkielstickerei.it\/wp-content\/uploads\/2022\/04\/Brieftaschen_tiny-e1650527488599.png)\"><\/div><span aria-hidden=\"true\" class=\"wp-block-cover__background has-ast-global-color-8-background-color has-background-dim-70 has-background-dim\"><\/span><div class=\"wp-block-cover__inner-container is-layout-flow wp-block-cover-is-layout-flow\">\n<div style=\"height:87px\" aria-hidden=\"true\" class=\"wp-block-spacer\"><\/div>\n\n\n\n<h2 class=\"wp-block-heading has-text-align-center\" id=\"kontakt\" style=\"font-size:45px\">Brieftasche<\/h2>\n<\/div><\/div>\n\n\n\n<div style=\"height:30px\" aria-hidden=\"true\" class=\"wp-block-spacer\"><\/div>\n\n\n\n<div class=\"wp-block-columns is-layout-flex wp-container-core-columns-is-layout-28f84493 wp-block-columns-is-layout-flex\">\n<div class=\"wp-block-column is-layout-constrained wp-container-core-column-is-layout-2db066cb wp-block-column-is-layout-constrained\">\n<p class=\"has-text-align-center\"> Una borsa unica che viene personalizzata secondo le tue idee.<\/p>\n\n\n\n<p class=\"has-text-align-center\"><strong>Realizzato esclusivamente in vera pelle di alta qualit\u00e0 e prodotto al 100% nel nostro laboratorio.<\/strong><\/p>\n\n\n\n<p class=\"has-text-align-center\">I portafogli sono disponibili nei seguenti colori: <\/p>\n<\/div>\n<\/div>\n\n\n\n<div class=\"wp-block-columns are-vertically-aligned-center is-layout-flex wp-container-core-columns-is-layout-28f84493 wp-block-columns-is-layout-flex\">\n<div class=\"wp-block-column is-vertically-aligned-center is-layout-flow wp-block-column-is-layout-flow\">\n<div class=\"wp-block-columns alignfull are-vertically-aligned-center is-not-stacked-on-mobile is-layout-flex wp-container-core-columns-is-layout-28f84493 wp-block-columns-is-layout-flex\">\n<div class=\"wp-block-column is-vertically-aligned-center is-layout-flow wp-block-column-is-layout-flow\">\n<figure class=\"wp-block-image aligncenter size-full\"><img data-recalc-dims=\"1\" decoding=\"async\" width=\"800\" height=\"677\" data-attachment-id=\"481\" data-permalink=\"https:\/\/federkielstickerei.it\/it\/brieftasche\/schwarz\/\" data-orig-file=\"https:\/\/i0.wp.com\/federkielstickerei.it\/wp-content\/uploads\/2022\/04\/schwarz.png?fit=800%2C677&amp;ssl=1\" data-orig-size=\"800,677\" data-comments-opened=\"1\" data-image-meta=\"{&quot;aperture&quot;:&quot;0&quot;,&quot;credit&quot;:&quot;&quot;,&quot;camera&quot;:&quot;&quot;,&quot;caption&quot;:&quot;&quot;,&quot;created_timestamp&quot;:&quot;0&quot;,&quot;copyright&quot;:&quot;&quot;,&quot;focal_length&quot;:&quot;0&quot;,&quot;iso&quot;:&quot;0&quot;,&quot;shutter_speed&quot;:&quot;0&quot;,&quot;title&quot;:&quot;&quot;,&quot;orientation&quot;:&quot;0&quot;}\" data-image-title=\"schwarz\" data-image-description=\"\" data-image-caption=\"\" data-large-file=\"https:\/\/i0.wp.com\/federkielstickerei.it\/wp-content\/uploads\/2022\/04\/schwarz.png?fit=800%2C677&amp;ssl=1\" src=\"https:\/\/i0.wp.com\/federkielstickerei.it\/wp-content\/uploads\/2022\/04\/schwarz.png?resize=800%2C677&#038;ssl=1\" alt=\"Brieftasche schwarz mit Auto\" class=\"wp-image-481\" srcset=\"https:\/\/i0.wp.com\/federkielstickerei.it\/wp-content\/uploads\/2022\/04\/schwarz.png?w=800&amp;ssl=1 800w, https:\/\/i0.wp.com\/federkielstickerei.it\/wp-content\/uploads\/2022\/04\/schwarz.png?resize=300%2C254&amp;ssl=1 300w, https:\/\/i0.wp.com\/federkielstickerei.it\/wp-content\/uploads\/2022\/04\/schwarz.png?resize=768%2C650&amp;ssl=1 768w, https:\/\/i0.wp.com\/federkielstickerei.it\/wp-content\/uploads\/2022\/04\/schwarz.png?resize=14%2C12&amp;ssl=1 14w\" sizes=\"(max-width: 800px) 100vw, 800px\" \/><figcaption class=\"wp-element-caption\"><strong>nero<\/strong><\/figcaption><\/figure>\n<\/div>\n\n\n\n<div class=\"wp-block-column is-vertically-aligned-center is-layout-flow wp-block-column-is-layout-flow\">\n<figure class=\"wp-block-image aligncenter size-full is-resized\"><img data-recalc-dims=\"1\" decoding=\"async\" width=\"802\" height=\"677\" data-attachment-id=\"483\" data-permalink=\"https:\/\/federkielstickerei.it\/it\/brieftasche\/dunkelbraun-2\/\" data-orig-file=\"https:\/\/i0.wp.com\/federkielstickerei.it\/wp-content\/uploads\/2022\/04\/dunkelbraun-2.png?fit=802%2C677&amp;ssl=1\" data-orig-size=\"802,677\" data-comments-opened=\"1\" data-image-meta=\"{&quot;aperture&quot;:&quot;0&quot;,&quot;credit&quot;:&quot;&quot;,&quot;camera&quot;:&quot;&quot;,&quot;caption&quot;:&quot;&quot;,&quot;created_timestamp&quot;:&quot;0&quot;,&quot;copyright&quot;:&quot;&quot;,&quot;focal_length&quot;:&quot;0&quot;,&quot;iso&quot;:&quot;0&quot;,&quot;shutter_speed&quot;:&quot;0&quot;,&quot;title&quot;:&quot;&quot;,&quot;orientation&quot;:&quot;0&quot;}\" data-image-title=\"dunkelbraun (2)\" data-image-description=\"\" data-image-caption=\"\" data-large-file=\"https:\/\/i0.wp.com\/federkielstickerei.it\/wp-content\/uploads\/2022\/04\/dunkelbraun-2.png?fit=802%2C677&amp;ssl=1\" src=\"https:\/\/i0.wp.com\/federkielstickerei.it\/wp-content\/uploads\/2022\/04\/dunkelbraun-2.png?resize=802%2C677&#038;ssl=1\" alt=\"dunkelbraun Name Ernst\" class=\"wp-image-483\" style=\"width:204px;height:172px\" srcset=\"https:\/\/i0.wp.com\/federkielstickerei.it\/wp-content\/uploads\/2022\/04\/dunkelbraun-2.png?w=802&amp;ssl=1 802w, https:\/\/i0.wp.com\/federkielstickerei.it\/wp-content\/uploads\/2022\/04\/dunkelbraun-2.png?resize=300%2C253&amp;ssl=1 300w, https:\/\/i0.wp.com\/federkielstickerei.it\/wp-content\/uploads\/2022\/04\/dunkelbraun-2.png?resize=768%2C648&amp;ssl=1 768w, https:\/\/i0.wp.com\/federkielstickerei.it\/wp-content\/uploads\/2022\/04\/dunkelbraun-2.png?resize=14%2C12&amp;ssl=1 14w\" sizes=\"(max-width: 802px) 100vw, 802px\" \/><figcaption class=\"wp-element-caption\"><strong>marrone scuro<\/strong><\/figcaption><\/figure>\n<\/div>\n<\/div>\n<\/div>\n\n\n\n<div class=\"wp-block-column is-vertically-aligned-center is-layout-flow wp-block-column-is-layout-flow\">\n<div class=\"wp-block-columns alignfull are-vertically-aligned-center is-not-stacked-on-mobile is-layout-flex wp-container-core-columns-is-layout-28f84493 wp-block-columns-is-layout-flex\">\n<div class=\"wp-block-column is-vertically-aligned-center is-layout-flow wp-block-column-is-layout-flow\">\n<figure class=\"wp-block-image aligncenter size-full\"><img data-recalc-dims=\"1\" decoding=\"async\" width=\"802\" height=\"677\" data-attachment-id=\"479\" data-permalink=\"https:\/\/federkielstickerei.it\/it\/brieftasche\/mittelbraun\/\" data-orig-file=\"https:\/\/i0.wp.com\/federkielstickerei.it\/wp-content\/uploads\/2022\/04\/mittelbraun.png?fit=802%2C677&amp;ssl=1\" data-orig-size=\"802,677\" data-comments-opened=\"1\" data-image-meta=\"{&quot;aperture&quot;:&quot;0&quot;,&quot;credit&quot;:&quot;&quot;,&quot;camera&quot;:&quot;&quot;,&quot;caption&quot;:&quot;&quot;,&quot;created_timestamp&quot;:&quot;0&quot;,&quot;copyright&quot;:&quot;&quot;,&quot;focal_length&quot;:&quot;0&quot;,&quot;iso&quot;:&quot;0&quot;,&quot;shutter_speed&quot;:&quot;0&quot;,&quot;title&quot;:&quot;&quot;,&quot;orientation&quot;:&quot;0&quot;}\" data-image-title=\"mittelbraun\" data-image-description=\"\" data-image-caption=\"\" data-large-file=\"https:\/\/i0.wp.com\/federkielstickerei.it\/wp-content\/uploads\/2022\/04\/mittelbraun.png?fit=802%2C677&amp;ssl=1\" src=\"https:\/\/i0.wp.com\/federkielstickerei.it\/wp-content\/uploads\/2022\/04\/mittelbraun.png?resize=802%2C677&#038;ssl=1\" alt=\"\" class=\"wp-image-479\" srcset=\"https:\/\/i0.wp.com\/federkielstickerei.it\/wp-content\/uploads\/2022\/04\/mittelbraun.png?w=802&amp;ssl=1 802w, https:\/\/i0.wp.com\/federkielstickerei.it\/wp-content\/uploads\/2022\/04\/mittelbraun.png?resize=300%2C253&amp;ssl=1 300w, https:\/\/i0.wp.com\/federkielstickerei.it\/wp-content\/uploads\/2022\/04\/mittelbraun.png?resize=768%2C648&amp;ssl=1 768w, https:\/\/i0.wp.com\/federkielstickerei.it\/wp-content\/uploads\/2022\/04\/mittelbraun.png?resize=14%2C12&amp;ssl=1 14w\" sizes=\"(max-width: 802px) 100vw, 802px\" \/><figcaption class=\"wp-element-caption\"><strong>marrone<\/strong><\/figcaption><\/figure>\n<\/div>\n\n\n\n<div class=\"wp-block-column is-vertically-aligned-center is-layout-flow wp-block-column-is-layout-flow\">\n<figure class=\"wp-block-image aligncenter size-full\"><img data-recalc-dims=\"1\" decoding=\"async\" width=\"800\" height=\"677\" data-attachment-id=\"480\" data-permalink=\"https:\/\/federkielstickerei.it\/it\/brieftasche\/hellbraun-2\/\" data-orig-file=\"https:\/\/i0.wp.com\/federkielstickerei.it\/wp-content\/uploads\/2022\/04\/hellbraun-1.png?fit=800%2C677&amp;ssl=1\" data-orig-size=\"800,677\" data-comments-opened=\"1\" data-image-meta=\"{&quot;aperture&quot;:&quot;0&quot;,&quot;credit&quot;:&quot;&quot;,&quot;camera&quot;:&quot;&quot;,&quot;caption&quot;:&quot;&quot;,&quot;created_timestamp&quot;:&quot;0&quot;,&quot;copyright&quot;:&quot;&quot;,&quot;focal_length&quot;:&quot;0&quot;,&quot;iso&quot;:&quot;0&quot;,&quot;shutter_speed&quot;:&quot;0&quot;,&quot;title&quot;:&quot;&quot;,&quot;orientation&quot;:&quot;0&quot;}\" data-image-title=\"hellbraun\" data-image-description=\"\" data-image-caption=\"\" data-large-file=\"https:\/\/i0.wp.com\/federkielstickerei.it\/wp-content\/uploads\/2022\/04\/hellbraun-1.png?fit=800%2C677&amp;ssl=1\" src=\"https:\/\/i0.wp.com\/federkielstickerei.it\/wp-content\/uploads\/2022\/04\/hellbraun-1.png?resize=800%2C677&#038;ssl=1\" alt=\"\" class=\"wp-image-480\" srcset=\"https:\/\/i0.wp.com\/federkielstickerei.it\/wp-content\/uploads\/2022\/04\/hellbraun-1.png?w=800&amp;ssl=1 800w, https:\/\/i0.wp.com\/federkielstickerei.it\/wp-content\/uploads\/2022\/04\/hellbraun-1.png?resize=300%2C254&amp;ssl=1 300w, https:\/\/i0.wp.com\/federkielstickerei.it\/wp-content\/uploads\/2022\/04\/hellbraun-1.png?resize=768%2C650&amp;ssl=1 768w, https:\/\/i0.wp.com\/federkielstickerei.it\/wp-content\/uploads\/2022\/04\/hellbraun-1.png?resize=14%2C12&amp;ssl=1 14w\" sizes=\"(max-width: 800px) 100vw, 800px\" \/><figcaption class=\"wp-element-caption\"><strong>marrone chiaro<\/strong><\/figcaption><\/figure>\n<\/div>\n<\/div>\n<\/div>\n<\/div>\n\n\n\n<p class=\"has-text-align-center\">Altri colori sono <strong>blu scuro, rosso, verde<\/strong> e <strong>grigio<\/strong>. <br><a href=\"https:\/\/federkielstickerei.it\/it\/kontakt\/\">Contattaci<\/a> per maggiori informazioni sui colori!<\/p>\n\n\n\n<div style=\"height:30px\" aria-hidden=\"true\" class=\"wp-block-spacer\"><\/div>\n\n\n\n<div class=\"wp-block-cover alignfull\" style=\"min-height:100vh;aspect-ratio:unset;\"><span aria-hidden=\"true\" class=\"wp-block-cover__background has-ast-global-color-6-background-color has-background-dim\"><\/span><div class=\"wp-block-cover__inner-container is-layout-flow wp-block-cover-is-layout-flow\">\n<h2 class=\"wp-block-heading has-text-align-center has-ast-global-color-8-color has-text-color\">Caratteristiche del portafoglio<\/h2>\n\n\n\n<div class=\"wp-block-media-text alignwide has-media-on-the-right is-stacked-on-mobile\"><div class=\"wp-block-media-text__content\">\n<p class=\"has-text-align-center has-ast-global-color-8-color has-text-color\">Die Brieftasche ist mit folgenden<strong> F\u00e4chern<\/strong> ausgestattet:<\/p>\n\n\n\n<ol class=\"wp-block-list\">\n<li><\/li>\n<\/ol>\n\n\n\n<p class=\"has-text-align-center has-ast-global-color-8-color has-text-color\">&#8211; <strong>Scomparto per banconote con 2 suddivisioni<\/strong><br> &#8211; <strong>4 Kreditkartenf\u00e4cher <\/strong><br>&#8211; <span style=\"font-weight: 600;\">M\u00fcnz-Fach mit Druckknopf<\/span><br>(pro Fach haben mehrere Karten Platz)<br> &#8211; <strong>Scomparto pi\u00f9 grande dietro le carte di credito<\/strong><\/p>\n\n\n\n<p class=\"has-text-align-center has-ast-global-color-8-color has-text-color\">Abmessungen der Brieftasche: 13cm breit x 10cm hoch<\/p>\n<\/div><figure class=\"wp-block-media-text__media\"><img data-recalc-dims=\"1\" decoding=\"async\" width=\"892\" height=\"700\" data-attachment-id=\"320\" data-permalink=\"https:\/\/federkielstickerei.it\/it\/brieftasche\/schwrz_innen_t\/\" data-orig-file=\"https:\/\/i0.wp.com\/federkielstickerei.it\/wp-content\/uploads\/2022\/04\/schwrz_innen_t.png?fit=892%2C700&amp;ssl=1\" data-orig-size=\"892,700\" data-comments-opened=\"1\" data-image-meta=\"{&quot;aperture&quot;:&quot;0&quot;,&quot;credit&quot;:&quot;&quot;,&quot;camera&quot;:&quot;&quot;,&quot;caption&quot;:&quot;&quot;,&quot;created_timestamp&quot;:&quot;0&quot;,&quot;copyright&quot;:&quot;&quot;,&quot;focal_length&quot;:&quot;0&quot;,&quot;iso&quot;:&quot;0&quot;,&quot;shutter_speed&quot;:&quot;0&quot;,&quot;title&quot;:&quot;&quot;,&quot;orientation&quot;:&quot;0&quot;}\" data-image-title=\"schwrz_innen_t\" data-image-description=\"\" data-image-caption=\"\" data-large-file=\"https:\/\/i0.wp.com\/federkielstickerei.it\/wp-content\/uploads\/2022\/04\/schwrz_innen_t.png?fit=892%2C700&amp;ssl=1\" src=\"https:\/\/i0.wp.com\/federkielstickerei.it\/wp-content\/uploads\/2022\/04\/schwrz_innen_t.png?resize=892%2C700&#038;ssl=1\" alt=\"\" class=\"wp-image-320 size-full\" srcset=\"https:\/\/i0.wp.com\/federkielstickerei.it\/wp-content\/uploads\/2022\/04\/schwrz_innen_t.png?w=892&amp;ssl=1 892w, https:\/\/i0.wp.com\/federkielstickerei.it\/wp-content\/uploads\/2022\/04\/schwrz_innen_t.png?resize=300%2C235&amp;ssl=1 300w, https:\/\/i0.wp.com\/federkielstickerei.it\/wp-content\/uploads\/2022\/04\/schwrz_innen_t.png?resize=768%2C603&amp;ssl=1 768w, https:\/\/i0.wp.com\/federkielstickerei.it\/wp-content\/uploads\/2022\/04\/schwrz_innen_t.png?resize=15%2C12&amp;ssl=1 15w\" sizes=\"(max-width: 892px) 100vw, 892px\" \/><\/figure><\/div>\n\n\n\n<div class=\"wp-block-columns is-layout-flex wp-container-core-columns-is-layout-28f84493 wp-block-columns-is-layout-flex\">\n<div class=\"wp-block-column is-layout-constrained wp-container-core-column-is-layout-f3c930de wp-block-column-is-layout-constrained\">\n<div style=\"height:50px\" aria-hidden=\"true\" class=\"wp-block-spacer\"><\/div>\n\n\n\n<p class=\"has-text-align-center has-ast-global-color-8-color has-text-color\">Die Stickerei auf dem Geldbeutel wird an dich angepasst!<br>Dicci cosa vuoi e noi faremo un disegno. Per esempio. il tuo nome e un simbolo o uno stemma, uno sport, un hobby, un animale ecc\u2026 .<br>Il tempo di produzione di un portafoglio ricamato \u00e8 di ca. <strong>3 settimane<\/strong>. Se necessario, \u00e8 possibile anche un tempo di attesa pi\u00f9 breve, ma previo accordo.<\/p>\n<\/div>\n<\/div>\n<\/div><\/div>\n\n\n\n<div class=\"wp-block-cover alignfull is-light has-parallax\" style=\"min-height:30vh;aspect-ratio:unset;\"><div class=\"wp-block-cover__image-background wp-image-324 has-parallax\" style=\"background-position:50% 50%;background-image:url(https:\/\/federkielstickerei.it\/wp-content\/uploads\/2022\/04\/schon-1.png)\"><\/div><span aria-hidden=\"true\" class=\"wp-block-cover__background has-ast-global-color-6-background-color has-background-dim\"><\/span><div class=\"wp-block-cover__inner-container is-layout-flow wp-block-cover-is-layout-flow\">\n<p class=\"has-text-align-center has-large-font-size\"><\/p>\n<\/div><\/div>\n\n\n\n<div style=\"height:50px\" aria-hidden=\"true\" class=\"wp-block-spacer\"><\/div>\n\n\n\n<h2 class=\"wp-block-heading has-text-align-center\">I nostri portafogli<\/h2>\n\n\n\n<div class=\"wp-block-columns is-layout-flex wp-container-core-columns-is-layout-28f84493 wp-block-columns-is-layout-flex\">\n<div class=\"wp-block-column is-layout-constrained wp-container-core-column-is-layout-2db066cb wp-block-column-is-layout-constrained\">\n<p class=\"has-text-align-center\">Una piccola collezione di portafogli gi\u00e0 realizzati.<\/p>\n\n\n\n<p class=\"has-text-align-center\">Queste sono solo idee e naturalmente sono possibili anche altri motivi!<\/p>\n<\/div>\n<\/div>\n\n\n\n<div style=\"height:30px\" aria-hidden=\"true\" class=\"wp-block-spacer\"><\/div>\n\n\n\n<figure class=\"wp-block-gallery alignwide has-nested-images columns-default is-cropped wp-block-gallery-1 is-layout-flex wp-block-gallery-is-layout-flex\">\n<figure class=\"wp-block-image size-large\"><a href=\"https:\/\/federkielstickerei.it\/it\/brieftasche\/1-3\/\"><img data-recalc-dims=\"1\" decoding=\"async\" width=\"1024\" height=\"768\" data-attachment-id=\"1058\" data-permalink=\"https:\/\/federkielstickerei.it\/it\/brieftasche\/1-3\/\" data-orig-file=\"https:\/\/i0.wp.com\/federkielstickerei.it\/wp-content\/uploads\/2023\/03\/1.jpg?fit=1200%2C900&amp;ssl=1\" data-orig-size=\"1200,900\" data-comments-opened=\"1\" data-image-meta=\"{&quot;aperture&quot;:&quot;0&quot;,&quot;credit&quot;:&quot;&quot;,&quot;camera&quot;:&quot;&quot;,&quot;caption&quot;:&quot;&quot;,&quot;created_timestamp&quot;:&quot;0&quot;,&quot;copyright&quot;:&quot;&quot;,&quot;focal_length&quot;:&quot;0&quot;,&quot;iso&quot;:&quot;0&quot;,&quot;shutter_speed&quot;:&quot;0&quot;,&quot;title&quot;:&quot;&quot;,&quot;orientation&quot;:&quot;0&quot;}\" data-image-title=\"1\" data-image-description=\"\" data-image-caption=\"&lt;p&gt;1 &amp;#8211; Name mit Blume &amp;#8211; 185\u20ac&lt;\/p&gt;\" data-large-file=\"https:\/\/i0.wp.com\/federkielstickerei.it\/wp-content\/uploads\/2023\/03\/1.jpg?fit=1024%2C768&amp;ssl=1\" data-id=\"1058\" src=\"https:\/\/i0.wp.com\/federkielstickerei.it\/wp-content\/uploads\/2023\/03\/1.jpg?resize=1024%2C768&#038;ssl=1\" alt=\"\" class=\"wp-image-1058\" srcset=\"https:\/\/i0.wp.com\/federkielstickerei.it\/wp-content\/uploads\/2023\/03\/1.jpg?resize=1024%2C768&amp;ssl=1 1024w, https:\/\/i0.wp.com\/federkielstickerei.it\/wp-content\/uploads\/2023\/03\/1.jpg?resize=300%2C225&amp;ssl=1 300w, https:\/\/i0.wp.com\/federkielstickerei.it\/wp-content\/uploads\/2023\/03\/1.jpg?resize=768%2C576&amp;ssl=1 768w, https:\/\/i0.wp.com\/federkielstickerei.it\/wp-content\/uploads\/2023\/03\/1.jpg?resize=16%2C12&amp;ssl=1 16w, https:\/\/i0.wp.com\/federkielstickerei.it\/wp-content\/uploads\/2023\/03\/1.jpg?w=1200&amp;ssl=1 1200w\" sizes=\"(max-width: 1000px) 100vw, 1000px\" \/><\/a><figcaption class=\"wp-element-caption\">1 &#8211; Name mit Blume &#8211; 190\u20ac<\/figcaption><\/figure>\n\n\n\n<figure class=\"wp-block-image size-full\"><a href=\"https:\/\/federkielstickerei.it\/it\/brieftasche\/2-2\/\"><img data-recalc-dims=\"1\" decoding=\"async\" width=\"1200\" height=\"900\" data-attachment-id=\"1004\" data-permalink=\"https:\/\/federkielstickerei.it\/it\/brieftasche\/2-2\/\" data-orig-file=\"https:\/\/i0.wp.com\/federkielstickerei.it\/wp-content\/uploads\/2023\/03\/2.jpg?fit=1200%2C900&amp;ssl=1\" data-orig-size=\"1200,900\" data-comments-opened=\"1\" data-image-meta=\"{&quot;aperture&quot;:&quot;0&quot;,&quot;credit&quot;:&quot;&quot;,&quot;camera&quot;:&quot;&quot;,&quot;caption&quot;:&quot;&quot;,&quot;created_timestamp&quot;:&quot;0&quot;,&quot;copyright&quot;:&quot;&quot;,&quot;focal_length&quot;:&quot;0&quot;,&quot;iso&quot;:&quot;0&quot;,&quot;shutter_speed&quot;:&quot;0&quot;,&quot;title&quot;:&quot;&quot;,&quot;orientation&quot;:&quot;0&quot;}\" data-image-title=\"2\" data-image-description=\"\" data-image-caption=\"&lt;p&gt;2 &amp;#8211; Name mit Schlinge &amp;#8211; 180\u20ac&lt;\/p&gt;\" data-large-file=\"https:\/\/i0.wp.com\/federkielstickerei.it\/wp-content\/uploads\/2023\/03\/2.jpg?fit=1024%2C768&amp;ssl=1\" data-id=\"1004\" src=\"https:\/\/i0.wp.com\/federkielstickerei.it\/wp-content\/uploads\/2023\/03\/2.jpg?resize=1200%2C900&#038;ssl=1\" alt=\"Brieftasche mit Federkielgesticktem Name\" class=\"wp-image-1004\" srcset=\"https:\/\/i0.wp.com\/federkielstickerei.it\/wp-content\/uploads\/2023\/03\/2.jpg?w=1200&amp;ssl=1 1200w, https:\/\/i0.wp.com\/federkielstickerei.it\/wp-content\/uploads\/2023\/03\/2.jpg?resize=300%2C225&amp;ssl=1 300w, https:\/\/i0.wp.com\/federkielstickerei.it\/wp-content\/uploads\/2023\/03\/2.jpg?resize=1024%2C768&amp;ssl=1 1024w, https:\/\/i0.wp.com\/federkielstickerei.it\/wp-content\/uploads\/2023\/03\/2.jpg?resize=768%2C576&amp;ssl=1 768w, https:\/\/i0.wp.com\/federkielstickerei.it\/wp-content\/uploads\/2023\/03\/2.jpg?resize=16%2C12&amp;ssl=1 16w\" sizes=\"(max-width: 1000px) 100vw, 1000px\" \/><\/a><figcaption class=\"wp-element-caption\">2 &#8211; Name mit Schlinge &#8211; 190\u20ac<\/figcaption><\/figure>\n\n\n\n<figure class=\"wp-block-image size-full\"><a href=\"https:\/\/federkielstickerei.it\/it\/brieftasche\/3-2\/\"><img data-recalc-dims=\"1\" decoding=\"async\" width=\"1200\" height=\"900\" data-attachment-id=\"1005\" data-permalink=\"https:\/\/federkielstickerei.it\/it\/brieftasche\/3-2\/\" data-orig-file=\"https:\/\/i0.wp.com\/federkielstickerei.it\/wp-content\/uploads\/2023\/03\/3.jpg?fit=1200%2C900&amp;ssl=1\" data-orig-size=\"1200,900\" data-comments-opened=\"1\" data-image-meta=\"{&quot;aperture&quot;:&quot;0&quot;,&quot;credit&quot;:&quot;&quot;,&quot;camera&quot;:&quot;&quot;,&quot;caption&quot;:&quot;&quot;,&quot;created_timestamp&quot;:&quot;0&quot;,&quot;copyright&quot;:&quot;&quot;,&quot;focal_length&quot;:&quot;0&quot;,&quot;iso&quot;:&quot;0&quot;,&quot;shutter_speed&quot;:&quot;0&quot;,&quot;title&quot;:&quot;&quot;,&quot;orientation&quot;:&quot;0&quot;}\" data-image-title=\"3\" data-image-description=\"\" data-image-caption=\"&lt;p&gt;3 &amp;#8211; Name mit Edelweiss &amp;#8211; 185\u20ac&lt;\/p&gt;\" data-large-file=\"https:\/\/i0.wp.com\/federkielstickerei.it\/wp-content\/uploads\/2023\/03\/3.jpg?fit=1024%2C768&amp;ssl=1\" data-id=\"1005\" src=\"https:\/\/i0.wp.com\/federkielstickerei.it\/wp-content\/uploads\/2023\/03\/3.jpg?resize=1200%2C900&#038;ssl=1\" alt=\"\" class=\"wp-image-1005\" srcset=\"https:\/\/i0.wp.com\/federkielstickerei.it\/wp-content\/uploads\/2023\/03\/3.jpg?w=1200&amp;ssl=1 1200w, https:\/\/i0.wp.com\/federkielstickerei.it\/wp-content\/uploads\/2023\/03\/3.jpg?resize=300%2C225&amp;ssl=1 300w, https:\/\/i0.wp.com\/federkielstickerei.it\/wp-content\/uploads\/2023\/03\/3.jpg?resize=1024%2C768&amp;ssl=1 1024w, https:\/\/i0.wp.com\/federkielstickerei.it\/wp-content\/uploads\/2023\/03\/3.jpg?resize=768%2C576&amp;ssl=1 768w, https:\/\/i0.wp.com\/federkielstickerei.it\/wp-content\/uploads\/2023\/03\/3.jpg?resize=16%2C12&amp;ssl=1 16w\" sizes=\"(max-width: 1000px) 100vw, 1000px\" \/><\/a><figcaption class=\"wp-element-caption\">3 &#8211; Name mit Edelweiss &#8211; 195\u20ac<\/figcaption><\/figure>\n\n\n\n<figure class=\"wp-block-image size-full\"><a href=\"https:\/\/federkielstickerei.it\/it\/brieftasche\/4-3\/\"><img data-recalc-dims=\"1\" decoding=\"async\" width=\"1200\" height=\"900\" data-attachment-id=\"1006\" data-permalink=\"https:\/\/federkielstickerei.it\/it\/brieftasche\/4-3\/\" data-orig-file=\"https:\/\/i0.wp.com\/federkielstickerei.it\/wp-content\/uploads\/2023\/03\/4.jpg?fit=1200%2C900&amp;ssl=1\" data-orig-size=\"1200,900\" data-comments-opened=\"1\" data-image-meta=\"{&quot;aperture&quot;:&quot;0&quot;,&quot;credit&quot;:&quot;&quot;,&quot;camera&quot;:&quot;&quot;,&quot;caption&quot;:&quot;&quot;,&quot;created_timestamp&quot;:&quot;0&quot;,&quot;copyright&quot;:&quot;&quot;,&quot;focal_length&quot;:&quot;0&quot;,&quot;iso&quot;:&quot;0&quot;,&quot;shutter_speed&quot;:&quot;0&quot;,&quot;title&quot;:&quot;&quot;,&quot;orientation&quot;:&quot;0&quot;}\" data-image-title=\"4\" data-image-description=\"\" data-image-caption=\"&lt;p&gt;4 &amp;#8211; Name mit Strick &amp;#8211; 175\u20ac&lt;\/p&gt;\" data-large-file=\"https:\/\/i0.wp.com\/federkielstickerei.it\/wp-content\/uploads\/2023\/03\/4.jpg?fit=1024%2C768&amp;ssl=1\" data-id=\"1006\" src=\"https:\/\/i0.wp.com\/federkielstickerei.it\/wp-content\/uploads\/2023\/03\/4.jpg?resize=1200%2C900&#038;ssl=1\" alt=\"\" class=\"wp-image-1006\" srcset=\"https:\/\/i0.wp.com\/federkielstickerei.it\/wp-content\/uploads\/2023\/03\/4.jpg?w=1200&amp;ssl=1 1200w, https:\/\/i0.wp.com\/federkielstickerei.it\/wp-content\/uploads\/2023\/03\/4.jpg?resize=300%2C225&amp;ssl=1 300w, https:\/\/i0.wp.com\/federkielstickerei.it\/wp-content\/uploads\/2023\/03\/4.jpg?resize=1024%2C768&amp;ssl=1 1024w, https:\/\/i0.wp.com\/federkielstickerei.it\/wp-content\/uploads\/2023\/03\/4.jpg?resize=768%2C576&amp;ssl=1 768w, https:\/\/i0.wp.com\/federkielstickerei.it\/wp-content\/uploads\/2023\/03\/4.jpg?resize=16%2C12&amp;ssl=1 16w\" sizes=\"(max-width: 1000px) 100vw, 1000px\" \/><\/a><figcaption class=\"wp-element-caption\">4 &#8211; Name mit Strich &#8211; 180\u20ac<\/figcaption><\/figure>\n\n\n\n<figure class=\"wp-block-image size-full\"><a href=\"https:\/\/federkielstickerei.it\/it\/brieftasche\/5-4\/\"><img data-recalc-dims=\"1\" decoding=\"async\" width=\"1200\" height=\"900\" data-attachment-id=\"1007\" data-permalink=\"https:\/\/federkielstickerei.it\/it\/brieftasche\/5-4\/\" data-orig-file=\"https:\/\/i0.wp.com\/federkielstickerei.it\/wp-content\/uploads\/2023\/03\/5.jpg?fit=1200%2C900&amp;ssl=1\" data-orig-size=\"1200,900\" data-comments-opened=\"1\" data-image-meta=\"{&quot;aperture&quot;:&quot;0&quot;,&quot;credit&quot;:&quot;&quot;,&quot;camera&quot;:&quot;&quot;,&quot;caption&quot;:&quot;&quot;,&quot;created_timestamp&quot;:&quot;0&quot;,&quot;copyright&quot;:&quot;&quot;,&quot;focal_length&quot;:&quot;0&quot;,&quot;iso&quot;:&quot;0&quot;,&quot;shutter_speed&quot;:&quot;0&quot;,&quot;title&quot;:&quot;&quot;,&quot;orientation&quot;:&quot;0&quot;}\" data-image-title=\"5\" data-image-description=\"\" data-image-caption=\"&lt;p&gt;5 &amp;#8211; Name mit Schlinge &amp;#8211; 180\u20ac&lt;\/p&gt;\" data-large-file=\"https:\/\/i0.wp.com\/federkielstickerei.it\/wp-content\/uploads\/2023\/03\/5.jpg?fit=1024%2C768&amp;ssl=1\" data-id=\"1007\" src=\"https:\/\/i0.wp.com\/federkielstickerei.it\/wp-content\/uploads\/2023\/03\/5.jpg?resize=1200%2C900&#038;ssl=1\" alt=\"\" class=\"wp-image-1007\" srcset=\"https:\/\/i0.wp.com\/federkielstickerei.it\/wp-content\/uploads\/2023\/03\/5.jpg?w=1200&amp;ssl=1 1200w, https:\/\/i0.wp.com\/federkielstickerei.it\/wp-content\/uploads\/2023\/03\/5.jpg?resize=300%2C225&amp;ssl=1 300w, https:\/\/i0.wp.com\/federkielstickerei.it\/wp-content\/uploads\/2023\/03\/5.jpg?resize=1024%2C768&amp;ssl=1 1024w, https:\/\/i0.wp.com\/federkielstickerei.it\/wp-content\/uploads\/2023\/03\/5.jpg?resize=768%2C576&amp;ssl=1 768w, https:\/\/i0.wp.com\/federkielstickerei.it\/wp-content\/uploads\/2023\/03\/5.jpg?resize=16%2C12&amp;ssl=1 16w\" sizes=\"(max-width: 1000px) 100vw, 1000px\" \/><\/a><figcaption class=\"wp-element-caption\">5 &#8211; Name mit Schlinge &#8211; 190\u20ac<\/figcaption><\/figure>\n\n\n\n<figure class=\"wp-block-image size-full\"><a href=\"https:\/\/federkielstickerei.it\/it\/brieftasche\/6-3\/\"><img data-recalc-dims=\"1\" decoding=\"async\" width=\"1200\" height=\"900\" data-attachment-id=\"1008\" data-permalink=\"https:\/\/federkielstickerei.it\/it\/brieftasche\/6-3\/\" data-orig-file=\"https:\/\/i0.wp.com\/federkielstickerei.it\/wp-content\/uploads\/2023\/03\/6.jpg?fit=1200%2C900&amp;ssl=1\" data-orig-size=\"1200,900\" data-comments-opened=\"1\" data-image-meta=\"{&quot;aperture&quot;:&quot;0&quot;,&quot;credit&quot;:&quot;&quot;,&quot;camera&quot;:&quot;&quot;,&quot;caption&quot;:&quot;&quot;,&quot;created_timestamp&quot;:&quot;0&quot;,&quot;copyright&quot;:&quot;&quot;,&quot;focal_length&quot;:&quot;0&quot;,&quot;iso&quot;:&quot;0&quot;,&quot;shutter_speed&quot;:&quot;0&quot;,&quot;title&quot;:&quot;&quot;,&quot;orientation&quot;:&quot;0&quot;}\" data-image-title=\"6\" data-image-description=\"\" data-image-caption=\"&lt;p&gt;6 &amp;#8211; Name mit Schlinge &amp;#8211; 180\u20ac&lt;\/p&gt;\" data-large-file=\"https:\/\/i0.wp.com\/federkielstickerei.it\/wp-content\/uploads\/2023\/03\/6.jpg?fit=1024%2C768&amp;ssl=1\" data-id=\"1008\" src=\"https:\/\/i0.wp.com\/federkielstickerei.it\/wp-content\/uploads\/2023\/03\/6.jpg?resize=1200%2C900&#038;ssl=1\" alt=\"\" class=\"wp-image-1008\" srcset=\"https:\/\/i0.wp.com\/federkielstickerei.it\/wp-content\/uploads\/2023\/03\/6.jpg?w=1200&amp;ssl=1 1200w, https:\/\/i0.wp.com\/federkielstickerei.it\/wp-content\/uploads\/2023\/03\/6.jpg?resize=300%2C225&amp;ssl=1 300w, https:\/\/i0.wp.com\/federkielstickerei.it\/wp-content\/uploads\/2023\/03\/6.jpg?resize=1024%2C768&amp;ssl=1 1024w, https:\/\/i0.wp.com\/federkielstickerei.it\/wp-content\/uploads\/2023\/03\/6.jpg?resize=768%2C576&amp;ssl=1 768w, https:\/\/i0.wp.com\/federkielstickerei.it\/wp-content\/uploads\/2023\/03\/6.jpg?resize=16%2C12&amp;ssl=1 16w\" sizes=\"(max-width: 1000px) 100vw, 1000px\" \/><\/a><figcaption class=\"wp-element-caption\">6 &#8211; Name mit Schlinge &#8211; 190\u20ac<\/figcaption><\/figure>\n\n\n\n<figure class=\"wp-block-image size-full\"><a href=\"https:\/\/federkielstickerei.it\/it\/brieftasche\/7-3\/\"><img data-recalc-dims=\"1\" decoding=\"async\" width=\"1200\" height=\"900\" data-attachment-id=\"1009\" data-permalink=\"https:\/\/federkielstickerei.it\/it\/brieftasche\/7-3\/\" data-orig-file=\"https:\/\/i0.wp.com\/federkielstickerei.it\/wp-content\/uploads\/2023\/03\/7.jpg?fit=1200%2C900&amp;ssl=1\" data-orig-size=\"1200,900\" data-comments-opened=\"1\" data-image-meta=\"{&quot;aperture&quot;:&quot;0&quot;,&quot;credit&quot;:&quot;&quot;,&quot;camera&quot;:&quot;&quot;,&quot;caption&quot;:&quot;&quot;,&quot;created_timestamp&quot;:&quot;0&quot;,&quot;copyright&quot;:&quot;&quot;,&quot;focal_length&quot;:&quot;0&quot;,&quot;iso&quot;:&quot;0&quot;,&quot;shutter_speed&quot;:&quot;0&quot;,&quot;title&quot;:&quot;&quot;,&quot;orientation&quot;:&quot;0&quot;}\" data-image-title=\"7\" data-image-description=\"\" data-image-caption=\"&lt;p&gt;7- Name mit Schlinge &amp;#8211; 180\u20ac&lt;\/p&gt;\" data-large-file=\"https:\/\/i0.wp.com\/federkielstickerei.it\/wp-content\/uploads\/2023\/03\/7.jpg?fit=1024%2C768&amp;ssl=1\" data-id=\"1009\" src=\"https:\/\/i0.wp.com\/federkielstickerei.it\/wp-content\/uploads\/2023\/03\/7.jpg?resize=1200%2C900&#038;ssl=1\" alt=\"\" class=\"wp-image-1009\" srcset=\"https:\/\/i0.wp.com\/federkielstickerei.it\/wp-content\/uploads\/2023\/03\/7.jpg?w=1200&amp;ssl=1 1200w, https:\/\/i0.wp.com\/federkielstickerei.it\/wp-content\/uploads\/2023\/03\/7.jpg?resize=300%2C225&amp;ssl=1 300w, https:\/\/i0.wp.com\/federkielstickerei.it\/wp-content\/uploads\/2023\/03\/7.jpg?resize=1024%2C768&amp;ssl=1 1024w, https:\/\/i0.wp.com\/federkielstickerei.it\/wp-content\/uploads\/2023\/03\/7.jpg?resize=768%2C576&amp;ssl=1 768w, https:\/\/i0.wp.com\/federkielstickerei.it\/wp-content\/uploads\/2023\/03\/7.jpg?resize=16%2C12&amp;ssl=1 16w\" sizes=\"(max-width: 1000px) 100vw, 1000px\" \/><\/a><figcaption class=\"wp-element-caption\">7- Name mit Schlinge &#8211; 190\u20ac<\/figcaption><\/figure>\n\n\n\n<figure class=\"wp-block-image size-full\"><a href=\"https:\/\/federkielstickerei.it\/it\/brieftasche\/8-3\/\"><img data-recalc-dims=\"1\" decoding=\"async\" width=\"1200\" height=\"900\" data-attachment-id=\"1010\" data-permalink=\"https:\/\/federkielstickerei.it\/it\/brieftasche\/8-3\/\" data-orig-file=\"https:\/\/i0.wp.com\/federkielstickerei.it\/wp-content\/uploads\/2023\/03\/8.jpg?fit=1200%2C900&amp;ssl=1\" data-orig-size=\"1200,900\" data-comments-opened=\"1\" data-image-meta=\"{&quot;aperture&quot;:&quot;0&quot;,&quot;credit&quot;:&quot;&quot;,&quot;camera&quot;:&quot;&quot;,&quot;caption&quot;:&quot;&quot;,&quot;created_timestamp&quot;:&quot;0&quot;,&quot;copyright&quot;:&quot;&quot;,&quot;focal_length&quot;:&quot;0&quot;,&quot;iso&quot;:&quot;0&quot;,&quot;shutter_speed&quot;:&quot;0&quot;,&quot;title&quot;:&quot;&quot;,&quot;orientation&quot;:&quot;0&quot;}\" data-image-title=\"8\" data-image-description=\"\" data-image-caption=\"&lt;p&gt;8 &amp;#8211; Buchstabe mit Schlinge &amp;#8211; 165\u20ac&lt;\/p&gt;\" data-large-file=\"https:\/\/i0.wp.com\/federkielstickerei.it\/wp-content\/uploads\/2023\/03\/8.jpg?fit=1024%2C768&amp;ssl=1\" data-id=\"1010\" src=\"https:\/\/i0.wp.com\/federkielstickerei.it\/wp-content\/uploads\/2023\/03\/8.jpg?resize=1200%2C900&#038;ssl=1\" alt=\"\" class=\"wp-image-1010\" srcset=\"https:\/\/i0.wp.com\/federkielstickerei.it\/wp-content\/uploads\/2023\/03\/8.jpg?w=1200&amp;ssl=1 1200w, https:\/\/i0.wp.com\/federkielstickerei.it\/wp-content\/uploads\/2023\/03\/8.jpg?resize=300%2C225&amp;ssl=1 300w, https:\/\/i0.wp.com\/federkielstickerei.it\/wp-content\/uploads\/2023\/03\/8.jpg?resize=1024%2C768&amp;ssl=1 1024w, https:\/\/i0.wp.com\/federkielstickerei.it\/wp-content\/uploads\/2023\/03\/8.jpg?resize=768%2C576&amp;ssl=1 768w, https:\/\/i0.wp.com\/federkielstickerei.it\/wp-content\/uploads\/2023\/03\/8.jpg?resize=16%2C12&amp;ssl=1 16w\" sizes=\"(max-width: 1000px) 100vw, 1000px\" \/><\/a><figcaption class=\"wp-element-caption\">8 &#8211; Buchstabe mit Schlinge &#8211; 170\u20ac<\/figcaption><\/figure>\n\n\n\n<figure class=\"wp-block-image size-full\"><a href=\"https:\/\/federkielstickerei.it\/it\/brieftasche\/9-3\/\"><img data-recalc-dims=\"1\" decoding=\"async\" width=\"1200\" height=\"900\" data-attachment-id=\"1011\" data-permalink=\"https:\/\/federkielstickerei.it\/it\/brieftasche\/9-3\/\" data-orig-file=\"https:\/\/i0.wp.com\/federkielstickerei.it\/wp-content\/uploads\/2023\/03\/9.jpg?fit=1200%2C900&amp;ssl=1\" data-orig-size=\"1200,900\" data-comments-opened=\"1\" data-image-meta=\"{&quot;aperture&quot;:&quot;0&quot;,&quot;credit&quot;:&quot;&quot;,&quot;camera&quot;:&quot;&quot;,&quot;caption&quot;:&quot;&quot;,&quot;created_timestamp&quot;:&quot;0&quot;,&quot;copyright&quot;:&quot;&quot;,&quot;focal_length&quot;:&quot;0&quot;,&quot;iso&quot;:&quot;0&quot;,&quot;shutter_speed&quot;:&quot;0&quot;,&quot;title&quot;:&quot;&quot;,&quot;orientation&quot;:&quot;0&quot;}\" data-image-title=\"9\" data-image-description=\"\" data-image-caption=\"&lt;p&gt;9 &amp;#8211; Name mit Schlinge &amp;#8211; 180\u20ac&lt;\/p&gt;\" data-large-file=\"https:\/\/i0.wp.com\/federkielstickerei.it\/wp-content\/uploads\/2023\/03\/9.jpg?fit=1024%2C768&amp;ssl=1\" data-id=\"1011\" src=\"https:\/\/i0.wp.com\/federkielstickerei.it\/wp-content\/uploads\/2023\/03\/9.jpg?resize=1200%2C900&#038;ssl=1\" alt=\"\" class=\"wp-image-1011\" srcset=\"https:\/\/i0.wp.com\/federkielstickerei.it\/wp-content\/uploads\/2023\/03\/9.jpg?w=1200&amp;ssl=1 1200w, https:\/\/i0.wp.com\/federkielstickerei.it\/wp-content\/uploads\/2023\/03\/9.jpg?resize=300%2C225&amp;ssl=1 300w, https:\/\/i0.wp.com\/federkielstickerei.it\/wp-content\/uploads\/2023\/03\/9.jpg?resize=1024%2C768&amp;ssl=1 1024w, https:\/\/i0.wp.com\/federkielstickerei.it\/wp-content\/uploads\/2023\/03\/9.jpg?resize=768%2C576&amp;ssl=1 768w, https:\/\/i0.wp.com\/federkielstickerei.it\/wp-content\/uploads\/2023\/03\/9.jpg?resize=16%2C12&amp;ssl=1 16w\" sizes=\"(max-width: 1000px) 100vw, 1000px\" \/><\/a><figcaption class=\"wp-element-caption\">9 &#8211; Name mit Schlinge &#8211; 190\u20ac<\/figcaption><\/figure>\n\n\n\n<figure class=\"wp-block-image size-full\"><a href=\"https:\/\/federkielstickerei.it\/it\/brieftasche\/10-3\/\"><img data-recalc-dims=\"1\" decoding=\"async\" width=\"1200\" height=\"900\" data-attachment-id=\"1012\" data-permalink=\"https:\/\/federkielstickerei.it\/it\/brieftasche\/10-3\/\" data-orig-file=\"https:\/\/i0.wp.com\/federkielstickerei.it\/wp-content\/uploads\/2023\/03\/10.jpg?fit=1200%2C900&amp;ssl=1\" data-orig-size=\"1200,900\" data-comments-opened=\"1\" data-image-meta=\"{&quot;aperture&quot;:&quot;0&quot;,&quot;credit&quot;:&quot;&quot;,&quot;camera&quot;:&quot;&quot;,&quot;caption&quot;:&quot;&quot;,&quot;created_timestamp&quot;:&quot;0&quot;,&quot;copyright&quot;:&quot;&quot;,&quot;focal_length&quot;:&quot;0&quot;,&quot;iso&quot;:&quot;0&quot;,&quot;shutter_speed&quot;:&quot;0&quot;,&quot;title&quot;:&quot;&quot;,&quot;orientation&quot;:&quot;0&quot;}\" data-image-title=\"10\" data-image-description=\"\" data-image-caption=\"&lt;p&gt;10 &amp;#8211; Name in gotischer Schrift mit Schlinge &amp;#8211; 190\u20ac&lt;\/p&gt;\" data-large-file=\"https:\/\/i0.wp.com\/federkielstickerei.it\/wp-content\/uploads\/2023\/03\/10.jpg?fit=1024%2C768&amp;ssl=1\" data-id=\"1012\" src=\"https:\/\/i0.wp.com\/federkielstickerei.it\/wp-content\/uploads\/2023\/03\/10.jpg?resize=1200%2C900&#038;ssl=1\" alt=\"\" class=\"wp-image-1012\" srcset=\"https:\/\/i0.wp.com\/federkielstickerei.it\/wp-content\/uploads\/2023\/03\/10.jpg?w=1200&amp;ssl=1 1200w, https:\/\/i0.wp.com\/federkielstickerei.it\/wp-content\/uploads\/2023\/03\/10.jpg?resize=300%2C225&amp;ssl=1 300w, https:\/\/i0.wp.com\/federkielstickerei.it\/wp-content\/uploads\/2023\/03\/10.jpg?resize=1024%2C768&amp;ssl=1 1024w, https:\/\/i0.wp.com\/federkielstickerei.it\/wp-content\/uploads\/2023\/03\/10.jpg?resize=768%2C576&amp;ssl=1 768w, https:\/\/i0.wp.com\/federkielstickerei.it\/wp-content\/uploads\/2023\/03\/10.jpg?resize=16%2C12&amp;ssl=1 16w\" sizes=\"(max-width: 1000px) 100vw, 1000px\" \/><\/a><figcaption class=\"wp-element-caption\">10 &#8211; Name in gotischer Schrift mit Schlinge &#8211; 205\u20ac<\/figcaption><\/figure>\n\n\n\n<figure class=\"wp-block-image size-full\"><a href=\"https:\/\/federkielstickerei.it\/it\/brieftasche\/11-3\/\"><img data-recalc-dims=\"1\" decoding=\"async\" width=\"1200\" height=\"900\" data-attachment-id=\"1013\" data-permalink=\"https:\/\/federkielstickerei.it\/it\/brieftasche\/11-3\/\" data-orig-file=\"https:\/\/i0.wp.com\/federkielstickerei.it\/wp-content\/uploads\/2023\/03\/11.jpg?fit=1200%2C900&amp;ssl=1\" data-orig-size=\"1200,900\" data-comments-opened=\"1\" data-image-meta=\"{&quot;aperture&quot;:&quot;0&quot;,&quot;credit&quot;:&quot;&quot;,&quot;camera&quot;:&quot;&quot;,&quot;caption&quot;:&quot;&quot;,&quot;created_timestamp&quot;:&quot;0&quot;,&quot;copyright&quot;:&quot;&quot;,&quot;focal_length&quot;:&quot;0&quot;,&quot;iso&quot;:&quot;0&quot;,&quot;shutter_speed&quot;:&quot;0&quot;,&quot;title&quot;:&quot;&quot;,&quot;orientation&quot;:&quot;0&quot;}\" data-image-title=\"11\" data-image-description=\"\" data-image-caption=\"&lt;p&gt;11 &amp;#8211; Name mit Schlinge &amp;#8211; 175\u20ac&lt;\/p&gt;\" data-large-file=\"https:\/\/i0.wp.com\/federkielstickerei.it\/wp-content\/uploads\/2023\/03\/11.jpg?fit=1024%2C768&amp;ssl=1\" data-id=\"1013\" src=\"https:\/\/i0.wp.com\/federkielstickerei.it\/wp-content\/uploads\/2023\/03\/11.jpg?resize=1200%2C900&#038;ssl=1\" alt=\"\" class=\"wp-image-1013\" srcset=\"https:\/\/i0.wp.com\/federkielstickerei.it\/wp-content\/uploads\/2023\/03\/11.jpg?w=1200&amp;ssl=1 1200w, https:\/\/i0.wp.com\/federkielstickerei.it\/wp-content\/uploads\/2023\/03\/11.jpg?resize=300%2C225&amp;ssl=1 300w, https:\/\/i0.wp.com\/federkielstickerei.it\/wp-content\/uploads\/2023\/03\/11.jpg?resize=1024%2C768&amp;ssl=1 1024w, https:\/\/i0.wp.com\/federkielstickerei.it\/wp-content\/uploads\/2023\/03\/11.jpg?resize=768%2C576&amp;ssl=1 768w, https:\/\/i0.wp.com\/federkielstickerei.it\/wp-content\/uploads\/2023\/03\/11.jpg?resize=16%2C12&amp;ssl=1 16w\" sizes=\"(max-width: 1000px) 100vw, 1000px\" \/><\/a><figcaption class=\"wp-element-caption\">11 &#8211; Name mit Schlinge &#8211; 190\u20ac<\/figcaption><\/figure>\n\n\n\n<figure class=\"wp-block-image size-full\"><a href=\"https:\/\/federkielstickerei.it\/it\/brieftasche\/12-3\/\"><img data-recalc-dims=\"1\" decoding=\"async\" width=\"1200\" height=\"900\" data-attachment-id=\"1014\" data-permalink=\"https:\/\/federkielstickerei.it\/it\/brieftasche\/12-3\/\" data-orig-file=\"https:\/\/i0.wp.com\/federkielstickerei.it\/wp-content\/uploads\/2023\/03\/12.jpg?fit=1200%2C900&amp;ssl=1\" data-orig-size=\"1200,900\" data-comments-opened=\"1\" data-image-meta=\"{&quot;aperture&quot;:&quot;0&quot;,&quot;credit&quot;:&quot;&quot;,&quot;camera&quot;:&quot;&quot;,&quot;caption&quot;:&quot;&quot;,&quot;created_timestamp&quot;:&quot;0&quot;,&quot;copyright&quot;:&quot;&quot;,&quot;focal_length&quot;:&quot;0&quot;,&quot;iso&quot;:&quot;0&quot;,&quot;shutter_speed&quot;:&quot;0&quot;,&quot;title&quot;:&quot;&quot;,&quot;orientation&quot;:&quot;0&quot;}\" data-image-title=\"12\" data-image-description=\"\" data-image-caption=\"&lt;p&gt;12 &amp;#8211; Initialen mit Schlinge &amp;#8211; 175\u20ac&lt;\/p&gt;\" data-large-file=\"https:\/\/i0.wp.com\/federkielstickerei.it\/wp-content\/uploads\/2023\/03\/12.jpg?fit=1024%2C768&amp;ssl=1\" data-id=\"1014\" src=\"https:\/\/i0.wp.com\/federkielstickerei.it\/wp-content\/uploads\/2023\/03\/12.jpg?resize=1200%2C900&#038;ssl=1\" alt=\"\" class=\"wp-image-1014\" srcset=\"https:\/\/i0.wp.com\/federkielstickerei.it\/wp-content\/uploads\/2023\/03\/12.jpg?w=1200&amp;ssl=1 1200w, https:\/\/i0.wp.com\/federkielstickerei.it\/wp-content\/uploads\/2023\/03\/12.jpg?resize=300%2C225&amp;ssl=1 300w, https:\/\/i0.wp.com\/federkielstickerei.it\/wp-content\/uploads\/2023\/03\/12.jpg?resize=1024%2C768&amp;ssl=1 1024w, https:\/\/i0.wp.com\/federkielstickerei.it\/wp-content\/uploads\/2023\/03\/12.jpg?resize=768%2C576&amp;ssl=1 768w, https:\/\/i0.wp.com\/federkielstickerei.it\/wp-content\/uploads\/2023\/03\/12.jpg?resize=16%2C12&amp;ssl=1 16w\" sizes=\"(max-width: 1000px) 100vw, 1000px\" \/><\/a><figcaption class=\"wp-element-caption\">12 &#8211; Initialen mit Schlinge &#8211; 185\u20ac<\/figcaption><\/figure>\n\n\n\n<figure class=\"wp-block-image size-full\"><a href=\"https:\/\/federkielstickerei.it\/it\/brieftasche\/13-4\/\"><img data-recalc-dims=\"1\" decoding=\"async\" width=\"1200\" height=\"900\" data-attachment-id=\"1071\" data-permalink=\"https:\/\/federkielstickerei.it\/it\/brieftasche\/13-4\/\" data-orig-file=\"https:\/\/i0.wp.com\/federkielstickerei.it\/wp-content\/uploads\/2023\/03\/13-1.jpg?fit=1200%2C900&amp;ssl=1\" data-orig-size=\"1200,900\" data-comments-opened=\"1\" data-image-meta=\"{&quot;aperture&quot;:&quot;0&quot;,&quot;credit&quot;:&quot;&quot;,&quot;camera&quot;:&quot;&quot;,&quot;caption&quot;:&quot;&quot;,&quot;created_timestamp&quot;:&quot;0&quot;,&quot;copyright&quot;:&quot;&quot;,&quot;focal_length&quot;:&quot;0&quot;,&quot;iso&quot;:&quot;0&quot;,&quot;shutter_speed&quot;:&quot;0&quot;,&quot;title&quot;:&quot;&quot;,&quot;orientation&quot;:&quot;0&quot;}\" data-image-title=\"13\" data-image-description=\"\" data-image-caption=\"&lt;p&gt;13 &amp;#8211; Initialen mit Schlinge &amp;#8211; 175\u20ac&lt;\/p&gt;\" data-large-file=\"https:\/\/i0.wp.com\/federkielstickerei.it\/wp-content\/uploads\/2023\/03\/13-1.jpg?fit=1024%2C768&amp;ssl=1\" data-id=\"1071\" src=\"https:\/\/i0.wp.com\/federkielstickerei.it\/wp-content\/uploads\/2023\/03\/13-1.jpg?resize=1200%2C900&#038;ssl=1\" alt=\"Brieftasche mit Initialen und Schlinge\" class=\"wp-image-1071\" srcset=\"https:\/\/i0.wp.com\/federkielstickerei.it\/wp-content\/uploads\/2023\/03\/13-1.jpg?w=1200&amp;ssl=1 1200w, https:\/\/i0.wp.com\/federkielstickerei.it\/wp-content\/uploads\/2023\/03\/13-1.jpg?resize=300%2C225&amp;ssl=1 300w, https:\/\/i0.wp.com\/federkielstickerei.it\/wp-content\/uploads\/2023\/03\/13-1.jpg?resize=1024%2C768&amp;ssl=1 1024w, https:\/\/i0.wp.com\/federkielstickerei.it\/wp-content\/uploads\/2023\/03\/13-1.jpg?resize=768%2C576&amp;ssl=1 768w, https:\/\/i0.wp.com\/federkielstickerei.it\/wp-content\/uploads\/2023\/03\/13-1.jpg?resize=16%2C12&amp;ssl=1 16w\" sizes=\"(max-width: 1000px) 100vw, 1000px\" \/><\/a><figcaption class=\"wp-element-caption\">13 &#8211; Initialen mit Schlinge &#8211; 185\u20ac<\/figcaption><\/figure>\n\n\n\n<figure class=\"wp-block-image size-full\"><a href=\"https:\/\/federkielstickerei.it\/it\/brieftasche\/14-3\/\"><img data-recalc-dims=\"1\" decoding=\"async\" width=\"1200\" height=\"900\" data-attachment-id=\"1016\" data-permalink=\"https:\/\/federkielstickerei.it\/it\/brieftasche\/14-3\/\" data-orig-file=\"https:\/\/i0.wp.com\/federkielstickerei.it\/wp-content\/uploads\/2023\/03\/14.jpg?fit=1200%2C900&amp;ssl=1\" data-orig-size=\"1200,900\" data-comments-opened=\"1\" data-image-meta=\"{&quot;aperture&quot;:&quot;0&quot;,&quot;credit&quot;:&quot;&quot;,&quot;camera&quot;:&quot;&quot;,&quot;caption&quot;:&quot;&quot;,&quot;created_timestamp&quot;:&quot;0&quot;,&quot;copyright&quot;:&quot;&quot;,&quot;focal_length&quot;:&quot;0&quot;,&quot;iso&quot;:&quot;0&quot;,&quot;shutter_speed&quot;:&quot;0&quot;,&quot;title&quot;:&quot;&quot;,&quot;orientation&quot;:&quot;0&quot;}\" data-image-title=\"14\" data-image-description=\"\" data-image-caption=\"&lt;p&gt;14 &amp;#8211; Initialen mit einem Teil Echsenleder &amp;#8211; 200\u20ac&lt;\/p&gt;\" data-large-file=\"https:\/\/i0.wp.com\/federkielstickerei.it\/wp-content\/uploads\/2023\/03\/14.jpg?fit=1024%2C768&amp;ssl=1\" data-id=\"1016\" src=\"https:\/\/i0.wp.com\/federkielstickerei.it\/wp-content\/uploads\/2023\/03\/14.jpg?resize=1200%2C900&#038;ssl=1\" alt=\"\" class=\"wp-image-1016\" srcset=\"https:\/\/i0.wp.com\/federkielstickerei.it\/wp-content\/uploads\/2023\/03\/14.jpg?w=1200&amp;ssl=1 1200w, https:\/\/i0.wp.com\/federkielstickerei.it\/wp-content\/uploads\/2023\/03\/14.jpg?resize=300%2C225&amp;ssl=1 300w, https:\/\/i0.wp.com\/federkielstickerei.it\/wp-content\/uploads\/2023\/03\/14.jpg?resize=1024%2C768&amp;ssl=1 1024w, https:\/\/i0.wp.com\/federkielstickerei.it\/wp-content\/uploads\/2023\/03\/14.jpg?resize=768%2C576&amp;ssl=1 768w, https:\/\/i0.wp.com\/federkielstickerei.it\/wp-content\/uploads\/2023\/03\/14.jpg?resize=16%2C12&amp;ssl=1 16w\" sizes=\"(max-width: 1000px) 100vw, 1000px\" \/><\/a><figcaption class=\"wp-element-caption\">14 &#8211; Initialen mit einem Teil Echsenleder &#8211; 200\u20ac<\/figcaption><\/figure>\n\n\n\n<figure class=\"wp-block-image size-full\"><a href=\"https:\/\/federkielstickerei.it\/it\/brieftasche\/15-3\/\"><img data-recalc-dims=\"1\" decoding=\"async\" width=\"1200\" height=\"900\" data-attachment-id=\"1017\" data-permalink=\"https:\/\/federkielstickerei.it\/it\/brieftasche\/15-3\/\" data-orig-file=\"https:\/\/i0.wp.com\/federkielstickerei.it\/wp-content\/uploads\/2023\/03\/15.jpg?fit=1200%2C900&amp;ssl=1\" data-orig-size=\"1200,900\" data-comments-opened=\"1\" data-image-meta=\"{&quot;aperture&quot;:&quot;0&quot;,&quot;credit&quot;:&quot;&quot;,&quot;camera&quot;:&quot;&quot;,&quot;caption&quot;:&quot;&quot;,&quot;created_timestamp&quot;:&quot;0&quot;,&quot;copyright&quot;:&quot;&quot;,&quot;focal_length&quot;:&quot;0&quot;,&quot;iso&quot;:&quot;0&quot;,&quot;shutter_speed&quot;:&quot;0&quot;,&quot;title&quot;:&quot;&quot;,&quot;orientation&quot;:&quot;0&quot;}\" data-image-title=\"15\" data-image-description=\"\" data-image-caption=\"&lt;p&gt;15 &amp;#8211; Fahne\/Flagge &amp;#8211; 170\u20ac&lt;\/p&gt;\" data-large-file=\"https:\/\/i0.wp.com\/federkielstickerei.it\/wp-content\/uploads\/2023\/03\/15.jpg?fit=1024%2C768&amp;ssl=1\" data-id=\"1017\" src=\"https:\/\/i0.wp.com\/federkielstickerei.it\/wp-content\/uploads\/2023\/03\/15.jpg?resize=1200%2C900&#038;ssl=1\" alt=\"\" class=\"wp-image-1017\" srcset=\"https:\/\/i0.wp.com\/federkielstickerei.it\/wp-content\/uploads\/2023\/03\/15.jpg?w=1200&amp;ssl=1 1200w, https:\/\/i0.wp.com\/federkielstickerei.it\/wp-content\/uploads\/2023\/03\/15.jpg?resize=300%2C225&amp;ssl=1 300w, https:\/\/i0.wp.com\/federkielstickerei.it\/wp-content\/uploads\/2023\/03\/15.jpg?resize=1024%2C768&amp;ssl=1 1024w, https:\/\/i0.wp.com\/federkielstickerei.it\/wp-content\/uploads\/2023\/03\/15.jpg?resize=768%2C576&amp;ssl=1 768w, https:\/\/i0.wp.com\/federkielstickerei.it\/wp-content\/uploads\/2023\/03\/15.jpg?resize=16%2C12&amp;ssl=1 16w\" sizes=\"(max-width: 1000px) 100vw, 1000px\" \/><\/a><figcaption class=\"wp-element-caption\">15 &#8211; Fahne\/Flagge &#8211; 170\u20ac<\/figcaption><\/figure>\n\n\n\n<figure class=\"wp-block-image size-full\"><a href=\"https:\/\/federkielstickerei.it\/it\/brieftasche\/16-2\/\"><img data-recalc-dims=\"1\" decoding=\"async\" width=\"1200\" height=\"900\" data-attachment-id=\"1018\" data-permalink=\"https:\/\/federkielstickerei.it\/it\/brieftasche\/16-2\/\" data-orig-file=\"https:\/\/i0.wp.com\/federkielstickerei.it\/wp-content\/uploads\/2023\/03\/16.jpg?fit=1200%2C900&amp;ssl=1\" data-orig-size=\"1200,900\" data-comments-opened=\"1\" data-image-meta=\"{&quot;aperture&quot;:&quot;0&quot;,&quot;credit&quot;:&quot;&quot;,&quot;camera&quot;:&quot;&quot;,&quot;caption&quot;:&quot;&quot;,&quot;created_timestamp&quot;:&quot;0&quot;,&quot;copyright&quot;:&quot;&quot;,&quot;focal_length&quot;:&quot;0&quot;,&quot;iso&quot;:&quot;0&quot;,&quot;shutter_speed&quot;:&quot;0&quot;,&quot;title&quot;:&quot;&quot;,&quot;orientation&quot;:&quot;0&quot;}\" data-image-title=\"16\" data-image-description=\"\" data-image-caption=\"&lt;p&gt;16 &amp;#8211; Bodenturnen\/Kampfsport -165\u20ac &lt;\/p&gt;\" data-large-file=\"https:\/\/i0.wp.com\/federkielstickerei.it\/wp-content\/uploads\/2023\/03\/16.jpg?fit=1024%2C768&amp;ssl=1\" data-id=\"1018\" src=\"https:\/\/i0.wp.com\/federkielstickerei.it\/wp-content\/uploads\/2023\/03\/16.jpg?resize=1200%2C900&#038;ssl=1\" alt=\"\" class=\"wp-image-1018\" srcset=\"https:\/\/i0.wp.com\/federkielstickerei.it\/wp-content\/uploads\/2023\/03\/16.jpg?w=1200&amp;ssl=1 1200w, https:\/\/i0.wp.com\/federkielstickerei.it\/wp-content\/uploads\/2023\/03\/16.jpg?resize=300%2C225&amp;ssl=1 300w, https:\/\/i0.wp.com\/federkielstickerei.it\/wp-content\/uploads\/2023\/03\/16.jpg?resize=1024%2C768&amp;ssl=1 1024w, https:\/\/i0.wp.com\/federkielstickerei.it\/wp-content\/uploads\/2023\/03\/16.jpg?resize=768%2C576&amp;ssl=1 768w, https:\/\/i0.wp.com\/federkielstickerei.it\/wp-content\/uploads\/2023\/03\/16.jpg?resize=16%2C12&amp;ssl=1 16w\" sizes=\"(max-width: 1000px) 100vw, 1000px\" \/><\/a><figcaption class=\"wp-element-caption\">16 &#8211; M\u00e4nnchen -170\u20ac<\/figcaption><\/figure>\n\n\n\n<figure class=\"wp-block-image size-full\"><a href=\"https:\/\/federkielstickerei.it\/it\/brieftasche\/17-2\/\"><img data-recalc-dims=\"1\" decoding=\"async\" width=\"1200\" height=\"900\" data-attachment-id=\"1019\" data-permalink=\"https:\/\/federkielstickerei.it\/it\/brieftasche\/17-2\/\" data-orig-file=\"https:\/\/i0.wp.com\/federkielstickerei.it\/wp-content\/uploads\/2023\/03\/17.jpg?fit=1200%2C900&amp;ssl=1\" data-orig-size=\"1200,900\" data-comments-opened=\"1\" data-image-meta=\"{&quot;aperture&quot;:&quot;0&quot;,&quot;credit&quot;:&quot;&quot;,&quot;camera&quot;:&quot;&quot;,&quot;caption&quot;:&quot;&quot;,&quot;created_timestamp&quot;:&quot;0&quot;,&quot;copyright&quot;:&quot;&quot;,&quot;focal_length&quot;:&quot;0&quot;,&quot;iso&quot;:&quot;0&quot;,&quot;shutter_speed&quot;:&quot;0&quot;,&quot;title&quot;:&quot;&quot;,&quot;orientation&quot;:&quot;0&quot;}\" data-image-title=\"17\" data-image-description=\"\" data-image-caption=\"&lt;p&gt;17 &amp;#8211; Blume &amp;#8211; 150\u20ac&lt;\/p&gt;\" data-large-file=\"https:\/\/i0.wp.com\/federkielstickerei.it\/wp-content\/uploads\/2023\/03\/17.jpg?fit=1024%2C768&amp;ssl=1\" data-id=\"1019\" src=\"https:\/\/i0.wp.com\/federkielstickerei.it\/wp-content\/uploads\/2023\/03\/17.jpg?resize=1200%2C900&#038;ssl=1\" alt=\"\" class=\"wp-image-1019\" srcset=\"https:\/\/i0.wp.com\/federkielstickerei.it\/wp-content\/uploads\/2023\/03\/17.jpg?w=1200&amp;ssl=1 1200w, https:\/\/i0.wp.com\/federkielstickerei.it\/wp-content\/uploads\/2023\/03\/17.jpg?resize=300%2C225&amp;ssl=1 300w, https:\/\/i0.wp.com\/federkielstickerei.it\/wp-content\/uploads\/2023\/03\/17.jpg?resize=1024%2C768&amp;ssl=1 1024w, https:\/\/i0.wp.com\/federkielstickerei.it\/wp-content\/uploads\/2023\/03\/17.jpg?resize=768%2C576&amp;ssl=1 768w, https:\/\/i0.wp.com\/federkielstickerei.it\/wp-content\/uploads\/2023\/03\/17.jpg?resize=16%2C12&amp;ssl=1 16w\" sizes=\"(max-width: 1000px) 100vw, 1000px\" \/><\/a><figcaption class=\"wp-element-caption\">17 &#8211; Blume &#8211; 160\u20ac<\/figcaption><\/figure>\n\n\n\n<figure class=\"wp-block-image size-full\"><a href=\"https:\/\/federkielstickerei.it\/it\/18-3\/\"><img data-recalc-dims=\"1\" decoding=\"async\" width=\"1200\" height=\"900\" data-attachment-id=\"1063\" data-permalink=\"https:\/\/federkielstickerei.it\/it\/18-3\/\" data-orig-file=\"https:\/\/i0.wp.com\/federkielstickerei.it\/wp-content\/uploads\/2023\/03\/18-1.jpg?fit=1200%2C900&amp;ssl=1\" data-orig-size=\"1200,900\" data-comments-opened=\"1\" data-image-meta=\"{&quot;aperture&quot;:&quot;0&quot;,&quot;credit&quot;:&quot;&quot;,&quot;camera&quot;:&quot;&quot;,&quot;caption&quot;:&quot;&quot;,&quot;created_timestamp&quot;:&quot;0&quot;,&quot;copyright&quot;:&quot;&quot;,&quot;focal_length&quot;:&quot;0&quot;,&quot;iso&quot;:&quot;0&quot;,&quot;shutter_speed&quot;:&quot;0&quot;,&quot;title&quot;:&quot;&quot;,&quot;orientation&quot;:&quot;0&quot;}\" data-image-title=\"18\" data-image-description=\"\" data-image-caption=\"&lt;p&gt;18 &amp;#8211; Edelweiss &amp;#8211; 155\u20ac&lt;\/p&gt;\" data-large-file=\"https:\/\/i0.wp.com\/federkielstickerei.it\/wp-content\/uploads\/2023\/03\/18-1.jpg?fit=1024%2C768&amp;ssl=1\" data-id=\"1063\" src=\"https:\/\/i0.wp.com\/federkielstickerei.it\/wp-content\/uploads\/2023\/03\/18-1.jpg?resize=1200%2C900&#038;ssl=1\" alt=\"Brieftasche mit gesticktem Edelweiss der Federkielstickerei Patzleiner Georg\" class=\"wp-image-1063\" srcset=\"https:\/\/i0.wp.com\/federkielstickerei.it\/wp-content\/uploads\/2023\/03\/18-1.jpg?w=1200&amp;ssl=1 1200w, https:\/\/i0.wp.com\/federkielstickerei.it\/wp-content\/uploads\/2023\/03\/18-1.jpg?resize=300%2C225&amp;ssl=1 300w, https:\/\/i0.wp.com\/federkielstickerei.it\/wp-content\/uploads\/2023\/03\/18-1.jpg?resize=1024%2C768&amp;ssl=1 1024w, https:\/\/i0.wp.com\/federkielstickerei.it\/wp-content\/uploads\/2023\/03\/18-1.jpg?resize=768%2C576&amp;ssl=1 768w, https:\/\/i0.wp.com\/federkielstickerei.it\/wp-content\/uploads\/2023\/03\/18-1.jpg?resize=16%2C12&amp;ssl=1 16w\" sizes=\"(max-width: 1000px) 100vw, 1000px\" \/><\/a><figcaption class=\"wp-element-caption\">18 &#8211; Edelweiss &#8211; 165\u20ac<\/figcaption><\/figure>\n\n\n\n<figure class=\"wp-block-image size-full\"><a href=\"https:\/\/federkielstickerei.it\/it\/brieftasche\/19-2\/\"><img data-recalc-dims=\"1\" decoding=\"async\" width=\"1200\" height=\"900\" data-attachment-id=\"1021\" data-permalink=\"https:\/\/federkielstickerei.it\/it\/brieftasche\/19-2\/\" data-orig-file=\"https:\/\/i0.wp.com\/federkielstickerei.it\/wp-content\/uploads\/2023\/03\/19.jpg?fit=1200%2C900&amp;ssl=1\" data-orig-size=\"1200,900\" data-comments-opened=\"1\" data-image-meta=\"{&quot;aperture&quot;:&quot;0&quot;,&quot;credit&quot;:&quot;&quot;,&quot;camera&quot;:&quot;&quot;,&quot;caption&quot;:&quot;&quot;,&quot;created_timestamp&quot;:&quot;0&quot;,&quot;copyright&quot;:&quot;&quot;,&quot;focal_length&quot;:&quot;0&quot;,&quot;iso&quot;:&quot;0&quot;,&quot;shutter_speed&quot;:&quot;0&quot;,&quot;title&quot;:&quot;&quot;,&quot;orientation&quot;:&quot;0&quot;}\" data-image-title=\"19\" data-image-description=\"\" data-image-caption=\"&lt;p&gt;19 &amp;#8211; Drei Zinnen &amp;#8211; 190\u20ac&lt;\/p&gt;\" data-large-file=\"https:\/\/i0.wp.com\/federkielstickerei.it\/wp-content\/uploads\/2023\/03\/19.jpg?fit=1024%2C768&amp;ssl=1\" data-id=\"1021\" src=\"https:\/\/i0.wp.com\/federkielstickerei.it\/wp-content\/uploads\/2023\/03\/19.jpg?resize=1200%2C900&#038;ssl=1\" alt=\"\" class=\"wp-image-1021\" srcset=\"https:\/\/i0.wp.com\/federkielstickerei.it\/wp-content\/uploads\/2023\/03\/19.jpg?w=1200&amp;ssl=1 1200w, https:\/\/i0.wp.com\/federkielstickerei.it\/wp-content\/uploads\/2023\/03\/19.jpg?resize=300%2C225&amp;ssl=1 300w, https:\/\/i0.wp.com\/federkielstickerei.it\/wp-content\/uploads\/2023\/03\/19.jpg?resize=1024%2C768&amp;ssl=1 1024w, https:\/\/i0.wp.com\/federkielstickerei.it\/wp-content\/uploads\/2023\/03\/19.jpg?resize=768%2C576&amp;ssl=1 768w, https:\/\/i0.wp.com\/federkielstickerei.it\/wp-content\/uploads\/2023\/03\/19.jpg?resize=16%2C12&amp;ssl=1 16w\" sizes=\"(max-width: 1000px) 100vw, 1000px\" \/><\/a><figcaption class=\"wp-element-caption\">19 &#8211; Drei Zinnen &#8211; 185\u20ac<\/figcaption><\/figure>\n\n\n\n<figure class=\"wp-block-image size-full\"><a href=\"https:\/\/federkielstickerei.it\/it\/brieftasche\/20-2\/\"><img data-recalc-dims=\"1\" decoding=\"async\" width=\"1200\" height=\"900\" data-attachment-id=\"1067\" data-permalink=\"https:\/\/federkielstickerei.it\/it\/brieftasche\/20-2\/\" data-orig-file=\"https:\/\/i0.wp.com\/federkielstickerei.it\/wp-content\/uploads\/2023\/03\/20.jpg?fit=1200%2C900&amp;ssl=1\" data-orig-size=\"1200,900\" data-comments-opened=\"1\" data-image-meta=\"{&quot;aperture&quot;:&quot;0&quot;,&quot;credit&quot;:&quot;&quot;,&quot;camera&quot;:&quot;&quot;,&quot;caption&quot;:&quot;&quot;,&quot;created_timestamp&quot;:&quot;0&quot;,&quot;copyright&quot;:&quot;&quot;,&quot;focal_length&quot;:&quot;0&quot;,&quot;iso&quot;:&quot;0&quot;,&quot;shutter_speed&quot;:&quot;0&quot;,&quot;title&quot;:&quot;&quot;,&quot;orientation&quot;:&quot;0&quot;}\" data-image-title=\"20\" data-image-description=\"\" data-image-caption=\"&lt;p&gt;20 &amp;#8211; Segelflugzeug &amp;#8211; 175\u20ac&lt;\/p&gt;\" data-large-file=\"https:\/\/i0.wp.com\/federkielstickerei.it\/wp-content\/uploads\/2023\/03\/20.jpg?fit=1024%2C768&amp;ssl=1\" data-id=\"1067\" src=\"https:\/\/i0.wp.com\/federkielstickerei.it\/wp-content\/uploads\/2023\/03\/20.jpg?resize=1200%2C900&#038;ssl=1\" alt=\"Brieftasche mit Federkielstickerei aus Echtleder\" class=\"wp-image-1067\" srcset=\"https:\/\/i0.wp.com\/federkielstickerei.it\/wp-content\/uploads\/2023\/03\/20.jpg?w=1200&amp;ssl=1 1200w, https:\/\/i0.wp.com\/federkielstickerei.it\/wp-content\/uploads\/2023\/03\/20.jpg?resize=300%2C225&amp;ssl=1 300w, https:\/\/i0.wp.com\/federkielstickerei.it\/wp-content\/uploads\/2023\/03\/20.jpg?resize=1024%2C768&amp;ssl=1 1024w, https:\/\/i0.wp.com\/federkielstickerei.it\/wp-content\/uploads\/2023\/03\/20.jpg?resize=768%2C576&amp;ssl=1 768w, https:\/\/i0.wp.com\/federkielstickerei.it\/wp-content\/uploads\/2023\/03\/20.jpg?resize=16%2C12&amp;ssl=1 16w\" sizes=\"(max-width: 1000px) 100vw, 1000px\" \/><\/a><figcaption class=\"wp-element-caption\">20 &#8211; Segelflugzeug &#8211; 165\u20ac<\/figcaption><\/figure>\n\n\n\n<figure class=\"wp-block-image size-full\"><a href=\"https:\/\/federkielstickerei.it\/it\/brieftasche\/21-2\/\"><img data-recalc-dims=\"1\" decoding=\"async\" width=\"1200\" height=\"900\" data-attachment-id=\"1022\" data-permalink=\"https:\/\/federkielstickerei.it\/it\/brieftasche\/21-2\/\" data-orig-file=\"https:\/\/i0.wp.com\/federkielstickerei.it\/wp-content\/uploads\/2023\/03\/21.jpg?fit=1200%2C900&amp;ssl=1\" data-orig-size=\"1200,900\" data-comments-opened=\"1\" data-image-meta=\"{&quot;aperture&quot;:&quot;0&quot;,&quot;credit&quot;:&quot;&quot;,&quot;camera&quot;:&quot;&quot;,&quot;caption&quot;:&quot;&quot;,&quot;created_timestamp&quot;:&quot;0&quot;,&quot;copyright&quot;:&quot;&quot;,&quot;focal_length&quot;:&quot;0&quot;,&quot;iso&quot;:&quot;0&quot;,&quot;shutter_speed&quot;:&quot;0&quot;,&quot;title&quot;:&quot;&quot;,&quot;orientation&quot;:&quot;0&quot;}\" data-image-title=\"21\" data-image-description=\"\" data-image-caption=\"&lt;p&gt;21 &amp;#8211; Adler &amp;#8211; 240\u20ac&lt;\/p&gt;\" data-large-file=\"https:\/\/i0.wp.com\/federkielstickerei.it\/wp-content\/uploads\/2023\/03\/21.jpg?fit=1024%2C768&amp;ssl=1\" data-id=\"1022\" src=\"https:\/\/i0.wp.com\/federkielstickerei.it\/wp-content\/uploads\/2023\/03\/21.jpg?resize=1200%2C900&#038;ssl=1\" alt=\"\" class=\"wp-image-1022\" srcset=\"https:\/\/i0.wp.com\/federkielstickerei.it\/wp-content\/uploads\/2023\/03\/21.jpg?w=1200&amp;ssl=1 1200w, https:\/\/i0.wp.com\/federkielstickerei.it\/wp-content\/uploads\/2023\/03\/21.jpg?resize=300%2C225&amp;ssl=1 300w, https:\/\/i0.wp.com\/federkielstickerei.it\/wp-content\/uploads\/2023\/03\/21.jpg?resize=1024%2C768&amp;ssl=1 1024w, https:\/\/i0.wp.com\/federkielstickerei.it\/wp-content\/uploads\/2023\/03\/21.jpg?resize=768%2C576&amp;ssl=1 768w, https:\/\/i0.wp.com\/federkielstickerei.it\/wp-content\/uploads\/2023\/03\/21.jpg?resize=16%2C12&amp;ssl=1 16w\" sizes=\"(max-width: 1000px) 100vw, 1000px\" \/><\/a><figcaption class=\"wp-element-caption\">21 &#8211; Adler &#8211; 240\u20ac<\/figcaption><\/figure>\n\n\n\n<figure class=\"wp-block-image size-full\"><a href=\"https:\/\/federkielstickerei.it\/it\/brieftasche\/22-2\/\"><img data-recalc-dims=\"1\" decoding=\"async\" width=\"1200\" height=\"900\" data-attachment-id=\"1023\" data-permalink=\"https:\/\/federkielstickerei.it\/it\/brieftasche\/22-2\/\" data-orig-file=\"https:\/\/i0.wp.com\/federkielstickerei.it\/wp-content\/uploads\/2023\/03\/22.jpg?fit=1200%2C900&amp;ssl=1\" data-orig-size=\"1200,900\" data-comments-opened=\"1\" data-image-meta=\"{&quot;aperture&quot;:&quot;0&quot;,&quot;credit&quot;:&quot;&quot;,&quot;camera&quot;:&quot;&quot;,&quot;caption&quot;:&quot;&quot;,&quot;created_timestamp&quot;:&quot;0&quot;,&quot;copyright&quot;:&quot;&quot;,&quot;focal_length&quot;:&quot;0&quot;,&quot;iso&quot;:&quot;0&quot;,&quot;shutter_speed&quot;:&quot;0&quot;,&quot;title&quot;:&quot;&quot;,&quot;orientation&quot;:&quot;0&quot;}\" data-image-title=\"22\" data-image-description=\"\" data-image-caption=\"&lt;p&gt;22 &amp;#8211; Name mit Adler &amp;#8211; 280\u20ac&lt;\/p&gt;\" data-large-file=\"https:\/\/i0.wp.com\/federkielstickerei.it\/wp-content\/uploads\/2023\/03\/22.jpg?fit=1024%2C768&amp;ssl=1\" data-id=\"1023\" src=\"https:\/\/i0.wp.com\/federkielstickerei.it\/wp-content\/uploads\/2023\/03\/22.jpg?resize=1200%2C900&#038;ssl=1\" alt=\"\" class=\"wp-image-1023\" srcset=\"https:\/\/i0.wp.com\/federkielstickerei.it\/wp-content\/uploads\/2023\/03\/22.jpg?w=1200&amp;ssl=1 1200w, https:\/\/i0.wp.com\/federkielstickerei.it\/wp-content\/uploads\/2023\/03\/22.jpg?resize=300%2C225&amp;ssl=1 300w, https:\/\/i0.wp.com\/federkielstickerei.it\/wp-content\/uploads\/2023\/03\/22.jpg?resize=1024%2C768&amp;ssl=1 1024w, https:\/\/i0.wp.com\/federkielstickerei.it\/wp-content\/uploads\/2023\/03\/22.jpg?resize=768%2C576&amp;ssl=1 768w, https:\/\/i0.wp.com\/federkielstickerei.it\/wp-content\/uploads\/2023\/03\/22.jpg?resize=16%2C12&amp;ssl=1 16w\" sizes=\"(max-width: 1000px) 100vw, 1000px\" \/><\/a><figcaption class=\"wp-element-caption\">22 &#8211; Name mit Adler &#8211; 295\u20ac<\/figcaption><\/figure>\n\n\n\n<figure class=\"wp-block-image size-full\"><a href=\"https:\/\/federkielstickerei.it\/it\/brieftasche\/23-2\/\"><img data-recalc-dims=\"1\" decoding=\"async\" width=\"1200\" height=\"900\" data-attachment-id=\"1024\" data-permalink=\"https:\/\/federkielstickerei.it\/it\/brieftasche\/23-2\/\" data-orig-file=\"https:\/\/i0.wp.com\/federkielstickerei.it\/wp-content\/uploads\/2023\/03\/23.jpg?fit=1200%2C900&amp;ssl=1\" data-orig-size=\"1200,900\" data-comments-opened=\"1\" data-image-meta=\"{&quot;aperture&quot;:&quot;0&quot;,&quot;credit&quot;:&quot;&quot;,&quot;camera&quot;:&quot;&quot;,&quot;caption&quot;:&quot;&quot;,&quot;created_timestamp&quot;:&quot;0&quot;,&quot;copyright&quot;:&quot;&quot;,&quot;focal_length&quot;:&quot;0&quot;,&quot;iso&quot;:&quot;0&quot;,&quot;shutter_speed&quot;:&quot;0&quot;,&quot;title&quot;:&quot;&quot;,&quot;orientation&quot;:&quot;0&quot;}\" data-image-title=\"23\" data-image-description=\"\" data-image-caption=\"&lt;p&gt;23 &amp;#8211; Name mit Auhahn &amp;#8211; 235\u20ac&lt;\/p&gt;\" data-large-file=\"https:\/\/i0.wp.com\/federkielstickerei.it\/wp-content\/uploads\/2023\/03\/23.jpg?fit=1024%2C768&amp;ssl=1\" data-id=\"1024\" src=\"https:\/\/i0.wp.com\/federkielstickerei.it\/wp-content\/uploads\/2023\/03\/23.jpg?resize=1200%2C900&#038;ssl=1\" alt=\"\" class=\"wp-image-1024\" srcset=\"https:\/\/i0.wp.com\/federkielstickerei.it\/wp-content\/uploads\/2023\/03\/23.jpg?w=1200&amp;ssl=1 1200w, https:\/\/i0.wp.com\/federkielstickerei.it\/wp-content\/uploads\/2023\/03\/23.jpg?resize=300%2C225&amp;ssl=1 300w, https:\/\/i0.wp.com\/federkielstickerei.it\/wp-content\/uploads\/2023\/03\/23.jpg?resize=1024%2C768&amp;ssl=1 1024w, https:\/\/i0.wp.com\/federkielstickerei.it\/wp-content\/uploads\/2023\/03\/23.jpg?resize=768%2C576&amp;ssl=1 768w, https:\/\/i0.wp.com\/federkielstickerei.it\/wp-content\/uploads\/2023\/03\/23.jpg?resize=16%2C12&amp;ssl=1 16w\" sizes=\"(max-width: 1000px) 100vw, 1000px\" \/><\/a><figcaption class=\"wp-element-caption\">23 &#8211; Name mit Auhahn &#8211; 255\u20ac<\/figcaption><\/figure>\n\n\n\n<figure class=\"wp-block-image size-full\"><a href=\"https:\/\/federkielstickerei.it\/it\/brieftasche\/attachment\/24\/\"><img data-recalc-dims=\"1\" decoding=\"async\" width=\"1200\" height=\"900\" data-attachment-id=\"1025\" data-permalink=\"https:\/\/federkielstickerei.it\/it\/brieftasche\/attachment\/24\/\" data-orig-file=\"https:\/\/i0.wp.com\/federkielstickerei.it\/wp-content\/uploads\/2023\/03\/24.jpg?fit=1200%2C900&amp;ssl=1\" data-orig-size=\"1200,900\" data-comments-opened=\"1\" data-image-meta=\"{&quot;aperture&quot;:&quot;0&quot;,&quot;credit&quot;:&quot;&quot;,&quot;camera&quot;:&quot;&quot;,&quot;caption&quot;:&quot;&quot;,&quot;created_timestamp&quot;:&quot;0&quot;,&quot;copyright&quot;:&quot;&quot;,&quot;focal_length&quot;:&quot;0&quot;,&quot;iso&quot;:&quot;0&quot;,&quot;shutter_speed&quot;:&quot;0&quot;,&quot;title&quot;:&quot;&quot;,&quot;orientation&quot;:&quot;0&quot;}\" data-image-title=\"24\" data-image-description=\"\" data-image-caption=\"&lt;p&gt;24 &amp;#8211; Name mit Auhahn &amp;#8211; 235\u20ac&lt;\/p&gt;\" data-large-file=\"https:\/\/i0.wp.com\/federkielstickerei.it\/wp-content\/uploads\/2023\/03\/24.jpg?fit=1024%2C768&amp;ssl=1\" data-id=\"1025\" src=\"https:\/\/i0.wp.com\/federkielstickerei.it\/wp-content\/uploads\/2023\/03\/24.jpg?resize=1200%2C900&#038;ssl=1\" alt=\"\" class=\"wp-image-1025\" srcset=\"https:\/\/i0.wp.com\/federkielstickerei.it\/wp-content\/uploads\/2023\/03\/24.jpg?w=1200&amp;ssl=1 1200w, https:\/\/i0.wp.com\/federkielstickerei.it\/wp-content\/uploads\/2023\/03\/24.jpg?resize=300%2C225&amp;ssl=1 300w, https:\/\/i0.wp.com\/federkielstickerei.it\/wp-content\/uploads\/2023\/03\/24.jpg?resize=1024%2C768&amp;ssl=1 1024w, https:\/\/i0.wp.com\/federkielstickerei.it\/wp-content\/uploads\/2023\/03\/24.jpg?resize=768%2C576&amp;ssl=1 768w, https:\/\/i0.wp.com\/federkielstickerei.it\/wp-content\/uploads\/2023\/03\/24.jpg?resize=16%2C12&amp;ssl=1 16w\" sizes=\"(max-width: 1000px) 100vw, 1000px\" \/><\/a><figcaption class=\"wp-element-caption\">24 &#8211; Name mit Auhahn &#8211; 255\u20ac<\/figcaption><\/figure>\n\n\n\n<figure class=\"wp-block-image size-full\"><a href=\"https:\/\/federkielstickerei.it\/it\/brieftasche\/attachment\/25\/\"><img data-recalc-dims=\"1\" decoding=\"async\" width=\"1200\" height=\"900\" data-attachment-id=\"1068\" data-permalink=\"https:\/\/federkielstickerei.it\/it\/brieftasche\/attachment\/25\/\" data-orig-file=\"https:\/\/i0.wp.com\/federkielstickerei.it\/wp-content\/uploads\/2023\/03\/25.jpg?fit=1200%2C900&amp;ssl=1\" data-orig-size=\"1200,900\" data-comments-opened=\"1\" data-image-meta=\"{&quot;aperture&quot;:&quot;0&quot;,&quot;credit&quot;:&quot;&quot;,&quot;camera&quot;:&quot;&quot;,&quot;caption&quot;:&quot;&quot;,&quot;created_timestamp&quot;:&quot;0&quot;,&quot;copyright&quot;:&quot;&quot;,&quot;focal_length&quot;:&quot;0&quot;,&quot;iso&quot;:&quot;0&quot;,&quot;shutter_speed&quot;:&quot;0&quot;,&quot;title&quot;:&quot;&quot;,&quot;orientation&quot;:&quot;0&quot;}\" data-image-title=\"25\" data-image-description=\"\" data-image-caption=\"&lt;p&gt;25 &amp;#8211; Pferd &amp;#8211; 175\u20ac&lt;\/p&gt;\" data-large-file=\"https:\/\/i0.wp.com\/federkielstickerei.it\/wp-content\/uploads\/2023\/03\/25.jpg?fit=1024%2C768&amp;ssl=1\" data-id=\"1068\" src=\"https:\/\/i0.wp.com\/federkielstickerei.it\/wp-content\/uploads\/2023\/03\/25.jpg?resize=1200%2C900&#038;ssl=1\" alt=\"Brieftasche mit Federkielstickerei aus Echtleder\" class=\"wp-image-1068\" srcset=\"https:\/\/i0.wp.com\/federkielstickerei.it\/wp-content\/uploads\/2023\/03\/25.jpg?w=1200&amp;ssl=1 1200w, https:\/\/i0.wp.com\/federkielstickerei.it\/wp-content\/uploads\/2023\/03\/25.jpg?resize=300%2C225&amp;ssl=1 300w, https:\/\/i0.wp.com\/federkielstickerei.it\/wp-content\/uploads\/2023\/03\/25.jpg?resize=1024%2C768&amp;ssl=1 1024w, https:\/\/i0.wp.com\/federkielstickerei.it\/wp-content\/uploads\/2023\/03\/25.jpg?resize=768%2C576&amp;ssl=1 768w, https:\/\/i0.wp.com\/federkielstickerei.it\/wp-content\/uploads\/2023\/03\/25.jpg?resize=16%2C12&amp;ssl=1 16w\" sizes=\"(max-width: 1000px) 100vw, 1000px\" \/><\/a><figcaption class=\"wp-element-caption\">25 &#8211; Pferd &#8211; 175\u20ac<\/figcaption><\/figure>\n\n\n\n<figure class=\"wp-block-image size-full\"><a href=\"https:\/\/federkielstickerei.it\/it\/brieftasche\/attachment\/26\/\"><img data-recalc-dims=\"1\" decoding=\"async\" width=\"1200\" height=\"900\" data-attachment-id=\"1026\" data-permalink=\"https:\/\/federkielstickerei.it\/it\/brieftasche\/attachment\/26\/\" data-orig-file=\"https:\/\/i0.wp.com\/federkielstickerei.it\/wp-content\/uploads\/2023\/03\/26.jpg?fit=1200%2C900&amp;ssl=1\" data-orig-size=\"1200,900\" data-comments-opened=\"1\" data-image-meta=\"{&quot;aperture&quot;:&quot;0&quot;,&quot;credit&quot;:&quot;&quot;,&quot;camera&quot;:&quot;&quot;,&quot;caption&quot;:&quot;&quot;,&quot;created_timestamp&quot;:&quot;0&quot;,&quot;copyright&quot;:&quot;&quot;,&quot;focal_length&quot;:&quot;0&quot;,&quot;iso&quot;:&quot;0&quot;,&quot;shutter_speed&quot;:&quot;0&quot;,&quot;title&quot;:&quot;&quot;,&quot;orientation&quot;:&quot;0&quot;}\" data-image-title=\"26\" data-image-description=\"\" data-image-caption=\"&lt;p&gt;26 &amp;#8211; Name mit Pferd &amp;#8211; 225\u20ac&lt;\/p&gt;\" data-large-file=\"https:\/\/i0.wp.com\/federkielstickerei.it\/wp-content\/uploads\/2023\/03\/26.jpg?fit=1024%2C768&amp;ssl=1\" data-id=\"1026\" src=\"https:\/\/i0.wp.com\/federkielstickerei.it\/wp-content\/uploads\/2023\/03\/26.jpg?resize=1200%2C900&#038;ssl=1\" alt=\"\" class=\"wp-image-1026\" srcset=\"https:\/\/i0.wp.com\/federkielstickerei.it\/wp-content\/uploads\/2023\/03\/26.jpg?w=1200&amp;ssl=1 1200w, https:\/\/i0.wp.com\/federkielstickerei.it\/wp-content\/uploads\/2023\/03\/26.jpg?resize=300%2C225&amp;ssl=1 300w, https:\/\/i0.wp.com\/federkielstickerei.it\/wp-content\/uploads\/2023\/03\/26.jpg?resize=1024%2C768&amp;ssl=1 1024w, https:\/\/i0.wp.com\/federkielstickerei.it\/wp-content\/uploads\/2023\/03\/26.jpg?resize=768%2C576&amp;ssl=1 768w, https:\/\/i0.wp.com\/federkielstickerei.it\/wp-content\/uploads\/2023\/03\/26.jpg?resize=16%2C12&amp;ssl=1 16w\" sizes=\"(max-width: 1000px) 100vw, 1000px\" \/><\/a><figcaption class=\"wp-element-caption\">26 &#8211; Name mit Pferd &#8211; 245\u20ac<\/figcaption><\/figure>\n\n\n\n<figure class=\"wp-block-image size-full\"><a href=\"https:\/\/federkielstickerei.it\/it\/brieftasche\/attachment\/27\/\"><img data-recalc-dims=\"1\" decoding=\"async\" width=\"1200\" height=\"900\" data-attachment-id=\"1027\" data-permalink=\"https:\/\/federkielstickerei.it\/it\/brieftasche\/attachment\/27\/\" data-orig-file=\"https:\/\/i0.wp.com\/federkielstickerei.it\/wp-content\/uploads\/2023\/03\/27.jpg?fit=1200%2C900&amp;ssl=1\" data-orig-size=\"1200,900\" data-comments-opened=\"1\" data-image-meta=\"{&quot;aperture&quot;:&quot;0&quot;,&quot;credit&quot;:&quot;&quot;,&quot;camera&quot;:&quot;&quot;,&quot;caption&quot;:&quot;&quot;,&quot;created_timestamp&quot;:&quot;0&quot;,&quot;copyright&quot;:&quot;&quot;,&quot;focal_length&quot;:&quot;0&quot;,&quot;iso&quot;:&quot;0&quot;,&quot;shutter_speed&quot;:&quot;0&quot;,&quot;title&quot;:&quot;&quot;,&quot;orientation&quot;:&quot;0&quot;}\" data-image-title=\"27\" data-image-description=\"\" data-image-caption=\"&lt;p&gt;27 &amp;#8211; Name mit Kuhkopf &amp;#8211; 230\u20ac&lt;\/p&gt;\" data-large-file=\"https:\/\/i0.wp.com\/federkielstickerei.it\/wp-content\/uploads\/2023\/03\/27.jpg?fit=1024%2C768&amp;ssl=1\" data-id=\"1027\" src=\"https:\/\/i0.wp.com\/federkielstickerei.it\/wp-content\/uploads\/2023\/03\/27.jpg?resize=1200%2C900&#038;ssl=1\" alt=\"\" class=\"wp-image-1027\" srcset=\"https:\/\/i0.wp.com\/federkielstickerei.it\/wp-content\/uploads\/2023\/03\/27.jpg?w=1200&amp;ssl=1 1200w, https:\/\/i0.wp.com\/federkielstickerei.it\/wp-content\/uploads\/2023\/03\/27.jpg?resize=300%2C225&amp;ssl=1 300w, https:\/\/i0.wp.com\/federkielstickerei.it\/wp-content\/uploads\/2023\/03\/27.jpg?resize=1024%2C768&amp;ssl=1 1024w, https:\/\/i0.wp.com\/federkielstickerei.it\/wp-content\/uploads\/2023\/03\/27.jpg?resize=768%2C576&amp;ssl=1 768w, https:\/\/i0.wp.com\/federkielstickerei.it\/wp-content\/uploads\/2023\/03\/27.jpg?resize=16%2C12&amp;ssl=1 16w\" sizes=\"(max-width: 1000px) 100vw, 1000px\" \/><\/a><figcaption class=\"wp-element-caption\">27 &#8211; Name mit Kuhkopf &#8211; 240\u20ac<\/figcaption><\/figure>\n\n\n\n<figure class=\"wp-block-image size-full\"><a href=\"https:\/\/federkielstickerei.it\/it\/brieftasche\/attachment\/28\/\"><img data-recalc-dims=\"1\" decoding=\"async\" width=\"1200\" height=\"900\" data-attachment-id=\"1069\" data-permalink=\"https:\/\/federkielstickerei.it\/it\/brieftasche\/attachment\/28\/\" data-orig-file=\"https:\/\/i0.wp.com\/federkielstickerei.it\/wp-content\/uploads\/2023\/03\/28.jpg?fit=1200%2C900&amp;ssl=1\" data-orig-size=\"1200,900\" data-comments-opened=\"1\" data-image-meta=\"{&quot;aperture&quot;:&quot;0&quot;,&quot;credit&quot;:&quot;&quot;,&quot;camera&quot;:&quot;&quot;,&quot;caption&quot;:&quot;&quot;,&quot;created_timestamp&quot;:&quot;0&quot;,&quot;copyright&quot;:&quot;&quot;,&quot;focal_length&quot;:&quot;0&quot;,&quot;iso&quot;:&quot;0&quot;,&quot;shutter_speed&quot;:&quot;0&quot;,&quot;title&quot;:&quot;&quot;,&quot;orientation&quot;:&quot;0&quot;}\" data-image-title=\"28\" data-image-description=\"\" data-image-caption=\"&lt;p&gt;28 &amp;#8211; Name mit Kuhkopf &amp;#8211; 235\u20ac&lt;\/p&gt;\" data-large-file=\"https:\/\/i0.wp.com\/federkielstickerei.it\/wp-content\/uploads\/2023\/03\/28.jpg?fit=1024%2C768&amp;ssl=1\" data-id=\"1069\" src=\"https:\/\/i0.wp.com\/federkielstickerei.it\/wp-content\/uploads\/2023\/03\/28.jpg?resize=1200%2C900&#038;ssl=1\" alt=\"\" class=\"wp-image-1069\" srcset=\"https:\/\/i0.wp.com\/federkielstickerei.it\/wp-content\/uploads\/2023\/03\/28.jpg?w=1200&amp;ssl=1 1200w, https:\/\/i0.wp.com\/federkielstickerei.it\/wp-content\/uploads\/2023\/03\/28.jpg?resize=300%2C225&amp;ssl=1 300w, https:\/\/i0.wp.com\/federkielstickerei.it\/wp-content\/uploads\/2023\/03\/28.jpg?resize=1024%2C768&amp;ssl=1 1024w, https:\/\/i0.wp.com\/federkielstickerei.it\/wp-content\/uploads\/2023\/03\/28.jpg?resize=768%2C576&amp;ssl=1 768w, https:\/\/i0.wp.com\/federkielstickerei.it\/wp-content\/uploads\/2023\/03\/28.jpg?resize=16%2C12&amp;ssl=1 16w\" sizes=\"(max-width: 1000px) 100vw, 1000px\" \/><\/a><figcaption class=\"wp-element-caption\">28 &#8211; Name mit Kuhkopf &#8211; 240\u20ac<\/figcaption><\/figure>\n\n\n\n<figure class=\"wp-block-image size-full\"><a href=\"https:\/\/federkielstickerei.it\/it\/brieftasche\/attachment\/29\/\"><img data-recalc-dims=\"1\" decoding=\"async\" width=\"1200\" height=\"900\" data-attachment-id=\"1028\" data-permalink=\"https:\/\/federkielstickerei.it\/it\/brieftasche\/attachment\/29\/\" data-orig-file=\"https:\/\/i0.wp.com\/federkielstickerei.it\/wp-content\/uploads\/2023\/03\/29.jpg?fit=1200%2C900&amp;ssl=1\" data-orig-size=\"1200,900\" data-comments-opened=\"1\" data-image-meta=\"{&quot;aperture&quot;:&quot;0&quot;,&quot;credit&quot;:&quot;&quot;,&quot;camera&quot;:&quot;&quot;,&quot;caption&quot;:&quot;&quot;,&quot;created_timestamp&quot;:&quot;0&quot;,&quot;copyright&quot;:&quot;&quot;,&quot;focal_length&quot;:&quot;0&quot;,&quot;iso&quot;:&quot;0&quot;,&quot;shutter_speed&quot;:&quot;0&quot;,&quot;title&quot;:&quot;&quot;,&quot;orientation&quot;:&quot;0&quot;}\" data-image-title=\"29\" data-image-description=\"\" data-image-caption=\"&lt;p&gt;29 &amp;#8211; Name mit Steinbock &amp;#8211; 220\u20ac&lt;\/p&gt;\" data-large-file=\"https:\/\/i0.wp.com\/federkielstickerei.it\/wp-content\/uploads\/2023\/03\/29.jpg?fit=1024%2C768&amp;ssl=1\" data-id=\"1028\" src=\"https:\/\/i0.wp.com\/federkielstickerei.it\/wp-content\/uploads\/2023\/03\/29.jpg?resize=1200%2C900&#038;ssl=1\" alt=\"\" class=\"wp-image-1028\" srcset=\"https:\/\/i0.wp.com\/federkielstickerei.it\/wp-content\/uploads\/2023\/03\/29.jpg?w=1200&amp;ssl=1 1200w, https:\/\/i0.wp.com\/federkielstickerei.it\/wp-content\/uploads\/2023\/03\/29.jpg?resize=300%2C225&amp;ssl=1 300w, https:\/\/i0.wp.com\/federkielstickerei.it\/wp-content\/uploads\/2023\/03\/29.jpg?resize=1024%2C768&amp;ssl=1 1024w, https:\/\/i0.wp.com\/federkielstickerei.it\/wp-content\/uploads\/2023\/03\/29.jpg?resize=768%2C576&amp;ssl=1 768w, https:\/\/i0.wp.com\/federkielstickerei.it\/wp-content\/uploads\/2023\/03\/29.jpg?resize=16%2C12&amp;ssl=1 16w\" sizes=\"(max-width: 1000px) 100vw, 1000px\" \/><\/a><figcaption class=\"wp-element-caption\">29 &#8211; Name mit Steinbock &#8211; 235\u20ac<\/figcaption><\/figure>\n\n\n\n<figure class=\"wp-block-image size-full\"><a href=\"https:\/\/federkielstickerei.it\/it\/brieftasche\/attachment\/30\/\"><img data-recalc-dims=\"1\" decoding=\"async\" width=\"1200\" height=\"900\" data-attachment-id=\"1029\" data-permalink=\"https:\/\/federkielstickerei.it\/it\/brieftasche\/attachment\/30\/\" data-orig-file=\"https:\/\/i0.wp.com\/federkielstickerei.it\/wp-content\/uploads\/2023\/03\/30.jpg?fit=1200%2C900&amp;ssl=1\" data-orig-size=\"1200,900\" data-comments-opened=\"1\" data-image-meta=\"{&quot;aperture&quot;:&quot;0&quot;,&quot;credit&quot;:&quot;&quot;,&quot;camera&quot;:&quot;&quot;,&quot;caption&quot;:&quot;&quot;,&quot;created_timestamp&quot;:&quot;0&quot;,&quot;copyright&quot;:&quot;&quot;,&quot;focal_length&quot;:&quot;0&quot;,&quot;iso&quot;:&quot;0&quot;,&quot;shutter_speed&quot;:&quot;0&quot;,&quot;title&quot;:&quot;&quot;,&quot;orientation&quot;:&quot;0&quot;}\" data-image-title=\"30\" data-image-description=\"\" data-image-caption=\"&lt;p&gt;30 &amp;#8211; Name miit Zeige &amp;#8211; 220\u20ac&lt;\/p&gt;\" data-large-file=\"https:\/\/i0.wp.com\/federkielstickerei.it\/wp-content\/uploads\/2023\/03\/30.jpg?fit=1024%2C768&amp;ssl=1\" data-id=\"1029\" src=\"https:\/\/i0.wp.com\/federkielstickerei.it\/wp-content\/uploads\/2023\/03\/30.jpg?resize=1200%2C900&#038;ssl=1\" alt=\"\" class=\"wp-image-1029\" srcset=\"https:\/\/i0.wp.com\/federkielstickerei.it\/wp-content\/uploads\/2023\/03\/30.jpg?w=1200&amp;ssl=1 1200w, https:\/\/i0.wp.com\/federkielstickerei.it\/wp-content\/uploads\/2023\/03\/30.jpg?resize=300%2C225&amp;ssl=1 300w, https:\/\/i0.wp.com\/federkielstickerei.it\/wp-content\/uploads\/2023\/03\/30.jpg?resize=1024%2C768&amp;ssl=1 1024w, https:\/\/i0.wp.com\/federkielstickerei.it\/wp-content\/uploads\/2023\/03\/30.jpg?resize=768%2C576&amp;ssl=1 768w, https:\/\/i0.wp.com\/federkielstickerei.it\/wp-content\/uploads\/2023\/03\/30.jpg?resize=16%2C12&amp;ssl=1 16w\" sizes=\"(max-width: 1000px) 100vw, 1000px\" \/><\/a><figcaption class=\"wp-element-caption\">30 &#8211; Name mit Ziege &#8211; 240\u20ac<\/figcaption><\/figure>\n\n\n\n<figure class=\"wp-block-image size-full\"><a href=\"https:\/\/federkielstickerei.it\/it\/brieftasche\/attachment\/31\/\"><img data-recalc-dims=\"1\" decoding=\"async\" width=\"1200\" height=\"900\" data-attachment-id=\"1030\" data-permalink=\"https:\/\/federkielstickerei.it\/it\/brieftasche\/attachment\/31\/\" data-orig-file=\"https:\/\/i0.wp.com\/federkielstickerei.it\/wp-content\/uploads\/2023\/03\/31.jpg?fit=1200%2C900&amp;ssl=1\" data-orig-size=\"1200,900\" data-comments-opened=\"1\" data-image-meta=\"{&quot;aperture&quot;:&quot;0&quot;,&quot;credit&quot;:&quot;&quot;,&quot;camera&quot;:&quot;&quot;,&quot;caption&quot;:&quot;&quot;,&quot;created_timestamp&quot;:&quot;0&quot;,&quot;copyright&quot;:&quot;&quot;,&quot;focal_length&quot;:&quot;0&quot;,&quot;iso&quot;:&quot;0&quot;,&quot;shutter_speed&quot;:&quot;0&quot;,&quot;title&quot;:&quot;&quot;,&quot;orientation&quot;:&quot;0&quot;}\" data-image-title=\"31\" data-image-description=\"\" data-image-caption=\"&lt;p&gt;31 &amp;#8211; Name mit Gams &amp;#8211; 215\u20ac&lt;\/p&gt;\" data-large-file=\"https:\/\/i0.wp.com\/federkielstickerei.it\/wp-content\/uploads\/2023\/03\/31.jpg?fit=1024%2C768&amp;ssl=1\" data-id=\"1030\" src=\"https:\/\/i0.wp.com\/federkielstickerei.it\/wp-content\/uploads\/2023\/03\/31.jpg?resize=1200%2C900&#038;ssl=1\" alt=\"\" class=\"wp-image-1030\" srcset=\"https:\/\/i0.wp.com\/federkielstickerei.it\/wp-content\/uploads\/2023\/03\/31.jpg?w=1200&amp;ssl=1 1200w, https:\/\/i0.wp.com\/federkielstickerei.it\/wp-content\/uploads\/2023\/03\/31.jpg?resize=300%2C225&amp;ssl=1 300w, https:\/\/i0.wp.com\/federkielstickerei.it\/wp-content\/uploads\/2023\/03\/31.jpg?resize=1024%2C768&amp;ssl=1 1024w, https:\/\/i0.wp.com\/federkielstickerei.it\/wp-content\/uploads\/2023\/03\/31.jpg?resize=768%2C576&amp;ssl=1 768w, https:\/\/i0.wp.com\/federkielstickerei.it\/wp-content\/uploads\/2023\/03\/31.jpg?resize=16%2C12&amp;ssl=1 16w\" sizes=\"(max-width: 1000px) 100vw, 1000px\" \/><\/a><figcaption class=\"wp-element-caption\">31 &#8211; Name mit Gams &#8211; 230\u20ac<\/figcaption><\/figure>\n\n\n\n<figure class=\"wp-block-image size-full\"><a href=\"https:\/\/federkielstickerei.it\/it\/brieftasche\/attachment\/32\/\"><img data-recalc-dims=\"1\" decoding=\"async\" width=\"1200\" height=\"900\" data-attachment-id=\"1031\" data-permalink=\"https:\/\/federkielstickerei.it\/it\/brieftasche\/attachment\/32\/\" data-orig-file=\"https:\/\/i0.wp.com\/federkielstickerei.it\/wp-content\/uploads\/2023\/03\/32.jpg?fit=1200%2C900&amp;ssl=1\" data-orig-size=\"1200,900\" data-comments-opened=\"1\" data-image-meta=\"{&quot;aperture&quot;:&quot;0&quot;,&quot;credit&quot;:&quot;&quot;,&quot;camera&quot;:&quot;&quot;,&quot;caption&quot;:&quot;&quot;,&quot;created_timestamp&quot;:&quot;0&quot;,&quot;copyright&quot;:&quot;&quot;,&quot;focal_length&quot;:&quot;0&quot;,&quot;iso&quot;:&quot;0&quot;,&quot;shutter_speed&quot;:&quot;0&quot;,&quot;title&quot;:&quot;&quot;,&quot;orientation&quot;:&quot;0&quot;}\" data-image-title=\"32\" data-image-description=\"\" data-image-caption=\"&lt;p&gt;32 &amp;#8211; Initialen  mit Gams &amp;#8211; 200\u20ac&lt;\/p&gt;\" data-large-file=\"https:\/\/i0.wp.com\/federkielstickerei.it\/wp-content\/uploads\/2023\/03\/32.jpg?fit=1024%2C768&amp;ssl=1\" data-id=\"1031\" src=\"https:\/\/i0.wp.com\/federkielstickerei.it\/wp-content\/uploads\/2023\/03\/32.jpg?resize=1200%2C900&#038;ssl=1\" alt=\"\" class=\"wp-image-1031\" srcset=\"https:\/\/i0.wp.com\/federkielstickerei.it\/wp-content\/uploads\/2023\/03\/32.jpg?w=1200&amp;ssl=1 1200w, https:\/\/i0.wp.com\/federkielstickerei.it\/wp-content\/uploads\/2023\/03\/32.jpg?resize=300%2C225&amp;ssl=1 300w, https:\/\/i0.wp.com\/federkielstickerei.it\/wp-content\/uploads\/2023\/03\/32.jpg?resize=1024%2C768&amp;ssl=1 1024w, https:\/\/i0.wp.com\/federkielstickerei.it\/wp-content\/uploads\/2023\/03\/32.jpg?resize=768%2C576&amp;ssl=1 768w, https:\/\/i0.wp.com\/federkielstickerei.it\/wp-content\/uploads\/2023\/03\/32.jpg?resize=16%2C12&amp;ssl=1 16w\" sizes=\"(max-width: 1000px) 100vw, 1000px\" \/><\/a><figcaption class=\"wp-element-caption\">32 &#8211; Initialen mit Gams &#8211; 225\u20ac<\/figcaption><\/figure>\n\n\n\n<figure class=\"wp-block-image size-full\"><a href=\"https:\/\/federkielstickerei.it\/it\/brieftasche\/attachment\/33\/\"><img data-recalc-dims=\"1\" decoding=\"async\" width=\"1200\" height=\"900\" data-attachment-id=\"1032\" data-permalink=\"https:\/\/federkielstickerei.it\/it\/brieftasche\/attachment\/33\/\" data-orig-file=\"https:\/\/i0.wp.com\/federkielstickerei.it\/wp-content\/uploads\/2023\/03\/33.jpg?fit=1200%2C900&amp;ssl=1\" data-orig-size=\"1200,900\" data-comments-opened=\"1\" data-image-meta=\"{&quot;aperture&quot;:&quot;0&quot;,&quot;credit&quot;:&quot;&quot;,&quot;camera&quot;:&quot;&quot;,&quot;caption&quot;:&quot;&quot;,&quot;created_timestamp&quot;:&quot;0&quot;,&quot;copyright&quot;:&quot;&quot;,&quot;focal_length&quot;:&quot;0&quot;,&quot;iso&quot;:&quot;0&quot;,&quot;shutter_speed&quot;:&quot;0&quot;,&quot;title&quot;:&quot;&quot;,&quot;orientation&quot;:&quot;0&quot;}\" data-image-title=\"33\" data-image-description=\"\" data-image-caption=\"&lt;p&gt;33 &amp;#8211; Name mit Hund &amp;#8211; 235\u20ac&lt;\/p&gt;\" data-large-file=\"https:\/\/i0.wp.com\/federkielstickerei.it\/wp-content\/uploads\/2023\/03\/33.jpg?fit=1024%2C768&amp;ssl=1\" data-id=\"1032\" src=\"https:\/\/i0.wp.com\/federkielstickerei.it\/wp-content\/uploads\/2023\/03\/33.jpg?resize=1200%2C900&#038;ssl=1\" alt=\"\" class=\"wp-image-1032\" srcset=\"https:\/\/i0.wp.com\/federkielstickerei.it\/wp-content\/uploads\/2023\/03\/33.jpg?w=1200&amp;ssl=1 1200w, https:\/\/i0.wp.com\/federkielstickerei.it\/wp-content\/uploads\/2023\/03\/33.jpg?resize=300%2C225&amp;ssl=1 300w, https:\/\/i0.wp.com\/federkielstickerei.it\/wp-content\/uploads\/2023\/03\/33.jpg?resize=1024%2C768&amp;ssl=1 1024w, https:\/\/i0.wp.com\/federkielstickerei.it\/wp-content\/uploads\/2023\/03\/33.jpg?resize=768%2C576&amp;ssl=1 768w, https:\/\/i0.wp.com\/federkielstickerei.it\/wp-content\/uploads\/2023\/03\/33.jpg?resize=16%2C12&amp;ssl=1 16w\" sizes=\"(max-width: 1000px) 100vw, 1000px\" \/><\/a><figcaption class=\"wp-element-caption\">33 &#8211; Name mit Hund &#8211; 245\u20ac<\/figcaption><\/figure>\n\n\n\n<figure class=\"wp-block-image size-full\"><a href=\"https:\/\/federkielstickerei.it\/it\/brieftasche\/attachment\/34\/\"><img data-recalc-dims=\"1\" decoding=\"async\" width=\"1200\" height=\"900\" data-attachment-id=\"1033\" data-permalink=\"https:\/\/federkielstickerei.it\/it\/brieftasche\/attachment\/34\/\" data-orig-file=\"https:\/\/i0.wp.com\/federkielstickerei.it\/wp-content\/uploads\/2023\/03\/34.jpg?fit=1200%2C900&amp;ssl=1\" data-orig-size=\"1200,900\" data-comments-opened=\"1\" data-image-meta=\"{&quot;aperture&quot;:&quot;0&quot;,&quot;credit&quot;:&quot;&quot;,&quot;camera&quot;:&quot;&quot;,&quot;caption&quot;:&quot;&quot;,&quot;created_timestamp&quot;:&quot;0&quot;,&quot;copyright&quot;:&quot;&quot;,&quot;focal_length&quot;:&quot;0&quot;,&quot;iso&quot;:&quot;0&quot;,&quot;shutter_speed&quot;:&quot;0&quot;,&quot;title&quot;:&quot;&quot;,&quot;orientation&quot;:&quot;0&quot;}\" data-image-title=\"34\" data-image-description=\"\" data-image-caption=\"&lt;p&gt;34 &amp;#8211; Feder &amp;#8211; 165\u20ac&lt;\/p&gt;\" data-large-file=\"https:\/\/i0.wp.com\/federkielstickerei.it\/wp-content\/uploads\/2023\/03\/34.jpg?fit=1024%2C768&amp;ssl=1\" data-id=\"1033\" src=\"https:\/\/i0.wp.com\/federkielstickerei.it\/wp-content\/uploads\/2023\/03\/34.jpg?resize=1200%2C900&#038;ssl=1\" alt=\"\" class=\"wp-image-1033\" srcset=\"https:\/\/i0.wp.com\/federkielstickerei.it\/wp-content\/uploads\/2023\/03\/34.jpg?w=1200&amp;ssl=1 1200w, https:\/\/i0.wp.com\/federkielstickerei.it\/wp-content\/uploads\/2023\/03\/34.jpg?resize=300%2C225&amp;ssl=1 300w, https:\/\/i0.wp.com\/federkielstickerei.it\/wp-content\/uploads\/2023\/03\/34.jpg?resize=1024%2C768&amp;ssl=1 1024w, https:\/\/i0.wp.com\/federkielstickerei.it\/wp-content\/uploads\/2023\/03\/34.jpg?resize=768%2C576&amp;ssl=1 768w, https:\/\/i0.wp.com\/federkielstickerei.it\/wp-content\/uploads\/2023\/03\/34.jpg?resize=16%2C12&amp;ssl=1 16w\" sizes=\"(max-width: 1000px) 100vw, 1000px\" \/><\/a><figcaption class=\"wp-element-caption\">34 &#8211; Feder &#8211; 165\u20ac<\/figcaption><\/figure>\n\n\n\n<figure class=\"wp-block-image size-full\"><a href=\"https:\/\/federkielstickerei.it\/it\/brieftasche\/attachment\/35\/\"><img data-recalc-dims=\"1\" decoding=\"async\" width=\"1200\" height=\"900\" data-attachment-id=\"1034\" data-permalink=\"https:\/\/federkielstickerei.it\/it\/brieftasche\/attachment\/35\/\" data-orig-file=\"https:\/\/i0.wp.com\/federkielstickerei.it\/wp-content\/uploads\/2023\/03\/35.jpg?fit=1200%2C900&amp;ssl=1\" data-orig-size=\"1200,900\" data-comments-opened=\"1\" data-image-meta=\"{&quot;aperture&quot;:&quot;0&quot;,&quot;credit&quot;:&quot;&quot;,&quot;camera&quot;:&quot;&quot;,&quot;caption&quot;:&quot;&quot;,&quot;created_timestamp&quot;:&quot;0&quot;,&quot;copyright&quot;:&quot;&quot;,&quot;focal_length&quot;:&quot;0&quot;,&quot;iso&quot;:&quot;0&quot;,&quot;shutter_speed&quot;:&quot;0&quot;,&quot;title&quot;:&quot;&quot;,&quot;orientation&quot;:&quot;0&quot;}\" data-image-title=\"35\" data-image-description=\"\" data-image-caption=\"&lt;p&gt;35 &amp;#8211; Skorpion &amp;#8211; 160\u20ac&lt;\/p&gt;\" data-large-file=\"https:\/\/i0.wp.com\/federkielstickerei.it\/wp-content\/uploads\/2023\/03\/35.jpg?fit=1024%2C768&amp;ssl=1\" data-id=\"1034\" src=\"https:\/\/i0.wp.com\/federkielstickerei.it\/wp-content\/uploads\/2023\/03\/35.jpg?resize=1200%2C900&#038;ssl=1\" alt=\"\" class=\"wp-image-1034\" srcset=\"https:\/\/i0.wp.com\/federkielstickerei.it\/wp-content\/uploads\/2023\/03\/35.jpg?w=1200&amp;ssl=1 1200w, https:\/\/i0.wp.com\/federkielstickerei.it\/wp-content\/uploads\/2023\/03\/35.jpg?resize=300%2C225&amp;ssl=1 300w, https:\/\/i0.wp.com\/federkielstickerei.it\/wp-content\/uploads\/2023\/03\/35.jpg?resize=1024%2C768&amp;ssl=1 1024w, https:\/\/i0.wp.com\/federkielstickerei.it\/wp-content\/uploads\/2023\/03\/35.jpg?resize=768%2C576&amp;ssl=1 768w, https:\/\/i0.wp.com\/federkielstickerei.it\/wp-content\/uploads\/2023\/03\/35.jpg?resize=16%2C12&amp;ssl=1 16w\" sizes=\"(max-width: 1000px) 100vw, 1000px\" \/><\/a><figcaption class=\"wp-element-caption\">35 &#8211; Skorpion &#8211; 160\u20ac<\/figcaption><\/figure>\n\n\n\n<figure class=\"wp-block-image size-full\"><a href=\"https:\/\/federkielstickerei.it\/it\/36-2\/\"><img data-recalc-dims=\"1\" decoding=\"async\" width=\"1200\" height=\"900\" data-attachment-id=\"1064\" data-permalink=\"https:\/\/federkielstickerei.it\/it\/36-2\/\" data-orig-file=\"https:\/\/i0.wp.com\/federkielstickerei.it\/wp-content\/uploads\/2023\/03\/36-1.jpg?fit=1200%2C900&amp;ssl=1\" data-orig-size=\"1200,900\" data-comments-opened=\"1\" data-image-meta=\"{&quot;aperture&quot;:&quot;0&quot;,&quot;credit&quot;:&quot;&quot;,&quot;camera&quot;:&quot;&quot;,&quot;caption&quot;:&quot;&quot;,&quot;created_timestamp&quot;:&quot;0&quot;,&quot;copyright&quot;:&quot;&quot;,&quot;focal_length&quot;:&quot;0&quot;,&quot;iso&quot;:&quot;0&quot;,&quot;shutter_speed&quot;:&quot;0&quot;,&quot;title&quot;:&quot;&quot;,&quot;orientation&quot;:&quot;0&quot;}\" data-image-title=\"36\" data-image-description=\"\" data-image-caption=\"&lt;p&gt;36 &amp;#8211; Notenschl\u00fcssel &amp;#8211; 140\u20ac&lt;\/p&gt;\" data-large-file=\"https:\/\/i0.wp.com\/federkielstickerei.it\/wp-content\/uploads\/2023\/03\/36-1.jpg?fit=1024%2C768&amp;ssl=1\" data-id=\"1064\" src=\"https:\/\/i0.wp.com\/federkielstickerei.it\/wp-content\/uploads\/2023\/03\/36-1.jpg?resize=1200%2C900&#038;ssl=1\" alt=\"Brieftasche aus Leder mit Federkielstickerei - Notenschl\u00fcssel\" class=\"wp-image-1064\" srcset=\"https:\/\/i0.wp.com\/federkielstickerei.it\/wp-content\/uploads\/2023\/03\/36-1.jpg?w=1200&amp;ssl=1 1200w, https:\/\/i0.wp.com\/federkielstickerei.it\/wp-content\/uploads\/2023\/03\/36-1.jpg?resize=300%2C225&amp;ssl=1 300w, https:\/\/i0.wp.com\/federkielstickerei.it\/wp-content\/uploads\/2023\/03\/36-1.jpg?resize=1024%2C768&amp;ssl=1 1024w, https:\/\/i0.wp.com\/federkielstickerei.it\/wp-content\/uploads\/2023\/03\/36-1.jpg?resize=768%2C576&amp;ssl=1 768w, https:\/\/i0.wp.com\/federkielstickerei.it\/wp-content\/uploads\/2023\/03\/36-1.jpg?resize=16%2C12&amp;ssl=1 16w\" sizes=\"(max-width: 1000px) 100vw, 1000px\" \/><\/a><figcaption class=\"wp-element-caption\">36 &#8211; Notenschl\u00fcssel &#8211; 145\u20ac<\/figcaption><\/figure>\n\n\n\n<figure class=\"wp-block-image size-full\"><a href=\"https:\/\/federkielstickerei.it\/it\/brieftasche\/attachment\/37\/\"><img data-recalc-dims=\"1\" decoding=\"async\" width=\"1200\" height=\"900\" data-attachment-id=\"1036\" data-permalink=\"https:\/\/federkielstickerei.it\/it\/brieftasche\/attachment\/37\/\" data-orig-file=\"https:\/\/i0.wp.com\/federkielstickerei.it\/wp-content\/uploads\/2023\/03\/37.jpg?fit=1200%2C900&amp;ssl=1\" data-orig-size=\"1200,900\" data-comments-opened=\"1\" data-image-meta=\"{&quot;aperture&quot;:&quot;0&quot;,&quot;credit&quot;:&quot;&quot;,&quot;camera&quot;:&quot;&quot;,&quot;caption&quot;:&quot;&quot;,&quot;created_timestamp&quot;:&quot;0&quot;,&quot;copyright&quot;:&quot;&quot;,&quot;focal_length&quot;:&quot;0&quot;,&quot;iso&quot;:&quot;0&quot;,&quot;shutter_speed&quot;:&quot;0&quot;,&quot;title&quot;:&quot;&quot;,&quot;orientation&quot;:&quot;0&quot;}\" data-image-title=\"37\" data-image-description=\"\" data-image-caption=\"&lt;p&gt;37 &amp;#8211; Name mit Trompete &amp;#8211; 220\u20ac&lt;\/p&gt;\" data-large-file=\"https:\/\/i0.wp.com\/federkielstickerei.it\/wp-content\/uploads\/2023\/03\/37.jpg?fit=1024%2C768&amp;ssl=1\" data-id=\"1036\" src=\"https:\/\/i0.wp.com\/federkielstickerei.it\/wp-content\/uploads\/2023\/03\/37.jpg?resize=1200%2C900&#038;ssl=1\" alt=\"\" class=\"wp-image-1036\" srcset=\"https:\/\/i0.wp.com\/federkielstickerei.it\/wp-content\/uploads\/2023\/03\/37.jpg?w=1200&amp;ssl=1 1200w, https:\/\/i0.wp.com\/federkielstickerei.it\/wp-content\/uploads\/2023\/03\/37.jpg?resize=300%2C225&amp;ssl=1 300w, https:\/\/i0.wp.com\/federkielstickerei.it\/wp-content\/uploads\/2023\/03\/37.jpg?resize=1024%2C768&amp;ssl=1 1024w, https:\/\/i0.wp.com\/federkielstickerei.it\/wp-content\/uploads\/2023\/03\/37.jpg?resize=768%2C576&amp;ssl=1 768w, https:\/\/i0.wp.com\/federkielstickerei.it\/wp-content\/uploads\/2023\/03\/37.jpg?resize=16%2C12&amp;ssl=1 16w\" sizes=\"(max-width: 1000px) 100vw, 1000px\" \/><\/a><figcaption class=\"wp-element-caption\">37 &#8211; Name mit Trompete &#8211; 235\u20ac<\/figcaption><\/figure>\n\n\n\n<figure class=\"wp-block-image size-full\"><a href=\"https:\/\/federkielstickerei.it\/it\/38-2\/\"><img data-recalc-dims=\"1\" decoding=\"async\" width=\"1200\" height=\"900\" data-attachment-id=\"1065\" data-permalink=\"https:\/\/federkielstickerei.it\/it\/38-2\/\" data-orig-file=\"https:\/\/i0.wp.com\/federkielstickerei.it\/wp-content\/uploads\/2023\/03\/38-1.jpg?fit=1200%2C900&amp;ssl=1\" data-orig-size=\"1200,900\" data-comments-opened=\"1\" data-image-meta=\"{&quot;aperture&quot;:&quot;0&quot;,&quot;credit&quot;:&quot;&quot;,&quot;camera&quot;:&quot;&quot;,&quot;caption&quot;:&quot;&quot;,&quot;created_timestamp&quot;:&quot;0&quot;,&quot;copyright&quot;:&quot;&quot;,&quot;focal_length&quot;:&quot;0&quot;,&quot;iso&quot;:&quot;0&quot;,&quot;shutter_speed&quot;:&quot;0&quot;,&quot;title&quot;:&quot;&quot;,&quot;orientation&quot;:&quot;0&quot;}\" data-image-title=\"38\" data-image-description=\"\" data-image-caption=\"&lt;p&gt;38 &amp;#8211; Name mit Tenorhorn &amp;#8211; 220\u20ac&lt;\/p&gt;\" data-large-file=\"https:\/\/i0.wp.com\/federkielstickerei.it\/wp-content\/uploads\/2023\/03\/38-1.jpg?fit=1024%2C768&amp;ssl=1\" data-id=\"1065\" src=\"https:\/\/i0.wp.com\/federkielstickerei.it\/wp-content\/uploads\/2023\/03\/38-1.jpg?resize=1200%2C900&#038;ssl=1\" alt=\"Brieftasche aus Leder mit Federkielstickerei - Tenorhorn\" class=\"wp-image-1065\" srcset=\"https:\/\/i0.wp.com\/federkielstickerei.it\/wp-content\/uploads\/2023\/03\/38-1.jpg?w=1200&amp;ssl=1 1200w, https:\/\/i0.wp.com\/federkielstickerei.it\/wp-content\/uploads\/2023\/03\/38-1.jpg?resize=300%2C225&amp;ssl=1 300w, https:\/\/i0.wp.com\/federkielstickerei.it\/wp-content\/uploads\/2023\/03\/38-1.jpg?resize=1024%2C768&amp;ssl=1 1024w, https:\/\/i0.wp.com\/federkielstickerei.it\/wp-content\/uploads\/2023\/03\/38-1.jpg?resize=768%2C576&amp;ssl=1 768w, https:\/\/i0.wp.com\/federkielstickerei.it\/wp-content\/uploads\/2023\/03\/38-1.jpg?resize=16%2C12&amp;ssl=1 16w\" sizes=\"(max-width: 1000px) 100vw, 1000px\" \/><\/a><figcaption class=\"wp-element-caption\">38 &#8211; Name mit Tenorhorn &#8211; 235\u20ac<\/figcaption><\/figure>\n\n\n\n<figure class=\"wp-block-image size-full\"><a href=\"https:\/\/federkielstickerei.it\/it\/39-2\/\"><img data-recalc-dims=\"1\" decoding=\"async\" width=\"1200\" height=\"900\" data-attachment-id=\"1066\" data-permalink=\"https:\/\/federkielstickerei.it\/it\/39-2\/\" data-orig-file=\"https:\/\/i0.wp.com\/federkielstickerei.it\/wp-content\/uploads\/2023\/03\/39-1.jpg?fit=1200%2C900&amp;ssl=1\" data-orig-size=\"1200,900\" data-comments-opened=\"1\" data-image-meta=\"{&quot;aperture&quot;:&quot;0&quot;,&quot;credit&quot;:&quot;&quot;,&quot;camera&quot;:&quot;&quot;,&quot;caption&quot;:&quot;&quot;,&quot;created_timestamp&quot;:&quot;0&quot;,&quot;copyright&quot;:&quot;&quot;,&quot;focal_length&quot;:&quot;0&quot;,&quot;iso&quot;:&quot;0&quot;,&quot;shutter_speed&quot;:&quot;0&quot;,&quot;title&quot;:&quot;&quot;,&quot;orientation&quot;:&quot;0&quot;}\" data-image-title=\"39\" data-image-description=\"\" data-image-caption=\"&lt;p&gt;39 &amp;#8211; Name mit Schlagzeug &amp;#8211; 220\u20ac&lt;\/p&gt;\" data-large-file=\"https:\/\/i0.wp.com\/federkielstickerei.it\/wp-content\/uploads\/2023\/03\/39-1.jpg?fit=1024%2C768&amp;ssl=1\" data-id=\"1066\" src=\"https:\/\/i0.wp.com\/federkielstickerei.it\/wp-content\/uploads\/2023\/03\/39-1.jpg?resize=1200%2C900&#038;ssl=1\" alt=\"Brieftasche aus Leder mit Federkielstickerei - Schlagzeug\" class=\"wp-image-1066\" srcset=\"https:\/\/i0.wp.com\/federkielstickerei.it\/wp-content\/uploads\/2023\/03\/39-1.jpg?w=1200&amp;ssl=1 1200w, https:\/\/i0.wp.com\/federkielstickerei.it\/wp-content\/uploads\/2023\/03\/39-1.jpg?resize=300%2C225&amp;ssl=1 300w, https:\/\/i0.wp.com\/federkielstickerei.it\/wp-content\/uploads\/2023\/03\/39-1.jpg?resize=1024%2C768&amp;ssl=1 1024w, https:\/\/i0.wp.com\/federkielstickerei.it\/wp-content\/uploads\/2023\/03\/39-1.jpg?resize=768%2C576&amp;ssl=1 768w, https:\/\/i0.wp.com\/federkielstickerei.it\/wp-content\/uploads\/2023\/03\/39-1.jpg?resize=16%2C12&amp;ssl=1 16w\" sizes=\"(max-width: 1000px) 100vw, 1000px\" \/><\/a><figcaption class=\"wp-element-caption\">39 &#8211; Name mit Schlagzeug &#8211; 235\u20ac<\/figcaption><\/figure>\n\n\n\n<figure class=\"wp-block-image size-full\"><a href=\"https:\/\/federkielstickerei.it\/it\/brieftasche\/attachment\/40\/\"><img data-recalc-dims=\"1\" decoding=\"async\" width=\"1200\" height=\"900\" data-attachment-id=\"1039\" data-permalink=\"https:\/\/federkielstickerei.it\/it\/brieftasche\/attachment\/40\/\" data-orig-file=\"https:\/\/i0.wp.com\/federkielstickerei.it\/wp-content\/uploads\/2023\/03\/40.jpg?fit=1200%2C900&amp;ssl=1\" data-orig-size=\"1200,900\" data-comments-opened=\"1\" data-image-meta=\"{&quot;aperture&quot;:&quot;0&quot;,&quot;credit&quot;:&quot;&quot;,&quot;camera&quot;:&quot;&quot;,&quot;caption&quot;:&quot;&quot;,&quot;created_timestamp&quot;:&quot;0&quot;,&quot;copyright&quot;:&quot;&quot;,&quot;focal_length&quot;:&quot;0&quot;,&quot;iso&quot;:&quot;0&quot;,&quot;shutter_speed&quot;:&quot;0&quot;,&quot;title&quot;:&quot;&quot;,&quot;orientation&quot;:&quot;0&quot;}\" data-image-title=\"40\" data-image-description=\"\" data-image-caption=\"&lt;p&gt;40 &amp;#8211; Name mit Harmonika &amp;#8211; 240\u20ac&lt;\/p&gt;\" data-large-file=\"https:\/\/i0.wp.com\/federkielstickerei.it\/wp-content\/uploads\/2023\/03\/40.jpg?fit=1024%2C768&amp;ssl=1\" data-id=\"1039\" src=\"https:\/\/i0.wp.com\/federkielstickerei.it\/wp-content\/uploads\/2023\/03\/40.jpg?resize=1200%2C900&#038;ssl=1\" alt=\"\" class=\"wp-image-1039\" srcset=\"https:\/\/i0.wp.com\/federkielstickerei.it\/wp-content\/uploads\/2023\/03\/40.jpg?w=1200&amp;ssl=1 1200w, https:\/\/i0.wp.com\/federkielstickerei.it\/wp-content\/uploads\/2023\/03\/40.jpg?resize=300%2C225&amp;ssl=1 300w, https:\/\/i0.wp.com\/federkielstickerei.it\/wp-content\/uploads\/2023\/03\/40.jpg?resize=1024%2C768&amp;ssl=1 1024w, https:\/\/i0.wp.com\/federkielstickerei.it\/wp-content\/uploads\/2023\/03\/40.jpg?resize=768%2C576&amp;ssl=1 768w, https:\/\/i0.wp.com\/federkielstickerei.it\/wp-content\/uploads\/2023\/03\/40.jpg?resize=16%2C12&amp;ssl=1 16w\" sizes=\"(max-width: 1000px) 100vw, 1000px\" \/><\/a><figcaption class=\"wp-element-caption\">40 &#8211; Name mit Harmonika &#8211; 250\u20ac<\/figcaption><\/figure>\n\n\n\n<figure class=\"wp-block-image size-full\"><a href=\"https:\/\/federkielstickerei.it\/it\/brieftasche\/attachment\/41\/\"><img data-recalc-dims=\"1\" decoding=\"async\" width=\"1200\" height=\"900\" data-attachment-id=\"1040\" data-permalink=\"https:\/\/federkielstickerei.it\/it\/brieftasche\/attachment\/41\/\" data-orig-file=\"https:\/\/i0.wp.com\/federkielstickerei.it\/wp-content\/uploads\/2023\/03\/41.jpg?fit=1200%2C900&amp;ssl=1\" data-orig-size=\"1200,900\" data-comments-opened=\"1\" data-image-meta=\"{&quot;aperture&quot;:&quot;0&quot;,&quot;credit&quot;:&quot;&quot;,&quot;camera&quot;:&quot;&quot;,&quot;caption&quot;:&quot;&quot;,&quot;created_timestamp&quot;:&quot;0&quot;,&quot;copyright&quot;:&quot;&quot;,&quot;focal_length&quot;:&quot;0&quot;,&quot;iso&quot;:&quot;0&quot;,&quot;shutter_speed&quot;:&quot;0&quot;,&quot;title&quot;:&quot;&quot;,&quot;orientation&quot;:&quot;0&quot;}\" data-image-title=\"41\" data-image-description=\"\" data-image-caption=\"&lt;p&gt;41 &amp;#8211; Name mit Vespa &amp;#8211; 220\u20ac&lt;\/p&gt;\" data-large-file=\"https:\/\/i0.wp.com\/federkielstickerei.it\/wp-content\/uploads\/2023\/03\/41.jpg?fit=1024%2C768&amp;ssl=1\" data-id=\"1040\" src=\"https:\/\/i0.wp.com\/federkielstickerei.it\/wp-content\/uploads\/2023\/03\/41.jpg?resize=1200%2C900&#038;ssl=1\" alt=\"\" class=\"wp-image-1040\" srcset=\"https:\/\/i0.wp.com\/federkielstickerei.it\/wp-content\/uploads\/2023\/03\/41.jpg?w=1200&amp;ssl=1 1200w, https:\/\/i0.wp.com\/federkielstickerei.it\/wp-content\/uploads\/2023\/03\/41.jpg?resize=300%2C225&amp;ssl=1 300w, https:\/\/i0.wp.com\/federkielstickerei.it\/wp-content\/uploads\/2023\/03\/41.jpg?resize=1024%2C768&amp;ssl=1 1024w, https:\/\/i0.wp.com\/federkielstickerei.it\/wp-content\/uploads\/2023\/03\/41.jpg?resize=768%2C576&amp;ssl=1 768w, https:\/\/i0.wp.com\/federkielstickerei.it\/wp-content\/uploads\/2023\/03\/41.jpg?resize=16%2C12&amp;ssl=1 16w\" sizes=\"(max-width: 1000px) 100vw, 1000px\" \/><\/a><figcaption class=\"wp-element-caption\">41 &#8211; Name mit Vespa &#8211; 230\u20ac<\/figcaption><\/figure>\n\n\n\n<figure class=\"wp-block-image size-full\"><a href=\"https:\/\/federkielstickerei.it\/it\/brieftasche\/attachment\/42\/\"><img data-recalc-dims=\"1\" decoding=\"async\" width=\"1200\" height=\"900\" data-attachment-id=\"1041\" data-permalink=\"https:\/\/federkielstickerei.it\/it\/brieftasche\/attachment\/42\/\" data-orig-file=\"https:\/\/i0.wp.com\/federkielstickerei.it\/wp-content\/uploads\/2023\/03\/42.jpg?fit=1200%2C900&amp;ssl=1\" data-orig-size=\"1200,900\" data-comments-opened=\"1\" data-image-meta=\"{&quot;aperture&quot;:&quot;0&quot;,&quot;credit&quot;:&quot;&quot;,&quot;camera&quot;:&quot;&quot;,&quot;caption&quot;:&quot;&quot;,&quot;created_timestamp&quot;:&quot;0&quot;,&quot;copyright&quot;:&quot;&quot;,&quot;focal_length&quot;:&quot;0&quot;,&quot;iso&quot;:&quot;0&quot;,&quot;shutter_speed&quot;:&quot;0&quot;,&quot;title&quot;:&quot;&quot;,&quot;orientation&quot;:&quot;0&quot;}\" data-image-title=\"42\" data-image-description=\"\" data-image-caption=\"&lt;p&gt;42 &amp;#8211; Name mit Vespa &amp;#8211; 230\u20ac&lt;\/p&gt;\" data-large-file=\"https:\/\/i0.wp.com\/federkielstickerei.it\/wp-content\/uploads\/2023\/03\/42.jpg?fit=1024%2C768&amp;ssl=1\" data-id=\"1041\" src=\"https:\/\/i0.wp.com\/federkielstickerei.it\/wp-content\/uploads\/2023\/03\/42.jpg?resize=1200%2C900&#038;ssl=1\" alt=\"\" class=\"wp-image-1041\" srcset=\"https:\/\/i0.wp.com\/federkielstickerei.it\/wp-content\/uploads\/2023\/03\/42.jpg?w=1200&amp;ssl=1 1200w, https:\/\/i0.wp.com\/federkielstickerei.it\/wp-content\/uploads\/2023\/03\/42.jpg?resize=300%2C225&amp;ssl=1 300w, https:\/\/i0.wp.com\/federkielstickerei.it\/wp-content\/uploads\/2023\/03\/42.jpg?resize=1024%2C768&amp;ssl=1 1024w, https:\/\/i0.wp.com\/federkielstickerei.it\/wp-content\/uploads\/2023\/03\/42.jpg?resize=768%2C576&amp;ssl=1 768w, https:\/\/i0.wp.com\/federkielstickerei.it\/wp-content\/uploads\/2023\/03\/42.jpg?resize=16%2C12&amp;ssl=1 16w\" sizes=\"(max-width: 1000px) 100vw, 1000px\" \/><\/a><figcaption class=\"wp-element-caption\">42 &#8211; Name mit Vespa &#8211; 245\u20ac<\/figcaption><\/figure>\n\n\n\n<figure class=\"wp-block-image size-full\"><a href=\"https:\/\/federkielstickerei.it\/it\/43-2\/\"><img data-recalc-dims=\"1\" decoding=\"async\" width=\"1200\" height=\"900\" data-attachment-id=\"1061\" data-permalink=\"https:\/\/federkielstickerei.it\/it\/43-2\/\" data-orig-file=\"https:\/\/i0.wp.com\/federkielstickerei.it\/wp-content\/uploads\/2023\/03\/43-1.jpg?fit=1200%2C900&amp;ssl=1\" data-orig-size=\"1200,900\" data-comments-opened=\"1\" data-image-meta=\"{&quot;aperture&quot;:&quot;0&quot;,&quot;credit&quot;:&quot;&quot;,&quot;camera&quot;:&quot;&quot;,&quot;caption&quot;:&quot;&quot;,&quot;created_timestamp&quot;:&quot;0&quot;,&quot;copyright&quot;:&quot;&quot;,&quot;focal_length&quot;:&quot;0&quot;,&quot;iso&quot;:&quot;0&quot;,&quot;shutter_speed&quot;:&quot;0&quot;,&quot;title&quot;:&quot;&quot;,&quot;orientation&quot;:&quot;0&quot;}\" data-image-title=\"43\" data-image-description=\"\" data-image-caption=\"&lt;p&gt;43 &amp;#8211; Name mit Trial &amp;#8211; 230\u20ac&lt;\/p&gt;\" data-large-file=\"https:\/\/i0.wp.com\/federkielstickerei.it\/wp-content\/uploads\/2023\/03\/43-1.jpg?fit=1024%2C768&amp;ssl=1\" data-id=\"1061\" src=\"https:\/\/i0.wp.com\/federkielstickerei.it\/wp-content\/uploads\/2023\/03\/43-1.jpg?resize=1200%2C900&#038;ssl=1\" alt=\"Geldb\u00f6rse aus Echtleder mit Federkielstickerei - Trial\" class=\"wp-image-1061\" srcset=\"https:\/\/i0.wp.com\/federkielstickerei.it\/wp-content\/uploads\/2023\/03\/43-1.jpg?w=1200&amp;ssl=1 1200w, https:\/\/i0.wp.com\/federkielstickerei.it\/wp-content\/uploads\/2023\/03\/43-1.jpg?resize=300%2C225&amp;ssl=1 300w, https:\/\/i0.wp.com\/federkielstickerei.it\/wp-content\/uploads\/2023\/03\/43-1.jpg?resize=1024%2C768&amp;ssl=1 1024w, https:\/\/i0.wp.com\/federkielstickerei.it\/wp-content\/uploads\/2023\/03\/43-1.jpg?resize=768%2C576&amp;ssl=1 768w, https:\/\/i0.wp.com\/federkielstickerei.it\/wp-content\/uploads\/2023\/03\/43-1.jpg?resize=16%2C12&amp;ssl=1 16w\" sizes=\"(max-width: 1000px) 100vw, 1000px\" \/><\/a><figcaption class=\"wp-element-caption\">43 &#8211; Name mit Trial &#8211; 250\u20ac<\/figcaption><\/figure>\n\n\n\n<figure class=\"wp-block-image size-full\"><a href=\"https:\/\/federkielstickerei.it\/it\/brieftasche\/attachment\/44\/\"><img data-recalc-dims=\"1\" decoding=\"async\" width=\"1200\" height=\"900\" data-attachment-id=\"1043\" data-permalink=\"https:\/\/federkielstickerei.it\/it\/brieftasche\/attachment\/44\/\" data-orig-file=\"https:\/\/i0.wp.com\/federkielstickerei.it\/wp-content\/uploads\/2023\/03\/44.jpg?fit=1200%2C900&amp;ssl=1\" data-orig-size=\"1200,900\" data-comments-opened=\"1\" data-image-meta=\"{&quot;aperture&quot;:&quot;0&quot;,&quot;credit&quot;:&quot;&quot;,&quot;camera&quot;:&quot;&quot;,&quot;caption&quot;:&quot;&quot;,&quot;created_timestamp&quot;:&quot;0&quot;,&quot;copyright&quot;:&quot;&quot;,&quot;focal_length&quot;:&quot;0&quot;,&quot;iso&quot;:&quot;0&quot;,&quot;shutter_speed&quot;:&quot;0&quot;,&quot;title&quot;:&quot;&quot;,&quot;orientation&quot;:&quot;0&quot;}\" data-image-title=\"44\" data-image-description=\"\" data-image-caption=\"&lt;p&gt;44 &amp;#8211; Name mit Motorrad &amp;#8211; 240\u20ac&lt;\/p&gt;\" data-large-file=\"https:\/\/i0.wp.com\/federkielstickerei.it\/wp-content\/uploads\/2023\/03\/44.jpg?fit=1024%2C768&amp;ssl=1\" data-id=\"1043\" src=\"https:\/\/i0.wp.com\/federkielstickerei.it\/wp-content\/uploads\/2023\/03\/44.jpg?resize=1200%2C900&#038;ssl=1\" alt=\"\" class=\"wp-image-1043\" srcset=\"https:\/\/i0.wp.com\/federkielstickerei.it\/wp-content\/uploads\/2023\/03\/44.jpg?w=1200&amp;ssl=1 1200w, https:\/\/i0.wp.com\/federkielstickerei.it\/wp-content\/uploads\/2023\/03\/44.jpg?resize=300%2C225&amp;ssl=1 300w, https:\/\/i0.wp.com\/federkielstickerei.it\/wp-content\/uploads\/2023\/03\/44.jpg?resize=1024%2C768&amp;ssl=1 1024w, https:\/\/i0.wp.com\/federkielstickerei.it\/wp-content\/uploads\/2023\/03\/44.jpg?resize=768%2C576&amp;ssl=1 768w, https:\/\/i0.wp.com\/federkielstickerei.it\/wp-content\/uploads\/2023\/03\/44.jpg?resize=16%2C12&amp;ssl=1 16w\" sizes=\"(max-width: 1000px) 100vw, 1000px\" \/><\/a><figcaption class=\"wp-element-caption\">44 &#8211; Name mit Motorrad &#8211; 260\u20ac<\/figcaption><\/figure>\n\n\n\n<figure class=\"wp-block-image size-full\"><a href=\"https:\/\/federkielstickerei.it\/it\/brieftasche\/attachment\/45\/\"><img data-recalc-dims=\"1\" decoding=\"async\" width=\"1200\" height=\"900\" data-attachment-id=\"1044\" data-permalink=\"https:\/\/federkielstickerei.it\/it\/brieftasche\/attachment\/45\/\" data-orig-file=\"https:\/\/i0.wp.com\/federkielstickerei.it\/wp-content\/uploads\/2023\/03\/45.jpg?fit=1200%2C900&amp;ssl=1\" data-orig-size=\"1200,900\" data-comments-opened=\"1\" data-image-meta=\"{&quot;aperture&quot;:&quot;0&quot;,&quot;credit&quot;:&quot;&quot;,&quot;camera&quot;:&quot;&quot;,&quot;caption&quot;:&quot;&quot;,&quot;created_timestamp&quot;:&quot;0&quot;,&quot;copyright&quot;:&quot;&quot;,&quot;focal_length&quot;:&quot;0&quot;,&quot;iso&quot;:&quot;0&quot;,&quot;shutter_speed&quot;:&quot;0&quot;,&quot;title&quot;:&quot;&quot;,&quot;orientation&quot;:&quot;0&quot;}\" data-image-title=\"45\" data-image-description=\"\" data-image-caption=\"&lt;p&gt;45 &amp;#8211; Name mit Traktor(Farbe) &amp;#8211; 240\u20ac&lt;\/p&gt;\" data-large-file=\"https:\/\/i0.wp.com\/federkielstickerei.it\/wp-content\/uploads\/2023\/03\/45.jpg?fit=1024%2C768&amp;ssl=1\" data-id=\"1044\" src=\"https:\/\/i0.wp.com\/federkielstickerei.it\/wp-content\/uploads\/2023\/03\/45.jpg?resize=1200%2C900&#038;ssl=1\" alt=\"\" class=\"wp-image-1044\" srcset=\"https:\/\/i0.wp.com\/federkielstickerei.it\/wp-content\/uploads\/2023\/03\/45.jpg?w=1200&amp;ssl=1 1200w, https:\/\/i0.wp.com\/federkielstickerei.it\/wp-content\/uploads\/2023\/03\/45.jpg?resize=300%2C225&amp;ssl=1 300w, https:\/\/i0.wp.com\/federkielstickerei.it\/wp-content\/uploads\/2023\/03\/45.jpg?resize=1024%2C768&amp;ssl=1 1024w, https:\/\/i0.wp.com\/federkielstickerei.it\/wp-content\/uploads\/2023\/03\/45.jpg?resize=768%2C576&amp;ssl=1 768w, https:\/\/i0.wp.com\/federkielstickerei.it\/wp-content\/uploads\/2023\/03\/45.jpg?resize=16%2C12&amp;ssl=1 16w\" sizes=\"(max-width: 1000px) 100vw, 1000px\" \/><\/a><figcaption class=\"wp-element-caption\">45 &#8211; Name mit Traktor(Farbe) &#8211; 265\u20ac<\/figcaption><\/figure>\n\n\n\n<figure class=\"wp-block-image size-full\"><a href=\"https:\/\/federkielstickerei.it\/it\/brieftasche\/attachment\/46\/\"><img data-recalc-dims=\"1\" decoding=\"async\" width=\"1200\" height=\"900\" data-attachment-id=\"1045\" data-permalink=\"https:\/\/federkielstickerei.it\/it\/brieftasche\/attachment\/46\/\" data-orig-file=\"https:\/\/i0.wp.com\/federkielstickerei.it\/wp-content\/uploads\/2023\/03\/46.jpg?fit=1200%2C900&amp;ssl=1\" data-orig-size=\"1200,900\" data-comments-opened=\"1\" data-image-meta=\"{&quot;aperture&quot;:&quot;0&quot;,&quot;credit&quot;:&quot;&quot;,&quot;camera&quot;:&quot;&quot;,&quot;caption&quot;:&quot;&quot;,&quot;created_timestamp&quot;:&quot;0&quot;,&quot;copyright&quot;:&quot;&quot;,&quot;focal_length&quot;:&quot;0&quot;,&quot;iso&quot;:&quot;0&quot;,&quot;shutter_speed&quot;:&quot;0&quot;,&quot;title&quot;:&quot;&quot;,&quot;orientation&quot;:&quot;0&quot;}\" data-image-title=\"46\" data-image-description=\"\" data-image-caption=\"&lt;p&gt;46 &amp;#8211; Name mit Traktor &amp;#8211; 235\u20ac&lt;\/p&gt;\" data-large-file=\"https:\/\/i0.wp.com\/federkielstickerei.it\/wp-content\/uploads\/2023\/03\/46.jpg?fit=1024%2C768&amp;ssl=1\" data-id=\"1045\" src=\"https:\/\/i0.wp.com\/federkielstickerei.it\/wp-content\/uploads\/2023\/03\/46.jpg?resize=1200%2C900&#038;ssl=1\" alt=\"\" class=\"wp-image-1045\" srcset=\"https:\/\/i0.wp.com\/federkielstickerei.it\/wp-content\/uploads\/2023\/03\/46.jpg?w=1200&amp;ssl=1 1200w, https:\/\/i0.wp.com\/federkielstickerei.it\/wp-content\/uploads\/2023\/03\/46.jpg?resize=300%2C225&amp;ssl=1 300w, https:\/\/i0.wp.com\/federkielstickerei.it\/wp-content\/uploads\/2023\/03\/46.jpg?resize=1024%2C768&amp;ssl=1 1024w, https:\/\/i0.wp.com\/federkielstickerei.it\/wp-content\/uploads\/2023\/03\/46.jpg?resize=768%2C576&amp;ssl=1 768w, https:\/\/i0.wp.com\/federkielstickerei.it\/wp-content\/uploads\/2023\/03\/46.jpg?resize=16%2C12&amp;ssl=1 16w\" sizes=\"(max-width: 1000px) 100vw, 1000px\" \/><\/a><figcaption class=\"wp-element-caption\">46 &#8211; Name mit Traktor &#8211; 260\u20ac<\/figcaption><\/figure>\n\n\n\n<figure class=\"wp-block-image size-full\"><a href=\"https:\/\/federkielstickerei.it\/it\/brieftasche\/attachment\/47\/\"><img data-recalc-dims=\"1\" decoding=\"async\" width=\"1200\" height=\"900\" data-attachment-id=\"1046\" data-permalink=\"https:\/\/federkielstickerei.it\/it\/brieftasche\/attachment\/47\/\" data-orig-file=\"https:\/\/i0.wp.com\/federkielstickerei.it\/wp-content\/uploads\/2023\/03\/47.jpg?fit=1200%2C900&amp;ssl=1\" data-orig-size=\"1200,900\" data-comments-opened=\"1\" data-image-meta=\"{&quot;aperture&quot;:&quot;0&quot;,&quot;credit&quot;:&quot;&quot;,&quot;camera&quot;:&quot;&quot;,&quot;caption&quot;:&quot;&quot;,&quot;created_timestamp&quot;:&quot;0&quot;,&quot;copyright&quot;:&quot;&quot;,&quot;focal_length&quot;:&quot;0&quot;,&quot;iso&quot;:&quot;0&quot;,&quot;shutter_speed&quot;:&quot;0&quot;,&quot;title&quot;:&quot;&quot;,&quot;orientation&quot;:&quot;0&quot;}\" data-image-title=\"47\" data-image-description=\"\" data-image-caption=\"&lt;p&gt;47 &amp;#8211; Name mit Metrac &amp;#8211; 235\u20ac&lt;\/p&gt;\" data-large-file=\"https:\/\/i0.wp.com\/federkielstickerei.it\/wp-content\/uploads\/2023\/03\/47.jpg?fit=1024%2C768&amp;ssl=1\" data-id=\"1046\" src=\"https:\/\/i0.wp.com\/federkielstickerei.it\/wp-content\/uploads\/2023\/03\/47.jpg?resize=1200%2C900&#038;ssl=1\" alt=\"\" class=\"wp-image-1046\" srcset=\"https:\/\/i0.wp.com\/federkielstickerei.it\/wp-content\/uploads\/2023\/03\/47.jpg?w=1200&amp;ssl=1 1200w, https:\/\/i0.wp.com\/federkielstickerei.it\/wp-content\/uploads\/2023\/03\/47.jpg?resize=300%2C225&amp;ssl=1 300w, https:\/\/i0.wp.com\/federkielstickerei.it\/wp-content\/uploads\/2023\/03\/47.jpg?resize=1024%2C768&amp;ssl=1 1024w, https:\/\/i0.wp.com\/federkielstickerei.it\/wp-content\/uploads\/2023\/03\/47.jpg?resize=768%2C576&amp;ssl=1 768w, https:\/\/i0.wp.com\/federkielstickerei.it\/wp-content\/uploads\/2023\/03\/47.jpg?resize=16%2C12&amp;ssl=1 16w\" sizes=\"(max-width: 1000px) 100vw, 1000px\" \/><\/a><figcaption class=\"wp-element-caption\">47 &#8211; Name mit Metrac &#8211; 245\u20ac<\/figcaption><\/figure>\n\n\n\n<figure class=\"wp-block-image size-full\"><a href=\"https:\/\/federkielstickerei.it\/it\/brieftasche\/attachment\/48\/\"><img data-recalc-dims=\"1\" decoding=\"async\" width=\"1200\" height=\"900\" data-attachment-id=\"1047\" data-permalink=\"https:\/\/federkielstickerei.it\/it\/brieftasche\/attachment\/48\/\" data-orig-file=\"https:\/\/i0.wp.com\/federkielstickerei.it\/wp-content\/uploads\/2023\/03\/48.jpg?fit=1200%2C900&amp;ssl=1\" data-orig-size=\"1200,900\" data-comments-opened=\"1\" data-image-meta=\"{&quot;aperture&quot;:&quot;0&quot;,&quot;credit&quot;:&quot;&quot;,&quot;camera&quot;:&quot;&quot;,&quot;caption&quot;:&quot;&quot;,&quot;created_timestamp&quot;:&quot;0&quot;,&quot;copyright&quot;:&quot;&quot;,&quot;focal_length&quot;:&quot;0&quot;,&quot;iso&quot;:&quot;0&quot;,&quot;shutter_speed&quot;:&quot;0&quot;,&quot;title&quot;:&quot;&quot;,&quot;orientation&quot;:&quot;0&quot;}\" data-image-title=\"48\" data-image-description=\"\" data-image-caption=\"&lt;p&gt;48 &amp;#8211; Buchstabe mit Lastwagen &amp;#8211; 225\u20ac&lt;\/p&gt;\" data-large-file=\"https:\/\/i0.wp.com\/federkielstickerei.it\/wp-content\/uploads\/2023\/03\/48.jpg?fit=1024%2C768&amp;ssl=1\" data-id=\"1047\" src=\"https:\/\/i0.wp.com\/federkielstickerei.it\/wp-content\/uploads\/2023\/03\/48.jpg?resize=1200%2C900&#038;ssl=1\" alt=\"\" class=\"wp-image-1047\" srcset=\"https:\/\/i0.wp.com\/federkielstickerei.it\/wp-content\/uploads\/2023\/03\/48.jpg?w=1200&amp;ssl=1 1200w, https:\/\/i0.wp.com\/federkielstickerei.it\/wp-content\/uploads\/2023\/03\/48.jpg?resize=300%2C225&amp;ssl=1 300w, https:\/\/i0.wp.com\/federkielstickerei.it\/wp-content\/uploads\/2023\/03\/48.jpg?resize=1024%2C768&amp;ssl=1 1024w, https:\/\/i0.wp.com\/federkielstickerei.it\/wp-content\/uploads\/2023\/03\/48.jpg?resize=768%2C576&amp;ssl=1 768w, https:\/\/i0.wp.com\/federkielstickerei.it\/wp-content\/uploads\/2023\/03\/48.jpg?resize=16%2C12&amp;ssl=1 16w\" sizes=\"(max-width: 1000px) 100vw, 1000px\" \/><\/a><figcaption class=\"wp-element-caption\">48 &#8211; Buchstabe mit Lastwagen &#8211; 265\u20ac<\/figcaption><\/figure>\n\n\n\n<figure class=\"wp-block-image size-full\"><a href=\"https:\/\/federkielstickerei.it\/it\/brieftasche\/attachment\/49\/\"><img data-recalc-dims=\"1\" decoding=\"async\" width=\"1200\" height=\"900\" data-attachment-id=\"1048\" data-permalink=\"https:\/\/federkielstickerei.it\/it\/brieftasche\/attachment\/49\/\" data-orig-file=\"https:\/\/i0.wp.com\/federkielstickerei.it\/wp-content\/uploads\/2023\/03\/49.jpg?fit=1200%2C900&amp;ssl=1\" data-orig-size=\"1200,900\" data-comments-opened=\"1\" data-image-meta=\"{&quot;aperture&quot;:&quot;0&quot;,&quot;credit&quot;:&quot;&quot;,&quot;camera&quot;:&quot;&quot;,&quot;caption&quot;:&quot;&quot;,&quot;created_timestamp&quot;:&quot;0&quot;,&quot;copyright&quot;:&quot;&quot;,&quot;focal_length&quot;:&quot;0&quot;,&quot;iso&quot;:&quot;0&quot;,&quot;shutter_speed&quot;:&quot;0&quot;,&quot;title&quot;:&quot;&quot;,&quot;orientation&quot;:&quot;0&quot;}\" data-image-title=\"49\" data-image-description=\"\" data-image-caption=\"&lt;p&gt;49 &amp;#8211; Name mit Lastwagen &amp;#8211; 230\u20ac&lt;\/p&gt;\" data-large-file=\"https:\/\/i0.wp.com\/federkielstickerei.it\/wp-content\/uploads\/2023\/03\/49.jpg?fit=1024%2C768&amp;ssl=1\" data-id=\"1048\" src=\"https:\/\/i0.wp.com\/federkielstickerei.it\/wp-content\/uploads\/2023\/03\/49.jpg?resize=1200%2C900&#038;ssl=1\" alt=\"\" class=\"wp-image-1048\" srcset=\"https:\/\/i0.wp.com\/federkielstickerei.it\/wp-content\/uploads\/2023\/03\/49.jpg?w=1200&amp;ssl=1 1200w, https:\/\/i0.wp.com\/federkielstickerei.it\/wp-content\/uploads\/2023\/03\/49.jpg?resize=300%2C225&amp;ssl=1 300w, https:\/\/i0.wp.com\/federkielstickerei.it\/wp-content\/uploads\/2023\/03\/49.jpg?resize=1024%2C768&amp;ssl=1 1024w, https:\/\/i0.wp.com\/federkielstickerei.it\/wp-content\/uploads\/2023\/03\/49.jpg?resize=768%2C576&amp;ssl=1 768w, https:\/\/i0.wp.com\/federkielstickerei.it\/wp-content\/uploads\/2023\/03\/49.jpg?resize=16%2C12&amp;ssl=1 16w\" sizes=\"(max-width: 1000px) 100vw, 1000px\" \/><\/a><figcaption class=\"wp-element-caption\">49 &#8211; Name mit Lastwagen &#8211; 260\u20ac<\/figcaption><\/figure>\n\n\n\n<figure class=\"wp-block-image size-full\"><a href=\"https:\/\/federkielstickerei.it\/it\/brieftasche\/attachment\/50\/\"><img data-recalc-dims=\"1\" decoding=\"async\" width=\"1200\" height=\"900\" data-attachment-id=\"1049\" data-permalink=\"https:\/\/federkielstickerei.it\/it\/brieftasche\/attachment\/50\/\" data-orig-file=\"https:\/\/i0.wp.com\/federkielstickerei.it\/wp-content\/uploads\/2023\/03\/50.jpg?fit=1200%2C900&amp;ssl=1\" data-orig-size=\"1200,900\" data-comments-opened=\"1\" data-image-meta=\"{&quot;aperture&quot;:&quot;0&quot;,&quot;credit&quot;:&quot;&quot;,&quot;camera&quot;:&quot;&quot;,&quot;caption&quot;:&quot;&quot;,&quot;created_timestamp&quot;:&quot;0&quot;,&quot;copyright&quot;:&quot;&quot;,&quot;focal_length&quot;:&quot;0&quot;,&quot;iso&quot;:&quot;0&quot;,&quot;shutter_speed&quot;:&quot;0&quot;,&quot;title&quot;:&quot;&quot;,&quot;orientation&quot;:&quot;0&quot;}\" data-image-title=\"50\" data-image-description=\"\" data-image-caption=\"&lt;p&gt;50 &amp;#8211; Name mit Auto &amp;#8211; 225\u20ac&lt;\/p&gt;\" data-large-file=\"https:\/\/i0.wp.com\/federkielstickerei.it\/wp-content\/uploads\/2023\/03\/50.jpg?fit=1024%2C768&amp;ssl=1\" data-id=\"1049\" src=\"https:\/\/i0.wp.com\/federkielstickerei.it\/wp-content\/uploads\/2023\/03\/50.jpg?resize=1200%2C900&#038;ssl=1\" alt=\"\" class=\"wp-image-1049\" srcset=\"https:\/\/i0.wp.com\/federkielstickerei.it\/wp-content\/uploads\/2023\/03\/50.jpg?w=1200&amp;ssl=1 1200w, https:\/\/i0.wp.com\/federkielstickerei.it\/wp-content\/uploads\/2023\/03\/50.jpg?resize=300%2C225&amp;ssl=1 300w, https:\/\/i0.wp.com\/federkielstickerei.it\/wp-content\/uploads\/2023\/03\/50.jpg?resize=1024%2C768&amp;ssl=1 1024w, https:\/\/i0.wp.com\/federkielstickerei.it\/wp-content\/uploads\/2023\/03\/50.jpg?resize=768%2C576&amp;ssl=1 768w, https:\/\/i0.wp.com\/federkielstickerei.it\/wp-content\/uploads\/2023\/03\/50.jpg?resize=16%2C12&amp;ssl=1 16w\" sizes=\"(max-width: 1000px) 100vw, 1000px\" \/><\/a><figcaption class=\"wp-element-caption\">50 &#8211; Name mit Auto &#8211; 240\u20ac<\/figcaption><\/figure>\n\n\n\n<figure class=\"wp-block-image size-full\"><a href=\"https:\/\/federkielstickerei.it\/it\/brieftasche\/attachment\/51\/\"><img data-recalc-dims=\"1\" decoding=\"async\" width=\"1200\" height=\"900\" data-attachment-id=\"1050\" data-permalink=\"https:\/\/federkielstickerei.it\/it\/brieftasche\/attachment\/51\/\" data-orig-file=\"https:\/\/i0.wp.com\/federkielstickerei.it\/wp-content\/uploads\/2023\/03\/51.jpg?fit=1200%2C900&amp;ssl=1\" data-orig-size=\"1200,900\" data-comments-opened=\"1\" data-image-meta=\"{&quot;aperture&quot;:&quot;0&quot;,&quot;credit&quot;:&quot;&quot;,&quot;camera&quot;:&quot;&quot;,&quot;caption&quot;:&quot;&quot;,&quot;created_timestamp&quot;:&quot;0&quot;,&quot;copyright&quot;:&quot;&quot;,&quot;focal_length&quot;:&quot;0&quot;,&quot;iso&quot;:&quot;0&quot;,&quot;shutter_speed&quot;:&quot;0&quot;,&quot;title&quot;:&quot;&quot;,&quot;orientation&quot;:&quot;0&quot;}\" data-image-title=\"51\" data-image-description=\"\" data-image-caption=\"&lt;p&gt;51 &amp;#8211; Name mit Hubschrauber &amp;#8211; 220\u20ac&lt;\/p&gt;\" data-large-file=\"https:\/\/i0.wp.com\/federkielstickerei.it\/wp-content\/uploads\/2023\/03\/51.jpg?fit=1024%2C768&amp;ssl=1\" data-id=\"1050\" src=\"https:\/\/i0.wp.com\/federkielstickerei.it\/wp-content\/uploads\/2023\/03\/51.jpg?resize=1200%2C900&#038;ssl=1\" alt=\"\" class=\"wp-image-1050\" srcset=\"https:\/\/i0.wp.com\/federkielstickerei.it\/wp-content\/uploads\/2023\/03\/51.jpg?w=1200&amp;ssl=1 1200w, https:\/\/i0.wp.com\/federkielstickerei.it\/wp-content\/uploads\/2023\/03\/51.jpg?resize=300%2C225&amp;ssl=1 300w, https:\/\/i0.wp.com\/federkielstickerei.it\/wp-content\/uploads\/2023\/03\/51.jpg?resize=1024%2C768&amp;ssl=1 1024w, https:\/\/i0.wp.com\/federkielstickerei.it\/wp-content\/uploads\/2023\/03\/51.jpg?resize=768%2C576&amp;ssl=1 768w, https:\/\/i0.wp.com\/federkielstickerei.it\/wp-content\/uploads\/2023\/03\/51.jpg?resize=16%2C12&amp;ssl=1 16w\" sizes=\"(max-width: 1000px) 100vw, 1000px\" \/><\/a><figcaption class=\"wp-element-caption\">51 &#8211; Name mit Hubschrauber &#8211; 240\u20ac<\/figcaption><\/figure>\n\n\n\n<figure class=\"wp-block-image size-full\"><a href=\"https:\/\/federkielstickerei.it\/it\/brieftasche\/attachment\/52\/\"><img data-recalc-dims=\"1\" decoding=\"async\" width=\"1200\" height=\"900\" data-attachment-id=\"1051\" data-permalink=\"https:\/\/federkielstickerei.it\/it\/brieftasche\/attachment\/52\/\" data-orig-file=\"https:\/\/i0.wp.com\/federkielstickerei.it\/wp-content\/uploads\/2023\/03\/52.jpg?fit=1200%2C900&amp;ssl=1\" data-orig-size=\"1200,900\" data-comments-opened=\"1\" data-image-meta=\"{&quot;aperture&quot;:&quot;0&quot;,&quot;credit&quot;:&quot;&quot;,&quot;camera&quot;:&quot;&quot;,&quot;caption&quot;:&quot;&quot;,&quot;created_timestamp&quot;:&quot;0&quot;,&quot;copyright&quot;:&quot;&quot;,&quot;focal_length&quot;:&quot;0&quot;,&quot;iso&quot;:&quot;0&quot;,&quot;shutter_speed&quot;:&quot;0&quot;,&quot;title&quot;:&quot;&quot;,&quot;orientation&quot;:&quot;0&quot;}\" data-image-title=\"52\" data-image-description=\"\" data-image-caption=\"&lt;p&gt;52 &amp;#8211; Bagger mit Buchstabe &amp;#8211; 205\u20ac&lt;\/p&gt;\" data-large-file=\"https:\/\/i0.wp.com\/federkielstickerei.it\/wp-content\/uploads\/2023\/03\/52.jpg?fit=1024%2C768&amp;ssl=1\" data-id=\"1051\" src=\"https:\/\/i0.wp.com\/federkielstickerei.it\/wp-content\/uploads\/2023\/03\/52.jpg?resize=1200%2C900&#038;ssl=1\" alt=\"\" class=\"wp-image-1051\" srcset=\"https:\/\/i0.wp.com\/federkielstickerei.it\/wp-content\/uploads\/2023\/03\/52.jpg?w=1200&amp;ssl=1 1200w, https:\/\/i0.wp.com\/federkielstickerei.it\/wp-content\/uploads\/2023\/03\/52.jpg?resize=300%2C225&amp;ssl=1 300w, https:\/\/i0.wp.com\/federkielstickerei.it\/wp-content\/uploads\/2023\/03\/52.jpg?resize=1024%2C768&amp;ssl=1 1024w, https:\/\/i0.wp.com\/federkielstickerei.it\/wp-content\/uploads\/2023\/03\/52.jpg?resize=768%2C576&amp;ssl=1 768w, https:\/\/i0.wp.com\/federkielstickerei.it\/wp-content\/uploads\/2023\/03\/52.jpg?resize=16%2C12&amp;ssl=1 16w\" sizes=\"(max-width: 1000px) 100vw, 1000px\" \/><\/a><figcaption class=\"wp-element-caption\">52 &#8211; Bagger mit Buchstabe &#8211; 245\u20ac<\/figcaption><\/figure>\n\n\n\n<figure class=\"wp-block-image size-full\"><a href=\"https:\/\/federkielstickerei.it\/it\/brieftasche\/attachment\/53\/\"><img data-recalc-dims=\"1\" decoding=\"async\" width=\"1200\" height=\"900\" data-attachment-id=\"1052\" data-permalink=\"https:\/\/federkielstickerei.it\/it\/brieftasche\/attachment\/53\/\" data-orig-file=\"https:\/\/i0.wp.com\/federkielstickerei.it\/wp-content\/uploads\/2023\/03\/53.jpg?fit=1200%2C900&amp;ssl=1\" data-orig-size=\"1200,900\" data-comments-opened=\"1\" data-image-meta=\"{&quot;aperture&quot;:&quot;0&quot;,&quot;credit&quot;:&quot;&quot;,&quot;camera&quot;:&quot;&quot;,&quot;caption&quot;:&quot;&quot;,&quot;created_timestamp&quot;:&quot;0&quot;,&quot;copyright&quot;:&quot;&quot;,&quot;focal_length&quot;:&quot;0&quot;,&quot;iso&quot;:&quot;0&quot;,&quot;shutter_speed&quot;:&quot;0&quot;,&quot;title&quot;:&quot;&quot;,&quot;orientation&quot;:&quot;0&quot;}\" data-image-title=\"53\" data-image-description=\"\" data-image-caption=\"&lt;p&gt;53 &amp;#8211; Initialen mit Schraubenschl\u00fcssel &amp;#8211; 200\u20ac&lt;\/p&gt;\" data-large-file=\"https:\/\/i0.wp.com\/federkielstickerei.it\/wp-content\/uploads\/2023\/03\/53.jpg?fit=1024%2C768&amp;ssl=1\" data-id=\"1052\" src=\"https:\/\/i0.wp.com\/federkielstickerei.it\/wp-content\/uploads\/2023\/03\/53.jpg?resize=1200%2C900&#038;ssl=1\" alt=\"\" class=\"wp-image-1052\" srcset=\"https:\/\/i0.wp.com\/federkielstickerei.it\/wp-content\/uploads\/2023\/03\/53.jpg?w=1200&amp;ssl=1 1200w, https:\/\/i0.wp.com\/federkielstickerei.it\/wp-content\/uploads\/2023\/03\/53.jpg?resize=300%2C225&amp;ssl=1 300w, https:\/\/i0.wp.com\/federkielstickerei.it\/wp-content\/uploads\/2023\/03\/53.jpg?resize=1024%2C768&amp;ssl=1 1024w, https:\/\/i0.wp.com\/federkielstickerei.it\/wp-content\/uploads\/2023\/03\/53.jpg?resize=768%2C576&amp;ssl=1 768w, https:\/\/i0.wp.com\/federkielstickerei.it\/wp-content\/uploads\/2023\/03\/53.jpg?resize=16%2C12&amp;ssl=1 16w\" sizes=\"(max-width: 1000px) 100vw, 1000px\" \/><\/a><figcaption class=\"wp-element-caption\">53 &#8211; Initialen mit Schraubenschl\u00fcssel &#8211; 200\u20ac<\/figcaption><\/figure>\n\n\n\n<figure class=\"wp-block-image size-full\"><a href=\"https:\/\/federkielstickerei.it\/it\/54-2\/\"><img data-recalc-dims=\"1\" decoding=\"async\" width=\"1200\" height=\"900\" data-attachment-id=\"1062\" data-permalink=\"https:\/\/federkielstickerei.it\/it\/54-2\/\" data-orig-file=\"https:\/\/i0.wp.com\/federkielstickerei.it\/wp-content\/uploads\/2023\/03\/54-1.jpg?fit=1200%2C900&amp;ssl=1\" data-orig-size=\"1200,900\" data-comments-opened=\"1\" data-image-meta=\"{&quot;aperture&quot;:&quot;0&quot;,&quot;credit&quot;:&quot;&quot;,&quot;camera&quot;:&quot;&quot;,&quot;caption&quot;:&quot;&quot;,&quot;created_timestamp&quot;:&quot;0&quot;,&quot;copyright&quot;:&quot;&quot;,&quot;focal_length&quot;:&quot;0&quot;,&quot;iso&quot;:&quot;0&quot;,&quot;shutter_speed&quot;:&quot;0&quot;,&quot;title&quot;:&quot;&quot;,&quot;orientation&quot;:&quot;0&quot;}\" data-image-title=\"54\" data-image-description=\"\" data-image-caption=\"&lt;p&gt;54 &amp;#8211; Name mit Biathlon\/Gewehr &amp;#8211; 220\u20ac&lt;\/p&gt;\" data-large-file=\"https:\/\/i0.wp.com\/federkielstickerei.it\/wp-content\/uploads\/2023\/03\/54-1.jpg?fit=1024%2C768&amp;ssl=1\" data-id=\"1062\" src=\"https:\/\/i0.wp.com\/federkielstickerei.it\/wp-content\/uploads\/2023\/03\/54-1.jpg?resize=1200%2C900&#038;ssl=1\" alt=\"Brieftasche mit Name und Biathlet der Federkielstickerei Patzleiner\" class=\"wp-image-1062\" srcset=\"https:\/\/i0.wp.com\/federkielstickerei.it\/wp-content\/uploads\/2023\/03\/54-1.jpg?w=1200&amp;ssl=1 1200w, https:\/\/i0.wp.com\/federkielstickerei.it\/wp-content\/uploads\/2023\/03\/54-1.jpg?resize=300%2C225&amp;ssl=1 300w, https:\/\/i0.wp.com\/federkielstickerei.it\/wp-content\/uploads\/2023\/03\/54-1.jpg?resize=1024%2C768&amp;ssl=1 1024w, https:\/\/i0.wp.com\/federkielstickerei.it\/wp-content\/uploads\/2023\/03\/54-1.jpg?resize=768%2C576&amp;ssl=1 768w, https:\/\/i0.wp.com\/federkielstickerei.it\/wp-content\/uploads\/2023\/03\/54-1.jpg?resize=16%2C12&amp;ssl=1 16w\" sizes=\"(max-width: 1000px) 100vw, 1000px\" \/><\/a><figcaption class=\"wp-element-caption\">54 &#8211; Name mit Biathlon\/Gewehr &#8211; 235\u20ac<\/figcaption><\/figure>\n\n\n\n<figure class=\"wp-block-image size-full\"><a href=\"https:\/\/federkielstickerei.it\/it\/brieftasche\/attachment\/55\/\"><img data-recalc-dims=\"1\" decoding=\"async\" width=\"1200\" height=\"900\" data-attachment-id=\"1054\" data-permalink=\"https:\/\/federkielstickerei.it\/it\/brieftasche\/attachment\/55\/\" data-orig-file=\"https:\/\/i0.wp.com\/federkielstickerei.it\/wp-content\/uploads\/2023\/03\/55.jpg?fit=1200%2C900&amp;ssl=1\" data-orig-size=\"1200,900\" data-comments-opened=\"1\" data-image-meta=\"{&quot;aperture&quot;:&quot;0&quot;,&quot;credit&quot;:&quot;&quot;,&quot;camera&quot;:&quot;&quot;,&quot;caption&quot;:&quot;&quot;,&quot;created_timestamp&quot;:&quot;0&quot;,&quot;copyright&quot;:&quot;&quot;,&quot;focal_length&quot;:&quot;0&quot;,&quot;iso&quot;:&quot;0&quot;,&quot;shutter_speed&quot;:&quot;0&quot;,&quot;title&quot;:&quot;&quot;,&quot;orientation&quot;:&quot;0&quot;}\" data-image-title=\"55\" data-image-description=\"\" data-image-caption=\"&lt;p&gt;55 &amp;#8211; Name mit Berge &amp;#8211; 210\u20ac&lt;\/p&gt;\" data-large-file=\"https:\/\/i0.wp.com\/federkielstickerei.it\/wp-content\/uploads\/2023\/03\/55.jpg?fit=1024%2C768&amp;ssl=1\" data-id=\"1054\" src=\"https:\/\/i0.wp.com\/federkielstickerei.it\/wp-content\/uploads\/2023\/03\/55.jpg?resize=1200%2C900&#038;ssl=1\" alt=\"\" class=\"wp-image-1054\" srcset=\"https:\/\/i0.wp.com\/federkielstickerei.it\/wp-content\/uploads\/2023\/03\/55.jpg?w=1200&amp;ssl=1 1200w, https:\/\/i0.wp.com\/federkielstickerei.it\/wp-content\/uploads\/2023\/03\/55.jpg?resize=300%2C225&amp;ssl=1 300w, https:\/\/i0.wp.com\/federkielstickerei.it\/wp-content\/uploads\/2023\/03\/55.jpg?resize=1024%2C768&amp;ssl=1 1024w, https:\/\/i0.wp.com\/federkielstickerei.it\/wp-content\/uploads\/2023\/03\/55.jpg?resize=768%2C576&amp;ssl=1 768w, https:\/\/i0.wp.com\/federkielstickerei.it\/wp-content\/uploads\/2023\/03\/55.jpg?resize=16%2C12&amp;ssl=1 16w\" sizes=\"(max-width: 1000px) 100vw, 1000px\" \/><\/a><figcaption class=\"wp-element-caption\">55 &#8211; Name mit Berge &#8211; 230\u20ac<\/figcaption><\/figure>\n\n\n\n<figure class=\"wp-block-image size-full\"><a href=\"https:\/\/federkielstickerei.it\/it\/brieftasche\/attachment\/56\/\"><img data-recalc-dims=\"1\" decoding=\"async\" width=\"1200\" height=\"900\" data-attachment-id=\"1055\" data-permalink=\"https:\/\/federkielstickerei.it\/it\/brieftasche\/attachment\/56\/\" data-orig-file=\"https:\/\/i0.wp.com\/federkielstickerei.it\/wp-content\/uploads\/2023\/03\/56.jpg?fit=1200%2C900&amp;ssl=1\" data-orig-size=\"1200,900\" data-comments-opened=\"1\" data-image-meta=\"{&quot;aperture&quot;:&quot;0&quot;,&quot;credit&quot;:&quot;&quot;,&quot;camera&quot;:&quot;&quot;,&quot;caption&quot;:&quot;&quot;,&quot;created_timestamp&quot;:&quot;0&quot;,&quot;copyright&quot;:&quot;&quot;,&quot;focal_length&quot;:&quot;0&quot;,&quot;iso&quot;:&quot;0&quot;,&quot;shutter_speed&quot;:&quot;0&quot;,&quot;title&quot;:&quot;&quot;,&quot;orientation&quot;:&quot;0&quot;}\" data-image-title=\"56\" data-image-description=\"\" data-image-caption=\"&lt;p&gt;56 &amp;#8211; Name mit Feuerwehrwappen &amp;#8211; 215\u20ac&lt;\/p&gt;\" data-large-file=\"https:\/\/i0.wp.com\/federkielstickerei.it\/wp-content\/uploads\/2023\/03\/56.jpg?fit=1024%2C768&amp;ssl=1\" data-id=\"1055\" src=\"https:\/\/i0.wp.com\/federkielstickerei.it\/wp-content\/uploads\/2023\/03\/56.jpg?resize=1200%2C900&#038;ssl=1\" alt=\"\" class=\"wp-image-1055\" srcset=\"https:\/\/i0.wp.com\/federkielstickerei.it\/wp-content\/uploads\/2023\/03\/56.jpg?w=1200&amp;ssl=1 1200w, https:\/\/i0.wp.com\/federkielstickerei.it\/wp-content\/uploads\/2023\/03\/56.jpg?resize=300%2C225&amp;ssl=1 300w, https:\/\/i0.wp.com\/federkielstickerei.it\/wp-content\/uploads\/2023\/03\/56.jpg?resize=1024%2C768&amp;ssl=1 1024w, https:\/\/i0.wp.com\/federkielstickerei.it\/wp-content\/uploads\/2023\/03\/56.jpg?resize=768%2C576&amp;ssl=1 768w, https:\/\/i0.wp.com\/federkielstickerei.it\/wp-content\/uploads\/2023\/03\/56.jpg?resize=16%2C12&amp;ssl=1 16w\" sizes=\"(max-width: 1000px) 100vw, 1000px\" \/><\/a><figcaption class=\"wp-element-caption\">56 &#8211; Name mit Feuerwehrwappen &#8211; 245\u20ac<\/figcaption><\/figure>\n\n\n\n<figure class=\"wp-block-image size-full\"><a href=\"https:\/\/federkielstickerei.it\/it\/brieftasche\/attachment\/57\/\"><img data-recalc-dims=\"1\" decoding=\"async\" width=\"1200\" height=\"900\" data-attachment-id=\"1056\" data-permalink=\"https:\/\/federkielstickerei.it\/it\/brieftasche\/attachment\/57\/\" data-orig-file=\"https:\/\/i0.wp.com\/federkielstickerei.it\/wp-content\/uploads\/2023\/03\/57.jpg?fit=1200%2C900&amp;ssl=1\" data-orig-size=\"1200,900\" data-comments-opened=\"1\" data-image-meta=\"{&quot;aperture&quot;:&quot;0&quot;,&quot;credit&quot;:&quot;&quot;,&quot;camera&quot;:&quot;&quot;,&quot;caption&quot;:&quot;&quot;,&quot;created_timestamp&quot;:&quot;0&quot;,&quot;copyright&quot;:&quot;&quot;,&quot;focal_length&quot;:&quot;0&quot;,&quot;iso&quot;:&quot;0&quot;,&quot;shutter_speed&quot;:&quot;0&quot;,&quot;title&quot;:&quot;&quot;,&quot;orientation&quot;:&quot;0&quot;}\" data-image-title=\"57\" data-image-description=\"\" data-image-caption=\"&lt;p&gt;57 &amp;#8211; Name mit Fu\u00dfball &amp;#8211; 220\u20ac&lt;\/p&gt;\" data-large-file=\"https:\/\/i0.wp.com\/federkielstickerei.it\/wp-content\/uploads\/2023\/03\/57.jpg?fit=1024%2C768&amp;ssl=1\" data-id=\"1056\" src=\"https:\/\/i0.wp.com\/federkielstickerei.it\/wp-content\/uploads\/2023\/03\/57.jpg?resize=1200%2C900&#038;ssl=1\" alt=\"\" class=\"wp-image-1056\" srcset=\"https:\/\/i0.wp.com\/federkielstickerei.it\/wp-content\/uploads\/2023\/03\/57.jpg?w=1200&amp;ssl=1 1200w, https:\/\/i0.wp.com\/federkielstickerei.it\/wp-content\/uploads\/2023\/03\/57.jpg?resize=300%2C225&amp;ssl=1 300w, https:\/\/i0.wp.com\/federkielstickerei.it\/wp-content\/uploads\/2023\/03\/57.jpg?resize=1024%2C768&amp;ssl=1 1024w, https:\/\/i0.wp.com\/federkielstickerei.it\/wp-content\/uploads\/2023\/03\/57.jpg?resize=768%2C576&amp;ssl=1 768w, https:\/\/i0.wp.com\/federkielstickerei.it\/wp-content\/uploads\/2023\/03\/57.jpg?resize=16%2C12&amp;ssl=1 16w\" sizes=\"(max-width: 1000px) 100vw, 1000px\" \/><\/a><figcaption class=\"wp-element-caption\">57 &#8211; Name mit Fu\u00dfball &#8211; 235\u20ac<\/figcaption><\/figure>\n\n\n\n<figure class=\"wp-block-image size-full\"><a href=\"https:\/\/federkielstickerei.it\/it\/brieftasche\/attachment\/58\/\"><img data-recalc-dims=\"1\" decoding=\"async\" width=\"1200\" height=\"900\" data-attachment-id=\"1057\" data-permalink=\"https:\/\/federkielstickerei.it\/it\/brieftasche\/attachment\/58\/\" data-orig-file=\"https:\/\/i0.wp.com\/federkielstickerei.it\/wp-content\/uploads\/2023\/03\/58.jpg?fit=1200%2C900&amp;ssl=1\" data-orig-size=\"1200,900\" data-comments-opened=\"1\" data-image-meta=\"{&quot;aperture&quot;:&quot;0&quot;,&quot;credit&quot;:&quot;&quot;,&quot;camera&quot;:&quot;&quot;,&quot;caption&quot;:&quot;&quot;,&quot;created_timestamp&quot;:&quot;0&quot;,&quot;copyright&quot;:&quot;&quot;,&quot;focal_length&quot;:&quot;0&quot;,&quot;iso&quot;:&quot;0&quot;,&quot;shutter_speed&quot;:&quot;0&quot;,&quot;title&quot;:&quot;&quot;,&quot;orientation&quot;:&quot;0&quot;}\" data-image-title=\"58\" data-image-description=\"\" data-image-caption=\"&lt;p&gt;58 &amp;#8211; Name mit Bierkrug &amp;#8211; 210\u20ac&lt;\/p&gt;\" data-large-file=\"https:\/\/i0.wp.com\/federkielstickerei.it\/wp-content\/uploads\/2023\/03\/58.jpg?fit=1024%2C768&amp;ssl=1\" data-id=\"1057\" src=\"https:\/\/i0.wp.com\/federkielstickerei.it\/wp-content\/uploads\/2023\/03\/58.jpg?resize=1200%2C900&#038;ssl=1\" alt=\"\" class=\"wp-image-1057\" srcset=\"https:\/\/i0.wp.com\/federkielstickerei.it\/wp-content\/uploads\/2023\/03\/58.jpg?w=1200&amp;ssl=1 1200w, https:\/\/i0.wp.com\/federkielstickerei.it\/wp-content\/uploads\/2023\/03\/58.jpg?resize=300%2C225&amp;ssl=1 300w, https:\/\/i0.wp.com\/federkielstickerei.it\/wp-content\/uploads\/2023\/03\/58.jpg?resize=1024%2C768&amp;ssl=1 1024w, https:\/\/i0.wp.com\/federkielstickerei.it\/wp-content\/uploads\/2023\/03\/58.jpg?resize=768%2C576&amp;ssl=1 768w, https:\/\/i0.wp.com\/federkielstickerei.it\/wp-content\/uploads\/2023\/03\/58.jpg?resize=16%2C12&amp;ssl=1 16w\" sizes=\"(max-width: 1000px) 100vw, 1000px\" \/><\/a><figcaption class=\"wp-element-caption\">58 &#8211; Name mit Bierkrug &#8211; 235\u20ac<\/figcaption><\/figure>\n<\/figure>\n\n\n\n<div style=\"height:20px\" aria-hidden=\"true\" class=\"wp-block-spacer\"><\/div>\n\n\n\n<div class=\"wp-block-columns is-layout-flex wp-container-core-columns-is-layout-28f84493 wp-block-columns-is-layout-flex\">\n<div class=\"wp-block-column is-layout-constrained wp-container-core-column-is-layout-2db066cb wp-block-column-is-layout-constrained\">\n<p class=\"has-text-align-center\"><strong>Se ti piace uno di questi motivi, puoi menzionare il numero nel tuo ordine!<\/strong><\/p>\n<\/div>\n<\/div>\n\n\n\n<div style=\"height:50px\" aria-hidden=\"true\" class=\"wp-block-spacer\"><\/div>\n\n\n\n<h2 class=\"wp-block-heading has-text-align-center\">Altre versioni:<\/h2>\n\n\n\n<div class=\"wp-block-columns is-layout-flex wp-container-core-columns-is-layout-28f84493 wp-block-columns-is-layout-flex\">\n<div class=\"wp-block-column is-layout-flow wp-block-column-is-layout-flow\">\n<h3 class=\"wp-block-heading has-text-align-center\">Carte doppie senza moneta<\/h3>\n\n\n\n<figure class=\"wp-block-image size-full\"><img data-recalc-dims=\"1\" decoding=\"async\" width=\"800\" height=\"500\" data-attachment-id=\"306\" data-permalink=\"https:\/\/federkielstickerei.it\/it\/brieftasche\/brieftasche-doppelte-karten-2\/\" data-orig-file=\"https:\/\/i0.wp.com\/federkielstickerei.it\/wp-content\/uploads\/2022\/04\/Brieftasche-Doppelte-Karten-2.png?fit=800%2C500&amp;ssl=1\" data-orig-size=\"800,500\" data-comments-opened=\"1\" data-image-meta=\"{&quot;aperture&quot;:&quot;0&quot;,&quot;credit&quot;:&quot;&quot;,&quot;camera&quot;:&quot;&quot;,&quot;caption&quot;:&quot;&quot;,&quot;created_timestamp&quot;:&quot;0&quot;,&quot;copyright&quot;:&quot;&quot;,&quot;focal_length&quot;:&quot;0&quot;,&quot;iso&quot;:&quot;0&quot;,&quot;shutter_speed&quot;:&quot;0&quot;,&quot;title&quot;:&quot;&quot;,&quot;orientation&quot;:&quot;0&quot;}\" data-image-title=\"Brieftasche-Doppelte-Karten-2\" data-image-description=\"\" data-image-caption=\"\" data-large-file=\"https:\/\/i0.wp.com\/federkielstickerei.it\/wp-content\/uploads\/2022\/04\/Brieftasche-Doppelte-Karten-2.png?fit=800%2C500&amp;ssl=1\" src=\"https:\/\/i0.wp.com\/federkielstickerei.it\/wp-content\/uploads\/2022\/04\/Brieftasche-Doppelte-Karten-2.png?resize=800%2C500&#038;ssl=1\" alt=\"Brieftasche mit doppelten Karten ohne M\u00fcnz\" class=\"wp-image-306\" srcset=\"https:\/\/i0.wp.com\/federkielstickerei.it\/wp-content\/uploads\/2022\/04\/Brieftasche-Doppelte-Karten-2.png?w=800&amp;ssl=1 800w, https:\/\/i0.wp.com\/federkielstickerei.it\/wp-content\/uploads\/2022\/04\/Brieftasche-Doppelte-Karten-2.png?resize=300%2C188&amp;ssl=1 300w, https:\/\/i0.wp.com\/federkielstickerei.it\/wp-content\/uploads\/2022\/04\/Brieftasche-Doppelte-Karten-2.png?resize=768%2C480&amp;ssl=1 768w, https:\/\/i0.wp.com\/federkielstickerei.it\/wp-content\/uploads\/2022\/04\/Brieftasche-Doppelte-Karten-2.png?resize=18%2C12&amp;ssl=1 18w\" sizes=\"(max-width: 800px) 100vw, 800px\" \/><\/figure>\n\n\n\n<p>La tasca per le monete \u00e8 stata omessa e c'\u00e8 spazio per il doppio delle carte.<\/p>\n<\/div>\n\n\n\n<div class=\"wp-block-column is-layout-flow wp-block-column-is-layout-flow\">\n<h3 class=\"wp-block-heading has-text-align-center\">Carte doppie con patta<\/h3>\n\n\n\n<figure class=\"wp-block-image size-full\"><img data-recalc-dims=\"1\" decoding=\"async\" width=\"800\" height=\"800\" data-attachment-id=\"308\" data-permalink=\"https:\/\/federkielstickerei.it\/it\/brieftasche\/brieftasche-mit-kartenklappe2-1\/\" data-orig-file=\"https:\/\/i0.wp.com\/federkielstickerei.it\/wp-content\/uploads\/2022\/04\/Brieftasche-mit-Kartenklappe2-1.png?fit=800%2C800&amp;ssl=1\" data-orig-size=\"800,800\" data-comments-opened=\"1\" data-image-meta=\"{&quot;aperture&quot;:&quot;0&quot;,&quot;credit&quot;:&quot;&quot;,&quot;camera&quot;:&quot;&quot;,&quot;caption&quot;:&quot;&quot;,&quot;created_timestamp&quot;:&quot;0&quot;,&quot;copyright&quot;:&quot;&quot;,&quot;focal_length&quot;:&quot;0&quot;,&quot;iso&quot;:&quot;0&quot;,&quot;shutter_speed&quot;:&quot;0&quot;,&quot;title&quot;:&quot;&quot;,&quot;orientation&quot;:&quot;0&quot;}\" data-image-title=\"Brieftasche-mit-Kartenklappe2-1\" data-image-description=\"\" data-image-caption=\"\" data-large-file=\"https:\/\/i0.wp.com\/federkielstickerei.it\/wp-content\/uploads\/2022\/04\/Brieftasche-mit-Kartenklappe2-1.png?fit=800%2C800&amp;ssl=1\" src=\"https:\/\/i0.wp.com\/federkielstickerei.it\/wp-content\/uploads\/2022\/04\/Brieftasche-mit-Kartenklappe2-1.png?resize=800%2C800&#038;ssl=1\" alt=\"Brieftasche mit doppelten Karten aufgeklappt\" class=\"wp-image-308\" srcset=\"https:\/\/i0.wp.com\/federkielstickerei.it\/wp-content\/uploads\/2022\/04\/Brieftasche-mit-Kartenklappe2-1.png?w=800&amp;ssl=1 800w, https:\/\/i0.wp.com\/federkielstickerei.it\/wp-content\/uploads\/2022\/04\/Brieftasche-mit-Kartenklappe2-1.png?resize=300%2C300&amp;ssl=1 300w, https:\/\/i0.wp.com\/federkielstickerei.it\/wp-content\/uploads\/2022\/04\/Brieftasche-mit-Kartenklappe2-1.png?resize=150%2C150&amp;ssl=1 150w, https:\/\/i0.wp.com\/federkielstickerei.it\/wp-content\/uploads\/2022\/04\/Brieftasche-mit-Kartenklappe2-1.png?resize=768%2C768&amp;ssl=1 768w, https:\/\/i0.wp.com\/federkielstickerei.it\/wp-content\/uploads\/2022\/04\/Brieftasche-mit-Kartenklappe2-1.png?resize=12%2C12&amp;ssl=1 12w\" sizes=\"(max-width: 800px) 100vw, 800px\" \/><\/figure>\n\n\n\n<p>Un lembo aggiuntivo fornisce pi\u00f9 spazio per le carte. Tuttavia, questo rende il portafoglio un po' pi\u00f9 spesso.<\/p>\n\n\n\n<figure class=\"wp-block-image size-full\"><img data-recalc-dims=\"1\" decoding=\"async\" width=\"800\" height=\"800\" data-attachment-id=\"585\" data-permalink=\"https:\/\/federkielstickerei.it\/it\/brieftasche\/doppelte_karten\/\" data-orig-file=\"https:\/\/i0.wp.com\/federkielstickerei.it\/wp-content\/uploads\/2022\/04\/doppelte_karten.png?fit=800%2C800&amp;ssl=1\" data-orig-size=\"800,800\" data-comments-opened=\"1\" data-image-meta=\"{&quot;aperture&quot;:&quot;0&quot;,&quot;credit&quot;:&quot;&quot;,&quot;camera&quot;:&quot;&quot;,&quot;caption&quot;:&quot;&quot;,&quot;created_timestamp&quot;:&quot;0&quot;,&quot;copyright&quot;:&quot;&quot;,&quot;focal_length&quot;:&quot;0&quot;,&quot;iso&quot;:&quot;0&quot;,&quot;shutter_speed&quot;:&quot;0&quot;,&quot;title&quot;:&quot;&quot;,&quot;orientation&quot;:&quot;0&quot;}\" data-image-title=\"doppelte_karten\" data-image-description=\"\" data-image-caption=\"\" data-large-file=\"https:\/\/i0.wp.com\/federkielstickerei.it\/wp-content\/uploads\/2022\/04\/doppelte_karten.png?fit=800%2C800&amp;ssl=1\" src=\"https:\/\/i0.wp.com\/federkielstickerei.it\/wp-content\/uploads\/2022\/04\/doppelte_karten.png?resize=800%2C800&#038;ssl=1\" alt=\"Brieftasche mit doppelten Karten\" class=\"wp-image-585\" srcset=\"https:\/\/i0.wp.com\/federkielstickerei.it\/wp-content\/uploads\/2022\/04\/doppelte_karten.png?w=800&amp;ssl=1 800w, https:\/\/i0.wp.com\/federkielstickerei.it\/wp-content\/uploads\/2022\/04\/doppelte_karten.png?resize=300%2C300&amp;ssl=1 300w, https:\/\/i0.wp.com\/federkielstickerei.it\/wp-content\/uploads\/2022\/04\/doppelte_karten.png?resize=150%2C150&amp;ssl=1 150w, https:\/\/i0.wp.com\/federkielstickerei.it\/wp-content\/uploads\/2022\/04\/doppelte_karten.png?resize=768%2C768&amp;ssl=1 768w, https:\/\/i0.wp.com\/federkielstickerei.it\/wp-content\/uploads\/2022\/04\/doppelte_karten.png?resize=12%2C12&amp;ssl=1 12w\" sizes=\"(max-width: 800px) 100vw, 800px\" \/><\/figure>\n<\/div>\n<\/div>\n\n\n\n<div style=\"height:40px\" aria-hidden=\"true\" class=\"wp-block-spacer\"><\/div>\n\n\n\n<p class=\"has-text-align-center\"><strong>Hai gi\u00e0 idee, desideri o domande?<\/strong><\/p>\n\n\n\n<p class=\"has-text-align-center\">Per maggiori informazioni o un'offerta contattaci! <\/p>\n\n\n\n<div class=\"wp-block-buttons alignwide is-content-justification-center is-layout-flex wp-container-core-buttons-is-layout-a89b3969 wp-block-buttons-is-layout-flex\">\n<div class=\"wp-block-button has-custom-width wp-block-button__width-75 is-style-outline is-style-outline--2\"><a class=\"wp-block-button__link wp-element-button\" href=\"https:\/\/federkielstickerei.it\/it\/kontakt\/\" style=\"border-radius:15px\">Contatto<\/a><\/div>\n<\/div>\n\n\n\n<div style=\"height:20px\" aria-hidden=\"true\" class=\"wp-block-spacer\"><\/div>\n\n\n\n<p class=\"has-text-align-center\"><strong>(possibilmente menzionare il numero del motivo dall'elenco sopra)<\/strong><\/p>\n\n\n\n<div style=\"height:100px\" aria-hidden=\"true\" class=\"wp-block-spacer\"><\/div>","protected":false},"excerpt":{"rendered":"<p>Eine einzigartige Geldb\u00f6rse die nach deinen Vorstellungen personalisiert wird. Ausschlie\u00dflich aus hochwertigem Echtleder und zu 100% in der eigenen Werkstatt hergestellt. Die Brieftaschen sind in folgenden Farben erh\u00e4ltlich: Weitere Farben sind dunkelblau, rot, gr\u00fcn und grau. Kontaktiere uns f\u00fcr mehr Informationen \u00fcber die Farben! Unsere Geldbeutel Eine kleine Sammlung unsrer bereits umgesetzten Brieftaschen. Dies sind &hellip;<\/p>\n<p class=\"read-more\"> <a class=\"\" href=\"https:\/\/federkielstickerei.it\/it\/brieftasche\/\"> <span class=\"screen-reader-text\">Portafogli<\/span> Leggi altro &raquo;<\/a><\/p>","protected":false},"author":1,"featured_media":0,"parent":0,"menu_order":0,"comment_status":"closed","ping_status":"closed","template":"","meta":{"inline_featured_image":false,"site-sidebar-layout":"default","site-content-layout":"","ast-site-content-layout":"default","site-content-style":"default","site-sidebar-style":"default","ast-global-header-display":"","ast-banner-title-visibility":"","ast-main-header-display":"","ast-hfb-above-header-display":"","ast-hfb-below-header-display":"","ast-hfb-mobile-header-display":"","site-post-title":"disabled","ast-breadcrumbs-content":"","ast-featured-img":"","footer-sml-layout":"","theme-transparent-header-meta":"","adv-header-id-meta":"","stick-header-meta":"","header-above-stick-meta":"","header-main-stick-meta":"","header-below-stick-meta":"","astra-migrate-meta-layouts":"set","footnotes":""},"class_list":["post-9","page","type-page","status-publish","hentry"],"yoast_head":"<!-- This site is optimized with the Yoast SEO plugin v27.5 - https:\/\/yoast.com\/product\/yoast-seo-wordpress\/ -->\n<title>Brieftasche - Federkielstickerei<\/title>\n<meta name=\"description\" content=\"Eine einzigartige Brieftasche die von Hand mit Federkielen bestickt wurde! Personalisiert nach deinen Vorstellungen und ideal als Geschenk.\" \/>\n<meta name=\"robots\" content=\"index, follow, max-snippet:-1, max-image-preview:large, max-video-preview:-1\" \/>\n<link rel=\"canonical\" href=\"https:\/\/federkielstickerei.it\/it\/brieftasche\/\" \/>\n<meta property=\"og:locale\" content=\"it_IT\" \/>\n<meta property=\"og:type\" content=\"article\" \/>\n<meta property=\"og:title\" content=\"Brieftasche - Federkielstickerei\" \/>\n<meta property=\"og:description\" content=\"Eine einzigartige Brieftasche die von Hand mit Federkielen bestickt wurde! Personalisiert nach deinen Vorstellungen und ideal als Geschenk.\" \/>\n<meta property=\"og:url\" content=\"https:\/\/federkielstickerei.it\/it\/brieftasche\/\" \/>\n<meta property=\"og:site_name\" content=\"Federkielstickerei\" \/>\n<meta property=\"article:publisher\" content=\"https:\/\/www.facebook.com\/Federkielstickerei-Georg-Patzleiner-1465988923519411\/\" \/>\n<meta property=\"article:modified_time\" content=\"2026-02-04T07:57:57+00:00\" \/>\n<meta property=\"og:image\" content=\"https:\/\/federkielstickerei.it\/wp-content\/uploads\/2022\/04\/schwarz.png\" \/>\n<meta name=\"twitter:card\" content=\"summary_large_image\" \/>\n<meta name=\"twitter:label1\" content=\"Tempo di lettura stimato\" \/>\n\t<meta name=\"twitter:data1\" content=\"17 minuti\" \/>\n<script type=\"application\/ld+json\" class=\"yoast-schema-graph\">{\"@context\":\"https:\\\/\\\/schema.org\",\"@graph\":[{\"@type\":\"WebPage\",\"@id\":\"https:\\\/\\\/federkielstickerei.it\\\/brieftasche\\\/\",\"url\":\"https:\\\/\\\/federkielstickerei.it\\\/brieftasche\\\/\",\"name\":\"Brieftasche - Federkielstickerei\",\"isPartOf\":{\"@id\":\"https:\\\/\\\/federkielstickerei.it\\\/#website\"},\"primaryImageOfPage\":{\"@id\":\"https:\\\/\\\/federkielstickerei.it\\\/brieftasche\\\/#primaryimage\"},\"image\":{\"@id\":\"https:\\\/\\\/federkielstickerei.it\\\/brieftasche\\\/#primaryimage\"},\"thumbnailUrl\":\"https:\\\/\\\/federkielstickerei.it\\\/wp-content\\\/uploads\\\/2022\\\/04\\\/schwarz.png\",\"datePublished\":\"2022-04-20T07:37:41+00:00\",\"dateModified\":\"2026-02-04T07:57:57+00:00\",\"description\":\"Eine einzigartige Brieftasche die von Hand mit Federkielen bestickt wurde! Personalisiert nach deinen Vorstellungen und ideal als Geschenk.\",\"breadcrumb\":{\"@id\":\"https:\\\/\\\/federkielstickerei.it\\\/brieftasche\\\/#breadcrumb\"},\"inLanguage\":\"it-IT\",\"potentialAction\":[{\"@type\":\"ReadAction\",\"target\":[\"https:\\\/\\\/federkielstickerei.it\\\/brieftasche\\\/\"]}]},{\"@type\":\"ImageObject\",\"inLanguage\":\"it-IT\",\"@id\":\"https:\\\/\\\/federkielstickerei.it\\\/brieftasche\\\/#primaryimage\",\"url\":\"https:\\\/\\\/federkielstickerei.it\\\/wp-content\\\/uploads\\\/2022\\\/04\\\/schwarz.png\",\"contentUrl\":\"https:\\\/\\\/federkielstickerei.it\\\/wp-content\\\/uploads\\\/2022\\\/04\\\/schwarz.png\"},{\"@type\":\"BreadcrumbList\",\"@id\":\"https:\\\/\\\/federkielstickerei.it\\\/brieftasche\\\/#breadcrumb\",\"itemListElement\":[{\"@type\":\"ListItem\",\"position\":1,\"name\":\"Home\",\"item\":\"https:\\\/\\\/federkielstickerei.it\\\/\"},{\"@type\":\"ListItem\",\"position\":2,\"name\":\"Brieftaschen\"}]},{\"@type\":\"WebSite\",\"@id\":\"https:\\\/\\\/federkielstickerei.it\\\/#website\",\"url\":\"https:\\\/\\\/federkielstickerei.it\\\/\",\"name\":\"Federkielstickerei\",\"description\":\"Patzleiner Georg - Prags\",\"publisher\":{\"@id\":\"https:\\\/\\\/federkielstickerei.it\\\/#organization\"},\"potentialAction\":[{\"@type\":\"SearchAction\",\"target\":{\"@type\":\"EntryPoint\",\"urlTemplate\":\"https:\\\/\\\/federkielstickerei.it\\\/?s={search_term_string}\"},\"query-input\":{\"@type\":\"PropertyValueSpecification\",\"valueRequired\":true,\"valueName\":\"search_term_string\"}}],\"inLanguage\":\"it-IT\"},{\"@type\":\"Organization\",\"@id\":\"https:\\\/\\\/federkielstickerei.it\\\/#organization\",\"name\":\"Federkielstickerei\",\"url\":\"https:\\\/\\\/federkielstickerei.it\\\/\",\"logo\":{\"@type\":\"ImageObject\",\"inLanguage\":\"it-IT\",\"@id\":\"https:\\\/\\\/federkielstickerei.it\\\/#\\\/schema\\\/logo\\\/image\\\/\",\"url\":\"https:\\\/\\\/federkielstickerei.it\\\/wp-content\\\/uploads\\\/2022\\\/04\\\/logo-1.svg\",\"contentUrl\":\"https:\\\/\\\/federkielstickerei.it\\\/wp-content\\\/uploads\\\/2022\\\/04\\\/logo-1.svg\",\"width\":210,\"height\":104,\"caption\":\"Federkielstickerei\"},\"image\":{\"@id\":\"https:\\\/\\\/federkielstickerei.it\\\/#\\\/schema\\\/logo\\\/image\\\/\"},\"sameAs\":[\"https:\\\/\\\/www.facebook.com\\\/Federkielstickerei-Georg-Patzleiner-1465988923519411\\\/\",\"https:\\\/\\\/www.instagram.com\\\/federkielstickerei_prags\\\/\"]}]}<\/script>\n<!-- \/ Yoast SEO plugin. -->","yoast_head_json":{"title":"Brieftasche - Federkielstickerei","description":"Eine einzigartige Brieftasche die von Hand mit Federkielen bestickt wurde! Personalisiert nach deinen Vorstellungen und ideal als Geschenk.","robots":{"index":"index","follow":"follow","max-snippet":"max-snippet:-1","max-image-preview":"max-image-preview:large","max-video-preview":"max-video-preview:-1"},"canonical":"https:\/\/federkielstickerei.it\/it\/brieftasche\/","og_locale":"it_IT","og_type":"article","og_title":"Brieftasche - Federkielstickerei","og_description":"Eine einzigartige Brieftasche die von Hand mit Federkielen bestickt wurde! Personalisiert nach deinen Vorstellungen und ideal als Geschenk.","og_url":"https:\/\/federkielstickerei.it\/it\/brieftasche\/","og_site_name":"Federkielstickerei","article_publisher":"https:\/\/www.facebook.com\/Federkielstickerei-Georg-Patzleiner-1465988923519411\/","article_modified_time":"2026-02-04T07:57:57+00:00","og_image":[{"url":"https:\/\/federkielstickerei.it\/wp-content\/uploads\/2022\/04\/schwarz.png","type":"","width":"","height":""}],"twitter_card":"summary_large_image","twitter_misc":{"Tempo di lettura stimato":"17 minuti"},"schema":{"@context":"https:\/\/schema.org","@graph":[{"@type":"WebPage","@id":"https:\/\/federkielstickerei.it\/brieftasche\/","url":"https:\/\/federkielstickerei.it\/brieftasche\/","name":"Brieftasche - Federkielstickerei","isPartOf":{"@id":"https:\/\/federkielstickerei.it\/#website"},"primaryImageOfPage":{"@id":"https:\/\/federkielstickerei.it\/brieftasche\/#primaryimage"},"image":{"@id":"https:\/\/federkielstickerei.it\/brieftasche\/#primaryimage"},"thumbnailUrl":"https:\/\/federkielstickerei.it\/wp-content\/uploads\/2022\/04\/schwarz.png","datePublished":"2022-04-20T07:37:41+00:00","dateModified":"2026-02-04T07:57:57+00:00","description":"Eine einzigartige Brieftasche die von Hand mit Federkielen bestickt wurde! Personalisiert nach deinen Vorstellungen und ideal als Geschenk.","breadcrumb":{"@id":"https:\/\/federkielstickerei.it\/brieftasche\/#breadcrumb"},"inLanguage":"it-IT","potentialAction":[{"@type":"ReadAction","target":["https:\/\/federkielstickerei.it\/brieftasche\/"]}]},{"@type":"ImageObject","inLanguage":"it-IT","@id":"https:\/\/federkielstickerei.it\/brieftasche\/#primaryimage","url":"https:\/\/federkielstickerei.it\/wp-content\/uploads\/2022\/04\/schwarz.png","contentUrl":"https:\/\/federkielstickerei.it\/wp-content\/uploads\/2022\/04\/schwarz.png"},{"@type":"BreadcrumbList","@id":"https:\/\/federkielstickerei.it\/brieftasche\/#breadcrumb","itemListElement":[{"@type":"ListItem","position":1,"name":"Home","item":"https:\/\/federkielstickerei.it\/"},{"@type":"ListItem","position":2,"name":"Brieftaschen"}]},{"@type":"WebSite","@id":"https:\/\/federkielstickerei.it\/#website","url":"https:\/\/federkielstickerei.it\/","name":"Federkielstickerei","description":"Patzleiner Georg - Prags","publisher":{"@id":"https:\/\/federkielstickerei.it\/#organization"},"potentialAction":[{"@type":"SearchAction","target":{"@type":"EntryPoint","urlTemplate":"https:\/\/federkielstickerei.it\/?s={search_term_string}"},"query-input":{"@type":"PropertyValueSpecification","valueRequired":true,"valueName":"search_term_string"}}],"inLanguage":"it-IT"},{"@type":"Organization","@id":"https:\/\/federkielstickerei.it\/#organization","name":"Federkielstickerei","url":"https:\/\/federkielstickerei.it\/","logo":{"@type":"ImageObject","inLanguage":"it-IT","@id":"https:\/\/federkielstickerei.it\/#\/schema\/logo\/image\/","url":"https:\/\/federkielstickerei.it\/wp-content\/uploads\/2022\/04\/logo-1.svg","contentUrl":"https:\/\/federkielstickerei.it\/wp-content\/uploads\/2022\/04\/logo-1.svg","width":210,"height":104,"caption":"Federkielstickerei"},"image":{"@id":"https:\/\/federkielstickerei.it\/#\/schema\/logo\/image\/"},"sameAs":["https:\/\/www.facebook.com\/Federkielstickerei-Georg-Patzleiner-1465988923519411\/","https:\/\/www.instagram.com\/federkielstickerei_prags\/"]}]}},"jetpack_sharing_enabled":true,"_links":{"self":[{"href":"https:\/\/federkielstickerei.it\/it\/wp-json\/wp\/v2\/pages\/9","targetHints":{"allow":["GET"]}}],"collection":[{"href":"https:\/\/federkielstickerei.it\/it\/wp-json\/wp\/v2\/pages"}],"about":[{"href":"https:\/\/federkielstickerei.it\/it\/wp-json\/wp\/v2\/types\/page"}],"author":[{"embeddable":true,"href":"https:\/\/federkielstickerei.it\/it\/wp-json\/wp\/v2\/users\/1"}],"replies":[{"embeddable":true,"href":"https:\/\/federkielstickerei.it\/it\/wp-json\/wp\/v2\/comments?post=9"}],"version-history":[{"count":4,"href":"https:\/\/federkielstickerei.it\/it\/wp-json\/wp\/v2\/pages\/9\/revisions"}],"predecessor-version":[{"id":1123,"href":"https:\/\/federkielstickerei.it\/it\/wp-json\/wp\/v2\/pages\/9\/revisions\/1123"}],"wp:attachment":[{"href":"https:\/\/federkielstickerei.it\/it\/wp-json\/wp\/v2\/media?parent=9"}],"curies":[{"name":"wp","href":"https:\/\/api.w.org\/{rel}","templated":true}]}}