{"id":93,"date":"2022-04-20T11:16:50","date_gmt":"2022-04-20T09:16:50","guid":{"rendered":"https:\/\/federkielstickerei.it\/?page_id=93"},"modified":"2022-05-26T16:30:58","modified_gmt":"2022-05-26T14:30:58","slug":"extras","status":"publish","type":"page","link":"https:\/\/federkielstickerei.it\/it\/extras\/","title":{"rendered":"Altre cose"},"content":{"rendered":"<div class=\"wp-block-cover alignfull has-parallax\" style=\"background-image:url(https:\/\/federkielstickerei.it\/wp-content\/uploads\/2022\/04\/S_17-scaled.jpg);min-height:100vh;aspect-ratio:unset;\"><span aria-hidden=\"true\" class=\"wp-block-cover__background has-background-dim-80 has-background-dim\"><\/span><div class=\"wp-block-cover__inner-container is-layout-flow wp-block-cover-is-layout-flow\">\n<div style=\"height:87px\" aria-hidden=\"true\" class=\"wp-block-spacer\"><\/div>\n\n\n\n<h2 class=\"has-text-align-center has-ast-global-color-6-color has-text-color wp-block-heading\" id=\"hosengurtel\" style=\"font-size:45px\">Altre cose<\/h2>\n\n\n\n<div style=\"height:40px\" aria-hidden=\"true\" class=\"wp-block-spacer\"><\/div>\n\n\n\n<p class=\"has-text-align-center\">Scopri ancora altri articoli di Patzleiner Georg.<br>Diese Extras sind nur eine kleine Auswahl an Sachen die wir anbieten.<\/p>\n<\/div><\/div>\n\n\n\n<div style=\"height:50px\" aria-hidden=\"true\" class=\"wp-block-spacer\"><\/div>\n\n\n\n<h2 class=\"has-text-align-center wp-block-heading\" style=\"font-size:45px\">Portachiavi<\/h2>\n\n\n\n<p class=\"has-text-align-center\">In der Federkielstickerei werden Schl\u00fcsselanh\u00e4nger individuell mit deiner Wunschform und deinem Wunschmotiv angefertigt. <br>Verwendet wird dabei ausschlie\u00dflich hochwertiges Echtleder. <\/p>\n\n\n\n<figure class=\"wp-block-gallery alignwide has-nested-images columns-4 is-cropped wp-block-gallery-1 is-layout-flex wp-block-gallery-is-layout-flex\">\n<figure class=\"wp-block-image size-large\"><a href=\"https:\/\/i0.wp.com\/federkielstickerei.it\/wp-content\/uploads\/2022\/04\/Schluesselanhaenger_08.png?ssl=1\"><img data-recalc-dims=\"1\" decoding=\"async\" width=\"1233\" height=\"1197\" data-attachment-id=\"635\" data-permalink=\"https:\/\/federkielstickerei.it\/it\/extras\/schluesselanhaenger_08\/\" data-orig-file=\"https:\/\/i0.wp.com\/federkielstickerei.it\/wp-content\/uploads\/2022\/04\/Schluesselanhaenger_08.png?fit=1233%2C1197&amp;ssl=1\" data-orig-size=\"1233,1197\" data-comments-opened=\"1\" data-image-meta=\"{&quot;aperture&quot;:&quot;0&quot;,&quot;credit&quot;:&quot;&quot;,&quot;camera&quot;:&quot;&quot;,&quot;caption&quot;:&quot;&quot;,&quot;created_timestamp&quot;:&quot;0&quot;,&quot;copyright&quot;:&quot;&quot;,&quot;focal_length&quot;:&quot;0&quot;,&quot;iso&quot;:&quot;0&quot;,&quot;shutter_speed&quot;:&quot;0&quot;,&quot;title&quot;:&quot;&quot;,&quot;orientation&quot;:&quot;0&quot;}\" data-image-title=\"Schluesselanh\u00e4nger_08\" data-image-description=\"\" data-image-caption=\"\" data-large-file=\"https:\/\/i0.wp.com\/federkielstickerei.it\/wp-content\/uploads\/2022\/04\/Schluesselanhaenger_08.png?fit=1024%2C994&amp;ssl=1\" data-id=\"635\" src=\"https:\/\/i0.wp.com\/federkielstickerei.it\/wp-content\/uploads\/2022\/04\/Schluesselanhaenger_08.png?resize=1233%2C1197&#038;ssl=1\" alt=\"Extras der Federkielstickerei Patzleiner Georg Schl\u00fcsselanh\u00e4nger in hellbraun mit Namen\" class=\"wp-image-635\" srcset=\"https:\/\/i0.wp.com\/federkielstickerei.it\/wp-content\/uploads\/2022\/04\/Schluesselanhaenger_08.png?w=1233&amp;ssl=1 1233w, https:\/\/i0.wp.com\/federkielstickerei.it\/wp-content\/uploads\/2022\/04\/Schluesselanhaenger_08.png?resize=300%2C291&amp;ssl=1 300w, https:\/\/i0.wp.com\/federkielstickerei.it\/wp-content\/uploads\/2022\/04\/Schluesselanhaenger_08.png?resize=1024%2C994&amp;ssl=1 1024w, https:\/\/i0.wp.com\/federkielstickerei.it\/wp-content\/uploads\/2022\/04\/Schluesselanhaenger_08.png?resize=768%2C746&amp;ssl=1 768w, https:\/\/i0.wp.com\/federkielstickerei.it\/wp-content\/uploads\/2022\/04\/Schluesselanhaenger_08.png?resize=12%2C12&amp;ssl=1 12w\" sizes=\"(max-width: 1000px) 100vw, 1000px\" \/><\/a><\/figure>\n\n\n\n<figure class=\"wp-block-image size-large\"><a href=\"https:\/\/i0.wp.com\/federkielstickerei.it\/wp-content\/uploads\/2022\/04\/S_26a_Stoffnerhof.png?ssl=1\"><img data-recalc-dims=\"1\" decoding=\"async\" width=\"700\" height=\"467\" data-attachment-id=\"637\" data-permalink=\"https:\/\/federkielstickerei.it\/it\/extras\/s_26a_stoffnerhof\/\" data-orig-file=\"https:\/\/i0.wp.com\/federkielstickerei.it\/wp-content\/uploads\/2022\/04\/S_26a_Stoffnerhof.png?fit=700%2C467&amp;ssl=1\" data-orig-size=\"700,467\" data-comments-opened=\"1\" data-image-meta=\"{&quot;aperture&quot;:&quot;0&quot;,&quot;credit&quot;:&quot;&quot;,&quot;camera&quot;:&quot;&quot;,&quot;caption&quot;:&quot;&quot;,&quot;created_timestamp&quot;:&quot;0&quot;,&quot;copyright&quot;:&quot;&quot;,&quot;focal_length&quot;:&quot;0&quot;,&quot;iso&quot;:&quot;0&quot;,&quot;shutter_speed&quot;:&quot;0&quot;,&quot;title&quot;:&quot;&quot;,&quot;orientation&quot;:&quot;0&quot;}\" data-image-title=\"S_26a_Stoffnerhof\" data-image-description=\"\" data-image-caption=\"\" data-large-file=\"https:\/\/i0.wp.com\/federkielstickerei.it\/wp-content\/uploads\/2022\/04\/S_26a_Stoffnerhof.png?fit=700%2C467&amp;ssl=1\" data-id=\"637\" src=\"https:\/\/i0.wp.com\/federkielstickerei.it\/wp-content\/uploads\/2022\/04\/S_26a_Stoffnerhof.png?resize=700%2C467&#038;ssl=1\" alt=\"Extras der Federkielstickerei Patzleiner Georg Schl\u00fcsselanh\u00e4nger in hellbraun Hofnamen\" class=\"wp-image-637\" srcset=\"https:\/\/i0.wp.com\/federkielstickerei.it\/wp-content\/uploads\/2022\/04\/S_26a_Stoffnerhof.png?w=700&amp;ssl=1 700w, https:\/\/i0.wp.com\/federkielstickerei.it\/wp-content\/uploads\/2022\/04\/S_26a_Stoffnerhof.png?resize=300%2C200&amp;ssl=1 300w, https:\/\/i0.wp.com\/federkielstickerei.it\/wp-content\/uploads\/2022\/04\/S_26a_Stoffnerhof.png?resize=18%2C12&amp;ssl=1 18w\" sizes=\"(max-width: 700px) 100vw, 700px\" \/><\/a><\/figure>\n\n\n\n<figure class=\"wp-block-image size-large\"><a href=\"https:\/\/i0.wp.com\/federkielstickerei.it\/wp-content\/uploads\/2022\/04\/Schluesselanhaenger_01.png?ssl=1\"><img data-recalc-dims=\"1\" decoding=\"async\" width=\"2787\" height=\"1761\" data-attachment-id=\"638\" data-permalink=\"https:\/\/federkielstickerei.it\/it\/extras\/schluesselanhaenger_01\/\" data-orig-file=\"https:\/\/i0.wp.com\/federkielstickerei.it\/wp-content\/uploads\/2022\/04\/Schluesselanhaenger_01.png?fit=2787%2C1761&amp;ssl=1\" data-orig-size=\"2787,1761\" data-comments-opened=\"1\" data-image-meta=\"{&quot;aperture&quot;:&quot;0&quot;,&quot;credit&quot;:&quot;&quot;,&quot;camera&quot;:&quot;&quot;,&quot;caption&quot;:&quot;&quot;,&quot;created_timestamp&quot;:&quot;0&quot;,&quot;copyright&quot;:&quot;&quot;,&quot;focal_length&quot;:&quot;0&quot;,&quot;iso&quot;:&quot;0&quot;,&quot;shutter_speed&quot;:&quot;0&quot;,&quot;title&quot;:&quot;&quot;,&quot;orientation&quot;:&quot;0&quot;}\" data-image-title=\"Schluesselanh\u00e4nger_01\" data-image-description=\"\" data-image-caption=\"\" data-large-file=\"https:\/\/i0.wp.com\/federkielstickerei.it\/wp-content\/uploads\/2022\/04\/Schluesselanhaenger_01.png?fit=1024%2C647&amp;ssl=1\" data-id=\"638\" src=\"https:\/\/i0.wp.com\/federkielstickerei.it\/wp-content\/uploads\/2022\/04\/Schluesselanhaenger_01.png?resize=2787%2C1761&#038;ssl=1\" alt=\"Extras der Federkielstickerei Patzleiner Georg Schl\u00fcsselanh\u00e4nger in Dunkelbraun mit Hitzestempel Nummer Zimmerschl\u00fcssel\" class=\"wp-image-638\" srcset=\"https:\/\/i0.wp.com\/federkielstickerei.it\/wp-content\/uploads\/2022\/04\/Schluesselanhaenger_01.png?w=2787&amp;ssl=1 2787w, https:\/\/i0.wp.com\/federkielstickerei.it\/wp-content\/uploads\/2022\/04\/Schluesselanhaenger_01.png?resize=300%2C190&amp;ssl=1 300w, https:\/\/i0.wp.com\/federkielstickerei.it\/wp-content\/uploads\/2022\/04\/Schluesselanhaenger_01.png?resize=1024%2C647&amp;ssl=1 1024w, https:\/\/i0.wp.com\/federkielstickerei.it\/wp-content\/uploads\/2022\/04\/Schluesselanhaenger_01.png?resize=768%2C485&amp;ssl=1 768w, https:\/\/i0.wp.com\/federkielstickerei.it\/wp-content\/uploads\/2022\/04\/Schluesselanhaenger_01.png?resize=1536%2C971&amp;ssl=1 1536w, https:\/\/i0.wp.com\/federkielstickerei.it\/wp-content\/uploads\/2022\/04\/Schluesselanhaenger_01.png?resize=2048%2C1294&amp;ssl=1 2048w, https:\/\/i0.wp.com\/federkielstickerei.it\/wp-content\/uploads\/2022\/04\/Schluesselanhaenger_01.png?resize=18%2C12&amp;ssl=1 18w\" sizes=\"(max-width: 1000px) 100vw, 1000px\" \/><\/a><\/figure>\n\n\n\n<figure class=\"wp-block-image size-large\"><a href=\"https:\/\/i0.wp.com\/federkielstickerei.it\/wp-content\/uploads\/2022\/04\/Schluesselanhaenger_02.png?ssl=1\"><img data-recalc-dims=\"1\" decoding=\"async\" width=\"2430\" height=\"2288\" data-attachment-id=\"639\" data-permalink=\"https:\/\/federkielstickerei.it\/it\/extras\/schluesselanhaenger_02\/\" data-orig-file=\"https:\/\/i0.wp.com\/federkielstickerei.it\/wp-content\/uploads\/2022\/04\/Schluesselanhaenger_02.png?fit=2430%2C2288&amp;ssl=1\" data-orig-size=\"2430,2288\" data-comments-opened=\"1\" data-image-meta=\"{&quot;aperture&quot;:&quot;0&quot;,&quot;credit&quot;:&quot;&quot;,&quot;camera&quot;:&quot;&quot;,&quot;caption&quot;:&quot;&quot;,&quot;created_timestamp&quot;:&quot;0&quot;,&quot;copyright&quot;:&quot;&quot;,&quot;focal_length&quot;:&quot;0&quot;,&quot;iso&quot;:&quot;0&quot;,&quot;shutter_speed&quot;:&quot;0&quot;,&quot;title&quot;:&quot;&quot;,&quot;orientation&quot;:&quot;0&quot;}\" data-image-title=\"Schluesselanh\u00e4nger_02\" data-image-description=\"\" data-image-caption=\"\" data-large-file=\"https:\/\/i0.wp.com\/federkielstickerei.it\/wp-content\/uploads\/2022\/04\/Schluesselanhaenger_02.png?fit=1024%2C964&amp;ssl=1\" data-id=\"639\" src=\"https:\/\/i0.wp.com\/federkielstickerei.it\/wp-content\/uploads\/2022\/04\/Schluesselanhaenger_02.png?resize=2430%2C2288&#038;ssl=1\" alt=\"Extras der Federkielstickerei Patzleiner Georg Schl\u00fcsselanh\u00e4nger mit Auhahn\" class=\"wp-image-639\" srcset=\"https:\/\/i0.wp.com\/federkielstickerei.it\/wp-content\/uploads\/2022\/04\/Schluesselanhaenger_02.png?w=2430&amp;ssl=1 2430w, https:\/\/i0.wp.com\/federkielstickerei.it\/wp-content\/uploads\/2022\/04\/Schluesselanhaenger_02.png?resize=300%2C282&amp;ssl=1 300w, https:\/\/i0.wp.com\/federkielstickerei.it\/wp-content\/uploads\/2022\/04\/Schluesselanhaenger_02.png?resize=1024%2C964&amp;ssl=1 1024w, https:\/\/i0.wp.com\/federkielstickerei.it\/wp-content\/uploads\/2022\/04\/Schluesselanhaenger_02.png?resize=768%2C723&amp;ssl=1 768w, https:\/\/i0.wp.com\/federkielstickerei.it\/wp-content\/uploads\/2022\/04\/Schluesselanhaenger_02.png?resize=1536%2C1446&amp;ssl=1 1536w, https:\/\/i0.wp.com\/federkielstickerei.it\/wp-content\/uploads\/2022\/04\/Schluesselanhaenger_02.png?resize=2048%2C1928&amp;ssl=1 2048w, https:\/\/i0.wp.com\/federkielstickerei.it\/wp-content\/uploads\/2022\/04\/Schluesselanhaenger_02.png?resize=13%2C12&amp;ssl=1 13w\" sizes=\"(max-width: 1000px) 100vw, 1000px\" \/><\/a><\/figure>\n\n\n\n<figure class=\"wp-block-image size-large\"><a href=\"https:\/\/i0.wp.com\/federkielstickerei.it\/wp-content\/uploads\/2022\/04\/Schluesselanhaenger_03.png?ssl=1\"><img data-recalc-dims=\"1\" decoding=\"async\" width=\"2435\" height=\"1423\" data-attachment-id=\"640\" data-permalink=\"https:\/\/federkielstickerei.it\/it\/extras\/schluesselanhaenger_03\/\" data-orig-file=\"https:\/\/i0.wp.com\/federkielstickerei.it\/wp-content\/uploads\/2022\/04\/Schluesselanhaenger_03.png?fit=2435%2C1423&amp;ssl=1\" data-orig-size=\"2435,1423\" data-comments-opened=\"1\" data-image-meta=\"{&quot;aperture&quot;:&quot;0&quot;,&quot;credit&quot;:&quot;&quot;,&quot;camera&quot;:&quot;&quot;,&quot;caption&quot;:&quot;&quot;,&quot;created_timestamp&quot;:&quot;0&quot;,&quot;copyright&quot;:&quot;&quot;,&quot;focal_length&quot;:&quot;0&quot;,&quot;iso&quot;:&quot;0&quot;,&quot;shutter_speed&quot;:&quot;0&quot;,&quot;title&quot;:&quot;&quot;,&quot;orientation&quot;:&quot;0&quot;}\" data-image-title=\"Schluesselanh\u00e4nger_03\" data-image-description=\"\" data-image-caption=\"\" data-large-file=\"https:\/\/i0.wp.com\/federkielstickerei.it\/wp-content\/uploads\/2022\/04\/Schluesselanhaenger_03.png?fit=1024%2C598&amp;ssl=1\" data-id=\"640\" src=\"https:\/\/i0.wp.com\/federkielstickerei.it\/wp-content\/uploads\/2022\/04\/Schluesselanhaenger_03.png?resize=2435%2C1423&#038;ssl=1\" alt=\"Extras der Federkielstickerei Patzleiner Georg Schl\u00fcsselanh\u00e4nger f\u00fcr Auto\" class=\"wp-image-640\" srcset=\"https:\/\/i0.wp.com\/federkielstickerei.it\/wp-content\/uploads\/2022\/04\/Schluesselanhaenger_03.png?w=2435&amp;ssl=1 2435w, https:\/\/i0.wp.com\/federkielstickerei.it\/wp-content\/uploads\/2022\/04\/Schluesselanhaenger_03.png?resize=300%2C175&amp;ssl=1 300w, https:\/\/i0.wp.com\/federkielstickerei.it\/wp-content\/uploads\/2022\/04\/Schluesselanhaenger_03.png?resize=1024%2C598&amp;ssl=1 1024w, https:\/\/i0.wp.com\/federkielstickerei.it\/wp-content\/uploads\/2022\/04\/Schluesselanhaenger_03.png?resize=768%2C449&amp;ssl=1 768w, https:\/\/i0.wp.com\/federkielstickerei.it\/wp-content\/uploads\/2022\/04\/Schluesselanhaenger_03.png?resize=1536%2C898&amp;ssl=1 1536w, https:\/\/i0.wp.com\/federkielstickerei.it\/wp-content\/uploads\/2022\/04\/Schluesselanhaenger_03.png?resize=2048%2C1197&amp;ssl=1 2048w, https:\/\/i0.wp.com\/federkielstickerei.it\/wp-content\/uploads\/2022\/04\/Schluesselanhaenger_03.png?resize=18%2C12&amp;ssl=1 18w\" sizes=\"(max-width: 1000px) 100vw, 1000px\" \/><\/a><\/figure>\n\n\n\n<figure class=\"wp-block-image size-large\"><a href=\"https:\/\/i0.wp.com\/federkielstickerei.it\/wp-content\/uploads\/2022\/04\/Schluesselanhaenger_04.png?ssl=1\"><img data-recalc-dims=\"1\" decoding=\"async\" width=\"1967\" height=\"1846\" data-attachment-id=\"641\" data-permalink=\"https:\/\/federkielstickerei.it\/it\/extras\/schluesselanhaenger_04\/\" data-orig-file=\"https:\/\/i0.wp.com\/federkielstickerei.it\/wp-content\/uploads\/2022\/04\/Schluesselanhaenger_04.png?fit=1967%2C1846&amp;ssl=1\" data-orig-size=\"1967,1846\" data-comments-opened=\"1\" data-image-meta=\"{&quot;aperture&quot;:&quot;0&quot;,&quot;credit&quot;:&quot;&quot;,&quot;camera&quot;:&quot;&quot;,&quot;caption&quot;:&quot;&quot;,&quot;created_timestamp&quot;:&quot;0&quot;,&quot;copyright&quot;:&quot;&quot;,&quot;focal_length&quot;:&quot;0&quot;,&quot;iso&quot;:&quot;0&quot;,&quot;shutter_speed&quot;:&quot;0&quot;,&quot;title&quot;:&quot;&quot;,&quot;orientation&quot;:&quot;0&quot;}\" data-image-title=\"Schluesselanh\u00e4nger_04\" data-image-description=\"\" data-image-caption=\"\" data-large-file=\"https:\/\/i0.wp.com\/federkielstickerei.it\/wp-content\/uploads\/2022\/04\/Schluesselanhaenger_04.png?fit=1024%2C961&amp;ssl=1\" data-id=\"641\" src=\"https:\/\/i0.wp.com\/federkielstickerei.it\/wp-content\/uploads\/2022\/04\/Schluesselanhaenger_04.png?resize=1967%2C1846&#038;ssl=1\" alt=\"Extras der Federkielstickerei Patzleiner Georg Schl\u00fcsselanh\u00e4nger in hellbraun mit Buchstaben\" class=\"wp-image-641\" srcset=\"https:\/\/i0.wp.com\/federkielstickerei.it\/wp-content\/uploads\/2022\/04\/Schluesselanhaenger_04.png?w=1967&amp;ssl=1 1967w, https:\/\/i0.wp.com\/federkielstickerei.it\/wp-content\/uploads\/2022\/04\/Schluesselanhaenger_04.png?resize=300%2C282&amp;ssl=1 300w, https:\/\/i0.wp.com\/federkielstickerei.it\/wp-content\/uploads\/2022\/04\/Schluesselanhaenger_04.png?resize=1024%2C961&amp;ssl=1 1024w, https:\/\/i0.wp.com\/federkielstickerei.it\/wp-content\/uploads\/2022\/04\/Schluesselanhaenger_04.png?resize=768%2C721&amp;ssl=1 768w, https:\/\/i0.wp.com\/federkielstickerei.it\/wp-content\/uploads\/2022\/04\/Schluesselanhaenger_04.png?resize=1536%2C1442&amp;ssl=1 1536w, https:\/\/i0.wp.com\/federkielstickerei.it\/wp-content\/uploads\/2022\/04\/Schluesselanhaenger_04.png?resize=13%2C12&amp;ssl=1 13w\" sizes=\"(max-width: 1000px) 100vw, 1000px\" \/><\/a><\/figure>\n\n\n\n<figure class=\"wp-block-image size-large\"><a href=\"https:\/\/i0.wp.com\/federkielstickerei.it\/wp-content\/uploads\/2022\/04\/S_19b.jpg?ssl=1\"><img data-recalc-dims=\"1\" decoding=\"async\" width=\"2248\" height=\"1405\" data-attachment-id=\"642\" data-permalink=\"https:\/\/federkielstickerei.it\/it\/extras\/s_19b\/\" data-orig-file=\"https:\/\/i0.wp.com\/federkielstickerei.it\/wp-content\/uploads\/2022\/04\/S_19b.jpg?fit=2248%2C1405&amp;ssl=1\" data-orig-size=\"2248,1405\" data-comments-opened=\"1\" data-image-meta=\"{&quot;aperture&quot;:&quot;0&quot;,&quot;credit&quot;:&quot;&quot;,&quot;camera&quot;:&quot;&quot;,&quot;caption&quot;:&quot;&quot;,&quot;created_timestamp&quot;:&quot;0&quot;,&quot;copyright&quot;:&quot;&quot;,&quot;focal_length&quot;:&quot;0&quot;,&quot;iso&quot;:&quot;0&quot;,&quot;shutter_speed&quot;:&quot;0&quot;,&quot;title&quot;:&quot;&quot;,&quot;orientation&quot;:&quot;0&quot;}\" data-image-title=\"S_19b\" data-image-description=\"\" data-image-caption=\"\" data-large-file=\"https:\/\/i0.wp.com\/federkielstickerei.it\/wp-content\/uploads\/2022\/04\/S_19b.jpg?fit=1024%2C640&amp;ssl=1\" data-id=\"642\" src=\"https:\/\/i0.wp.com\/federkielstickerei.it\/wp-content\/uploads\/2022\/04\/S_19b.jpg?resize=2248%2C1405&#038;ssl=1\" alt=\"\" class=\"wp-image-642\" srcset=\"https:\/\/i0.wp.com\/federkielstickerei.it\/wp-content\/uploads\/2022\/04\/S_19b.jpg?w=2248&amp;ssl=1 2248w, https:\/\/i0.wp.com\/federkielstickerei.it\/wp-content\/uploads\/2022\/04\/S_19b.jpg?resize=300%2C188&amp;ssl=1 300w, https:\/\/i0.wp.com\/federkielstickerei.it\/wp-content\/uploads\/2022\/04\/S_19b.jpg?resize=1024%2C640&amp;ssl=1 1024w, https:\/\/i0.wp.com\/federkielstickerei.it\/wp-content\/uploads\/2022\/04\/S_19b.jpg?resize=768%2C480&amp;ssl=1 768w, https:\/\/i0.wp.com\/federkielstickerei.it\/wp-content\/uploads\/2022\/04\/S_19b.jpg?resize=1536%2C960&amp;ssl=1 1536w, https:\/\/i0.wp.com\/federkielstickerei.it\/wp-content\/uploads\/2022\/04\/S_19b.jpg?resize=2048%2C1280&amp;ssl=1 2048w, https:\/\/i0.wp.com\/federkielstickerei.it\/wp-content\/uploads\/2022\/04\/S_19b.jpg?resize=18%2C12&amp;ssl=1 18w\" sizes=\"(max-width: 1000px) 100vw, 1000px\" \/><\/a><\/figure>\n<\/figure>\n\n\n\n<div style=\"height:50px\" aria-hidden=\"true\" class=\"wp-block-spacer\"><\/div>\n\n\n\n<div class=\"wp-block-cover alignfull is-light has-parallax\" style=\"background-image:url(https:\/\/federkielstickerei.it\/wp-content\/uploads\/2022\/05\/23-75.jpg);min-height:100vh;aspect-ratio:unset;\" id=\"kellner\"><span aria-hidden=\"true\" class=\"wp-block-cover__background has-background-dim-40 has-background-dim\"><\/span><div class=\"wp-block-cover__inner-container is-layout-flow wp-block-cover-is-layout-flow\">\n<h2 class=\"has-text-align-center has-ast-global-color-6-color has-text-color wp-block-heading\" id=\"hosengurtel\" style=\"font-size:45px\">Kellner &#8211; Brieftasche mit Holster<\/h2>\n<\/div><\/div>\n\n\n\n<div style=\"height:50px\" aria-hidden=\"true\" class=\"wp-block-spacer\"><\/div>\n\n\n\n<p class=\"has-text-align-center\">Ein Beutel speziell f\u00fcr Kellner. <br>Er Bietet Platz f\u00fcr Brieftasche, Orderman, Kugelschreiber, Bancomatger\u00e4t mit weiteren individuellen Schlaufen nach bedarf!<\/p>\n\n\n\n<div style=\"height:50px\" aria-hidden=\"true\" class=\"wp-block-spacer\"><\/div>\n\n\n\n<figure class=\"wp-block-gallery has-nested-images columns-4 is-cropped wp-block-gallery-2 is-layout-flex wp-block-gallery-is-layout-flex\">\n<figure class=\"wp-block-image size-large\"><a href=\"https:\/\/i0.wp.com\/federkielstickerei.it\/wp-content\/uploads\/2022\/05\/E_36b_-Kellnerbeutel_Schlaufe-2-1.png?ssl=1\"><img data-recalc-dims=\"1\" decoding=\"async\" width=\"1024\" height=\"719\" data-attachment-id=\"781\" data-permalink=\"https:\/\/federkielstickerei.it\/it\/extras\/e_36b_-kellnerbeutel_schlaufe-2-1\/\" data-orig-file=\"https:\/\/i0.wp.com\/federkielstickerei.it\/wp-content\/uploads\/2022\/05\/E_36b_-Kellnerbeutel_Schlaufe-2-1.png?fit=1100%2C772&amp;ssl=1\" data-orig-size=\"1100,772\" data-comments-opened=\"1\" data-image-meta=\"{&quot;aperture&quot;:&quot;0&quot;,&quot;credit&quot;:&quot;&quot;,&quot;camera&quot;:&quot;&quot;,&quot;caption&quot;:&quot;&quot;,&quot;created_timestamp&quot;:&quot;0&quot;,&quot;copyright&quot;:&quot;&quot;,&quot;focal_length&quot;:&quot;0&quot;,&quot;iso&quot;:&quot;0&quot;,&quot;shutter_speed&quot;:&quot;0&quot;,&quot;title&quot;:&quot;&quot;,&quot;orientation&quot;:&quot;0&quot;}\" data-image-title=\"E_36b_ Kellnerbeutel_Schlaufe (2) (1)\" data-image-description=\"\" data-image-caption=\"\" data-large-file=\"https:\/\/i0.wp.com\/federkielstickerei.it\/wp-content\/uploads\/2022\/05\/E_36b_-Kellnerbeutel_Schlaufe-2-1.png?fit=1024%2C719&amp;ssl=1\" data-id=\"781\" src=\"https:\/\/i0.wp.com\/federkielstickerei.it\/wp-content\/uploads\/2022\/05\/E_36b_-Kellnerbeutel_Schlaufe-2-1.png?resize=1024%2C719&#038;ssl=1\" alt=\"Kellnerbeutel - Holster f\u00fcr Brieftasche und Block oder Orderman\" class=\"wp-image-781\" srcset=\"https:\/\/i0.wp.com\/federkielstickerei.it\/wp-content\/uploads\/2022\/05\/E_36b_-Kellnerbeutel_Schlaufe-2-1.png?resize=1024%2C719&amp;ssl=1 1024w, https:\/\/i0.wp.com\/federkielstickerei.it\/wp-content\/uploads\/2022\/05\/E_36b_-Kellnerbeutel_Schlaufe-2-1.png?resize=300%2C211&amp;ssl=1 300w, https:\/\/i0.wp.com\/federkielstickerei.it\/wp-content\/uploads\/2022\/05\/E_36b_-Kellnerbeutel_Schlaufe-2-1.png?resize=768%2C539&amp;ssl=1 768w, https:\/\/i0.wp.com\/federkielstickerei.it\/wp-content\/uploads\/2022\/05\/E_36b_-Kellnerbeutel_Schlaufe-2-1.png?resize=18%2C12&amp;ssl=1 18w, https:\/\/i0.wp.com\/federkielstickerei.it\/wp-content\/uploads\/2022\/05\/E_36b_-Kellnerbeutel_Schlaufe-2-1.png?w=1100&amp;ssl=1 1100w\" sizes=\"(max-width: 1000px) 100vw, 1000px\" \/><\/a><\/figure>\n\n\n\n<figure class=\"wp-block-image size-full\"><a href=\"https:\/\/i0.wp.com\/federkielstickerei.it\/wp-content\/uploads\/2022\/05\/E_Kellner.png?ssl=1\"><img data-recalc-dims=\"1\" decoding=\"async\" width=\"900\" height=\"632\" data-attachment-id=\"755\" data-permalink=\"https:\/\/federkielstickerei.it\/it\/extras\/e_kellner\/\" data-orig-file=\"https:\/\/i0.wp.com\/federkielstickerei.it\/wp-content\/uploads\/2022\/05\/E_Kellner.png?fit=900%2C632&amp;ssl=1\" data-orig-size=\"900,632\" data-comments-opened=\"1\" data-image-meta=\"{&quot;aperture&quot;:&quot;0&quot;,&quot;credit&quot;:&quot;&quot;,&quot;camera&quot;:&quot;&quot;,&quot;caption&quot;:&quot;&quot;,&quot;created_timestamp&quot;:&quot;0&quot;,&quot;copyright&quot;:&quot;&quot;,&quot;focal_length&quot;:&quot;0&quot;,&quot;iso&quot;:&quot;0&quot;,&quot;shutter_speed&quot;:&quot;0&quot;,&quot;title&quot;:&quot;&quot;,&quot;orientation&quot;:&quot;0&quot;}\" data-image-title=\"E_Kellner\" data-image-description=\"\" data-image-caption=\"\" data-large-file=\"https:\/\/i0.wp.com\/federkielstickerei.it\/wp-content\/uploads\/2022\/05\/E_Kellner.png?fit=900%2C632&amp;ssl=1\" data-id=\"755\" src=\"https:\/\/i0.wp.com\/federkielstickerei.it\/wp-content\/uploads\/2022\/05\/E_Kellner.png?resize=900%2C632&#038;ssl=1\" alt=\"Kellnerbeutel in Schwarz zum zusammenbauen - Beutel f\u00fcr Brieftasche und Orderman\" class=\"wp-image-755\" srcset=\"https:\/\/i0.wp.com\/federkielstickerei.it\/wp-content\/uploads\/2022\/05\/E_Kellner.png?w=900&amp;ssl=1 900w, https:\/\/i0.wp.com\/federkielstickerei.it\/wp-content\/uploads\/2022\/05\/E_Kellner.png?resize=300%2C211&amp;ssl=1 300w, https:\/\/i0.wp.com\/federkielstickerei.it\/wp-content\/uploads\/2022\/05\/E_Kellner.png?resize=768%2C539&amp;ssl=1 768w, https:\/\/i0.wp.com\/federkielstickerei.it\/wp-content\/uploads\/2022\/05\/E_Kellner.png?resize=18%2C12&amp;ssl=1 18w\" sizes=\"(max-width: 900px) 100vw, 900px\" \/><\/a><\/figure>\n\n\n\n<figure class=\"wp-block-image size-full\"><a href=\"https:\/\/i0.wp.com\/federkielstickerei.it\/wp-content\/uploads\/2022\/05\/23-26.jpg?ssl=1\"><img data-recalc-dims=\"1\" decoding=\"async\" width=\"900\" height=\"600\" data-attachment-id=\"753\" data-permalink=\"https:\/\/federkielstickerei.it\/it\/extras\/_23-26\/\" data-orig-file=\"https:\/\/i0.wp.com\/federkielstickerei.it\/wp-content\/uploads\/2022\/05\/23-26.jpg?fit=900%2C600&amp;ssl=1\" data-orig-size=\"900,600\" data-comments-opened=\"1\" data-image-meta=\"{&quot;aperture&quot;:&quot;0&quot;,&quot;credit&quot;:&quot;&quot;,&quot;camera&quot;:&quot;&quot;,&quot;caption&quot;:&quot;&quot;,&quot;created_timestamp&quot;:&quot;0&quot;,&quot;copyright&quot;:&quot;&quot;,&quot;focal_length&quot;:&quot;0&quot;,&quot;iso&quot;:&quot;0&quot;,&quot;shutter_speed&quot;:&quot;0&quot;,&quot;title&quot;:&quot;&quot;,&quot;orientation&quot;:&quot;0&quot;}\" data-image-title=\"Kellner_hellbraun\" data-image-description=\"\" data-image-caption=\"\" data-large-file=\"https:\/\/i0.wp.com\/federkielstickerei.it\/wp-content\/uploads\/2022\/05\/23-26.jpg?fit=900%2C600&amp;ssl=1\" data-id=\"753\" src=\"https:\/\/i0.wp.com\/federkielstickerei.it\/wp-content\/uploads\/2022\/05\/23-26.jpg?resize=900%2C600&#038;ssl=1\" alt=\"Kellner Holster Orderman Hellbraun mit Lasergravur\" class=\"wp-image-753\" srcset=\"https:\/\/i0.wp.com\/federkielstickerei.it\/wp-content\/uploads\/2022\/05\/23-26.jpg?w=900&amp;ssl=1 900w, https:\/\/i0.wp.com\/federkielstickerei.it\/wp-content\/uploads\/2022\/05\/23-26.jpg?resize=300%2C200&amp;ssl=1 300w, https:\/\/i0.wp.com\/federkielstickerei.it\/wp-content\/uploads\/2022\/05\/23-26.jpg?resize=768%2C512&amp;ssl=1 768w, https:\/\/i0.wp.com\/federkielstickerei.it\/wp-content\/uploads\/2022\/05\/23-26.jpg?resize=18%2C12&amp;ssl=1 18w\" sizes=\"(max-width: 900px) 100vw, 900px\" \/><\/a><\/figure>\n\n\n\n<figure class=\"wp-block-image size-full\"><a href=\"https:\/\/i0.wp.com\/federkielstickerei.it\/wp-content\/uploads\/2022\/05\/E_Kellner3.png?ssl=1\"><img data-recalc-dims=\"1\" decoding=\"async\" width=\"900\" height=\"632\" data-attachment-id=\"759\" data-permalink=\"https:\/\/federkielstickerei.it\/it\/extras\/e_kellner3\/\" data-orig-file=\"https:\/\/i0.wp.com\/federkielstickerei.it\/wp-content\/uploads\/2022\/05\/E_Kellner3.png?fit=900%2C632&amp;ssl=1\" data-orig-size=\"900,632\" data-comments-opened=\"1\" data-image-meta=\"{&quot;aperture&quot;:&quot;0&quot;,&quot;credit&quot;:&quot;&quot;,&quot;camera&quot;:&quot;&quot;,&quot;caption&quot;:&quot;&quot;,&quot;created_timestamp&quot;:&quot;0&quot;,&quot;copyright&quot;:&quot;&quot;,&quot;focal_length&quot;:&quot;0&quot;,&quot;iso&quot;:&quot;0&quot;,&quot;shutter_speed&quot;:&quot;0&quot;,&quot;title&quot;:&quot;&quot;,&quot;orientation&quot;:&quot;0&quot;}\" data-image-title=\"E_Kellner3\" data-image-description=\"\" data-image-caption=\"\" data-large-file=\"https:\/\/i0.wp.com\/federkielstickerei.it\/wp-content\/uploads\/2022\/05\/E_Kellner3.png?fit=900%2C632&amp;ssl=1\" data-id=\"759\" src=\"https:\/\/i0.wp.com\/federkielstickerei.it\/wp-content\/uploads\/2022\/05\/E_Kellner3.png?resize=900%2C632&#038;ssl=1\" alt=\"Kellnerbeutel zusammengebaut Seitenansicht\" class=\"wp-image-759\" srcset=\"https:\/\/i0.wp.com\/federkielstickerei.it\/wp-content\/uploads\/2022\/05\/E_Kellner3.png?w=900&amp;ssl=1 900w, https:\/\/i0.wp.com\/federkielstickerei.it\/wp-content\/uploads\/2022\/05\/E_Kellner3.png?resize=300%2C211&amp;ssl=1 300w, https:\/\/i0.wp.com\/federkielstickerei.it\/wp-content\/uploads\/2022\/05\/E_Kellner3.png?resize=768%2C539&amp;ssl=1 768w, https:\/\/i0.wp.com\/federkielstickerei.it\/wp-content\/uploads\/2022\/05\/E_Kellner3.png?resize=18%2C12&amp;ssl=1 18w\" sizes=\"(max-width: 900px) 100vw, 900px\" \/><\/a><\/figure>\n\n\n\n<figure class=\"wp-block-image size-full\"><a href=\"https:\/\/i0.wp.com\/federkielstickerei.it\/wp-content\/uploads\/2022\/05\/E_Kellner_bancomat.png?ssl=1\"><img data-recalc-dims=\"1\" decoding=\"async\" width=\"900\" height=\"632\" data-attachment-id=\"756\" data-permalink=\"https:\/\/federkielstickerei.it\/it\/extras\/e_kellner_bancomat\/\" data-orig-file=\"https:\/\/i0.wp.com\/federkielstickerei.it\/wp-content\/uploads\/2022\/05\/E_Kellner_bancomat.png?fit=900%2C632&amp;ssl=1\" data-orig-size=\"900,632\" data-comments-opened=\"1\" data-image-meta=\"{&quot;aperture&quot;:&quot;0&quot;,&quot;credit&quot;:&quot;&quot;,&quot;camera&quot;:&quot;&quot;,&quot;caption&quot;:&quot;&quot;,&quot;created_timestamp&quot;:&quot;0&quot;,&quot;copyright&quot;:&quot;&quot;,&quot;focal_length&quot;:&quot;0&quot;,&quot;iso&quot;:&quot;0&quot;,&quot;shutter_speed&quot;:&quot;0&quot;,&quot;title&quot;:&quot;&quot;,&quot;orientation&quot;:&quot;0&quot;}\" data-image-title=\"E_Kellner_bancomat\" data-image-description=\"\" data-image-caption=\"\" data-large-file=\"https:\/\/i0.wp.com\/federkielstickerei.it\/wp-content\/uploads\/2022\/05\/E_Kellner_bancomat.png?fit=900%2C632&amp;ssl=1\" data-id=\"756\" src=\"https:\/\/i0.wp.com\/federkielstickerei.it\/wp-content\/uploads\/2022\/05\/E_Kellner_bancomat.png?resize=900%2C632&#038;ssl=1\" alt=\"Holster f\u00fcr Bancomater\u00e4t f\u00fcr Kellner\" class=\"wp-image-756\" srcset=\"https:\/\/i0.wp.com\/federkielstickerei.it\/wp-content\/uploads\/2022\/05\/E_Kellner_bancomat.png?w=900&amp;ssl=1 900w, https:\/\/i0.wp.com\/federkielstickerei.it\/wp-content\/uploads\/2022\/05\/E_Kellner_bancomat.png?resize=300%2C211&amp;ssl=1 300w, https:\/\/i0.wp.com\/federkielstickerei.it\/wp-content\/uploads\/2022\/05\/E_Kellner_bancomat.png?resize=768%2C539&amp;ssl=1 768w, https:\/\/i0.wp.com\/federkielstickerei.it\/wp-content\/uploads\/2022\/05\/E_Kellner_bancomat.png?resize=18%2C12&amp;ssl=1 18w\" sizes=\"(max-width: 900px) 100vw, 900px\" \/><\/a><\/figure>\n\n\n\n<figure class=\"wp-block-image size-full\"><a href=\"https:\/\/i0.wp.com\/federkielstickerei.it\/wp-content\/uploads\/2022\/05\/23-25.jpg?ssl=1\"><img data-recalc-dims=\"1\" decoding=\"async\" width=\"600\" height=\"900\" data-attachment-id=\"760\" data-permalink=\"https:\/\/federkielstickerei.it\/it\/extras\/_23-25\/\" data-orig-file=\"https:\/\/i0.wp.com\/federkielstickerei.it\/wp-content\/uploads\/2022\/05\/23-25.jpg?fit=600%2C900&amp;ssl=1\" data-orig-size=\"600,900\" data-comments-opened=\"1\" data-image-meta=\"{&quot;aperture&quot;:&quot;0&quot;,&quot;credit&quot;:&quot;&quot;,&quot;camera&quot;:&quot;&quot;,&quot;caption&quot;:&quot;&quot;,&quot;created_timestamp&quot;:&quot;0&quot;,&quot;copyright&quot;:&quot;&quot;,&quot;focal_length&quot;:&quot;0&quot;,&quot;iso&quot;:&quot;0&quot;,&quot;shutter_speed&quot;:&quot;0&quot;,&quot;title&quot;:&quot;&quot;,&quot;orientation&quot;:&quot;0&quot;}\" data-image-title=\"Kellenr_hellbraun3\" data-image-description=\"\" data-image-caption=\"\" data-large-file=\"https:\/\/i0.wp.com\/federkielstickerei.it\/wp-content\/uploads\/2022\/05\/23-25.jpg?fit=600%2C900&amp;ssl=1\" data-id=\"760\" src=\"https:\/\/i0.wp.com\/federkielstickerei.it\/wp-content\/uploads\/2022\/05\/23-25.jpg?resize=600%2C900&#038;ssl=1\" alt=\"Kellnerbrieftaschen Holster f\u00fcr Kellner in hellbraun mit individueller Gravr des Logos\" class=\"wp-image-760\" srcset=\"https:\/\/i0.wp.com\/federkielstickerei.it\/wp-content\/uploads\/2022\/05\/23-25.jpg?w=600&amp;ssl=1 600w, https:\/\/i0.wp.com\/federkielstickerei.it\/wp-content\/uploads\/2022\/05\/23-25.jpg?resize=200%2C300&amp;ssl=1 200w, https:\/\/i0.wp.com\/federkielstickerei.it\/wp-content\/uploads\/2022\/05\/23-25.jpg?resize=8%2C12&amp;ssl=1 8w\" sizes=\"(max-width: 600px) 100vw, 600px\" \/><\/a><\/figure>\n\n\n\n<figure class=\"wp-block-image size-full\"><a href=\"https:\/\/i0.wp.com\/federkielstickerei.it\/wp-content\/uploads\/2022\/05\/23-30.jpg?ssl=1\"><img data-recalc-dims=\"1\" decoding=\"async\" width=\"600\" height=\"900\" data-attachment-id=\"754\" data-permalink=\"https:\/\/federkielstickerei.it\/it\/extras\/_23-30\/\" data-orig-file=\"https:\/\/i0.wp.com\/federkielstickerei.it\/wp-content\/uploads\/2022\/05\/23-30.jpg?fit=600%2C900&amp;ssl=1\" data-orig-size=\"600,900\" data-comments-opened=\"1\" data-image-meta=\"{&quot;aperture&quot;:&quot;0&quot;,&quot;credit&quot;:&quot;&quot;,&quot;camera&quot;:&quot;&quot;,&quot;caption&quot;:&quot;&quot;,&quot;created_timestamp&quot;:&quot;0&quot;,&quot;copyright&quot;:&quot;&quot;,&quot;focal_length&quot;:&quot;0&quot;,&quot;iso&quot;:&quot;0&quot;,&quot;shutter_speed&quot;:&quot;0&quot;,&quot;title&quot;:&quot;&quot;,&quot;orientation&quot;:&quot;0&quot;}\" data-image-title=\"Kellner_hellbraun_2\" data-image-description=\"\" data-image-caption=\"\" data-large-file=\"https:\/\/i0.wp.com\/federkielstickerei.it\/wp-content\/uploads\/2022\/05\/23-30.jpg?fit=600%2C900&amp;ssl=1\" data-id=\"754\" src=\"https:\/\/i0.wp.com\/federkielstickerei.it\/wp-content\/uploads\/2022\/05\/23-30.jpg?resize=600%2C900&#038;ssl=1\" alt=\"Kellnerbeutel - f\u00fcr Orderman in Hellbraun mit Lasergravur Logo\" class=\"wp-image-754\" srcset=\"https:\/\/i0.wp.com\/federkielstickerei.it\/wp-content\/uploads\/2022\/05\/23-30.jpg?w=600&amp;ssl=1 600w, https:\/\/i0.wp.com\/federkielstickerei.it\/wp-content\/uploads\/2022\/05\/23-30.jpg?resize=200%2C300&amp;ssl=1 200w, https:\/\/i0.wp.com\/federkielstickerei.it\/wp-content\/uploads\/2022\/05\/23-30.jpg?resize=8%2C12&amp;ssl=1 8w\" sizes=\"(max-width: 600px) 100vw, 600px\" \/><\/a><\/figure>\n\n\n\n<figure class=\"wp-block-image size-full\"><a href=\"https:\/\/i0.wp.com\/federkielstickerei.it\/wp-content\/uploads\/2022\/05\/E_Kellner_clasic.png?ssl=1\"><img data-recalc-dims=\"1\" decoding=\"async\" width=\"900\" height=\"632\" data-attachment-id=\"757\" data-permalink=\"https:\/\/federkielstickerei.it\/it\/extras\/e_kellner_clasic\/\" data-orig-file=\"https:\/\/i0.wp.com\/federkielstickerei.it\/wp-content\/uploads\/2022\/05\/E_Kellner_clasic.png?fit=900%2C632&amp;ssl=1\" data-orig-size=\"900,632\" data-comments-opened=\"1\" data-image-meta=\"{&quot;aperture&quot;:&quot;0&quot;,&quot;credit&quot;:&quot;&quot;,&quot;camera&quot;:&quot;&quot;,&quot;caption&quot;:&quot;&quot;,&quot;created_timestamp&quot;:&quot;0&quot;,&quot;copyright&quot;:&quot;&quot;,&quot;focal_length&quot;:&quot;0&quot;,&quot;iso&quot;:&quot;0&quot;,&quot;shutter_speed&quot;:&quot;0&quot;,&quot;title&quot;:&quot;&quot;,&quot;orientation&quot;:&quot;0&quot;}\" data-image-title=\"E_Kellner_clasic\" data-image-description=\"\" data-image-caption=\"\" data-large-file=\"https:\/\/i0.wp.com\/federkielstickerei.it\/wp-content\/uploads\/2022\/05\/E_Kellner_clasic.png?fit=900%2C632&amp;ssl=1\" data-id=\"757\" src=\"https:\/\/i0.wp.com\/federkielstickerei.it\/wp-content\/uploads\/2022\/05\/E_Kellner_clasic.png?resize=900%2C632&#038;ssl=1\" alt=\"Kellnerbeutel schwarz Holster\" class=\"wp-image-757\" srcset=\"https:\/\/i0.wp.com\/federkielstickerei.it\/wp-content\/uploads\/2022\/05\/E_Kellner_clasic.png?w=900&amp;ssl=1 900w, https:\/\/i0.wp.com\/federkielstickerei.it\/wp-content\/uploads\/2022\/05\/E_Kellner_clasic.png?resize=300%2C211&amp;ssl=1 300w, https:\/\/i0.wp.com\/federkielstickerei.it\/wp-content\/uploads\/2022\/05\/E_Kellner_clasic.png?resize=768%2C539&amp;ssl=1 768w, https:\/\/i0.wp.com\/federkielstickerei.it\/wp-content\/uploads\/2022\/05\/E_Kellner_clasic.png?resize=18%2C12&amp;ssl=1 18w\" sizes=\"(max-width: 900px) 100vw, 900px\" \/><\/a><\/figure>\n<\/figure>\n\n\n\n<div style=\"height:50px\" aria-hidden=\"true\" class=\"wp-block-spacer\"><\/div>\n\n\n\n<p class=\"has-text-align-center\">Jedes Produkt kann nat\u00fcrlich mit einer individuellen Stickerei oder Gravur versehen werden!<\/p>\n\n\n\n<div style=\"height:50px\" aria-hidden=\"true\" class=\"wp-block-spacer\"><\/div>\n\n\n\n<h2 class=\"has-text-align-center wp-block-heading\" style=\"font-size:45px\">Altri extra:<\/h2>\n\n\n\n<div style=\"height:20px\" aria-hidden=\"true\" class=\"wp-block-spacer\"><\/div>\n\n\n\n<figure class=\"wp-block-gallery alignwide has-nested-images columns-4 wp-block-gallery-3 is-layout-flex wp-block-gallery-is-layout-flex\">\n<figure class=\"wp-block-image size-full\"><a href=\"https:\/\/federkielstickerei.it\/it\/extras\/e_16_hundehalsband\/\"><img data-recalc-dims=\"1\" decoding=\"async\" width=\"1100\" height=\"697\" data-attachment-id=\"647\" data-permalink=\"https:\/\/federkielstickerei.it\/it\/extras\/e_16_hundehalsband\/\" data-orig-file=\"https:\/\/i0.wp.com\/federkielstickerei.it\/wp-content\/uploads\/2022\/04\/E_16_Hundehalsband.jpg?fit=1100%2C697&amp;ssl=1\" data-orig-size=\"1100,697\" data-comments-opened=\"1\" data-image-meta=\"{&quot;aperture&quot;:&quot;0&quot;,&quot;credit&quot;:&quot;&quot;,&quot;camera&quot;:&quot;&quot;,&quot;caption&quot;:&quot;&quot;,&quot;created_timestamp&quot;:&quot;0&quot;,&quot;copyright&quot;:&quot;&quot;,&quot;focal_length&quot;:&quot;0&quot;,&quot;iso&quot;:&quot;0&quot;,&quot;shutter_speed&quot;:&quot;0&quot;,&quot;title&quot;:&quot;&quot;,&quot;orientation&quot;:&quot;0&quot;}\" data-image-title=\"E_16_Hundehalsband\" data-image-description=\"\" data-image-caption=\"\" data-large-file=\"https:\/\/i0.wp.com\/federkielstickerei.it\/wp-content\/uploads\/2022\/04\/E_16_Hundehalsband.jpg?fit=1024%2C649&amp;ssl=1\" data-id=\"647\" src=\"https:\/\/i0.wp.com\/federkielstickerei.it\/wp-content\/uploads\/2022\/04\/E_16_Hundehalsband.jpg?resize=1100%2C697&#038;ssl=1\" alt=\"Extra Federkielstickerei Patzleiner Hundehalsband Handgefertigt aus Echtleder\" class=\"wp-image-647\" srcset=\"https:\/\/i0.wp.com\/federkielstickerei.it\/wp-content\/uploads\/2022\/04\/E_16_Hundehalsband.jpg?w=1100&amp;ssl=1 1100w, https:\/\/i0.wp.com\/federkielstickerei.it\/wp-content\/uploads\/2022\/04\/E_16_Hundehalsband.jpg?resize=300%2C190&amp;ssl=1 300w, https:\/\/i0.wp.com\/federkielstickerei.it\/wp-content\/uploads\/2022\/04\/E_16_Hundehalsband.jpg?resize=1024%2C649&amp;ssl=1 1024w, https:\/\/i0.wp.com\/federkielstickerei.it\/wp-content\/uploads\/2022\/04\/E_16_Hundehalsband.jpg?resize=768%2C487&amp;ssl=1 768w, https:\/\/i0.wp.com\/federkielstickerei.it\/wp-content\/uploads\/2022\/04\/E_16_Hundehalsband.jpg?resize=18%2C12&amp;ssl=1 18w\" sizes=\"(max-width: 1000px) 100vw, 1000px\" \/><\/a><figcaption>Hundehalsband<\/figcaption><\/figure>\n\n\n\n<figure class=\"wp-block-image size-full\"><a href=\"https:\/\/federkielstickerei.it\/it\/extras\/e_33_kuhglocke\/\"><img data-recalc-dims=\"1\" decoding=\"async\" width=\"1100\" height=\"1851\" data-attachment-id=\"646\" data-permalink=\"https:\/\/federkielstickerei.it\/it\/extras\/e_33_kuhglocke\/\" data-orig-file=\"https:\/\/i0.wp.com\/federkielstickerei.it\/wp-content\/uploads\/2022\/04\/E_33_Kuhglocke.jpg?fit=1100%2C1851&amp;ssl=1\" data-orig-size=\"1100,1851\" data-comments-opened=\"1\" data-image-meta=\"{&quot;aperture&quot;:&quot;0&quot;,&quot;credit&quot;:&quot;&quot;,&quot;camera&quot;:&quot;&quot;,&quot;caption&quot;:&quot;&quot;,&quot;created_timestamp&quot;:&quot;0&quot;,&quot;copyright&quot;:&quot;&quot;,&quot;focal_length&quot;:&quot;0&quot;,&quot;iso&quot;:&quot;0&quot;,&quot;shutter_speed&quot;:&quot;0&quot;,&quot;title&quot;:&quot;&quot;,&quot;orientation&quot;:&quot;0&quot;}\" data-image-title=\"E_33_Kuhglocke\" data-image-description=\"\" data-image-caption=\"\" data-large-file=\"https:\/\/i0.wp.com\/federkielstickerei.it\/wp-content\/uploads\/2022\/04\/E_33_Kuhglocke.jpg?fit=609%2C1024&amp;ssl=1\" data-id=\"646\" src=\"https:\/\/i0.wp.com\/federkielstickerei.it\/wp-content\/uploads\/2022\/04\/E_33_Kuhglocke.jpg?resize=1100%2C1851&#038;ssl=1\" alt=\"Extra Federkielstickerei Patzleiner Kuhglocke Handgefertigt aus Echtleder\" class=\"wp-image-646\" srcset=\"https:\/\/i0.wp.com\/federkielstickerei.it\/wp-content\/uploads\/2022\/04\/E_33_Kuhglocke.jpg?w=1100&amp;ssl=1 1100w, https:\/\/i0.wp.com\/federkielstickerei.it\/wp-content\/uploads\/2022\/04\/E_33_Kuhglocke.jpg?resize=178%2C300&amp;ssl=1 178w, https:\/\/i0.wp.com\/federkielstickerei.it\/wp-content\/uploads\/2022\/04\/E_33_Kuhglocke.jpg?resize=609%2C1024&amp;ssl=1 609w, https:\/\/i0.wp.com\/federkielstickerei.it\/wp-content\/uploads\/2022\/04\/E_33_Kuhglocke.jpg?resize=768%2C1292&amp;ssl=1 768w, https:\/\/i0.wp.com\/federkielstickerei.it\/wp-content\/uploads\/2022\/04\/E_33_Kuhglocke.jpg?resize=913%2C1536&amp;ssl=1 913w, https:\/\/i0.wp.com\/federkielstickerei.it\/wp-content\/uploads\/2022\/04\/E_33_Kuhglocke.jpg?resize=7%2C12&amp;ssl=1 7w\" sizes=\"(max-width: 1000px) 100vw, 1000px\" \/><\/a><figcaption>Kuhglocke<\/figcaption><\/figure>\n\n\n\n<figure class=\"wp-block-image size-full\"><a href=\"https:\/\/federkielstickerei.it\/it\/extras\/e_31c_behaelter\/\"><img data-recalc-dims=\"1\" decoding=\"async\" width=\"1100\" height=\"734\" data-attachment-id=\"645\" data-permalink=\"https:\/\/federkielstickerei.it\/it\/extras\/e_31c_behaelter\/\" data-orig-file=\"https:\/\/i0.wp.com\/federkielstickerei.it\/wp-content\/uploads\/2022\/04\/E_31c_Behaelter.jpg?fit=1100%2C734&amp;ssl=1\" data-orig-size=\"1100,734\" data-comments-opened=\"1\" data-image-meta=\"{&quot;aperture&quot;:&quot;0&quot;,&quot;credit&quot;:&quot;&quot;,&quot;camera&quot;:&quot;&quot;,&quot;caption&quot;:&quot;&quot;,&quot;created_timestamp&quot;:&quot;0&quot;,&quot;copyright&quot;:&quot;&quot;,&quot;focal_length&quot;:&quot;0&quot;,&quot;iso&quot;:&quot;0&quot;,&quot;shutter_speed&quot;:&quot;0&quot;,&quot;title&quot;:&quot;&quot;,&quot;orientation&quot;:&quot;0&quot;}\" data-image-title=\"E_31c_Beh\u00e4lter\" data-image-description=\"\" data-image-caption=\"\" data-large-file=\"https:\/\/i0.wp.com\/federkielstickerei.it\/wp-content\/uploads\/2022\/04\/E_31c_Behaelter.jpg?fit=1024%2C683&amp;ssl=1\" data-id=\"645\" src=\"https:\/\/i0.wp.com\/federkielstickerei.it\/wp-content\/uploads\/2022\/04\/E_31c_Behaelter.jpg?resize=1100%2C734&#038;ssl=1\" alt=\"Extra Federkielstickerei Patzleiner Box zum Pr\u00e4sentieren aus Leder handbestickt Handgefertigt aus Echtleder\" class=\"wp-image-645\" srcset=\"https:\/\/i0.wp.com\/federkielstickerei.it\/wp-content\/uploads\/2022\/04\/E_31c_Behaelter.jpg?w=1100&amp;ssl=1 1100w, https:\/\/i0.wp.com\/federkielstickerei.it\/wp-content\/uploads\/2022\/04\/E_31c_Behaelter.jpg?resize=300%2C200&amp;ssl=1 300w, https:\/\/i0.wp.com\/federkielstickerei.it\/wp-content\/uploads\/2022\/04\/E_31c_Behaelter.jpg?resize=1024%2C683&amp;ssl=1 1024w, https:\/\/i0.wp.com\/federkielstickerei.it\/wp-content\/uploads\/2022\/04\/E_31c_Behaelter.jpg?resize=768%2C512&amp;ssl=1 768w, https:\/\/i0.wp.com\/federkielstickerei.it\/wp-content\/uploads\/2022\/04\/E_31c_Behaelter.jpg?resize=18%2C12&amp;ssl=1 18w\" sizes=\"(max-width: 1000px) 100vw, 1000px\" \/><\/a><\/figure>\n<\/figure>\n\n\n\n<div style=\"height:50px\" aria-hidden=\"true\" class=\"wp-block-spacer\"><\/div>\n\n\n\n<p class=\"has-text-align-center\">Hai idee, desideri o domande?<\/p>\n\n\n\n<p class=\"has-text-align-center\">Per maggiori informazioni o un'offerta contattaci! <\/p>\n\n\n\n<div class=\"wp-block-buttons alignwide is-content-justification-center is-layout-flex wp-container-core-buttons-is-layout-a89b3969 wp-block-buttons-is-layout-flex\">\n<div class=\"wp-block-button has-custom-width wp-block-button__width-75 is-style-outline is-style-outline--4\"><a class=\"wp-block-button__link\" href=\"https:\/\/federkielstickerei.it\/it\/kontakt\/\" style=\"border-radius:15px\">Contatto<\/a><\/div>\n<\/div>\n\n\n\n<div style=\"height:100px\" aria-hidden=\"true\" class=\"wp-block-spacer\"><\/div>","protected":false},"excerpt":{"rendered":"<p>Schl\u00fcsselanh\u00e4nger In der Federkielstickerei werden Schl\u00fcsselanh\u00e4nger individuell mit deiner Wunschform und deinem Wunschmotiv angefertigt. Verwendet wird dabei ausschlie\u00dflich hochwertiges Echtleder. Ein Beutel speziell f\u00fcr Kellner. Er Bietet Platz f\u00fcr Brieftasche, Orderman, Kugelschreiber, Bancomatger\u00e4t mit weiteren individuellen Schlaufen nach bedarf! Jedes Produkt kann nat\u00fcrlich mit einer individuellen Stickerei oder Gravur versehen werden! Weitere Extras: Hast du &hellip;<\/p>\n<p class=\"read-more\"> <a class=\"\" href=\"https:\/\/federkielstickerei.it\/it\/extras\/\"> <span class=\"screen-reader-text\">Altre cose<\/span> Leggi altro &raquo;<\/a><\/p>","protected":false},"author":1,"featured_media":0,"parent":0,"menu_order":0,"comment_status":"closed","ping_status":"closed","template":"","meta":{"inline_featured_image":false,"site-sidebar-layout":"default","site-content-layout":"","ast-site-content-layout":"","site-content-style":"default","site-sidebar-style":"default","ast-global-header-display":"","ast-banner-title-visibility":"","ast-main-header-display":"","ast-hfb-above-header-display":"","ast-hfb-below-header-display":"","ast-hfb-mobile-header-display":"","site-post-title":"disabled","ast-breadcrumbs-content":"","ast-featured-img":"","footer-sml-layout":"","theme-transparent-header-meta":"","adv-header-id-meta":"","stick-header-meta":"","header-above-stick-meta":"","header-main-stick-meta":"","header-below-stick-meta":"","astra-migrate-meta-layouts":"","footnotes":""},"class_list":["post-93","page","type-page","status-publish","hentry"],"yoast_head":"<!-- This site is optimized with the Yoast SEO plugin v27.5 - https:\/\/yoast.com\/product\/yoast-seo-wordpress\/ -->\n<title>Extras - Federkielstickerei<\/title>\n<meta name=\"description\" content=\"In der Federkielstickerei Patzleiner Georg gibt es noch viel mehr! Entdecke unsere weiteren einzigartigen Extras!\" \/>\n<meta name=\"robots\" content=\"index, follow, max-snippet:-1, max-image-preview:large, max-video-preview:-1\" \/>\n<link rel=\"canonical\" href=\"https:\/\/federkielstickerei.it\/it\/extras\/\" \/>\n<meta property=\"og:locale\" content=\"it_IT\" \/>\n<meta property=\"og:type\" content=\"article\" \/>\n<meta property=\"og:title\" content=\"Extras - Federkielstickerei\" \/>\n<meta property=\"og:description\" content=\"In der Federkielstickerei Patzleiner Georg gibt es noch viel mehr! Entdecke unsere weiteren einzigartigen Extras!\" \/>\n<meta property=\"og:url\" content=\"https:\/\/federkielstickerei.it\/it\/extras\/\" \/>\n<meta property=\"og:site_name\" content=\"Federkielstickerei\" \/>\n<meta property=\"article:publisher\" content=\"https:\/\/www.facebook.com\/Federkielstickerei-Georg-Patzleiner-1465988923519411\/\" \/>\n<meta property=\"article:modified_time\" content=\"2022-05-26T14:30:58+00:00\" \/>\n<meta property=\"og:image\" content=\"https:\/\/federkielstickerei.it\/wp-content\/uploads\/2022\/04\/Schluesselanhaenger_08.png\" \/>\n<meta name=\"twitter:card\" content=\"summary_large_image\" \/>\n<meta name=\"twitter:label1\" content=\"Tempo di lettura stimato\" \/>\n\t<meta name=\"twitter:data1\" content=\"5 minuti\" \/>\n<script type=\"application\/ld+json\" class=\"yoast-schema-graph\">{\"@context\":\"https:\\\/\\\/schema.org\",\"@graph\":[{\"@type\":\"WebPage\",\"@id\":\"https:\\\/\\\/federkielstickerei.it\\\/extras\\\/\",\"url\":\"https:\\\/\\\/federkielstickerei.it\\\/extras\\\/\",\"name\":\"Extras - Federkielstickerei\",\"isPartOf\":{\"@id\":\"https:\\\/\\\/federkielstickerei.it\\\/#website\"},\"primaryImageOfPage\":{\"@id\":\"https:\\\/\\\/federkielstickerei.it\\\/extras\\\/#primaryimage\"},\"image\":{\"@id\":\"https:\\\/\\\/federkielstickerei.it\\\/extras\\\/#primaryimage\"},\"thumbnailUrl\":\"https:\\\/\\\/federkielstickerei.it\\\/wp-content\\\/uploads\\\/2022\\\/04\\\/Schluesselanhaenger_08.png\",\"datePublished\":\"2022-04-20T09:16:50+00:00\",\"dateModified\":\"2022-05-26T14:30:58+00:00\",\"description\":\"In der Federkielstickerei Patzleiner Georg gibt es noch viel mehr! Entdecke unsere weiteren einzigartigen Extras!\",\"breadcrumb\":{\"@id\":\"https:\\\/\\\/federkielstickerei.it\\\/extras\\\/#breadcrumb\"},\"inLanguage\":\"it-IT\",\"potentialAction\":[{\"@type\":\"ReadAction\",\"target\":[\"https:\\\/\\\/federkielstickerei.it\\\/extras\\\/\"]}]},{\"@type\":\"ImageObject\",\"inLanguage\":\"it-IT\",\"@id\":\"https:\\\/\\\/federkielstickerei.it\\\/extras\\\/#primaryimage\",\"url\":\"https:\\\/\\\/federkielstickerei.it\\\/wp-content\\\/uploads\\\/2022\\\/04\\\/Schluesselanhaenger_08.png\",\"contentUrl\":\"https:\\\/\\\/federkielstickerei.it\\\/wp-content\\\/uploads\\\/2022\\\/04\\\/Schluesselanhaenger_08.png\"},{\"@type\":\"BreadcrumbList\",\"@id\":\"https:\\\/\\\/federkielstickerei.it\\\/extras\\\/#breadcrumb\",\"itemListElement\":[{\"@type\":\"ListItem\",\"position\":1,\"name\":\"Home\",\"item\":\"https:\\\/\\\/federkielstickerei.it\\\/\"},{\"@type\":\"ListItem\",\"position\":2,\"name\":\"Extras\"}]},{\"@type\":\"WebSite\",\"@id\":\"https:\\\/\\\/federkielstickerei.it\\\/#website\",\"url\":\"https:\\\/\\\/federkielstickerei.it\\\/\",\"name\":\"Federkielstickerei\",\"description\":\"Patzleiner Georg - Prags\",\"publisher\":{\"@id\":\"https:\\\/\\\/federkielstickerei.it\\\/#organization\"},\"potentialAction\":[{\"@type\":\"SearchAction\",\"target\":{\"@type\":\"EntryPoint\",\"urlTemplate\":\"https:\\\/\\\/federkielstickerei.it\\\/?s={search_term_string}\"},\"query-input\":{\"@type\":\"PropertyValueSpecification\",\"valueRequired\":true,\"valueName\":\"search_term_string\"}}],\"inLanguage\":\"it-IT\"},{\"@type\":\"Organization\",\"@id\":\"https:\\\/\\\/federkielstickerei.it\\\/#organization\",\"name\":\"Federkielstickerei\",\"url\":\"https:\\\/\\\/federkielstickerei.it\\\/\",\"logo\":{\"@type\":\"ImageObject\",\"inLanguage\":\"it-IT\",\"@id\":\"https:\\\/\\\/federkielstickerei.it\\\/#\\\/schema\\\/logo\\\/image\\\/\",\"url\":\"https:\\\/\\\/federkielstickerei.it\\\/wp-content\\\/uploads\\\/2022\\\/04\\\/logo-1.svg\",\"contentUrl\":\"https:\\\/\\\/federkielstickerei.it\\\/wp-content\\\/uploads\\\/2022\\\/04\\\/logo-1.svg\",\"width\":210,\"height\":104,\"caption\":\"Federkielstickerei\"},\"image\":{\"@id\":\"https:\\\/\\\/federkielstickerei.it\\\/#\\\/schema\\\/logo\\\/image\\\/\"},\"sameAs\":[\"https:\\\/\\\/www.facebook.com\\\/Federkielstickerei-Georg-Patzleiner-1465988923519411\\\/\",\"https:\\\/\\\/www.instagram.com\\\/federkielstickerei_prags\\\/\"]}]}<\/script>\n<!-- \/ Yoast SEO plugin. -->","yoast_head_json":{"title":"Extras - Federkielstickerei","description":"In der Federkielstickerei Patzleiner Georg gibt es noch viel mehr! Entdecke unsere weiteren einzigartigen Extras!","robots":{"index":"index","follow":"follow","max-snippet":"max-snippet:-1","max-image-preview":"max-image-preview:large","max-video-preview":"max-video-preview:-1"},"canonical":"https:\/\/federkielstickerei.it\/it\/extras\/","og_locale":"it_IT","og_type":"article","og_title":"Extras - Federkielstickerei","og_description":"In der Federkielstickerei Patzleiner Georg gibt es noch viel mehr! Entdecke unsere weiteren einzigartigen Extras!","og_url":"https:\/\/federkielstickerei.it\/it\/extras\/","og_site_name":"Federkielstickerei","article_publisher":"https:\/\/www.facebook.com\/Federkielstickerei-Georg-Patzleiner-1465988923519411\/","article_modified_time":"2022-05-26T14:30:58+00:00","og_image":[{"url":"https:\/\/federkielstickerei.it\/wp-content\/uploads\/2022\/04\/Schluesselanhaenger_08.png","type":"","width":"","height":""}],"twitter_card":"summary_large_image","twitter_misc":{"Tempo di lettura stimato":"5 minuti"},"schema":{"@context":"https:\/\/schema.org","@graph":[{"@type":"WebPage","@id":"https:\/\/federkielstickerei.it\/extras\/","url":"https:\/\/federkielstickerei.it\/extras\/","name":"Extras - Federkielstickerei","isPartOf":{"@id":"https:\/\/federkielstickerei.it\/#website"},"primaryImageOfPage":{"@id":"https:\/\/federkielstickerei.it\/extras\/#primaryimage"},"image":{"@id":"https:\/\/federkielstickerei.it\/extras\/#primaryimage"},"thumbnailUrl":"https:\/\/federkielstickerei.it\/wp-content\/uploads\/2022\/04\/Schluesselanhaenger_08.png","datePublished":"2022-04-20T09:16:50+00:00","dateModified":"2022-05-26T14:30:58+00:00","description":"In der Federkielstickerei Patzleiner Georg gibt es noch viel mehr! Entdecke unsere weiteren einzigartigen Extras!","breadcrumb":{"@id":"https:\/\/federkielstickerei.it\/extras\/#breadcrumb"},"inLanguage":"it-IT","potentialAction":[{"@type":"ReadAction","target":["https:\/\/federkielstickerei.it\/extras\/"]}]},{"@type":"ImageObject","inLanguage":"it-IT","@id":"https:\/\/federkielstickerei.it\/extras\/#primaryimage","url":"https:\/\/federkielstickerei.it\/wp-content\/uploads\/2022\/04\/Schluesselanhaenger_08.png","contentUrl":"https:\/\/federkielstickerei.it\/wp-content\/uploads\/2022\/04\/Schluesselanhaenger_08.png"},{"@type":"BreadcrumbList","@id":"https:\/\/federkielstickerei.it\/extras\/#breadcrumb","itemListElement":[{"@type":"ListItem","position":1,"name":"Home","item":"https:\/\/federkielstickerei.it\/"},{"@type":"ListItem","position":2,"name":"Extras"}]},{"@type":"WebSite","@id":"https:\/\/federkielstickerei.it\/#website","url":"https:\/\/federkielstickerei.it\/","name":"Federkielstickerei","description":"Patzleiner Georg - Prags","publisher":{"@id":"https:\/\/federkielstickerei.it\/#organization"},"potentialAction":[{"@type":"SearchAction","target":{"@type":"EntryPoint","urlTemplate":"https:\/\/federkielstickerei.it\/?s={search_term_string}"},"query-input":{"@type":"PropertyValueSpecification","valueRequired":true,"valueName":"search_term_string"}}],"inLanguage":"it-IT"},{"@type":"Organization","@id":"https:\/\/federkielstickerei.it\/#organization","name":"Federkielstickerei","url":"https:\/\/federkielstickerei.it\/","logo":{"@type":"ImageObject","inLanguage":"it-IT","@id":"https:\/\/federkielstickerei.it\/#\/schema\/logo\/image\/","url":"https:\/\/federkielstickerei.it\/wp-content\/uploads\/2022\/04\/logo-1.svg","contentUrl":"https:\/\/federkielstickerei.it\/wp-content\/uploads\/2022\/04\/logo-1.svg","width":210,"height":104,"caption":"Federkielstickerei"},"image":{"@id":"https:\/\/federkielstickerei.it\/#\/schema\/logo\/image\/"},"sameAs":["https:\/\/www.facebook.com\/Federkielstickerei-Georg-Patzleiner-1465988923519411\/","https:\/\/www.instagram.com\/federkielstickerei_prags\/"]}]}},"jetpack_sharing_enabled":true,"_links":{"self":[{"href":"https:\/\/federkielstickerei.it\/it\/wp-json\/wp\/v2\/pages\/93","targetHints":{"allow":["GET"]}}],"collection":[{"href":"https:\/\/federkielstickerei.it\/it\/wp-json\/wp\/v2\/pages"}],"about":[{"href":"https:\/\/federkielstickerei.it\/it\/wp-json\/wp\/v2\/types\/page"}],"author":[{"embeddable":true,"href":"https:\/\/federkielstickerei.it\/it\/wp-json\/wp\/v2\/users\/1"}],"replies":[{"embeddable":true,"href":"https:\/\/federkielstickerei.it\/it\/wp-json\/wp\/v2\/comments?post=93"}],"version-history":[{"count":5,"href":"https:\/\/federkielstickerei.it\/it\/wp-json\/wp\/v2\/pages\/93\/revisions"}],"predecessor-version":[{"id":784,"href":"https:\/\/federkielstickerei.it\/it\/wp-json\/wp\/v2\/pages\/93\/revisions\/784"}],"wp:attachment":[{"href":"https:\/\/federkielstickerei.it\/it\/wp-json\/wp\/v2\/media?parent=93"}],"curies":[{"name":"wp","href":"https:\/\/api.w.org\/{rel}","templated":true}]}}